{"id":1306,"date":"2022-02-02T15:16:26","date_gmt":"2022-02-02T15:16:26","guid":{"rendered":"http:\/\/observatori-igualtat.es\/inicio\/"},"modified":"2025-12-09T15:40:50","modified_gmt":"2025-12-09T14:40:50","slug":"inicio","status":"publish","type":"page","link":"https:\/\/observatori-igualtat.es\/es\/","title":{"rendered":"Inicio"},"content":{"rendered":"\t\t<div data-elementor-type=\"wp-page\" data-elementor-id=\"1306\" class=\"elementor elementor-1306 elementor-2\" data-elementor-post-type=\"page\">\r\n\t\t\t\t\t\t<section class=\"elementor-section elementor-top-section elementor-element elementor-element-448dad8 elementor-section-stretched elementor-section-boxed elementor-section-height-default elementor-section-height-default\" data-id=\"448dad8\" data-element_type=\"section\" data-settings=\"{&quot;background_background&quot;:&quot;classic&quot;,&quot;stretch_section&quot;:&quot;section-stretched&quot;}\">\r\n\t\t\t\t\t\t\t<div class=\"elementor-background-overlay\"><\/div>\r\n\t\t\t\t\t\t\t<div class=\"elementor-container elementor-column-gap-default\">\r\n\t\t\t\t\t<div class=\"elementor-column elementor-col-100 elementor-top-column elementor-element elementor-element-7f28f95\" data-id=\"7f28f95\" data-element_type=\"column\" data-settings=\"{&quot;background_background&quot;:&quot;classic&quot;}\">\r\n\t\t\t<div class=\"elementor-widget-wrap elementor-element-populated\">\r\n\t\t\t\t\t\t<div class=\"elementor-element elementor-element-6ad58c7 elementor-widget elementor-widget-image\" data-id=\"6ad58c7\" data-element_type=\"widget\" data-widget_type=\"image.default\">\r\n\t\t\t\t<div class=\"elementor-widget-container\">\r\n\t\t\t\t\t\t\t\t\t\t\t\t\t\t<a href=\"https:\/\/observatori-igualtat.es\/es\/estadisticas\/\">\r\n\t\t\t\t\t\t\t<img fetchpriority=\"high\" decoding=\"async\" width=\"1100\" height=\"550\" src=\"https:\/\/observatori-igualtat.es\/wp-content\/uploads\/2025\/12\/imagen-ib-dona-castellano-1.png\" class=\"attachment-full size-full wp-image-15181\" alt=\"\" srcset=\"https:\/\/observatori-igualtat.es\/wp-content\/uploads\/2025\/12\/imagen-ib-dona-castellano-1.png 1100w, https:\/\/observatori-igualtat.es\/wp-content\/uploads\/2025\/12\/imagen-ib-dona-castellano-1-300x150.png 300w, https:\/\/observatori-igualtat.es\/wp-content\/uploads\/2025\/12\/imagen-ib-dona-castellano-1-1024x512.png 1024w, https:\/\/observatori-igualtat.es\/wp-content\/uploads\/2025\/12\/imagen-ib-dona-castellano-1-768x384.png 768w, https:\/\/observatori-igualtat.es\/wp-content\/uploads\/2025\/12\/imagen-ib-dona-castellano-1-150x75.png 150w, https:\/\/observatori-igualtat.es\/wp-content\/uploads\/2025\/12\/imagen-ib-dona-castellano-1-480x240.png 480w\" sizes=\"(max-width:767px) 480px, (max-width:1100px) 100vw, 1100px\" \/>\t\t\t\t\t\t\t\t<\/a>\r\n\t\t\t\t\t\t\t\t\t\t\t\t\t<\/div>\r\n\t\t\t\t<\/div>\r\n\t\t\t\t\t<\/div>\r\n\t\t<\/div>\r\n\t\t\t\t\t<\/div>\r\n\t\t<\/section>\r\n\t\t\t\t<section class=\"elementor-section elementor-top-section elementor-element elementor-element-9377595 elementor-section-boxed elementor-section-height-default elementor-section-height-default\" data-id=\"9377595\" data-element_type=\"section\">\r\n\t\t\t\t\t\t<div class=\"elementor-container elementor-column-gap-default\">\r\n\t\t\t\t\t<div class=\"elementor-column elementor-col-100 elementor-top-column elementor-element elementor-element-94da4f5\" data-id=\"94da4f5\" data-element_type=\"column\">\r\n\t\t\t<div class=\"elementor-widget-wrap elementor-element-populated\">\r\n\t\t\t\t\t\t<div class=\"elementor-element elementor-element-e152556 elementor-widget elementor-widget-text-editor\" data-id=\"e152556\" data-element_type=\"widget\" data-widget_type=\"text-editor.default\">\r\n\t\t\t\t<div class=\"elementor-widget-container\">\r\n\t\t\t\t\t\t\t<p>El <strong>Observatorio<\/strong> tiene como finalidad analizar y <strong>difundir informaci\u00f3n<\/strong> sobre la evoluci\u00f3n de los indicadores relativos a la igualdad entre <strong>mujeres<\/strong> y hombres, para mejorar la planificaci\u00f3n y evaluaci\u00f3n de las <strong>pol\u00edticas p\u00fablicas<\/strong> desde la perspectiva de <strong>g\u00e9nero<\/strong>.<\/p>\t\t\t\t\t\t<\/div>\r\n\t\t\t\t<\/div>\r\n\t\t\t\t\t<\/div>\r\n\t\t<\/div>\r\n\t\t\t\t\t<\/div>\r\n\t\t<\/section>\r\n\t\t\t\t<section class=\"elementor-section elementor-top-section elementor-element elementor-element-197a217 elementor-section-boxed elementor-section-height-default elementor-section-height-default\" data-id=\"197a217\" data-element_type=\"section\">\r\n\t\t\t\t\t\t<div class=\"elementor-container elementor-column-gap-default\">\r\n\t\t\t\t\t<div class=\"elementor-column elementor-col-50 elementor-top-column elementor-element elementor-element-c164337\" data-id=\"c164337\" data-element_type=\"column\">\r\n\t\t\t<div class=\"elementor-widget-wrap elementor-element-populated\">\r\n\t\t\t\t\t\t<div class=\"elementor-element elementor-element-43ba4f3 elementor-widget elementor-widget-observatori-heading\" data-id=\"43ba4f3\" data-element_type=\"widget\" data-widget_type=\"observatori-heading.default\">\r\n\t\t\t\t<div class=\"elementor-widget-container\">\r\n\t\t\t<h2 class=\"elementor-heading-title elementor-heading-background elementor-size-default\" id=\"43ba4f3\">Estad\u00edsticas recientes<\/h2>\t\t<\/div>\r\n\t\t\t\t<\/div>\r\n\t\t\t\t<section class=\"elementor-section elementor-inner-section elementor-element elementor-element-e60a84c elementor-section-boxed elementor-section-height-default elementor-section-height-default\" data-id=\"e60a84c\" data-element_type=\"section\">\r\n\t\t\t\t\t\t<div class=\"elementor-container elementor-column-gap-default\">\r\n\t\t\t\t\t<div class=\"elementor-column elementor-col-33 elementor-inner-column elementor-element elementor-element-fe7746b\" data-id=\"fe7746b\" data-element_type=\"column\">\r\n\t\t\t<div class=\"elementor-widget-wrap elementor-element-populated\">\r\n\t\t\t\t\t\t<div class=\"elementor-element elementor-element-8949df2 elementor-widget elementor-widget-ibstat-total\" data-id=\"8949df2\" data-element_type=\"widget\" data-widget_type=\"ibstat-total.default\">\r\n\t\t\t\t<div class=\"elementor-widget-container\">\r\n\t\t\t\t\t<div class=\"ibstat-total\">\r\n\t\t\t<div class=\"summary\">\r\n\t\t\t\t<var>\u20139,46 %<\/var>\r\n\t\t\t\t<div class=\"icon\">\r\n\t\t\t\t\t<i aria-hidden=\"true\" class=\"fas fa-briefcase\"><\/i>\t\t\t\t<\/div>\r\n\t\t\t<\/div>\r\n\t\t\t<div class=\"description\">\r\n\t\t\t\t<p><\/p>\r\n\t\t\t\t<small>En les Illes Balears hay menos mujeres trabajando que hombres (2024)<\/small>\r\n\t\t\t<\/div>\r\n\t\t<\/div>\r\n\t\t\t\t<\/div>\r\n\t\t\t\t<\/div>\r\n\t\t\t\t\t<\/div>\r\n\t\t<\/div>\r\n\t\t\t\t<div class=\"elementor-column elementor-col-33 elementor-inner-column elementor-element elementor-element-f73fdd0\" data-id=\"f73fdd0\" data-element_type=\"column\">\r\n\t\t\t<div class=\"elementor-widget-wrap elementor-element-populated\">\r\n\t\t\t\t\t\t<div class=\"elementor-element elementor-element-91b5e1d elementor-widget elementor-widget-ibstat-total\" data-id=\"91b5e1d\" data-element_type=\"widget\" data-widget_type=\"ibstat-total.default\">\r\n\t\t\t\t<div class=\"elementor-widget-container\">\r\n\t\t\t\t\t<div class=\"ibstat-total\">\r\n\t\t\t<div class=\"summary\">\r\n\t\t\t\t<var>8,67 %<\/var>\r\n\t\t\t\t<div class=\"icon\">\r\n\t\t\t\t\t<i aria-hidden=\"true\" class=\"fas fa-euro-sign\"><\/i>\t\t\t\t<\/div>\r\n\t\t\t<\/div>\r\n\t\t\t<div class=\"description\">\r\n\t\t\t\t<p><\/p>\r\n\t\t\t\t<small>Brecha salarial anual a favor de los hombres (2023)<\/small>\r\n\t\t\t<\/div>\r\n\t\t<\/div>\r\n\t\t\t\t<\/div>\r\n\t\t\t\t<\/div>\r\n\t\t\t\t\t<\/div>\r\n\t\t<\/div>\r\n\t\t\t\t<div class=\"elementor-column elementor-col-33 elementor-inner-column elementor-element elementor-element-9014bfe\" data-id=\"9014bfe\" data-element_type=\"column\">\r\n\t\t\t<div class=\"elementor-widget-wrap elementor-element-populated\">\r\n\t\t\t\t\t\t<div class=\"elementor-element elementor-element-0a1f141 elementor-widget elementor-widget-ibstat-total\" data-id=\"0a1f141\" data-element_type=\"widget\" data-widget_type=\"ibstat-total.default\">\r\n\t\t\t\t<div class=\"elementor-widget-container\">\r\n\t\t\t\t\t<div class=\"ibstat-total\">\r\n\t\t\t<div class=\"summary\">\r\n\t\t\t\t<var>73,25 %<\/var>\r\n\t\t\t\t<div class=\"icon\">\r\n\t\t\t\t\t<i aria-hidden=\"true\" class=\"fas fa-female\"><\/i>\t\t\t\t<\/div>\r\n\t\t\t<\/div>\r\n\t\t\t<div class=\"description\">\r\n\t\t\t\t<p><\/p>\r\n\t\t\t\t<small>De las personas ocupadas a tiempo parcial son mujeres (2024)<\/small>\r\n\t\t\t<\/div>\r\n\t\t<\/div>\r\n\t\t\t\t<\/div>\r\n\t\t\t\t<\/div>\r\n\t\t\t\t\t<\/div>\r\n\t\t<\/div>\r\n\t\t\t\t\t<\/div>\r\n\t\t<\/section>\r\n\t\t\t\t<section class=\"elementor-section elementor-inner-section elementor-element elementor-element-421001b elementor-section-boxed elementor-section-height-default elementor-section-height-default\" data-id=\"421001b\" data-element_type=\"section\">\r\n\t\t\t\t\t\t<div class=\"elementor-container elementor-column-gap-default\">\r\n\t\t\t\t\t<div class=\"elementor-column elementor-col-33 elementor-inner-column elementor-element elementor-element-4fe0b00\" data-id=\"4fe0b00\" data-element_type=\"column\">\r\n\t\t\t<div class=\"elementor-widget-wrap elementor-element-populated\">\r\n\t\t\t\t\t\t<div class=\"elementor-element elementor-element-570492b elementor-widget elementor-widget-ibstat-total\" data-id=\"570492b\" data-element_type=\"widget\" data-widget_type=\"ibstat-total.default\">\r\n\t\t\t\t<div class=\"elementor-widget-container\">\r\n\t\t\t\t\t<div class=\"ibstat-total\">\r\n\t\t\t<div class=\"summary\">\r\n\t\t\t\t<var>4.737<\/var>\r\n\t\t\t\t<div class=\"icon\">\r\n\t\t\t\t\t<i aria-hidden=\"true\" class=\"material-icons md-female\" data-md-icon=\"female\"><\/i>\t\t\t\t<\/div>\r\n\t\t\t<\/div>\r\n\t\t\t<div class=\"description\">\r\n\t\t\t\t<p><\/p>\r\n\t\t\t\t<small>N\u00famero de llamadas recibidas al Servicio de atenci\u00f3n especializada y acompa\u00f1amiento telef\u00f3nico 24h- IBDONA (2024)<\/small>\r\n\t\t\t<\/div>\r\n\t\t<\/div>\r\n\t\t\t\t<\/div>\r\n\t\t\t\t<\/div>\r\n\t\t\t\t\t<\/div>\r\n\t\t<\/div>\r\n\t\t\t\t<div class=\"elementor-column elementor-col-33 elementor-inner-column elementor-element elementor-element-ce7fafa\" data-id=\"ce7fafa\" data-element_type=\"column\">\r\n\t\t\t<div class=\"elementor-widget-wrap elementor-element-populated\">\r\n\t\t\t\t\t\t<div class=\"elementor-element elementor-element-3f63854 elementor-widget elementor-widget-ibstat-total\" data-id=\"3f63854\" data-element_type=\"widget\" data-widget_type=\"ibstat-total.default\">\r\n\t\t\t\t<div class=\"elementor-widget-container\">\r\n\t\t\t\t\t<div class=\"ibstat-total\">\r\n\t\t\t<div class=\"summary\">\r\n\t\t\t\t<var>29,63 %<\/var>\r\n\t\t\t\t<div class=\"icon\">\r\n\t\t\t\t\t<i aria-hidden=\"true\" class=\"fas fa-user-graduate\"><\/i>\t\t\t\t<\/div>\r\n\t\t\t<\/div>\r\n\t\t\t<div class=\"description\">\r\n\t\t\t\t<p><\/p>\r\n\t\t\t\t<small>De la poblaci\u00f3n femenina tiene estudios superiores (2023)<\/small>\r\n\t\t\t<\/div>\r\n\t\t<\/div>\r\n\t\t\t\t<\/div>\r\n\t\t\t\t<\/div>\r\n\t\t\t\t\t<\/div>\r\n\t\t<\/div>\r\n\t\t\t\t<div class=\"elementor-column elementor-col-33 elementor-inner-column elementor-element elementor-element-5e4c4f5\" data-id=\"5e4c4f5\" data-element_type=\"column\">\r\n\t\t\t<div class=\"elementor-widget-wrap elementor-element-populated\">\r\n\t\t\t\t\t\t<div class=\"elementor-element elementor-element-70047e2 elementor-widget elementor-widget-ibstat-total\" data-id=\"70047e2\" data-element_type=\"widget\" data-widget_type=\"ibstat-total.default\">\r\n\t\t\t\t<div class=\"elementor-widget-container\">\r\n\t\t\t\t\t<div class=\"ibstat-total\">\r\n\t\t\t<div class=\"summary\">\r\n\t\t\t\t<var>26,47 %<\/var>\r\n\t\t\t\t<div class=\"icon\">\r\n\t\t\t\t\t<i aria-hidden=\"true\" class=\"far fa-chart-bar\"><\/i>\t\t\t\t<\/div>\r\n\t\t\t<\/div>\r\n\t\t\t<div class=\"description\">\r\n\t\t\t\t<p><\/p>\r\n\t\t\t\t<small>Porcentaje de alcald\u00edas ocupadas por mujeres en las Islas Baleares (2025)<\/small>\r\n\t\t\t<\/div>\r\n\t\t<\/div>\r\n\t\t\t\t<\/div>\r\n\t\t\t\t<\/div>\r\n\t\t\t\t\t<\/div>\r\n\t\t<\/div>\r\n\t\t\t\t\t<\/div>\r\n\t\t<\/section>\r\n\t\t\t\t\t<\/div>\r\n\t\t<\/div>\r\n\t\t\t\t<div class=\"elementor-column elementor-col-50 elementor-top-column elementor-element elementor-element-7a53e96\" data-id=\"7a53e96\" data-element_type=\"column\">\r\n\t\t\t<div class=\"elementor-widget-wrap elementor-element-populated\">\r\n\t\t\t\t\t\t<div class=\"elementor-element elementor-element-4c7064e elementor-widget elementor-widget-observatori-heading\" data-id=\"4c7064e\" data-element_type=\"widget\" data-widget_type=\"observatori-heading.default\">\r\n\t\t\t\t<div class=\"elementor-widget-container\">\r\n\t\t\t<p class=\"elementor-heading-title elementor-heading-background elementor-size-default\" id=\"4c7064e\"><a href=\"https:\/\/twitter.com\/IB_Dona\/\">Tuits de @IBdona<\/a><\/p>\t\t<\/div>\r\n\t\t\t\t<\/div>\r\n\t\t\t\t<section class=\"elementor-section elementor-inner-section elementor-element elementor-element-84f1cb6 elementor-section-boxed elementor-section-height-default elementor-section-height-default\" data-id=\"84f1cb6\" data-element_type=\"section\">\r\n\t\t\t\t\t\t<div class=\"elementor-container elementor-column-gap-default\">\r\n\t\t\t\t\t<div class=\"elementor-column elementor-col-100 elementor-inner-column elementor-element elementor-element-27a98dd\" data-id=\"27a98dd\" data-element_type=\"column\">\r\n\t\t\t<div class=\"elementor-widget-wrap elementor-element-populated\">\r\n\t\t\t\t\t\t<div class=\"elementor-element elementor-element-d8aa7af elementor-widget elementor-widget-shortcode\" data-id=\"d8aa7af\" data-element_type=\"widget\" data-widget_type=\"shortcode.default\">\r\n\t\t\t\t<div class=\"elementor-widget-container\">\r\n\t\t\t\t\t<div class=\"elementor-shortcode\">\r\n<!-- Custom Twitter Feeds by Smash Balloon -->\r\n<div id=\"ctf\" class=\" ctf ctf-type-usertimeline ctf-rebranded ctf-feed-1  ctf-styles ctf-list ctf-regular-style ctf-fixed-height\"   data-ctfshortcode=\"{&quot;feed&quot;:&quot;1&quot;}\"   data-ctfdisablelinks=\"false\" data-ctflinktextcolor=\"#\" data-header-size=\"small\" data-feedid=\"1\" data-postid=\"1306\"  data-feed=\"1\" data-ctfintents=\"1\"  data-ctfneeded=\"-8\">\r\n    \r\n<div class=\"ctf-header  ctf-no-bio\" >\r\n    <a href=\"https:\/\/twitter.com\/IB_Dona\/\" target=\"_blank\" rel=\"noopener noreferrer\" title=\"@IB_Dona\" class=\"ctf-header-link\">\r\n        <div class=\"ctf-header-text\">\r\n            <p class=\"ctf-header-user\">\r\n                <span class=\"ctf-header-name\">IBdona<\/span>\r\n                <span class=\"ctf-verified\"><\/span>\r\n                <span class=\"ctf-header-follow\">\r\n                    <svg width=\"30\" height=\"30\" viewBox=\"0 0 30 30\" fill=\"none\" xmlns=\"http:\/\/www.w3.org\/2000\/svg\"><path d=\"M21.1161 6.27344H24.2289L17.4284 14.0459L25.4286 24.6225H19.1645L14.2583 18.2079L8.6444 24.6225H5.52976L12.8035 16.309L5.12891 6.27344H11.552L15.9868 12.1367L21.1161 6.27344ZM20.0236 22.7594H21.7484L10.6148 8.03871H8.7639L20.0236 22.7594Z\" fill=\"black\"\/>\r\n\t\t\t<\/svg> Seguir                <\/span>\r\n            <\/p>\r\n\r\n\t\t\t                <p class=\"ctf-header-bio\"  >\r\n\t\t\t\t\tPerfil oficial de l'Institut Balear de la Dona.                <\/p>\r\n\t\t\t        <\/div>\r\n\r\n        <div class=\"ctf-header-img\">\r\n            <div class=\"ctf-header-img-hover\">\r\n                <svg width=\"30\" height=\"30\" viewBox=\"0 0 30 30\" fill=\"none\" xmlns=\"http:\/\/www.w3.org\/2000\/svg\"><path d=\"M21.1161 6.27344H24.2289L17.4284 14.0459L25.4286 24.6225H19.1645L14.2583 18.2079L8.6444 24.6225H5.52976L12.8035 16.309L5.12891 6.27344H11.552L15.9868 12.1367L21.1161 6.27344ZM20.0236 22.7594H21.7484L10.6148 8.03871H8.7639L20.0236 22.7594Z\" fill=\"black\"\/>\r\n\t\t\t<\/svg>            <\/div>\r\n\t\t\t                <img decoding=\"async\" src=\"https:\/\/pbs.twimg.com\/profile_images\/1554037307845615618\/77P7tnh-_normal.jpg\" alt=\"IB_Dona\" width=\"48\" height=\"48\">\r\n\t\t\t        <\/div>\r\n    <\/a>\r\n<\/div>\r\n    <div class=\"ctf-tweets\">\r\n   \t\t\r\n<div  class=\"ctf-item ctf-author-ib_dona ctf-new\"  id=\"1976215084650332639\" >\r\n\r\n\t\r\n\t<div class=\"ctf-author-box\">\r\n\t\t<div class=\"ctf-author-box-link\">\r\n\t        \t\t\t\t\t\t\t\t\t<a href=\"https:\/\/twitter.com\/ib_dona\" class=\"ctf-author-avatar\" target=\"_blank\" rel=\"noopener noreferrer\" >\r\n\t\t\t\t\t\t\t\t\t\t\t\t\t<img decoding=\"async\" src=\"https:\/\/pbs.twimg.com\/profile_images\/1554037307845615618\/77P7tnh-_normal.jpg\" alt=\"ib_dona\" width=\"48\" height=\"48\">\r\n\t\t\t\t\t\t\t\t\t\t\t<\/a>\r\n\t\t\t\t\r\n\t\t\t\t\t\t\t\t\t<a href=\"https:\/\/twitter.com\/ib_dona\" target=\"_blank\" rel=\"noopener noreferrer\" class=\"ctf-author-name\" >IBdona<\/a>\r\n\t\t\t\t\t\t\t\t\t\t<a href=\"https:\/\/twitter.com\/ib_dona\" class=\"ctf-author-screenname\" target=\"_blank\" rel=\"noopener noreferrer\" >@ib_dona<\/a>\r\n\t\t\t\t\t<span class=\"ctf-screename-sep\">&middot;<\/span>\r\n\t\t\t\t\t        \r\n\t\t\t\t\t\t\t<div class=\"ctf-tweet-meta\" >\r\n\t\t\t\t\t<a href=\"https:\/\/twitter.com\/ib_dona\/status\/1976215084650332639\" class=\"ctf-tweet-date\" target=\"_blank\" rel=\"noopener noreferrer\" >9 Oct<\/a>\r\n\t\t\t\t<\/div>\r\n\t\t\t\t\t<\/div>\r\n\t    \t\t\t<div class=\"ctf-corner-logo\" >\r\n\t\t\t\t<svg width=\"30\" height=\"30\" viewBox=\"0 0 30 30\" fill=\"none\" xmlns=\"http:\/\/www.w3.org\/2000\/svg\"><path d=\"M21.1161 6.27344H24.2289L17.4284 14.0459L25.4286 24.6225H19.1645L14.2583 18.2079L8.6444 24.6225H5.52976L12.8035 16.309L5.12891 6.27344H11.552L15.9868 12.1367L21.1161 6.27344ZM20.0236 22.7594H21.7484L10.6148 8.03871H8.7639L20.0236 22.7594Z\" fill=\"black\"\/>\r\n\t\t\t<\/svg>\t\t\t<\/div>\r\n\t\t\r\n\t<\/div>\r\n\t<div class=\"ctf-tweet-content\">\r\n\t\t                <p class=\"ctf-tweet-text\">\r\n                    \u27a1\ufe0f L'IBDONA continua fomentant l'autonomia laboral de les dones mitjan\u00e7ant el programa Dona Impuls, en col.laboraci\u00f3 amb totes les cambres de comer\u00e7 de les Illes Balears.<br \/>\n@GOIB_Social <br \/>\n@CamaraMenorca                     <\/p><a href=\"https:\/\/twitter.com\/IB_Dona\/status\/1976215084650332639\" target=\"_blank\" rel=\"noopener noreferrer\" class=\"ctf-tweet-text-media-wrap\"><svg aria-hidden=\"true\" aria-label=\"images in tweet\" focusable=\"false\" data-prefix=\"far\" data-icon=\"image\" role=\"img\" xmlns=\"http:\/\/www.w3.org\/2000\/svg\" viewBox=\"0 0 512 512\" class=\"svg-inline--fa fa-image fa-w-16 fa-9x ctf-tweet-text-media\"><path fill=\"currentColor\" d=\"M464 64H48C21.49 64 0 85.49 0 112v288c0 26.51 21.49 48 48 48h416c26.51 0 48-21.49 48-48V112c0-26.51-21.49-48-48-48zm-6 336H54a6 6 0 0 1-6-6V118a6 6 0 0 1 6-6h404a6 6 0 0 1 6 6v276a6 6 0 0 1-6 6zM128 152c-22.091 0-40 17.909-40 40s17.909 40 40 40 40-17.909 40-40-17.909-40-40-40zM96 352h320v-80l-87.515-87.515c-4.686-4.686-12.284-4.686-16.971 0L192 304l-39.515-39.515c-4.686-4.686-12.284-4.686-16.971 0L96 304v48z\" class=\"\"><\/path><\/svg><\/a>                <\/p>\r\n                        \t<\/div>\r\n\r\n\t\t\r\n\t<div class=\"ctf-tweet-actions\" >\r\n\t\t\r\n\t\t<a href=\"https:\/\/twitter.com\/intent\/tweet?in_reply_to=1976215084650332639&#038;related=ib_dona\" class=\"ctf-reply\" target=\"_blank\" rel=\"noopener noreferrer\">\r\n\t\t\t<svg class=\"svg-inline--fa fa-w-16\" viewBox=\"0 0 24 24\" aria-label=\"reply\" role=\"img\" xmlns=\"http:\/\/www.w3.org\/2000\/svg\"><g><path fill=\"currentColor\" d=\"M14.046 2.242l-4.148-.01h-.002c-4.374 0-7.8 3.427-7.8 7.802 0 4.098 3.186 7.206 7.465 7.37v3.828c0 .108.044.286.12.403.142.225.384.347.632.347.138 0 .277-.038.402-.118.264-.168 6.473-4.14 8.088-5.506 1.902-1.61 3.04-3.97 3.043-6.312v-.017c-.006-4.367-3.43-7.787-7.8-7.788zm3.787 12.972c-1.134.96-4.862 3.405-6.772 4.643V16.67c0-.414-.335-.75-.75-.75h-.396c-3.66 0-6.318-2.476-6.318-5.886 0-3.534 2.768-6.302 6.3-6.302l4.147.01h.002c3.532 0 6.3 2.766 6.302 6.296-.003 1.91-.942 3.844-2.514 5.176z\"><\/path><\/g><\/svg>\t\t\t<span class=\"ctf-screenreader\">Responder en Twitter 1976215084650332639<\/span>\r\n\t\t<\/a>\r\n\r\n\t\t<a href=\"https:\/\/twitter.com\/intent\/retweet?tweet_id=1976215084650332639&#038;related=ib_dona\" class=\"ctf-retweet\" target=\"_blank\" rel=\"noopener noreferrer\"><svg class=\"svg-inline--fa fa-w-16\" viewBox=\"0 0 24 24\" aria-hidden=\"true\" aria-label=\"retweet\" role=\"img\"><path fill=\"currentColor\" d=\"M23.77 15.67c-.292-.293-.767-.293-1.06 0l-2.22 2.22V7.65c0-2.068-1.683-3.75-3.75-3.75h-5.85c-.414 0-.75.336-.75.75s.336.75.75.75h5.85c1.24 0 2.25 1.01 2.25 2.25v10.24l-2.22-2.22c-.293-.293-.768-.293-1.06 0s-.294.768 0 1.06l3.5 3.5c.145.147.337.22.53.22s.383-.072.53-.22l3.5-3.5c.294-.292.294-.767 0-1.06zm-10.66 3.28H7.26c-1.24 0-2.25-1.01-2.25-2.25V6.46l2.22 2.22c.148.147.34.22.532.22s.384-.073.53-.22c.293-.293.293-.768 0-1.06l-3.5-3.5c-.293-.294-.768-.294-1.06 0l-3.5 3.5c-.294.292-.294.767 0 1.06s.767.293 1.06 0l2.22-2.22V16.7c0 2.068 1.683 3.75 3.75 3.75h5.85c.414 0 .75-.336.75-.75s-.337-.75-.75-.75z\"><\/path><\/svg>\t\t\t<span class=\"ctf-screenreader\">Retuitear en Twitter 1976215084650332639<\/span>\r\n\t\t\t<span class=\"ctf-action-count ctf-retweet-count\">3<\/span>\r\n\t\t<\/a>\r\n\r\n\t\t<a href=\"https:\/\/twitter.com\/intent\/like?tweet_id=1976215084650332639&#038;related=ib_dona\" class=\"ctf-like\" target=\"_blank\" rel=\"nofollow noopener noreferrer\">\r\n\t\t\t<svg class=\"svg-inline--fa fa-w-16\" viewBox=\"0 0 24 24\" aria-hidden=\"true\" aria-label=\"like\" role=\"img\" xmlns=\"http:\/\/www.w3.org\/2000\/svg\"><g><path fill=\"currentColor\" d=\"M12 21.638h-.014C9.403 21.59 1.95 14.856 1.95 8.478c0-3.064 2.525-5.754 5.403-5.754 2.29 0 3.83 1.58 4.646 2.73.814-1.148 2.354-2.73 4.645-2.73 2.88 0 5.404 2.69 5.404 5.755 0 6.376-7.454 13.11-10.037 13.157H12zM7.354 4.225c-2.08 0-3.903 1.988-3.903 4.255 0 5.74 7.034 11.596 8.55 11.658 1.518-.062 8.55-5.917 8.55-11.658 0-2.267-1.823-4.255-3.903-4.255-2.528 0-3.94 2.936-3.952 2.965-.23.562-1.156.562-1.387 0-.014-.03-1.425-2.965-3.954-2.965z\"><\/path><\/g><\/svg>\t\t\t<span class=\"ctf-screenreader\">Dar me gusta en Twitter 1976215084650332639<\/span>\r\n\t\t\t<span class=\"ctf-action-count ctf-favorite-count\">2<\/span>\r\n\t\t<\/a>\r\n\t\t\r\n\t\t\t\t\t<a href=\"https:\/\/twitter.com\/ib_dona\/status\/1976215084650332639\" class=\"ctf-twitterlink\" target=\"_blank\" rel=\"nofollow noopener noreferrer\" >\r\n\t\t\t\t<span >X<\/span>\r\n\t\t\t\t<span class=\"ctf-screenreader\">1976215084650332639<\/span>\r\n\t\t\t<\/a>\r\n\t\t\t<\/div>\r\n<\/div>\r\n<div  class=\"ctf-item ctf-author-ib_dona ctf-new ctf-retweet\"  id=\"1976193562061492303\" >\r\n\r\n\t\t<div class=\"ctf-context\" >\r\n\t    <a href=\"https:\/\/twitter.com\/intent\/user?screen_name=IB_Dona\" target=\"_blank\" rel=\"nofollow noopener noreferrer\" class=\"ctf-retweet-icon\"><svg class=\"svg-inline--fa fa-w-16\" viewBox=\"0 0 24 24\" aria-hidden=\"true\" aria-label=\"retweet\" role=\"img\"><path fill=\"currentColor\" d=\"M23.77 15.67c-.292-.293-.767-.293-1.06 0l-2.22 2.22V7.65c0-2.068-1.683-3.75-3.75-3.75h-5.85c-.414 0-.75.336-.75.75s.336.75.75.75h5.85c1.24 0 2.25 1.01 2.25 2.25v10.24l-2.22-2.22c-.293-.293-.768-.293-1.06 0s-.294.768 0 1.06l3.5 3.5c.145.147.337.22.53.22s.383-.072.53-.22l3.5-3.5c.294-.292.294-.767 0-1.06zm-10.66 3.28H7.26c-1.24 0-2.25-1.01-2.25-2.25V6.46l2.22 2.22c.148.147.34.22.532.22s.384-.073.53-.22c.293-.293.293-.768 0-1.06l-3.5-3.5c-.293-.294-.768-.294-1.06 0l-3.5 3.5c-.294.292-.294.767 0 1.06s.767.293 1.06 0l2.22-2.22V16.7c0 2.068 1.683 3.75 3.75 3.75h5.85c.414 0 .75-.336.75-.75s-.337-.75-.75-.75z\"><\/path><\/svg><span class=\"ctf-screenreader\">Retuitear en Twitter<\/span><\/a>\r\n\t    <a href=\"https:\/\/twitter.com\/ib_dona\" target=\"_blank\" rel=\"nofollow noopener noreferrer\" class=\"ctf-retweet-text\">IBdona Retuiteado<\/a>\r\n\t<\/div>\r\n\r\n\t<div class=\"ctf-author-box\">\r\n\t\t<div class=\"ctf-author-box-link\">\r\n\t        \t\t\t\t\t\t\t\t\t<a href=\"https:\/\/twitter.com\/ceesib_ib\" class=\"ctf-author-avatar\" target=\"_blank\" rel=\"noopener noreferrer\" >\r\n\t\t\t\t\t\t\t\t\t\t\t\t\t<img loading=\"lazy\" decoding=\"async\" src=\"https:\/\/pbs.twimg.com\/profile_images\/1742092313596149760\/8b14u7XV_normal.jpg\" alt=\"ceesib_ib\" width=\"48\" height=\"48\">\r\n\t\t\t\t\t\t\t\t\t\t\t<\/a>\r\n\t\t\t\t\r\n\t\t\t\t\t\t\t\t\t<a href=\"https:\/\/twitter.com\/ceesib_ib\" target=\"_blank\" rel=\"noopener noreferrer\" class=\"ctf-author-name\" >CEESIB<\/a>\r\n\t\t\t\t\t\t\t\t\t\t<a href=\"https:\/\/twitter.com\/ceesib_ib\" class=\"ctf-author-screenname\" target=\"_blank\" rel=\"noopener noreferrer\" >@ceesib_ib<\/a>\r\n\t\t\t\t\t<span class=\"ctf-screename-sep\">&middot;<\/span>\r\n\t\t\t\t\t        \r\n\t\t\t\t\t\t\t<div class=\"ctf-tweet-meta\" >\r\n\t\t\t\t\t<a href=\"https:\/\/twitter.com\/ceesib_ib\/status\/1976193562061492303\" class=\"ctf-tweet-date\" target=\"_blank\" rel=\"noopener noreferrer\" >9 Oct<\/a>\r\n\t\t\t\t<\/div>\r\n\t\t\t\t\t<\/div>\r\n\t    \t\t\t<div class=\"ctf-corner-logo\" >\r\n\t\t\t\t<svg width=\"30\" height=\"30\" viewBox=\"0 0 30 30\" fill=\"none\" xmlns=\"http:\/\/www.w3.org\/2000\/svg\"><path d=\"M21.1161 6.27344H24.2289L17.4284 14.0459L25.4286 24.6225H19.1645L14.2583 18.2079L8.6444 24.6225H5.52976L12.8035 16.309L5.12891 6.27344H11.552L15.9868 12.1367L21.1161 6.27344ZM20.0236 22.7594H21.7484L10.6148 8.03871H8.7639L20.0236 22.7594Z\" fill=\"black\"\/>\r\n\t\t\t<\/svg>\t\t\t<\/div>\r\n\t\t\r\n\t<\/div>\r\n\t<div class=\"ctf-tweet-content\">\r\n\t\t                <p class=\"ctf-tweet-text\">\r\n                    \ud83c\udd92 La directora de l'@IB_Dona, Catalina Salom, ens parla sobre el que ha aportat la seva experi\u00e8ncia com a educadora social, a l'instituci\u00f3 que dirigeix #edusoday2025 #educacionsocial #educadorasocial #mesdelaeducacionsocial                                     <\/p>\r\n                        \t<\/div>\r\n\r\n\t\t\r\n\t<div class=\"ctf-tweet-actions\" >\r\n\t\t\r\n\t\t<a href=\"https:\/\/twitter.com\/intent\/tweet?in_reply_to=1976193562061492303&#038;related=ceesib_ib\" class=\"ctf-reply\" target=\"_blank\" rel=\"noopener noreferrer\">\r\n\t\t\t<svg class=\"svg-inline--fa fa-w-16\" viewBox=\"0 0 24 24\" aria-label=\"reply\" role=\"img\" xmlns=\"http:\/\/www.w3.org\/2000\/svg\"><g><path fill=\"currentColor\" d=\"M14.046 2.242l-4.148-.01h-.002c-4.374 0-7.8 3.427-7.8 7.802 0 4.098 3.186 7.206 7.465 7.37v3.828c0 .108.044.286.12.403.142.225.384.347.632.347.138 0 .277-.038.402-.118.264-.168 6.473-4.14 8.088-5.506 1.902-1.61 3.04-3.97 3.043-6.312v-.017c-.006-4.367-3.43-7.787-7.8-7.788zm3.787 12.972c-1.134.96-4.862 3.405-6.772 4.643V16.67c0-.414-.335-.75-.75-.75h-.396c-3.66 0-6.318-2.476-6.318-5.886 0-3.534 2.768-6.302 6.3-6.302l4.147.01h.002c3.532 0 6.3 2.766 6.302 6.296-.003 1.91-.942 3.844-2.514 5.176z\"><\/path><\/g><\/svg>\t\t\t<span class=\"ctf-screenreader\">Responder en Twitter 1976193562061492303<\/span>\r\n\t\t<\/a>\r\n\r\n\t\t<a href=\"https:\/\/twitter.com\/intent\/retweet?tweet_id=1976193562061492303&#038;related=ceesib_ib\" class=\"ctf-retweet\" target=\"_blank\" rel=\"noopener noreferrer\"><svg class=\"svg-inline--fa fa-w-16\" viewBox=\"0 0 24 24\" aria-hidden=\"true\" aria-label=\"retweet\" role=\"img\"><path fill=\"currentColor\" d=\"M23.77 15.67c-.292-.293-.767-.293-1.06 0l-2.22 2.22V7.65c0-2.068-1.683-3.75-3.75-3.75h-5.85c-.414 0-.75.336-.75.75s.336.75.75.75h5.85c1.24 0 2.25 1.01 2.25 2.25v10.24l-2.22-2.22c-.293-.293-.768-.293-1.06 0s-.294.768 0 1.06l3.5 3.5c.145.147.337.22.53.22s.383-.072.53-.22l3.5-3.5c.294-.292.294-.767 0-1.06zm-10.66 3.28H7.26c-1.24 0-2.25-1.01-2.25-2.25V6.46l2.22 2.22c.148.147.34.22.532.22s.384-.073.53-.22c.293-.293.293-.768 0-1.06l-3.5-3.5c-.293-.294-.768-.294-1.06 0l-3.5 3.5c-.294.292-.294.767 0 1.06s.767.293 1.06 0l2.22-2.22V16.7c0 2.068 1.683 3.75 3.75 3.75h5.85c.414 0 .75-.336.75-.75s-.337-.75-.75-.75z\"><\/path><\/svg>\t\t\t<span class=\"ctf-screenreader\">Retuitear en Twitter 1976193562061492303<\/span>\r\n\t\t\t<span class=\"ctf-action-count ctf-retweet-count\">4<\/span>\r\n\t\t<\/a>\r\n\r\n\t\t<a href=\"https:\/\/twitter.com\/intent\/like?tweet_id=1976193562061492303&#038;related=ceesib_ib\" class=\"ctf-like\" target=\"_blank\" rel=\"nofollow noopener noreferrer\">\r\n\t\t\t<svg class=\"svg-inline--fa fa-w-16\" viewBox=\"0 0 24 24\" aria-hidden=\"true\" aria-label=\"like\" role=\"img\" xmlns=\"http:\/\/www.w3.org\/2000\/svg\"><g><path fill=\"currentColor\" d=\"M12 21.638h-.014C9.403 21.59 1.95 14.856 1.95 8.478c0-3.064 2.525-5.754 5.403-5.754 2.29 0 3.83 1.58 4.646 2.73.814-1.148 2.354-2.73 4.645-2.73 2.88 0 5.404 2.69 5.404 5.755 0 6.376-7.454 13.11-10.037 13.157H12zM7.354 4.225c-2.08 0-3.903 1.988-3.903 4.255 0 5.74 7.034 11.596 8.55 11.658 1.518-.062 8.55-5.917 8.55-11.658 0-2.267-1.823-4.255-3.903-4.255-2.528 0-3.94 2.936-3.952 2.965-.23.562-1.156.562-1.387 0-.014-.03-1.425-2.965-3.954-2.965z\"><\/path><\/g><\/svg>\t\t\t<span class=\"ctf-screenreader\">Dar me gusta en Twitter 1976193562061492303<\/span>\r\n\t\t\t<span class=\"ctf-action-count ctf-favorite-count\">2<\/span>\r\n\t\t<\/a>\r\n\t\t\r\n\t\t\t\t\t<a href=\"https:\/\/twitter.com\/ceesib_ib\/status\/1976193562061492303\" class=\"ctf-twitterlink\" target=\"_blank\" rel=\"nofollow noopener noreferrer\" >\r\n\t\t\t\t<span >X<\/span>\r\n\t\t\t\t<span class=\"ctf-screenreader\">1976193562061492303<\/span>\r\n\t\t\t<\/a>\r\n\t\t\t<\/div>\r\n<\/div>\r\n<div  class=\"ctf-item ctf-author-ib_dona ctf-new\"  id=\"1975874004297847070\" >\r\n\r\n\t\r\n\t<div class=\"ctf-author-box\">\r\n\t\t<div class=\"ctf-author-box-link\">\r\n\t        \t\t\t\t\t\t\t\t\t<a href=\"https:\/\/twitter.com\/ib_dona\" class=\"ctf-author-avatar\" target=\"_blank\" rel=\"noopener noreferrer\" >\r\n\t\t\t\t\t\t\t\t\t\t\t\t\t<img decoding=\"async\" src=\"https:\/\/pbs.twimg.com\/profile_images\/1554037307845615618\/77P7tnh-_normal.jpg\" alt=\"ib_dona\" width=\"48\" height=\"48\">\r\n\t\t\t\t\t\t\t\t\t\t\t<\/a>\r\n\t\t\t\t\r\n\t\t\t\t\t\t\t\t\t<a href=\"https:\/\/twitter.com\/ib_dona\" target=\"_blank\" rel=\"noopener noreferrer\" class=\"ctf-author-name\" >IBdona<\/a>\r\n\t\t\t\t\t\t\t\t\t\t<a href=\"https:\/\/twitter.com\/ib_dona\" class=\"ctf-author-screenname\" target=\"_blank\" rel=\"noopener noreferrer\" >@ib_dona<\/a>\r\n\t\t\t\t\t<span class=\"ctf-screename-sep\">&middot;<\/span>\r\n\t\t\t\t\t        \r\n\t\t\t\t\t\t\t<div class=\"ctf-tweet-meta\" >\r\n\t\t\t\t\t<a href=\"https:\/\/twitter.com\/ib_dona\/status\/1975874004297847070\" class=\"ctf-tweet-date\" target=\"_blank\" rel=\"noopener noreferrer\" >8 Oct<\/a>\r\n\t\t\t\t<\/div>\r\n\t\t\t\t\t<\/div>\r\n\t    \t\t\t<div class=\"ctf-corner-logo\" >\r\n\t\t\t\t<svg width=\"30\" height=\"30\" viewBox=\"0 0 30 30\" fill=\"none\" xmlns=\"http:\/\/www.w3.org\/2000\/svg\"><path d=\"M21.1161 6.27344H24.2289L17.4284 14.0459L25.4286 24.6225H19.1645L14.2583 18.2079L8.6444 24.6225H5.52976L12.8035 16.309L5.12891 6.27344H11.552L15.9868 12.1367L21.1161 6.27344ZM20.0236 22.7594H21.7484L10.6148 8.03871H8.7639L20.0236 22.7594Z\" fill=\"black\"\/>\r\n\t\t\t<\/svg>\t\t\t<\/div>\r\n\t\t\r\n\t<\/div>\r\n\t<div class=\"ctf-tweet-content\">\r\n\t\t                <p class=\"ctf-tweet-text\">\r\n                    \u26ab Malauradament, guardam 1 minut de silenci per un nou assassinat per viol\u00e8ncia de g\u00e8nere, en aquest cas el 3 d'octubre a M\u00e0laga. Un total de 1.324 dones han estat assassinades per les seves parelles o exparelles des de 2003.    <br \/>\n<br \/>\n900178989 (Servei 24 hores d'IBDONA) <br \/>\n112 016                     <\/p><a href=\"https:\/\/twitter.com\/IB_Dona\/status\/1975874004297847070\" target=\"_blank\" rel=\"noopener noreferrer\" class=\"ctf-tweet-text-media-wrap\"><svg aria-hidden=\"true\" aria-label=\"images in tweet\" focusable=\"false\" data-prefix=\"far\" data-icon=\"image\" role=\"img\" xmlns=\"http:\/\/www.w3.org\/2000\/svg\" viewBox=\"0 0 512 512\" class=\"svg-inline--fa fa-image fa-w-16 fa-9x ctf-tweet-text-media\"><path fill=\"currentColor\" d=\"M464 64H48C21.49 64 0 85.49 0 112v288c0 26.51 21.49 48 48 48h416c26.51 0 48-21.49 48-48V112c0-26.51-21.49-48-48-48zm-6 336H54a6 6 0 0 1-6-6V118a6 6 0 0 1 6-6h404a6 6 0 0 1 6 6v276a6 6 0 0 1-6 6zM128 152c-22.091 0-40 17.909-40 40s17.909 40 40 40 40-17.909 40-40-17.909-40-40-40zM96 352h320v-80l-87.515-87.515c-4.686-4.686-12.284-4.686-16.971 0L192 304l-39.515-39.515c-4.686-4.686-12.284-4.686-16.971 0L96 304v48z\" class=\"\"><\/path><\/svg><\/a>                <\/p>\r\n                        \t<\/div>\r\n\r\n\t\t\r\n\t<div class=\"ctf-tweet-actions\" >\r\n\t\t\r\n\t\t<a href=\"https:\/\/twitter.com\/intent\/tweet?in_reply_to=1975874004297847070&#038;related=ib_dona\" class=\"ctf-reply\" target=\"_blank\" rel=\"noopener noreferrer\">\r\n\t\t\t<svg class=\"svg-inline--fa fa-w-16\" viewBox=\"0 0 24 24\" aria-label=\"reply\" role=\"img\" xmlns=\"http:\/\/www.w3.org\/2000\/svg\"><g><path fill=\"currentColor\" d=\"M14.046 2.242l-4.148-.01h-.002c-4.374 0-7.8 3.427-7.8 7.802 0 4.098 3.186 7.206 7.465 7.37v3.828c0 .108.044.286.12.403.142.225.384.347.632.347.138 0 .277-.038.402-.118.264-.168 6.473-4.14 8.088-5.506 1.902-1.61 3.04-3.97 3.043-6.312v-.017c-.006-4.367-3.43-7.787-7.8-7.788zm3.787 12.972c-1.134.96-4.862 3.405-6.772 4.643V16.67c0-.414-.335-.75-.75-.75h-.396c-3.66 0-6.318-2.476-6.318-5.886 0-3.534 2.768-6.302 6.3-6.302l4.147.01h.002c3.532 0 6.3 2.766 6.302 6.296-.003 1.91-.942 3.844-2.514 5.176z\"><\/path><\/g><\/svg>\t\t\t<span class=\"ctf-screenreader\">Responder en Twitter 1975874004297847070<\/span>\r\n\t\t<\/a>\r\n\r\n\t\t<a href=\"https:\/\/twitter.com\/intent\/retweet?tweet_id=1975874004297847070&#038;related=ib_dona\" class=\"ctf-retweet\" target=\"_blank\" rel=\"noopener noreferrer\"><svg class=\"svg-inline--fa fa-w-16\" viewBox=\"0 0 24 24\" aria-hidden=\"true\" aria-label=\"retweet\" role=\"img\"><path fill=\"currentColor\" d=\"M23.77 15.67c-.292-.293-.767-.293-1.06 0l-2.22 2.22V7.65c0-2.068-1.683-3.75-3.75-3.75h-5.85c-.414 0-.75.336-.75.75s.336.75.75.75h5.85c1.24 0 2.25 1.01 2.25 2.25v10.24l-2.22-2.22c-.293-.293-.768-.293-1.06 0s-.294.768 0 1.06l3.5 3.5c.145.147.337.22.53.22s.383-.072.53-.22l3.5-3.5c.294-.292.294-.767 0-1.06zm-10.66 3.28H7.26c-1.24 0-2.25-1.01-2.25-2.25V6.46l2.22 2.22c.148.147.34.22.532.22s.384-.073.53-.22c.293-.293.293-.768 0-1.06l-3.5-3.5c-.293-.294-.768-.294-1.06 0l-3.5 3.5c-.294.292-.294.767 0 1.06s.767.293 1.06 0l2.22-2.22V16.7c0 2.068 1.683 3.75 3.75 3.75h5.85c.414 0 .75-.336.75-.75s-.337-.75-.75-.75z\"><\/path><\/svg>\t\t\t<span class=\"ctf-screenreader\">Retuitear en Twitter 1975874004297847070<\/span>\r\n\t\t\t<span class=\"ctf-action-count ctf-retweet-count\">5<\/span>\r\n\t\t<\/a>\r\n\r\n\t\t<a href=\"https:\/\/twitter.com\/intent\/like?tweet_id=1975874004297847070&#038;related=ib_dona\" class=\"ctf-like\" target=\"_blank\" rel=\"nofollow noopener noreferrer\">\r\n\t\t\t<svg class=\"svg-inline--fa fa-w-16\" viewBox=\"0 0 24 24\" aria-hidden=\"true\" aria-label=\"like\" role=\"img\" xmlns=\"http:\/\/www.w3.org\/2000\/svg\"><g><path fill=\"currentColor\" d=\"M12 21.638h-.014C9.403 21.59 1.95 14.856 1.95 8.478c0-3.064 2.525-5.754 5.403-5.754 2.29 0 3.83 1.58 4.646 2.73.814-1.148 2.354-2.73 4.645-2.73 2.88 0 5.404 2.69 5.404 5.755 0 6.376-7.454 13.11-10.037 13.157H12zM7.354 4.225c-2.08 0-3.903 1.988-3.903 4.255 0 5.74 7.034 11.596 8.55 11.658 1.518-.062 8.55-5.917 8.55-11.658 0-2.267-1.823-4.255-3.903-4.255-2.528 0-3.94 2.936-3.952 2.965-.23.562-1.156.562-1.387 0-.014-.03-1.425-2.965-3.954-2.965z\"><\/path><\/g><\/svg>\t\t\t<span class=\"ctf-screenreader\">Dar me gusta en Twitter 1975874004297847070<\/span>\r\n\t\t\t<span class=\"ctf-action-count ctf-favorite-count\">4<\/span>\r\n\t\t<\/a>\r\n\t\t\r\n\t\t\t\t\t<a href=\"https:\/\/twitter.com\/ib_dona\/status\/1975874004297847070\" class=\"ctf-twitterlink\" target=\"_blank\" rel=\"nofollow noopener noreferrer\" >\r\n\t\t\t\t<span >X<\/span>\r\n\t\t\t\t<span class=\"ctf-screenreader\">1975874004297847070<\/span>\r\n\t\t\t<\/a>\r\n\t\t\t<\/div>\r\n<\/div>\r\n<div  class=\"ctf-item ctf-author-ib_dona ctf-new\"  id=\"1975846237946704216\" >\r\n\r\n\t\r\n\t<div class=\"ctf-author-box\">\r\n\t\t<div class=\"ctf-author-box-link\">\r\n\t        \t\t\t\t\t\t\t\t\t<a href=\"https:\/\/twitter.com\/ib_dona\" class=\"ctf-author-avatar\" target=\"_blank\" rel=\"noopener noreferrer\" >\r\n\t\t\t\t\t\t\t\t\t\t\t\t\t<img decoding=\"async\" src=\"https:\/\/pbs.twimg.com\/profile_images\/1554037307845615618\/77P7tnh-_normal.jpg\" alt=\"ib_dona\" width=\"48\" height=\"48\">\r\n\t\t\t\t\t\t\t\t\t\t\t<\/a>\r\n\t\t\t\t\r\n\t\t\t\t\t\t\t\t\t<a href=\"https:\/\/twitter.com\/ib_dona\" target=\"_blank\" rel=\"noopener noreferrer\" class=\"ctf-author-name\" >IBdona<\/a>\r\n\t\t\t\t\t\t\t\t\t\t<a href=\"https:\/\/twitter.com\/ib_dona\" class=\"ctf-author-screenname\" target=\"_blank\" rel=\"noopener noreferrer\" >@ib_dona<\/a>\r\n\t\t\t\t\t<span class=\"ctf-screename-sep\">&middot;<\/span>\r\n\t\t\t\t\t        \r\n\t\t\t\t\t\t\t<div class=\"ctf-tweet-meta\" >\r\n\t\t\t\t\t<a href=\"https:\/\/twitter.com\/ib_dona\/status\/1975846237946704216\" class=\"ctf-tweet-date\" target=\"_blank\" rel=\"noopener noreferrer\" >8 Oct<\/a>\r\n\t\t\t\t<\/div>\r\n\t\t\t\t\t<\/div>\r\n\t    \t\t\t<div class=\"ctf-corner-logo\" >\r\n\t\t\t\t<svg width=\"30\" height=\"30\" viewBox=\"0 0 30 30\" fill=\"none\" xmlns=\"http:\/\/www.w3.org\/2000\/svg\"><path d=\"M21.1161 6.27344H24.2289L17.4284 14.0459L25.4286 24.6225H19.1645L14.2583 18.2079L8.6444 24.6225H5.52976L12.8035 16.309L5.12891 6.27344H11.552L15.9868 12.1367L21.1161 6.27344ZM20.0236 22.7594H21.7484L10.6148 8.03871H8.7639L20.0236 22.7594Z\" fill=\"black\"\/>\r\n\t\t\t<\/svg>\t\t\t<\/div>\r\n\t\t\r\n\t<\/div>\r\n\t<div class=\"ctf-tweet-content\">\r\n\t\t                <p class=\"ctf-tweet-text\">\r\n                    La Jornada Interprofessional d'Atenci\u00f3 a Dones V\u00edctimes de Viol\u00e8ncia Masclista i\/o Sexual reuneix professionals dels \u00e0mbits sanitari, jur\u00eddic, de les forces de seguretat, educatiu i de l'assessorament, per millorar la coordinaci\u00f3 entre diferents serveis.<br \/>\n<br \/>\n@GOIB_Social                     <\/p><a href=\"https:\/\/twitter.com\/IB_Dona\/status\/1975846237946704216\" target=\"_blank\" rel=\"noopener noreferrer\" class=\"ctf-tweet-text-media-wrap ctf-multi-media-icon\">3<svg aria-hidden=\"true\" aria-label=\"images in tweet\" focusable=\"false\" data-prefix=\"far\" data-icon=\"image\" role=\"img\" xmlns=\"http:\/\/www.w3.org\/2000\/svg\" viewBox=\"0 0 512 512\" class=\"svg-inline--fa fa-image fa-w-16 fa-9x ctf-tweet-text-media\"><path fill=\"currentColor\" d=\"M464 64H48C21.49 64 0 85.49 0 112v288c0 26.51 21.49 48 48 48h416c26.51 0 48-21.49 48-48V112c0-26.51-21.49-48-48-48zm-6 336H54a6 6 0 0 1-6-6V118a6 6 0 0 1 6-6h404a6 6 0 0 1 6 6v276a6 6 0 0 1-6 6zM128 152c-22.091 0-40 17.909-40 40s17.909 40 40 40 40-17.909 40-40-17.909-40-40-40zM96 352h320v-80l-87.515-87.515c-4.686-4.686-12.284-4.686-16.971 0L192 304l-39.515-39.515c-4.686-4.686-12.284-4.686-16.971 0L96 304v48z\" class=\"\"><\/path><\/svg><\/a>                <\/p>\r\n                        \t<\/div>\r\n\r\n\t\t\r\n\t<div class=\"ctf-tweet-actions\" >\r\n\t\t\r\n\t\t<a href=\"https:\/\/twitter.com\/intent\/tweet?in_reply_to=1975846237946704216&#038;related=ib_dona\" class=\"ctf-reply\" target=\"_blank\" rel=\"noopener noreferrer\">\r\n\t\t\t<svg class=\"svg-inline--fa fa-w-16\" viewBox=\"0 0 24 24\" aria-label=\"reply\" role=\"img\" xmlns=\"http:\/\/www.w3.org\/2000\/svg\"><g><path fill=\"currentColor\" d=\"M14.046 2.242l-4.148-.01h-.002c-4.374 0-7.8 3.427-7.8 7.802 0 4.098 3.186 7.206 7.465 7.37v3.828c0 .108.044.286.12.403.142.225.384.347.632.347.138 0 .277-.038.402-.118.264-.168 6.473-4.14 8.088-5.506 1.902-1.61 3.04-3.97 3.043-6.312v-.017c-.006-4.367-3.43-7.787-7.8-7.788zm3.787 12.972c-1.134.96-4.862 3.405-6.772 4.643V16.67c0-.414-.335-.75-.75-.75h-.396c-3.66 0-6.318-2.476-6.318-5.886 0-3.534 2.768-6.302 6.3-6.302l4.147.01h.002c3.532 0 6.3 2.766 6.302 6.296-.003 1.91-.942 3.844-2.514 5.176z\"><\/path><\/g><\/svg>\t\t\t<span class=\"ctf-screenreader\">Responder en Twitter 1975846237946704216<\/span>\r\n\t\t<\/a>\r\n\r\n\t\t<a href=\"https:\/\/twitter.com\/intent\/retweet?tweet_id=1975846237946704216&#038;related=ib_dona\" class=\"ctf-retweet\" target=\"_blank\" rel=\"noopener noreferrer\"><svg class=\"svg-inline--fa fa-w-16\" viewBox=\"0 0 24 24\" aria-hidden=\"true\" aria-label=\"retweet\" role=\"img\"><path fill=\"currentColor\" d=\"M23.77 15.67c-.292-.293-.767-.293-1.06 0l-2.22 2.22V7.65c0-2.068-1.683-3.75-3.75-3.75h-5.85c-.414 0-.75.336-.75.75s.336.75.75.75h5.85c1.24 0 2.25 1.01 2.25 2.25v10.24l-2.22-2.22c-.293-.293-.768-.293-1.06 0s-.294.768 0 1.06l3.5 3.5c.145.147.337.22.53.22s.383-.072.53-.22l3.5-3.5c.294-.292.294-.767 0-1.06zm-10.66 3.28H7.26c-1.24 0-2.25-1.01-2.25-2.25V6.46l2.22 2.22c.148.147.34.22.532.22s.384-.073.53-.22c.293-.293.293-.768 0-1.06l-3.5-3.5c-.293-.294-.768-.294-1.06 0l-3.5 3.5c-.294.292-.294.767 0 1.06s.767.293 1.06 0l2.22-2.22V16.7c0 2.068 1.683 3.75 3.75 3.75h5.85c.414 0 .75-.336.75-.75s-.337-.75-.75-.75z\"><\/path><\/svg>\t\t\t<span class=\"ctf-screenreader\">Retuitear en Twitter 1975846237946704216<\/span>\r\n\t\t\t<span class=\"ctf-action-count ctf-retweet-count\">4<\/span>\r\n\t\t<\/a>\r\n\r\n\t\t<a href=\"https:\/\/twitter.com\/intent\/like?tweet_id=1975846237946704216&#038;related=ib_dona\" class=\"ctf-like\" target=\"_blank\" rel=\"nofollow noopener noreferrer\">\r\n\t\t\t<svg class=\"svg-inline--fa fa-w-16\" viewBox=\"0 0 24 24\" aria-hidden=\"true\" aria-label=\"like\" role=\"img\" xmlns=\"http:\/\/www.w3.org\/2000\/svg\"><g><path fill=\"currentColor\" d=\"M12 21.638h-.014C9.403 21.59 1.95 14.856 1.95 8.478c0-3.064 2.525-5.754 5.403-5.754 2.29 0 3.83 1.58 4.646 2.73.814-1.148 2.354-2.73 4.645-2.73 2.88 0 5.404 2.69 5.404 5.755 0 6.376-7.454 13.11-10.037 13.157H12zM7.354 4.225c-2.08 0-3.903 1.988-3.903 4.255 0 5.74 7.034 11.596 8.55 11.658 1.518-.062 8.55-5.917 8.55-11.658 0-2.267-1.823-4.255-3.903-4.255-2.528 0-3.94 2.936-3.952 2.965-.23.562-1.156.562-1.387 0-.014-.03-1.425-2.965-3.954-2.965z\"><\/path><\/g><\/svg>\t\t\t<span class=\"ctf-screenreader\">Dar me gusta en Twitter 1975846237946704216<\/span>\r\n\t\t\t<span class=\"ctf-action-count ctf-favorite-count\">2<\/span>\r\n\t\t<\/a>\r\n\t\t\r\n\t\t\t\t\t<a href=\"https:\/\/twitter.com\/ib_dona\/status\/1975846237946704216\" class=\"ctf-twitterlink\" target=\"_blank\" rel=\"nofollow noopener noreferrer\" >\r\n\t\t\t\t<span >X<\/span>\r\n\t\t\t\t<span class=\"ctf-screenreader\">1975846237946704216<\/span>\r\n\t\t\t<\/a>\r\n\t\t\t<\/div>\r\n<\/div>    <\/div>\r\n    \r\n    <a href=\"javascript:void(0);\" id=\"ctf-more\" class=\"ctf-more\" ><span>Cargar m\u00e1s<\/span><\/a>\r\n\r\n\r\n<\/div>\r\n<\/div>\r\n\t\t\t\t<\/div>\r\n\t\t\t\t<\/div>\r\n\t\t\t\t\t<\/div>\r\n\t\t<\/div>\r\n\t\t\t\t\t<\/div>\r\n\t\t<\/section>\r\n\t\t\t\t\t<\/div>\r\n\t\t<\/div>\r\n\t\t\t\t\t<\/div>\r\n\t\t<\/section>\r\n\t\t\t\t<section class=\"elementor-section elementor-top-section elementor-element elementor-element-f41213e elementor-section-boxed elementor-section-height-default elementor-section-height-default\" data-id=\"f41213e\" data-element_type=\"section\">\r\n\t\t\t\t\t\t<div class=\"elementor-container elementor-column-gap-default\">\r\n\t\t\t\t\t<div class=\"elementor-column elementor-col-100 elementor-top-column elementor-element elementor-element-9ec71f2\" data-id=\"9ec71f2\" data-element_type=\"column\">\r\n\t\t\t<div class=\"elementor-widget-wrap elementor-element-populated\">\r\n\t\t\t\t\t\t<div class=\"elementor-element elementor-element-heading_61b39a0bd46f8 elementor-widget elementor-widget-observatori-heading\" data-id=\"heading_61b39a0bd46f8\" data-element_type=\"widget\" data-widget_type=\"observatori-heading.default\">\r\n\t\t\t\t<div class=\"elementor-widget-container\">\r\n\t\t\t<h2 class=\"elementor-heading-title elementor-heading-background elementor-size-default\" id=\"heading_61b39a0bd46f8\">\u00c1reas de intervenci\u00f3n<\/h2>\t\t<\/div>\r\n\t\t\t\t<\/div>\r\n\t\t\t\t<section class=\"elementor-section elementor-inner-section elementor-element elementor-element-685d2a0 elementor-section-boxed elementor-section-height-default elementor-section-height-default\" data-id=\"685d2a0\" data-element_type=\"section\">\r\n\t\t\t\t\t\t<div class=\"elementor-container elementor-column-gap-default\">\r\n\t\t\t\t\t<div class=\"elementor-column elementor-col-25 elementor-inner-column elementor-element elementor-element-aa94fcb\" data-id=\"aa94fcb\" data-element_type=\"column\" data-settings=\"{&quot;background_background&quot;:&quot;classic&quot;}\">\r\n\t\t\t<div class=\"elementor-widget-wrap elementor-element-populated\">\r\n\t\t\t\t\t\t<div class=\"elementor-element elementor-element-df1099b elementor-widget elementor-widget-mfn_hover_box\" data-id=\"df1099b\" data-element_type=\"widget\" data-widget_type=\"mfn_hover_box.default\">\r\n\t\t\t\t<div class=\"elementor-widget-container\">\r\n\t\t\t<div class=\"hover_box\"><a href=\"\/es\/areas-de-intervencion\/violencia-machista\/\"  title=\"\"><div class=\"hover_box_wrapper\"><img loading=\"lazy\" decoding=\"async\" class=\"scale-with-grid visible_photo\" src=\"https:\/\/observatori-igualtat.es\/wp-content\/uploads\/2021\/12\/icona-1A.png\" alt=\"icona-1A\" width=\"183\" height=\"166\"\/><img loading=\"lazy\" decoding=\"async\" class=\"scale-with-grid hidden_photo\" src=\"https:\/\/observatori-igualtat.es\/wp-content\/uploads\/2021\/12\/icona-1.png\" alt=\"icona-1\" width=\"183\" height=\"166\"\/><\/div><\/a><\/div>\n\t\t<\/div>\r\n\t\t\t\t<\/div>\r\n\t\t\t\t<div class=\"elementor-element elementor-element-heading_61b3798b77383 elementor-widget elementor-widget-heading\" data-id=\"heading_61b3798b77383\" data-element_type=\"widget\" data-widget_type=\"heading.default\">\r\n\t\t\t\t<div class=\"elementor-widget-container\">\r\n\t\t\t<h3 class=\"elementor-heading-title elementor-size-default\">VIOLENCIA MACHISTA<\/h3>\t\t<\/div>\r\n\t\t\t\t<\/div>\r\n\t\t\t\t\t<\/div>\r\n\t\t<\/div>\r\n\t\t\t\t<div class=\"elementor-column elementor-col-25 elementor-inner-column elementor-element elementor-element-d777a95\" data-id=\"d777a95\" data-element_type=\"column\" data-settings=\"{&quot;background_background&quot;:&quot;classic&quot;}\">\r\n\t\t\t<div class=\"elementor-widget-wrap elementor-element-populated\">\r\n\t\t\t\t\t\t<div class=\"elementor-element elementor-element-4eaa3c8 elementor-widget elementor-widget-mfn_hover_box\" data-id=\"4eaa3c8\" data-element_type=\"widget\" data-widget_type=\"mfn_hover_box.default\">\r\n\t\t\t\t<div class=\"elementor-widget-container\">\r\n\t\t\t<div class=\"hover_box\"><a href=\"\/es\/areas-de-intervencion\/situacion-laboral\/\"  title=\"\"><div class=\"hover_box_wrapper\"><img loading=\"lazy\" decoding=\"async\" class=\"scale-with-grid visible_photo\" src=\"https:\/\/observatori-igualtat.es\/wp-content\/uploads\/2021\/12\/icona-2A.png\" alt=\"icona-2A\" width=\"183\" height=\"166\"\/><img loading=\"lazy\" decoding=\"async\" class=\"scale-with-grid hidden_photo\" src=\"https:\/\/observatori-igualtat.es\/wp-content\/uploads\/2021\/12\/icona-2.png\" alt=\"icona-2\" width=\"183\" height=\"166\"\/><\/div><\/a><\/div>\n\t\t<\/div>\r\n\t\t\t\t<\/div>\r\n\t\t\t\t<div class=\"elementor-element elementor-element-heading_61b3798b77979 elementor-widget elementor-widget-heading\" data-id=\"heading_61b3798b77979\" data-element_type=\"widget\" data-widget_type=\"heading.default\">\r\n\t\t\t\t<div class=\"elementor-widget-container\">\r\n\t\t\t<h3 class=\"elementor-heading-title elementor-size-default\">SITUACI\u00d3N LABORAL<\/h3>\t\t<\/div>\r\n\t\t\t\t<\/div>\r\n\t\t\t\t\t<\/div>\r\n\t\t<\/div>\r\n\t\t\t\t<div class=\"elementor-column elementor-col-25 elementor-inner-column elementor-element elementor-element-7c2ab43\" data-id=\"7c2ab43\" data-element_type=\"column\" data-settings=\"{&quot;background_background&quot;:&quot;classic&quot;}\">\r\n\t\t\t<div class=\"elementor-widget-wrap elementor-element-populated\">\r\n\t\t\t\t\t\t<div class=\"elementor-element elementor-element-7a98bf7 elementor-widget elementor-widget-mfn_hover_box\" data-id=\"7a98bf7\" data-element_type=\"widget\" data-widget_type=\"mfn_hover_box.default\">\r\n\t\t\t\t<div class=\"elementor-widget-container\">\r\n\t\t\t<div class=\"hover_box\"><a href=\"\/es\/areas-de-intervencion\/imagen-publica-de-las-mujeres\/\"  title=\"\"><div class=\"hover_box_wrapper\"><img loading=\"lazy\" decoding=\"async\" class=\"scale-with-grid visible_photo\" src=\"https:\/\/observatori-igualtat.es\/wp-content\/uploads\/2021\/12\/icona-3A.png\" alt=\"icona-3A\" width=\"183\" height=\"166\"\/><img loading=\"lazy\" decoding=\"async\" class=\"scale-with-grid hidden_photo\" src=\"https:\/\/observatori-igualtat.es\/wp-content\/uploads\/2021\/12\/icona-3.png\" alt=\"icona-3\" width=\"183\" height=\"166\"\/><\/div><\/a><\/div>\n\t\t<\/div>\r\n\t\t\t\t<\/div>\r\n\t\t\t\t<div class=\"elementor-element elementor-element-heading_61b3798b779ff elementor-widget elementor-widget-heading\" data-id=\"heading_61b3798b779ff\" data-element_type=\"widget\" data-widget_type=\"heading.default\">\r\n\t\t\t\t<div class=\"elementor-widget-container\">\r\n\t\t\t<h3 class=\"elementor-heading-title elementor-size-default\">IMAGEN P\u00daBLICA DE LAS MUJERES<\/h3>\t\t<\/div>\r\n\t\t\t\t<\/div>\r\n\t\t\t\t\t<\/div>\r\n\t\t<\/div>\r\n\t\t\t\t<div class=\"elementor-column elementor-col-25 elementor-inner-column elementor-element elementor-element-3acdf5f\" data-id=\"3acdf5f\" data-element_type=\"column\" data-settings=\"{&quot;background_background&quot;:&quot;classic&quot;}\">\r\n\t\t\t<div class=\"elementor-widget-wrap elementor-element-populated\">\r\n\t\t\t\t\t\t<div class=\"elementor-element elementor-element-d458be4 elementor-widget elementor-widget-mfn_hover_box\" data-id=\"d458be4\" data-element_type=\"widget\" data-widget_type=\"mfn_hover_box.default\">\r\n\t\t\t\t<div class=\"elementor-widget-container\">\r\n\t\t\t<div class=\"hover_box\"><a href=\"\/es\/areas-de-intervencion\/participacion-politica\/\"  title=\"\"><div class=\"hover_box_wrapper\"><img loading=\"lazy\" decoding=\"async\" class=\"scale-with-grid visible_photo\" src=\"https:\/\/observatori-igualtat.es\/wp-content\/uploads\/2021\/12\/icona-4A.png\" alt=\"icona-4A\" width=\"183\" height=\"166\"\/><img loading=\"lazy\" decoding=\"async\" class=\"scale-with-grid hidden_photo\" src=\"https:\/\/observatori-igualtat.es\/wp-content\/uploads\/2021\/12\/icona-4.png\" alt=\"icona-4\" width=\"183\" height=\"166\"\/><\/div><\/a><\/div>\n\t\t<\/div>\r\n\t\t\t\t<\/div>\r\n\t\t\t\t<div class=\"elementor-element elementor-element-heading_61b3798b77a81 elementor-widget elementor-widget-heading\" data-id=\"heading_61b3798b77a81\" data-element_type=\"widget\" data-widget_type=\"heading.default\">\r\n\t\t\t\t<div class=\"elementor-widget-container\">\r\n\t\t\t<h3 class=\"elementor-heading-title elementor-size-default\">PARTICIPACI\u00d3N POL\u00cdTICA<\/h3>\t\t<\/div>\r\n\t\t\t\t<\/div>\r\n\t\t\t\t\t<\/div>\r\n\t\t<\/div>\r\n\t\t\t\t\t<\/div>\r\n\t\t<\/section>\r\n\t\t\t\t<section class=\"elementor-section elementor-inner-section elementor-element elementor-element-51373e9 elementor-section-boxed elementor-section-height-default elementor-section-height-default\" data-id=\"51373e9\" data-element_type=\"section\">\r\n\t\t\t\t\t\t<div class=\"elementor-container elementor-column-gap-default\">\r\n\t\t\t\t\t<div class=\"elementor-column elementor-col-25 elementor-inner-column elementor-element elementor-element-0c30cac\" data-id=\"0c30cac\" data-element_type=\"column\" data-settings=\"{&quot;background_background&quot;:&quot;classic&quot;}\">\r\n\t\t\t<div class=\"elementor-widget-wrap elementor-element-populated\">\r\n\t\t\t\t\t\t<div class=\"elementor-element elementor-element-b5e848a elementor-widget elementor-widget-mfn_hover_box\" data-id=\"b5e848a\" data-element_type=\"widget\" data-widget_type=\"mfn_hover_box.default\">\r\n\t\t\t\t<div class=\"elementor-widget-container\">\r\n\t\t\t<div class=\"hover_box\"><a href=\"\/es\/areas-de-intervencion\/promocion-social\/\"  title=\"\"><div class=\"hover_box_wrapper\"><img loading=\"lazy\" decoding=\"async\" class=\"scale-with-grid visible_photo\" src=\"https:\/\/observatori-igualtat.es\/wp-content\/uploads\/2021\/12\/icona-5A.png\" alt=\"icona-5A\" width=\"183\" height=\"166\"\/><img loading=\"lazy\" decoding=\"async\" class=\"scale-with-grid hidden_photo\" src=\"https:\/\/observatori-igualtat.es\/wp-content\/uploads\/2021\/12\/icona-5.png\" alt=\"icona-5\" width=\"183\" height=\"166\"\/><\/div><\/a><\/div>\n\t\t<\/div>\r\n\t\t\t\t<\/div>\r\n\t\t\t\t<div class=\"elementor-element elementor-element-heading_61b3798b77b4c elementor-widget elementor-widget-heading\" data-id=\"heading_61b3798b77b4c\" data-element_type=\"widget\" data-widget_type=\"heading.default\">\r\n\t\t\t\t<div class=\"elementor-widget-container\">\r\n\t\t\t<h3 class=\"elementor-heading-title elementor-size-default\">PROMOCI\u00d3N SOCIAL<\/h3>\t\t<\/div>\r\n\t\t\t\t<\/div>\r\n\t\t\t\t\t<\/div>\r\n\t\t<\/div>\r\n\t\t\t\t<div class=\"elementor-column elementor-col-25 elementor-inner-column elementor-element elementor-element-c09f485\" data-id=\"c09f485\" data-element_type=\"column\" data-settings=\"{&quot;background_background&quot;:&quot;classic&quot;}\">\r\n\t\t\t<div class=\"elementor-widget-wrap elementor-element-populated\">\r\n\t\t\t\t\t\t<div class=\"elementor-element elementor-element-ebaf5e2 elementor-widget elementor-widget-mfn_hover_box\" data-id=\"ebaf5e2\" data-element_type=\"widget\" data-widget_type=\"mfn_hover_box.default\">\r\n\t\t\t\t<div class=\"elementor-widget-container\">\r\n\t\t\t<div class=\"hover_box\"><a href=\"\/es\/areas-de-intervencion\/educacion\/\"  title=\"\"><div class=\"hover_box_wrapper\"><img loading=\"lazy\" decoding=\"async\" class=\"scale-with-grid visible_photo\" src=\"https:\/\/observatori-igualtat.es\/wp-content\/uploads\/2021\/12\/icona-6A.png\" alt=\"icona-6A\" width=\"164\" height=\"166\"\/><img loading=\"lazy\" decoding=\"async\" class=\"scale-with-grid hidden_photo\" src=\"https:\/\/observatori-igualtat.es\/wp-content\/uploads\/2021\/12\/icona-6.png\" alt=\"icona-6\" width=\"164\" height=\"166\"\/><\/div><\/a><\/div>\n\t\t<\/div>\r\n\t\t\t\t<\/div>\r\n\t\t\t\t<div class=\"elementor-element elementor-element-heading_61b3798b77bcc elementor-widget elementor-widget-heading\" data-id=\"heading_61b3798b77bcc\" data-element_type=\"widget\" data-widget_type=\"heading.default\">\r\n\t\t\t\t<div class=\"elementor-widget-container\">\r\n\t\t\t<h3 class=\"elementor-heading-title elementor-size-default\">EDUCACI\u00d3N<\/h3>\t\t<\/div>\r\n\t\t\t\t<\/div>\r\n\t\t\t\t\t<\/div>\r\n\t\t<\/div>\r\n\t\t\t\t<div class=\"elementor-column elementor-col-25 elementor-inner-column elementor-element elementor-element-81febff\" data-id=\"81febff\" data-element_type=\"column\" data-settings=\"{&quot;background_background&quot;:&quot;classic&quot;}\">\r\n\t\t\t<div class=\"elementor-widget-wrap elementor-element-populated\">\r\n\t\t\t\t\t\t<div class=\"elementor-element elementor-element-9dc8450 elementor-widget elementor-widget-mfn_hover_box\" data-id=\"9dc8450\" data-element_type=\"widget\" data-widget_type=\"mfn_hover_box.default\">\r\n\t\t\t\t<div class=\"elementor-widget-container\">\r\n\t\t\t<div class=\"hover_box\"><a href=\"\/es\/areas-de-intervencion\/salud\/\"  title=\"\"><div class=\"hover_box_wrapper\"><img loading=\"lazy\" decoding=\"async\" class=\"scale-with-grid visible_photo\" src=\"https:\/\/observatori-igualtat.es\/wp-content\/uploads\/2021\/12\/icona-7A.png\" alt=\"icona-7A\" width=\"164\" height=\"166\"\/><img loading=\"lazy\" decoding=\"async\" class=\"scale-with-grid hidden_photo\" src=\"https:\/\/observatori-igualtat.es\/wp-content\/uploads\/2021\/12\/icona-7.png\" alt=\"icona-7\" width=\"164\" height=\"166\"\/><\/div><\/a><\/div>\n\t\t<\/div>\r\n\t\t\t\t<\/div>\r\n\t\t\t\t<div class=\"elementor-element elementor-element-heading_61b3798b77c4e elementor-widget elementor-widget-heading\" data-id=\"heading_61b3798b77c4e\" data-element_type=\"widget\" data-widget_type=\"heading.default\">\r\n\t\t\t\t<div class=\"elementor-widget-container\">\r\n\t\t\t<h3 class=\"elementor-heading-title elementor-size-default\">SALUD<\/h3>\t\t<\/div>\r\n\t\t\t\t<\/div>\r\n\t\t\t\t\t<\/div>\r\n\t\t<\/div>\r\n\t\t\t\t<div class=\"elementor-column elementor-col-25 elementor-inner-column elementor-element elementor-element-2d469af\" data-id=\"2d469af\" data-element_type=\"column\" data-settings=\"{&quot;background_background&quot;:&quot;classic&quot;}\">\r\n\t\t\t<div class=\"elementor-widget-wrap elementor-element-populated\">\r\n\t\t\t\t\t\t<div class=\"elementor-element elementor-element-7e3eb03 elementor-widget elementor-widget-mfn_hover_box\" data-id=\"7e3eb03\" data-element_type=\"widget\" data-widget_type=\"mfn_hover_box.default\">\r\n\t\t\t\t<div class=\"elementor-widget-container\">\r\n\t\t\t<div class=\"hover_box\"><a href=\"\/es\/areas-de-intervencion\/normativa\/\"  title=\"\"><div class=\"hover_box_wrapper\"><img loading=\"lazy\" decoding=\"async\" class=\"scale-with-grid visible_photo\" src=\"https:\/\/observatori-igualtat.es\/wp-content\/uploads\/2021\/12\/icona-8A.png\" alt=\"icona-8A\" width=\"164\" height=\"166\"\/><img loading=\"lazy\" decoding=\"async\" class=\"scale-with-grid hidden_photo\" src=\"https:\/\/observatori-igualtat.es\/wp-content\/uploads\/2021\/12\/icona-8.png\" alt=\"icona-8\" width=\"164\" height=\"166\"\/><\/div><\/a><\/div>\n\t\t<\/div>\r\n\t\t\t\t<\/div>\r\n\t\t\t\t<div class=\"elementor-element elementor-element-heading_61b3798b77cd6 elementor-widget elementor-widget-heading\" data-id=\"heading_61b3798b77cd6\" data-element_type=\"widget\" data-widget_type=\"heading.default\">\r\n\t\t\t\t<div class=\"elementor-widget-container\">\r\n\t\t\t<h3 class=\"elementor-heading-title elementor-size-default\">Normativa<\/h3>\t\t<\/div>\r\n\t\t\t\t<\/div>\r\n\t\t\t\t\t<\/div>\r\n\t\t<\/div>\r\n\t\t\t\t\t<\/div>\r\n\t\t<\/section>\r\n\t\t\t\t\t<\/div>\r\n\t\t<\/div>\r\n\t\t\t\t\t<\/div>\r\n\t\t<\/section>\r\n\t\t\t\t<section class=\"elementor-section elementor-top-section elementor-element elementor-element-fc323db elementor-section-boxed elementor-section-height-default elementor-section-height-default\" data-id=\"fc323db\" data-element_type=\"section\">\r\n\t\t\t\t\t\t<div class=\"elementor-container elementor-column-gap-default\">\r\n\t\t\t\t\t<div class=\"elementor-column elementor-col-100 elementor-top-column elementor-element elementor-element-64c2f71\" data-id=\"64c2f71\" data-element_type=\"column\">\r\n\t\t\t<div class=\"elementor-widget-wrap elementor-element-populated\">\r\n\t\t\t\t\t\t<div class=\"elementor-element elementor-element-75d5243 elementor-widget__width-auto elementor-widget elementor-widget-observatori-heading\" data-id=\"75d5243\" data-element_type=\"widget\" data-widget_type=\"observatori-heading.default\">\r\n\t\t\t\t<div class=\"elementor-widget-container\">\r\n\t\t\t<h2 class=\"elementor-heading-title elementor-heading-background elementor-size-default\" id=\"75d5243\">Noticias<\/h2>\t\t<\/div>\r\n\t\t\t\t<\/div>\r\n\t\t\t\t<div class=\"elementor-element elementor-element-bc046f3 elementor-widget__width-auto elementor-widget elementor-widget-heading\" data-id=\"bc046f3\" data-element_type=\"widget\" data-widget_type=\"heading.default\">\r\n\t\t\t\t<div class=\"elementor-widget-container\">\r\n\t\t\t<p class=\"elementor-heading-title elementor-size-default\"><a href=\"\/es\/noticias\/\">M\u00e1s noticias<\/a><\/p>\t\t<\/div>\r\n\t\t\t\t<\/div>\r\n\t\t\t\t<div class=\"elementor-element elementor-element-ad43b4f elementor-grid-eael-col-3 elementor-grid-tablet-eael-col-2 elementor-grid-mobile-eael-col-1 elementor-widget elementor-widget-eael-post-grid\" data-id=\"ad43b4f\" data-element_type=\"widget\" data-settings=\"{&quot;eael_post_grid_columns&quot;:&quot;eael-col-3&quot;,&quot;eael_post_grid_columns_tablet&quot;:&quot;eael-col-2&quot;,&quot;eael_post_grid_columns_mobile&quot;:&quot;eael-col-1&quot;}\" data-widget_type=\"eael-post-grid.default\">\r\n\t\t\t\t<div class=\"elementor-widget-container\">\r\n\t\t\t<div id=\"eael-post-grid-ad43b4f\" class=\"eael-post-grid-container\">\r\n            <div class=\"eael-post-grid eael-post-appender eael-post-appender-ad43b4f eael-post-grid-style-one\" data-layout-mode=\"masonry\"><article class=\"eael-grid-post eael-post-grid-column\" data-id=\"15645\">\r\n        <div class=\"eael-grid-post-holder\">\r\n            <div class=\"eael-grid-post-holder-inner\"><div class=\"eael-entry-media\"><div class=\"eael-entry-overlay fade-in\"><i class=\"fas fa-plus\" aria-hidden=\"true\"><\/i><a href=\"https:\/\/observatori-igualtat.es\/es\/has-visto-un-anuncio-machista-lo-puedes-denunciar\/\"><\/a><\/div><div class=\"eael-entry-thumbnail \">\r\n                <img loading=\"lazy\" decoding=\"async\" width=\"183\" height=\"166\" src=\"https:\/\/observatori-igualtat.es\/wp-content\/uploads\/2021\/12\/icona-3A.png\" class=\"attachment-full size-full wp-image-1090\" alt=\"\" srcset=\"https:\/\/observatori-igualtat.es\/wp-content\/uploads\/2021\/12\/icona-3A.png 183w, https:\/\/observatori-igualtat.es\/wp-content\/uploads\/2021\/12\/icona-3A-161x146.png 161w, https:\/\/observatori-igualtat.es\/wp-content\/uploads\/2021\/12\/icona-3A-50x45.png 50w, https:\/\/observatori-igualtat.es\/wp-content\/uploads\/2021\/12\/icona-3A-83x75.png 83w\" sizes=\"(max-width:767px) 183px, 183px\" \/>\r\n            <\/div>\r\n        <\/div><div class=\"eael-entry-wrapper\"><header class=\"eael-entry-header\"><h4 class=\"eael-entry-title\"><a class=\"eael-grid-post-link\" href=\"https:\/\/observatori-igualtat.es\/es\/has-visto-un-anuncio-machista-lo-puedes-denunciar\/\" title=\"Has visto un anuncio machista? Lo puedes denunciar.\">Has visto un anuncio machista? Lo puedes denunciar.<\/a><\/h4><\/header><div class=\"eael-entry-content\">\r\n                        <div class=\"eael-grid-post-excerpt\"><p>El anuncio es machista si: \ud83d\udfe3Atenta contra la dignidad de las mujeres. \ud83d\udfe3Presenta o utiliza las mujeres como...<\/p><a href=\"https:\/\/observatori-igualtat.es\/es\/has-visto-un-anuncio-machista-lo-puedes-denunciar\/\" class=\"eael-post-elements-readmore-btn\">[M\u00e1s info]<\/a><\/div>\r\n                    <\/div><div class=\"eael-entry-footer\"><div class=\"eael-entry-meta\"><\/div><\/div><\/div><\/div>\r\n        <\/div>\r\n    <\/article><article class=\"eael-grid-post eael-post-grid-column\" data-id=\"15031\">\r\n        <div class=\"eael-grid-post-holder\">\r\n            <div class=\"eael-grid-post-holder-inner\"><div class=\"eael-entry-media\"><div class=\"eael-entry-overlay fade-in\"><i class=\"fas fa-plus\" aria-hidden=\"true\"><\/i><a href=\"https:\/\/observatori-igualtat.es\/es\/nueva-sesion-del-pleno-del-observatorio-para-la-igualdad\/\"><\/a><\/div><div class=\"eael-entry-thumbnail \">\r\n                <img loading=\"lazy\" decoding=\"async\" width=\"1784\" height=\"452\" src=\"https:\/\/observatori-igualtat.es\/wp-content\/uploads\/2025\/12\/Observatori-M4.jpg\" class=\"attachment-full size-full wp-image-15033\" alt=\"\" srcset=\"https:\/\/observatori-igualtat.es\/wp-content\/uploads\/2025\/12\/Observatori-M4.jpg 1784w, https:\/\/observatori-igualtat.es\/wp-content\/uploads\/2025\/12\/Observatori-M4-300x76.jpg 300w, https:\/\/observatori-igualtat.es\/wp-content\/uploads\/2025\/12\/Observatori-M4-1024x259.jpg 1024w, https:\/\/observatori-igualtat.es\/wp-content\/uploads\/2025\/12\/Observatori-M4-768x195.jpg 768w, https:\/\/observatori-igualtat.es\/wp-content\/uploads\/2025\/12\/Observatori-M4-1536x389.jpg 1536w, https:\/\/observatori-igualtat.es\/wp-content\/uploads\/2025\/12\/Observatori-M4-150x38.jpg 150w, https:\/\/observatori-igualtat.es\/wp-content\/uploads\/2025\/12\/Observatori-M4-480x122.jpg 480w\" sizes=\"(max-width:767px) 480px, (max-width:1784px) 100vw, 1784px\" \/>\r\n            <\/div>\r\n        <\/div><div class=\"eael-entry-wrapper\"><header class=\"eael-entry-header\"><h4 class=\"eael-entry-title\"><a class=\"eael-grid-post-link\" href=\"https:\/\/observatori-igualtat.es\/es\/nueva-sesion-del-pleno-del-observatorio-para-la-igualdad\/\" title=\"Nueva sesi\u00f3n del pleno del Observatorio para la Igualdad.\">Nueva sesi\u00f3n del pleno del Observatorio para la Igualdad.<\/a><\/h4><\/header><div class=\"eael-entry-content\">\r\n                        <div class=\"eael-grid-post-excerpt\"><p>D\u00eda 1 de diciembre se ha celebrado una nueva sesi\u00f3n del Pleno del Observatorio para la Igualdad, un...<\/p><a href=\"https:\/\/observatori-igualtat.es\/es\/nueva-sesion-del-pleno-del-observatorio-para-la-igualdad\/\" class=\"eael-post-elements-readmore-btn\">[M\u00e1s info]<\/a><\/div>\r\n                    <\/div><div class=\"eael-entry-footer\"><div class=\"eael-entry-meta\"><\/div><\/div><\/div><\/div>\r\n        <\/div>\r\n    <\/article><article class=\"eael-grid-post eael-post-grid-column\" data-id=\"14711\">\r\n        <div class=\"eael-grid-post-holder\">\r\n            <div class=\"eael-grid-post-holder-inner\"><div class=\"eael-entry-media\"><div class=\"eael-entry-overlay fade-in\"><i class=\"fas fa-plus\" aria-hidden=\"true\"><\/i><a href=\"https:\/\/observatori-igualtat.es\/es\/programa-25n-dia-internacional-de-la-eliminacion-de-la-violencia-contra-las-mujeres\/\"><\/a><\/div><div class=\"eael-entry-thumbnail \">\r\n                <img loading=\"lazy\" decoding=\"async\" width=\"1280\" height=\"1600\" src=\"https:\/\/observatori-igualtat.es\/wp-content\/uploads\/2025\/11\/25n-ibd-e1764928078176.jpg\" class=\"attachment-full size-full wp-image-14724\" alt=\"\" \/>\r\n            <\/div>\r\n        <\/div><div class=\"eael-entry-wrapper\"><header class=\"eael-entry-header\"><h4 class=\"eael-entry-title\"><a class=\"eael-grid-post-link\" href=\"https:\/\/observatori-igualtat.es\/es\/programa-25n-dia-internacional-de-la-eliminacion-de-la-violencia-contra-las-mujeres\/\" title=\"PROGRAMA 25N. D\u00eda Internacional de la Eliminaci\u00f3n de la Violencia contra las Mujeres\">PROGRAMA 25N. D\u00eda Internacional de la Eliminaci\u00f3n de la<\/a><\/h4><\/header><div class=\"eael-entry-content\">\r\n                        <div class=\"eael-grid-post-excerpt\"><p>PROGRAMA 25N D\u00eda Internacional de la Eliminaci\u00f3n de la Violencia contra las Mujeres \u00abAlza la voz ante la...<\/p><a href=\"https:\/\/observatori-igualtat.es\/es\/programa-25n-dia-internacional-de-la-eliminacion-de-la-violencia-contra-las-mujeres\/\" class=\"eael-post-elements-readmore-btn\">[M\u00e1s info]<\/a><\/div>\r\n                    <\/div><div class=\"eael-entry-footer\"><div class=\"eael-entry-meta\"><\/div><\/div><\/div><\/div>\r\n        <\/div>\r\n    <\/article><\/div>\r\n            <div class=\"clearfix\"><\/div>\r\n        <\/div>            <div class=\"eael-load-more-button-wrap eael-force-hide\">\r\n                <button class=\"eael-load-more-button\" id=\"eael-load-more-btn-ad43b4f\" data-widget-id=\"ad43b4f\" data-widget=\"ad43b4f\" data-page-id=\"1306\" data-template=\"{&quot;dir&quot;:&quot;lite&quot;,&quot;file_name&quot;:&quot;one.php&quot;,&quot;name&quot;:&quot;Post-Grid&quot;}\" data-class=\"Essential_Addons_Elementor\\Elements\\Post_Grid\" data-layout=\"masonry\" data-page=\"1\" data-args=\"orderby=date&amp;order=desc&amp;ignore_sticky_posts=1&amp;post_status=publish&amp;posts_per_page=3&amp;offset=0&amp;post_type=post\" data-max-page=\"10\">\r\n                    <span class=\"eael-btn-loader button__loader\"><\/span>\r\n                    <span class=\"eael_load_more_text\">Load More<\/span>\r\n                <\/button>\r\n            <\/div>\r\n            \t\t<\/div>\r\n\t\t\t\t<\/div>\r\n\t\t\t\t\t<\/div>\r\n\t\t<\/div>\r\n\t\t\t\t\t<\/div>\r\n\t\t<\/section>\r\n\t\t\t\t<\/div>\r\n\t\t","protected":false},"excerpt":{"rendered":"<p>El Observatorio tiene como finalidad analizar y difundir informaci\u00f3n sobre la evoluci\u00f3n de los indicadores relativos a la igualdad entre mujeres y hombres, para mejorar la<span class=\"excerpt-hellip\"> [\u2026]<\/span><\/p>\n","protected":false},"author":2,"featured_media":0,"parent":0,"menu_order":0,"comment_status":"closed","ping_status":"open","template":"","meta":{"inline_featured_image":false,"footnotes":""},"class_list":["post-1306","page","type-page","status-publish","hentry"],"yoast_head":"<!-- This site is optimized with the Yoast SEO plugin v26.9 - https:\/\/yoast.com\/product\/yoast-seo-wordpress\/ -->\n<title>Inicio - Observatori per a la igualtat<\/title>\n<meta name=\"robots\" content=\"index, follow, max-snippet:-1, max-image-preview:large, max-video-preview:-1\" \/>\n<link rel=\"canonical\" href=\"https:\/\/observatori-igualtat.es\/es\/\" \/>\n<meta property=\"og:locale\" content=\"es_ES\" \/>\n<meta property=\"og:type\" content=\"article\" \/>\n<meta property=\"og:title\" content=\"Inicio - Observatori per a la igualtat\" \/>\n<meta property=\"og:description\" content=\"El Observatorio tiene como finalidad analizar y difundir informaci\u00f3n sobre la evoluci\u00f3n de los indicadores relativos a la igualdad entre mujeres y hombres, para mejorar la [\u2026]\" \/>\n<meta property=\"og:url\" content=\"https:\/\/observatori-igualtat.es\/es\/\" \/>\n<meta property=\"og:site_name\" content=\"Observatori per a la igualtat\" \/>\n<meta property=\"article:publisher\" content=\"https:\/\/www.facebook.com\/institutbaleardeladona\" \/>\n<meta property=\"article:modified_time\" content=\"2025-12-09T14:40:50+00:00\" \/>\n<meta property=\"og:image\" content=\"https:\/\/observatori-igualtat.es\/wp-content\/uploads\/2025\/12\/imagen-ib-dona-castellano-1.png\" \/>\n\t<meta property=\"og:image:width\" content=\"1100\" \/>\n\t<meta property=\"og:image:height\" content=\"550\" \/>\n\t<meta property=\"og:image:type\" content=\"image\/png\" \/>\n<meta name=\"twitter:card\" content=\"summary_large_image\" \/>\n<meta name=\"twitter:site\" content=\"@IB_Dona\" \/>\n<meta name=\"twitter:label1\" content=\"Tiempo de lectura\" \/>\n\t<meta name=\"twitter:data1\" content=\"1 minuto\" \/>\n<script type=\"application\/ld+json\" class=\"yoast-schema-graph\">{\"@context\":\"https:\/\/schema.org\",\"@graph\":[{\"@type\":\"WebPage\",\"@id\":\"https:\/\/observatori-igualtat.es\/es\/\",\"url\":\"https:\/\/observatori-igualtat.es\/es\/\",\"name\":\"Inicio - Observatori per a la igualtat\",\"isPartOf\":{\"@id\":\"https:\/\/observatori-igualtat.es\/#website\"},\"primaryImageOfPage\":{\"@id\":\"https:\/\/observatori-igualtat.es\/es\/#primaryimage\"},\"image\":{\"@id\":\"https:\/\/observatori-igualtat.es\/es\/#primaryimage\"},\"thumbnailUrl\":\"https:\/\/observatori-igualtat.es\/wp-content\/uploads\/2025\/12\/imagen-ib-dona-castellano-1.png\",\"datePublished\":\"2022-02-02T15:16:26+00:00\",\"dateModified\":\"2025-12-09T14:40:50+00:00\",\"breadcrumb\":{\"@id\":\"https:\/\/observatori-igualtat.es\/es\/#breadcrumb\"},\"inLanguage\":\"es\",\"potentialAction\":[{\"@type\":\"ReadAction\",\"target\":[\"https:\/\/observatori-igualtat.es\/es\/\"]}]},{\"@type\":\"ImageObject\",\"inLanguage\":\"es\",\"@id\":\"https:\/\/observatori-igualtat.es\/es\/#primaryimage\",\"url\":\"https:\/\/observatori-igualtat.es\/wp-content\/uploads\/2025\/12\/imagen-ib-dona-castellano-1.png\",\"contentUrl\":\"https:\/\/observatori-igualtat.es\/wp-content\/uploads\/2025\/12\/imagen-ib-dona-castellano-1.png\"},{\"@type\":\"BreadcrumbList\",\"@id\":\"https:\/\/observatori-igualtat.es\/es\/#breadcrumb\",\"itemListElement\":[{\"@type\":\"ListItem\",\"position\":1,\"name\":\"Portada\",\"item\":\"https:\/\/observatori-igualtat.es\/es\/\"},{\"@type\":\"ListItem\",\"position\":2,\"name\":\"Inicio\"}]},{\"@type\":\"WebSite\",\"@id\":\"https:\/\/observatori-igualtat.es\/#website\",\"url\":\"https:\/\/observatori-igualtat.es\/\",\"name\":\"Observatori per a la igualtat\",\"description\":\"\",\"publisher\":{\"@id\":\"https:\/\/observatori-igualtat.es\/#organization\"},\"potentialAction\":[{\"@type\":\"SearchAction\",\"target\":{\"@type\":\"EntryPoint\",\"urlTemplate\":\"https:\/\/observatori-igualtat.es\/?s={search_term_string}\"},\"query-input\":{\"@type\":\"PropertyValueSpecification\",\"valueRequired\":true,\"valueName\":\"search_term_string\"}}],\"inLanguage\":\"es\"},{\"@type\":\"Organization\",\"@id\":\"https:\/\/observatori-igualtat.es\/#organization\",\"name\":\"Observatori per a la igualtat\",\"url\":\"https:\/\/observatori-igualtat.es\/\",\"logo\":{\"@type\":\"ImageObject\",\"inLanguage\":\"es\",\"@id\":\"https:\/\/observatori-igualtat.es\/#\/schema\/logo\/image\/\",\"url\":\"https:\/\/observatori-igualtat.es\/wp-content\/uploads\/2021\/11\/cropped-lupa-icon.png\",\"contentUrl\":\"https:\/\/observatori-igualtat.es\/wp-content\/uploads\/2021\/11\/cropped-lupa-icon.png\",\"width\":512,\"height\":512,\"caption\":\"Observatori per a la igualtat\"},\"image\":{\"@id\":\"https:\/\/observatori-igualtat.es\/#\/schema\/logo\/image\/\"},\"sameAs\":[\"https:\/\/www.facebook.com\/institutbaleardeladona\",\"https:\/\/x.com\/IB_Dona\",\"https:\/\/www.instagram.com\/ib_dona\",\"https:\/\/www.youtube.com\/channel\/UC8SGWsVp4ABV3Ljo3rb_EGw\"]}]}<\/script>\n<!-- \/ Yoast SEO plugin. -->","yoast_head_json":{"title":"Inicio - Observatori per a la igualtat","robots":{"index":"index","follow":"follow","max-snippet":"max-snippet:-1","max-image-preview":"max-image-preview:large","max-video-preview":"max-video-preview:-1"},"canonical":"https:\/\/observatori-igualtat.es\/es\/","og_locale":"es_ES","og_type":"article","og_title":"Inicio - Observatori per a la igualtat","og_description":"El Observatorio tiene como finalidad analizar y difundir informaci\u00f3n sobre la evoluci\u00f3n de los indicadores relativos a la igualdad entre mujeres y hombres, para mejorar la [\u2026]","og_url":"https:\/\/observatori-igualtat.es\/es\/","og_site_name":"Observatori per a la igualtat","article_publisher":"https:\/\/www.facebook.com\/institutbaleardeladona","article_modified_time":"2025-12-09T14:40:50+00:00","og_image":[{"width":1100,"height":550,"url":"https:\/\/observatori-igualtat.es\/wp-content\/uploads\/2025\/12\/imagen-ib-dona-castellano-1.png","type":"image\/png"}],"twitter_card":"summary_large_image","twitter_site":"@IB_Dona","twitter_misc":{"Tiempo de lectura":"1 minuto"},"schema":{"@context":"https:\/\/schema.org","@graph":[{"@type":"WebPage","@id":"https:\/\/observatori-igualtat.es\/es\/","url":"https:\/\/observatori-igualtat.es\/es\/","name":"Inicio - Observatori per a la igualtat","isPartOf":{"@id":"https:\/\/observatori-igualtat.es\/#website"},"primaryImageOfPage":{"@id":"https:\/\/observatori-igualtat.es\/es\/#primaryimage"},"image":{"@id":"https:\/\/observatori-igualtat.es\/es\/#primaryimage"},"thumbnailUrl":"https:\/\/observatori-igualtat.es\/wp-content\/uploads\/2025\/12\/imagen-ib-dona-castellano-1.png","datePublished":"2022-02-02T15:16:26+00:00","dateModified":"2025-12-09T14:40:50+00:00","breadcrumb":{"@id":"https:\/\/observatori-igualtat.es\/es\/#breadcrumb"},"inLanguage":"es","potentialAction":[{"@type":"ReadAction","target":["https:\/\/observatori-igualtat.es\/es\/"]}]},{"@type":"ImageObject","inLanguage":"es","@id":"https:\/\/observatori-igualtat.es\/es\/#primaryimage","url":"https:\/\/observatori-igualtat.es\/wp-content\/uploads\/2025\/12\/imagen-ib-dona-castellano-1.png","contentUrl":"https:\/\/observatori-igualtat.es\/wp-content\/uploads\/2025\/12\/imagen-ib-dona-castellano-1.png"},{"@type":"BreadcrumbList","@id":"https:\/\/observatori-igualtat.es\/es\/#breadcrumb","itemListElement":[{"@type":"ListItem","position":1,"name":"Portada","item":"https:\/\/observatori-igualtat.es\/es\/"},{"@type":"ListItem","position":2,"name":"Inicio"}]},{"@type":"WebSite","@id":"https:\/\/observatori-igualtat.es\/#website","url":"https:\/\/observatori-igualtat.es\/","name":"Observatori per a la igualtat","description":"","publisher":{"@id":"https:\/\/observatori-igualtat.es\/#organization"},"potentialAction":[{"@type":"SearchAction","target":{"@type":"EntryPoint","urlTemplate":"https:\/\/observatori-igualtat.es\/?s={search_term_string}"},"query-input":{"@type":"PropertyValueSpecification","valueRequired":true,"valueName":"search_term_string"}}],"inLanguage":"es"},{"@type":"Organization","@id":"https:\/\/observatori-igualtat.es\/#organization","name":"Observatori per a la igualtat","url":"https:\/\/observatori-igualtat.es\/","logo":{"@type":"ImageObject","inLanguage":"es","@id":"https:\/\/observatori-igualtat.es\/#\/schema\/logo\/image\/","url":"https:\/\/observatori-igualtat.es\/wp-content\/uploads\/2021\/11\/cropped-lupa-icon.png","contentUrl":"https:\/\/observatori-igualtat.es\/wp-content\/uploads\/2021\/11\/cropped-lupa-icon.png","width":512,"height":512,"caption":"Observatori per a la igualtat"},"image":{"@id":"https:\/\/observatori-igualtat.es\/#\/schema\/logo\/image\/"},"sameAs":["https:\/\/www.facebook.com\/institutbaleardeladona","https:\/\/x.com\/IB_Dona","https:\/\/www.instagram.com\/ib_dona","https:\/\/www.youtube.com\/channel\/UC8SGWsVp4ABV3Ljo3rb_EGw"]}]}},"_links":{"self":[{"href":"https:\/\/observatori-igualtat.es\/es\/wp-json\/wp\/v2\/pages\/1306","targetHints":{"allow":["GET"]}}],"collection":[{"href":"https:\/\/observatori-igualtat.es\/es\/wp-json\/wp\/v2\/pages"}],"about":[{"href":"https:\/\/observatori-igualtat.es\/es\/wp-json\/wp\/v2\/types\/page"}],"author":[{"embeddable":true,"href":"https:\/\/observatori-igualtat.es\/es\/wp-json\/wp\/v2\/users\/2"}],"replies":[{"embeddable":true,"href":"https:\/\/observatori-igualtat.es\/es\/wp-json\/wp\/v2\/comments?post=1306"}],"version-history":[{"count":29,"href":"https:\/\/observatori-igualtat.es\/es\/wp-json\/wp\/v2\/pages\/1306\/revisions"}],"predecessor-version":[{"id":15202,"href":"https:\/\/observatori-igualtat.es\/es\/wp-json\/wp\/v2\/pages\/1306\/revisions\/15202"}],"wp:attachment":[{"href":"https:\/\/observatori-igualtat.es\/es\/wp-json\/wp\/v2\/media?parent=1306"}],"curies":[{"name":"wp","href":"https:\/\/api.w.org\/{rel}","templated":true}]}}