{"id":1308,"date":"2022-02-02T15:17:39","date_gmt":"2022-02-02T15:17:39","guid":{"rendered":"http:\/\/observatori-igualtat.es\/areas-de-intervencion\/"},"modified":"2024-11-19T12:10:33","modified_gmt":"2024-11-19T11:10:33","slug":"areas-de-intervencion","status":"publish","type":"page","link":"https:\/\/observatori-igualtat.es\/es\/areas-de-intervencion\/","title":{"rendered":"\u00c1reas de intervenci\u00f3n"},"content":{"rendered":"\t\t<div data-elementor-type=\"wp-page\" data-elementor-id=\"1308\" class=\"elementor elementor-1308 elementor-25\" data-elementor-post-type=\"page\">\r\n\t\t\t\t\t\t<section class=\"elementor-section elementor-top-section elementor-element elementor-element-fbec5d9 elementor-section-stretched elementor-section-boxed elementor-section-height-default elementor-section-height-default\" data-id=\"fbec5d9\" data-element_type=\"section\" data-settings=\"{&quot;stretch_section&quot;:&quot;section-stretched&quot;}\">\r\n\t\t\t\t\t\t<div class=\"elementor-container elementor-column-gap-default\">\r\n\t\t\t\t\t<div class=\"elementor-column elementor-col-100 elementor-top-column elementor-element elementor-element-5fbe765\" data-id=\"5fbe765\" data-element_type=\"column\">\r\n\t\t\t<div class=\"elementor-widget-wrap elementor-element-populated\">\r\n\t\t\t\t\t\t<div class=\"elementor-element elementor-element-735abe0 elementor-widget elementor-widget-eael-adv-tabs\" data-id=\"735abe0\" data-element_type=\"widget\" data-widget_type=\"eael-adv-tabs.default\">\r\n\t\t\t\t<div class=\"elementor-widget-container\">\r\n\t\t\t        <div data-scroll-on-click=\"no\" data-scroll-speed=\"300\" id=\"eael-advance-tabs-735abe0\" class=\"eael-advance-tabs eael-tabs-horizontal eael-tab-auto-active  active-caret-on\" data-tabid=\"735abe0\">\r\n            <div class=\"eael-tabs-nav \">\r\n                <ul class=\"eael-tab-top-icon\" role=\"tablist\">\r\n                                            <li id=\"violencia-machista\" class=\"active-default eael-tab-item-trigger eael-tab-nav-item\" aria-selected=\"true\" data-tab=\"1\" role=\"tab\" tabindex=\"0\" aria-controls=\"violencia-machista-tab\" aria-expanded=\"false\">\r\n                            \r\n                                                                <img decoding=\"async\" src=\"https:\/\/observatori-igualtat.es\/wp-content\/uploads\/2021\/12\/icona-1A.png\" alt=\"\">\r\n                                                            \r\n                            \r\n                                                            <span class=\"eael-tab-title title-after-icon\" >Violencia Machista<\/span>                                                    <\/li>\r\n                                            <li id=\"situaci-laboral\" class=\" eael-tab-item-trigger eael-tab-nav-item\" aria-selected=\"false\" data-tab=\"2\" role=\"tab\" tabindex=\"-1\" aria-controls=\"situaci-laboral-tab\" aria-expanded=\"false\">\r\n                            \r\n                                                                <img decoding=\"async\" src=\"https:\/\/observatori-igualtat.es\/wp-content\/uploads\/2021\/12\/icona-2A.png\" alt=\"\">\r\n                                                            \r\n                            \r\n                                                            <span class=\"eael-tab-title title-after-icon\" >Situaci\u00f3 laboral<\/span>                                                    <\/li>\r\n                                            <li id=\"imagen-pblica-de-las-mujeres\" class=\"inactive eael-tab-item-trigger eael-tab-nav-item\" aria-selected=\"false\" data-tab=\"3\" role=\"tab\" tabindex=\"-1\" aria-controls=\"imagen-pblica-de-las-mujeres-tab\" aria-expanded=\"false\">\r\n                            \r\n                                                                <img decoding=\"async\" src=\"https:\/\/observatori-igualtat.es\/wp-content\/uploads\/2021\/12\/icona-3A.png\" alt=\"\">\r\n                                                            \r\n                            \r\n                                                            <span class=\"eael-tab-title title-after-icon\" >Imagen p\u00fablica de las mujeres<\/span>                                                    <\/li>\r\n                                            <li id=\"participaci-poltica\" class=\"inactive eael-tab-item-trigger eael-tab-nav-item\" aria-selected=\"false\" data-tab=\"4\" role=\"tab\" tabindex=\"-1\" aria-controls=\"participaci-poltica-tab\" aria-expanded=\"false\">\r\n                            \r\n                                                                <img decoding=\"async\" src=\"https:\/\/observatori-igualtat.es\/wp-content\/uploads\/2021\/12\/icona-4A.png\" alt=\"\">\r\n                                                            \r\n                            \r\n                                                            <span class=\"eael-tab-title title-after-icon\" >Participaci\u00f3 pol\u00edtica<\/span>                                                    <\/li>\r\n                                            <li id=\"participaci-sociocommunitria\" class=\"inactive eael-tab-item-trigger eael-tab-nav-item\" aria-selected=\"false\" data-tab=\"5\" role=\"tab\" tabindex=\"-1\" aria-controls=\"participaci-sociocommunitria-tab\" aria-expanded=\"false\">\r\n                            \r\n                                                                <img decoding=\"async\" src=\"https:\/\/observatori-igualtat.es\/wp-content\/uploads\/2021\/12\/icona-5A.png\" alt=\"\">\r\n                                                            \r\n                            \r\n                                                            <span class=\"eael-tab-title title-after-icon\" >Participaci\u00f3 sociocommunit\u00e0ria<\/span>                                                    <\/li>\r\n                                            <li id=\"educaci\" class=\"inactive eael-tab-item-trigger eael-tab-nav-item\" aria-selected=\"false\" data-tab=\"6\" role=\"tab\" tabindex=\"-1\" aria-controls=\"educaci-tab\" aria-expanded=\"false\">\r\n                            \r\n                                                                <img decoding=\"async\" src=\"https:\/\/observatori-igualtat.es\/wp-content\/uploads\/2021\/12\/icona-6A.png\" alt=\"\">\r\n                                                            \r\n                            \r\n                                                            <span class=\"eael-tab-title title-after-icon\" >Educaci\u00f3<\/span>                                                    <\/li>\r\n                                            <li id=\"salut\" class=\"inactive eael-tab-item-trigger eael-tab-nav-item\" aria-selected=\"false\" data-tab=\"7\" role=\"tab\" tabindex=\"-1\" aria-controls=\"salut-tab\" aria-expanded=\"false\">\r\n                            \r\n                                                                <img decoding=\"async\" src=\"https:\/\/observatori-igualtat.es\/wp-content\/uploads\/2021\/12\/icona-7A.png\" alt=\"\">\r\n                                                            \r\n                            \r\n                                                            <span class=\"eael-tab-title title-after-icon\" >Salut<\/span>                                                    <\/li>\r\n                                            <li id=\"participacin-econmica\" class=\"inactive eael-tab-item-trigger eael-tab-nav-item\" aria-selected=\"false\" data-tab=\"8\" role=\"tab\" tabindex=\"-1\" aria-controls=\"participacin-econmica-tab\" aria-expanded=\"false\">\r\n                            \r\n                                                                <img decoding=\"async\" src=\"https:\/\/observatori-igualtat.es\/wp-content\/uploads\/2021\/12\/icona-8A.png\" alt=\"\">\r\n                                                            \r\n                            \r\n                                                            <span class=\"eael-tab-title title-after-icon\" >Participaci\u00f3n econ\u00f2mica<\/span>                                                    <\/li>\r\n                    \r\n                                  <\/ul>\r\n            <\/div>\r\n            \r\n            <div class=\"eael-tabs-content\">\r\n\t\t        \r\n                    <div id=\"violencia-machista-tab\" class=\"clearfix eael-tab-content-item active-default\" data-title-link=\"violencia-machista-tab\">\r\n\t\t\t\t        <h2>Viol\u00e8ncia masclista<\/h2>\n<p>La viol\u00e8ncia masclista \u00e9s aquella que, com a manifestaci\u00f3 de la discriminaci\u00f3, la situaci\u00f3 de desigualtat i les relacions de poder dels homes sobre les dones, s\u2019exerceix sobre aquestes pel fet mateix de ser dones.<br \/>Es tracta d\u2019una viol\u00e8ncia cap a les dones caracteritzada per la seva prevalen\u00e7a, la gravetat de les conseq\u00fc\u00e8ncies i que implica una greu vulneraci\u00f3 dels drets humans.<br \/>La Llei 11\/2016, de 28 de juliol, d&#8217;igualtat de dones i homes, estableix que la viol\u00e8ncia masclista inclou:<\/p>\n<ul>\n<li>La viol\u00e8ncia f\u00edsica.<\/li>\n<li>La viol\u00e8ncia psicol\u00f2gica.<\/li>\n<li>Viol\u00e8ncia econ\u00f2mica.<\/li>\n<li>La viol\u00e8ncia sexual, els abusos sexuals i les agressions sexuals. Incloent el tr\u00e0fic d\u2019\u00e9ssers humans amb fins d\u2019explotaci\u00f3 sexual o qualsevol acte que impedeix a les dones exercir lliurement la sexualitat.<\/li>\n<li>La viol\u00e8ncia simb\u00f2lica.<\/li>\n<li>El feminicidi.<\/li>\n<li>La mutilaci\u00f3 genital femenina.<\/li>\n<\/ul>\n                    <\/div>\r\n\t\t        \r\n                    <div id=\"situaci-laboral-tab\" class=\"clearfix eael-tab-content-item \" data-title-link=\"situaci-laboral-tab\">\r\n\t\t\t\t        <h2>Situaci\u00f3 laboral<\/h2>\n<p>La igualtat en l&#8217;acc\u00e9s a l\u2019ocupaci\u00f3 de dones i homes ha de ser un objectiu prioritari de la nostra societat. Amb aquesta finalitat, s\u2019han de dur a terme pol\u00edtiques de foment de l\u2019ocupaci\u00f3 i de l\u2019activitat empresarial que impulsin la pres\u00e8ncia de dones i homes en el mercat laboral amb una ocupaci\u00f3 de qualitat i que asseguri una vertadera conciliaci\u00f3 de la vida laboral, la familiar i la personal.<\/p>\n                    <\/div>\r\n\t\t        \r\n                    <div id=\"imagen-pblica-de-las-mujeres-tab\" class=\"clearfix eael-tab-content-item inactive\" data-title-link=\"imagen-pblica-de-las-mujeres-tab\">\r\n\t\t\t\t        <h2>Imatge p\u00fablica de les dones<\/h2>\n<p>Visibilitzar la transmissi\u00f3 de valors orientats cap a la igualat, amb una imatge plural i no estereotipada de dones i homes, \u00e9s un comprom\u00eds necessari per avan\u00e7ar cap a una societat m\u00e9s justa i igualit\u00e0ria. \u00c9s necessari incidir en un \u00fas no sexista del llenguatge, evitar reproduir biaixos de g\u00e8nere i missatges androc\u00e8ntrics que invisibilitzin el paper de la dona.<\/p>\n                    <\/div>\r\n\t\t        \r\n                    <div id=\"participaci-poltica-tab\" class=\"clearfix eael-tab-content-item inactive\" data-title-link=\"participaci-poltica-tab\">\r\n\t\t\t\t        <h2>Participaci\u00f3 pol\u00edtica<\/h2>\n<p>L&#8217;acc\u00e9s de les dones als espais de decisi\u00f3 pol\u00edtica, aix\u00ed com als espais transformadors que genera la societat civil organitzada, ha de servir per revertir la distribuci\u00f3 desigual de poders que ha atorgat privilegis als homes envers les dones.<\/p>\n                    <\/div>\r\n\t\t        \r\n                    <div id=\"participaci-sociocommunitria-tab\" class=\"clearfix eael-tab-content-item inactive\" data-title-link=\"participaci-sociocommunitria-tab\">\r\n\t\t\t\t        <h2>Participaci\u00f3 sociocommunit\u00e0ria<\/h2>\n<p>L&#8217;acc\u00e9s de les dones als espais d\u2019interrelaci\u00f3 social i a la plena ciutadania, passa per conquerir aquells drets i espais que els hi han estat negats al llarg de la hist\u00f2ria. L\u2019empoderament de les dones, les lluites i conquestes socials, el benestar social, aix\u00ed com la coresponsabilitat en les unitats familiars,son objectius que han de permetre que aquestes gaudeixin amb plenitud de tots els drets socials i c\u00edvics.<\/p>\n                    <\/div>\r\n\t\t        \r\n                    <div id=\"educaci-tab\" class=\"clearfix eael-tab-content-item inactive\" data-title-link=\"educaci-tab\">\r\n\t\t\t\t        <h2>Educaci\u00f3<\/h2>\n<p>La consecuci\u00f3 d\u2019un model educatiu basat en el desenvolupament integral de la persona al marge dels estereotips i els rols segons el sexe, l\u2019orientaci\u00f3 i la identitat sexuals, el rebuig de qualsevol forma de discriminaci\u00f3, el tractament de la diversitat afectiva i sexual, i la garantia d\u2019una orientaci\u00f3 acad\u00e8mica i<\/p>\n                    <\/div>\r\n\t\t        \r\n                    <div id=\"salut-tab\" class=\"clearfix eael-tab-content-item inactive\" data-title-link=\"salut-tab\">\r\n\t\t\t\t        <h2>Salut<\/h2>\n<p>Les administracions p\u00fabliques de les Illes Balears han de promoure l\u2019aplicaci\u00f3 de la transversalitzaci\u00f3 de g\u00e8nere a les pol\u00edtiques de salut i han d\u2019impulsar pol\u00edtiques espec\u00edfiques de salut de les dones. En el context d\u2019una societat patriarcal, les dones han tingut un acc\u00e9s diferenciat als seus drets entorn a la salut, \u00e9s prec\u00eds incidir en els problemes de salut amb m\u00e9s incid\u00e8ncia per les dones, incloent programes de prevenci\u00f3 i amb una atenci\u00f3 especial als col\u00b7lectius m\u00e9s vulnerables.<\/p>\n                    <\/div>\r\n\t\t        \r\n                    <div id=\"participacin-econmica-tab\" class=\"clearfix eael-tab-content-item inactive\" data-title-link=\"participacin-econmica-tab\">\r\n\t\t\t\t        <h2>Participaci\u00f3 econ\u00f2mica<\/h2>\n<p>L&#8217;acc\u00e9s de les dones al mercat laboral, la inclusi\u00f3 del potencial que aquestes generen i la superaci\u00f3 de les barreres estructurals presents en la nostra societat que encara persisteixen, han de servir per garantir un treball de qualitat i integrador, que asseguri el benestar de tota la poblaci\u00f3 de la Comunitat Aut\u00f2noma.<\/p>\n                    <\/div>\r\n\t\t                    <\/div>\r\n        <\/div>\r\n\t\t<\/div>\r\n\t\t\t\t<\/div>\r\n\t\t\t\t\t<\/div>\r\n\t\t<\/div>\r\n\t\t\t\t\t<\/div>\r\n\t\t<\/section>\r\n\t\t\t\t<\/div>\r\n\t\t","protected":false},"excerpt":{"rendered":"<p>Violencia Machista Situaci\u00f3 laboral Imagen p\u00fablica de las mujeres Participaci\u00f3 pol\u00edtica Participaci\u00f3 sociocommunit\u00e0ria Educaci\u00f3 Salut Participaci\u00f3n econ\u00f2mica Viol\u00e8ncia masclista La viol\u00e8ncia masclista \u00e9s aquella que, com<span class=\"excerpt-hellip\"> [\u2026]<\/span><\/p>\n","protected":false},"author":2,"featured_media":0,"parent":0,"menu_order":0,"comment_status":"closed","ping_status":"closed","template":"","meta":{"inline_featured_image":false,"footnotes":""},"class_list":["post-1308","page","type-page","status-publish","hentry"],"yoast_head":"<!-- This site is optimized with the Yoast SEO plugin v26.9 - https:\/\/yoast.com\/product\/yoast-seo-wordpress\/ -->\n<title>\u00c1reas de intervenci\u00f3n - Observatori per a la igualtat<\/title>\n<meta name=\"robots\" content=\"index, follow, max-snippet:-1, max-image-preview:large, max-video-preview:-1\" \/>\n<link rel=\"canonical\" href=\"https:\/\/observatori-igualtat.es\/arees-dintervencio\/\" \/>\n<meta property=\"og:locale\" content=\"es_ES\" \/>\n<meta property=\"og:type\" content=\"article\" \/>\n<meta property=\"og:title\" content=\"\u00c1reas de intervenci\u00f3n - Observatori per a la igualtat\" \/>\n<meta property=\"og:description\" content=\"Violencia Machista Situaci\u00f3 laboral Imagen p\u00fablica de las mujeres Participaci\u00f3 pol\u00edtica Participaci\u00f3 sociocommunit\u00e0ria Educaci\u00f3 Salut Participaci\u00f3n econ\u00f2mica Viol\u00e8ncia masclista La viol\u00e8ncia masclista \u00e9s aquella que, com [\u2026]\" \/>\n<meta property=\"og:url\" content=\"https:\/\/observatori-igualtat.es\/arees-dintervencio\/\" \/>\n<meta property=\"og:site_name\" content=\"Observatori per a la igualtat\" \/>\n<meta property=\"article:publisher\" content=\"https:\/\/www.facebook.com\/institutbaleardeladona\" \/>\n<meta property=\"article:modified_time\" content=\"2024-11-19T11:10:33+00:00\" \/>\n<meta property=\"og:image\" content=\"https:\/\/observatori-igualtat.es\/wp-content\/uploads\/2021\/12\/icona-1A.png\" \/>\n<meta name=\"twitter:card\" content=\"summary_large_image\" \/>\n<meta name=\"twitter:site\" content=\"@IB_Dona\" \/>\n<meta name=\"twitter:label1\" content=\"Tiempo de lectura\" \/>\n\t<meta name=\"twitter:data1\" content=\"3 minutos\" \/>\n<script type=\"application\/ld+json\" class=\"yoast-schema-graph\">{\"@context\":\"https:\/\/schema.org\",\"@graph\":[{\"@type\":\"WebPage\",\"@id\":\"https:\/\/observatori-igualtat.es\/arees-dintervencio\/\",\"url\":\"https:\/\/observatori-igualtat.es\/arees-dintervencio\/\",\"name\":\"\u00c1reas de intervenci\u00f3n - Observatori per a la igualtat\",\"isPartOf\":{\"@id\":\"https:\/\/observatori-igualtat.es\/#website\"},\"primaryImageOfPage\":{\"@id\":\"https:\/\/observatori-igualtat.es\/arees-dintervencio\/#primaryimage\"},\"image\":{\"@id\":\"https:\/\/observatori-igualtat.es\/arees-dintervencio\/#primaryimage\"},\"thumbnailUrl\":\"https:\/\/observatori-igualtat.es\/wp-content\/uploads\/2021\/12\/icona-1A.png\",\"datePublished\":\"2022-02-02T15:17:39+00:00\",\"dateModified\":\"2024-11-19T11:10:33+00:00\",\"breadcrumb\":{\"@id\":\"https:\/\/observatori-igualtat.es\/arees-dintervencio\/#breadcrumb\"},\"inLanguage\":\"es\",\"potentialAction\":[{\"@type\":\"ReadAction\",\"target\":[\"https:\/\/observatori-igualtat.es\/arees-dintervencio\/\"]}]},{\"@type\":\"ImageObject\",\"inLanguage\":\"es\",\"@id\":\"https:\/\/observatori-igualtat.es\/arees-dintervencio\/#primaryimage\",\"url\":\"https:\/\/observatori-igualtat.es\/wp-content\/uploads\/2021\/12\/icona-1A.png\",\"contentUrl\":\"https:\/\/observatori-igualtat.es\/wp-content\/uploads\/2021\/12\/icona-1A.png\"},{\"@type\":\"BreadcrumbList\",\"@id\":\"https:\/\/observatori-igualtat.es\/arees-dintervencio\/#breadcrumb\",\"itemListElement\":[{\"@type\":\"ListItem\",\"position\":1,\"name\":\"Portada\",\"item\":\"https:\/\/observatori-igualtat.es\/es\/\"},{\"@type\":\"ListItem\",\"position\":2,\"name\":\"\u00c1reas de intervenci\u00f3n\"}]},{\"@type\":\"WebSite\",\"@id\":\"https:\/\/observatori-igualtat.es\/#website\",\"url\":\"https:\/\/observatori-igualtat.es\/\",\"name\":\"Observatori per a la igualtat\",\"description\":\"\",\"publisher\":{\"@id\":\"https:\/\/observatori-igualtat.es\/#organization\"},\"potentialAction\":[{\"@type\":\"SearchAction\",\"target\":{\"@type\":\"EntryPoint\",\"urlTemplate\":\"https:\/\/observatori-igualtat.es\/?s={search_term_string}\"},\"query-input\":{\"@type\":\"PropertyValueSpecification\",\"valueRequired\":true,\"valueName\":\"search_term_string\"}}],\"inLanguage\":\"es\"},{\"@type\":\"Organization\",\"@id\":\"https:\/\/observatori-igualtat.es\/#organization\",\"name\":\"Observatori per a la igualtat\",\"url\":\"https:\/\/observatori-igualtat.es\/\",\"logo\":{\"@type\":\"ImageObject\",\"inLanguage\":\"es\",\"@id\":\"https:\/\/observatori-igualtat.es\/#\/schema\/logo\/image\/\",\"url\":\"https:\/\/observatori-igualtat.es\/wp-content\/uploads\/2021\/11\/cropped-lupa-icon.png\",\"contentUrl\":\"https:\/\/observatori-igualtat.es\/wp-content\/uploads\/2021\/11\/cropped-lupa-icon.png\",\"width\":512,\"height\":512,\"caption\":\"Observatori per a la igualtat\"},\"image\":{\"@id\":\"https:\/\/observatori-igualtat.es\/#\/schema\/logo\/image\/\"},\"sameAs\":[\"https:\/\/www.facebook.com\/institutbaleardeladona\",\"https:\/\/x.com\/IB_Dona\",\"https:\/\/www.instagram.com\/ib_dona\",\"https:\/\/www.youtube.com\/channel\/UC8SGWsVp4ABV3Ljo3rb_EGw\"]}]}<\/script>\n<!-- \/ Yoast SEO plugin. -->","yoast_head_json":{"title":"\u00c1reas de intervenci\u00f3n - Observatori per a la igualtat","robots":{"index":"index","follow":"follow","max-snippet":"max-snippet:-1","max-image-preview":"max-image-preview:large","max-video-preview":"max-video-preview:-1"},"canonical":"https:\/\/observatori-igualtat.es\/arees-dintervencio\/","og_locale":"es_ES","og_type":"article","og_title":"\u00c1reas de intervenci\u00f3n - Observatori per a la igualtat","og_description":"Violencia Machista Situaci\u00f3 laboral Imagen p\u00fablica de las mujeres Participaci\u00f3 pol\u00edtica Participaci\u00f3 sociocommunit\u00e0ria Educaci\u00f3 Salut Participaci\u00f3n econ\u00f2mica Viol\u00e8ncia masclista La viol\u00e8ncia masclista \u00e9s aquella que, com [\u2026]","og_url":"https:\/\/observatori-igualtat.es\/arees-dintervencio\/","og_site_name":"Observatori per a la igualtat","article_publisher":"https:\/\/www.facebook.com\/institutbaleardeladona","article_modified_time":"2024-11-19T11:10:33+00:00","og_image":[{"url":"https:\/\/observatori-igualtat.es\/wp-content\/uploads\/2021\/12\/icona-1A.png","type":"","width":"","height":""}],"twitter_card":"summary_large_image","twitter_site":"@IB_Dona","twitter_misc":{"Tiempo de lectura":"3 minutos"},"schema":{"@context":"https:\/\/schema.org","@graph":[{"@type":"WebPage","@id":"https:\/\/observatori-igualtat.es\/arees-dintervencio\/","url":"https:\/\/observatori-igualtat.es\/arees-dintervencio\/","name":"\u00c1reas de intervenci\u00f3n - Observatori per a la igualtat","isPartOf":{"@id":"https:\/\/observatori-igualtat.es\/#website"},"primaryImageOfPage":{"@id":"https:\/\/observatori-igualtat.es\/arees-dintervencio\/#primaryimage"},"image":{"@id":"https:\/\/observatori-igualtat.es\/arees-dintervencio\/#primaryimage"},"thumbnailUrl":"https:\/\/observatori-igualtat.es\/wp-content\/uploads\/2021\/12\/icona-1A.png","datePublished":"2022-02-02T15:17:39+00:00","dateModified":"2024-11-19T11:10:33+00:00","breadcrumb":{"@id":"https:\/\/observatori-igualtat.es\/arees-dintervencio\/#breadcrumb"},"inLanguage":"es","potentialAction":[{"@type":"ReadAction","target":["https:\/\/observatori-igualtat.es\/arees-dintervencio\/"]}]},{"@type":"ImageObject","inLanguage":"es","@id":"https:\/\/observatori-igualtat.es\/arees-dintervencio\/#primaryimage","url":"https:\/\/observatori-igualtat.es\/wp-content\/uploads\/2021\/12\/icona-1A.png","contentUrl":"https:\/\/observatori-igualtat.es\/wp-content\/uploads\/2021\/12\/icona-1A.png"},{"@type":"BreadcrumbList","@id":"https:\/\/observatori-igualtat.es\/arees-dintervencio\/#breadcrumb","itemListElement":[{"@type":"ListItem","position":1,"name":"Portada","item":"https:\/\/observatori-igualtat.es\/es\/"},{"@type":"ListItem","position":2,"name":"\u00c1reas de intervenci\u00f3n"}]},{"@type":"WebSite","@id":"https:\/\/observatori-igualtat.es\/#website","url":"https:\/\/observatori-igualtat.es\/","name":"Observatori per a la igualtat","description":"","publisher":{"@id":"https:\/\/observatori-igualtat.es\/#organization"},"potentialAction":[{"@type":"SearchAction","target":{"@type":"EntryPoint","urlTemplate":"https:\/\/observatori-igualtat.es\/?s={search_term_string}"},"query-input":{"@type":"PropertyValueSpecification","valueRequired":true,"valueName":"search_term_string"}}],"inLanguage":"es"},{"@type":"Organization","@id":"https:\/\/observatori-igualtat.es\/#organization","name":"Observatori per a la igualtat","url":"https:\/\/observatori-igualtat.es\/","logo":{"@type":"ImageObject","inLanguage":"es","@id":"https:\/\/observatori-igualtat.es\/#\/schema\/logo\/image\/","url":"https:\/\/observatori-igualtat.es\/wp-content\/uploads\/2021\/11\/cropped-lupa-icon.png","contentUrl":"https:\/\/observatori-igualtat.es\/wp-content\/uploads\/2021\/11\/cropped-lupa-icon.png","width":512,"height":512,"caption":"Observatori per a la igualtat"},"image":{"@id":"https:\/\/observatori-igualtat.es\/#\/schema\/logo\/image\/"},"sameAs":["https:\/\/www.facebook.com\/institutbaleardeladona","https:\/\/x.com\/IB_Dona","https:\/\/www.instagram.com\/ib_dona","https:\/\/www.youtube.com\/channel\/UC8SGWsVp4ABV3Ljo3rb_EGw"]}]}},"_links":{"self":[{"href":"https:\/\/observatori-igualtat.es\/es\/wp-json\/wp\/v2\/pages\/1308","targetHints":{"allow":["GET"]}}],"collection":[{"href":"https:\/\/observatori-igualtat.es\/es\/wp-json\/wp\/v2\/pages"}],"about":[{"href":"https:\/\/observatori-igualtat.es\/es\/wp-json\/wp\/v2\/types\/page"}],"author":[{"embeddable":true,"href":"https:\/\/observatori-igualtat.es\/es\/wp-json\/wp\/v2\/users\/2"}],"replies":[{"embeddable":true,"href":"https:\/\/observatori-igualtat.es\/es\/wp-json\/wp\/v2\/comments?post=1308"}],"version-history":[{"count":5,"href":"https:\/\/observatori-igualtat.es\/es\/wp-json\/wp\/v2\/pages\/1308\/revisions"}],"predecessor-version":[{"id":11633,"href":"https:\/\/observatori-igualtat.es\/es\/wp-json\/wp\/v2\/pages\/1308\/revisions\/11633"}],"wp:attachment":[{"href":"https:\/\/observatori-igualtat.es\/es\/wp-json\/wp\/v2\/media?parent=1308"}],"curies":[{"name":"wp","href":"https:\/\/api.w.org\/{rel}","templated":true}]}}