{"id":1312,"date":"2022-02-02T15:18:10","date_gmt":"2022-02-02T15:18:10","guid":{"rendered":"http:\/\/observatori-igualtat.es\/areas-de-intervencion\/imagen-publica-de-las-mujeres\/"},"modified":"2025-12-17T13:40:01","modified_gmt":"2025-12-17T12:40:01","slug":"imagen-publica-de-las-mujeres","status":"publish","type":"page","link":"https:\/\/observatori-igualtat.es\/es\/areas-de-intervencion\/imagen-publica-de-las-mujeres\/","title":{"rendered":"Imagen p\u00fablica de las mujeres"},"content":{"rendered":"\t\t<div data-elementor-type=\"wp-page\" data-elementor-id=\"1312\" class=\"elementor elementor-1312 elementor-890\" data-elementor-post-type=\"page\">\r\n\t\t\t\t\t\t<section class=\"elementor-section elementor-top-section elementor-element elementor-element-ba55c86 elementor-section-boxed elementor-section-height-default elementor-section-height-default\" data-id=\"ba55c86\" data-element_type=\"section\">\r\n\t\t\t\t\t\t<div class=\"elementor-container elementor-column-gap-default\">\r\n\t\t\t\t\t<div class=\"elementor-column elementor-col-12 elementor-top-column elementor-element elementor-element-fb61238\" data-id=\"fb61238\" data-element_type=\"column\">\r\n\t\t\t<div class=\"elementor-widget-wrap elementor-element-populated\">\r\n\t\t\t\t\t\t<div class=\"elementor-element elementor-element-262ee4c elementor-widget elementor-widget-mfn_hover_box\" data-id=\"262ee4c\" data-element_type=\"widget\" data-widget_type=\"mfn_hover_box.default\">\r\n\t\t\t\t<div class=\"elementor-widget-container\">\r\n\t\t\t<div class=\"hover_box\"><a href=\"\/es\/areas-de-intervencion\/violencia-machista\/\"  title=\"\"><div class=\"hover_box_wrapper\"><img decoding=\"async\" class=\"scale-with-grid visible_photo\" src=\"https:\/\/observatori-igualtat.es\/wp-content\/uploads\/2021\/12\/icona-1.png\" alt=\"icona-1\" width=\"183\" height=\"166\"\/><img decoding=\"async\" class=\"scale-with-grid hidden_photo\" src=\"https:\/\/observatori-igualtat.es\/wp-content\/uploads\/2021\/12\/icona-1A.png\" alt=\"icona-1A\" width=\"183\" height=\"166\"\/><\/div><\/a><\/div>\n\t\t<\/div>\r\n\t\t\t\t<\/div>\r\n\t\t\t\t<div class=\"elementor-element elementor-element-daf1cc0 elementor-widget elementor-widget-heading\" data-id=\"daf1cc0\" data-element_type=\"widget\" data-widget_type=\"heading.default\">\r\n\t\t\t\t<div class=\"elementor-widget-container\">\r\n\t\t\t<h3 class=\"elementor-heading-title elementor-size-default\"><a href=\"https:\/\/observatori-igualtat.es\/es\/areas-de-intervencion\/violencia-machista\/\">VIOLENCIA MACHISTA<\/a><\/h3>\t\t<\/div>\r\n\t\t\t\t<\/div>\r\n\t\t\t\t\t<\/div>\r\n\t\t<\/div>\r\n\t\t\t\t<div class=\"elementor-column elementor-col-12 elementor-top-column elementor-element elementor-element-4f96436\" data-id=\"4f96436\" data-element_type=\"column\">\r\n\t\t\t<div class=\"elementor-widget-wrap elementor-element-populated\">\r\n\t\t\t\t\t\t<div class=\"elementor-element elementor-element-72624fc elementor-widget elementor-widget-mfn_hover_box\" data-id=\"72624fc\" data-element_type=\"widget\" data-widget_type=\"mfn_hover_box.default\">\r\n\t\t\t\t<div class=\"elementor-widget-container\">\r\n\t\t\t<div class=\"hover_box\"><a href=\"\/es\/areas-de-intervencion\/situacion-laboral\/\"  title=\"\"><div class=\"hover_box_wrapper\"><img decoding=\"async\" class=\"scale-with-grid visible_photo\" src=\"https:\/\/observatori-igualtat.es\/wp-content\/uploads\/2021\/12\/icona-2.png\" alt=\"icona-2\" width=\"183\" height=\"166\"\/><img loading=\"lazy\" decoding=\"async\" class=\"scale-with-grid hidden_photo\" src=\"https:\/\/observatori-igualtat.es\/wp-content\/uploads\/2021\/12\/icona-2A.png\" alt=\"icona-2A\" width=\"183\" height=\"166\"\/><\/div><\/a><\/div>\n\t\t<\/div>\r\n\t\t\t\t<\/div>\r\n\t\t\t\t<div class=\"elementor-element elementor-element-db9617c elementor-widget elementor-widget-heading\" data-id=\"db9617c\" data-element_type=\"widget\" data-widget_type=\"heading.default\">\r\n\t\t\t\t<div class=\"elementor-widget-container\">\r\n\t\t\t<h3 class=\"elementor-heading-title elementor-size-default\"><a href=\"https:\/\/observatori-igualtat.es\/es\/areas-de-intervencion\/situacion-laboral\/\">SITUACI\u00d3N LABORAL<\/a><\/h3>\t\t<\/div>\r\n\t\t\t\t<\/div>\r\n\t\t\t\t\t<\/div>\r\n\t\t<\/div>\r\n\t\t\t\t<div class=\"elementor-column elementor-col-12 elementor-top-column elementor-element elementor-element-b526b23\" data-id=\"b526b23\" data-element_type=\"column\">\r\n\t\t\t<div class=\"elementor-widget-wrap elementor-element-populated\">\r\n\t\t\t\t\t\t<div class=\"elementor-element elementor-element-bb8bdfa elementor-widget elementor-widget-mfn_hover_box\" data-id=\"bb8bdfa\" data-element_type=\"widget\" data-widget_type=\"mfn_hover_box.default\">\r\n\t\t\t\t<div class=\"elementor-widget-container\">\r\n\t\t\t<div class=\"hover_box\"><a href=\"\/es\/areas-de-intervencion\/imagen-publica-de-las-mujeres\/\"  title=\"\"><div class=\"hover_box_wrapper\"><img loading=\"lazy\" decoding=\"async\" class=\"scale-with-grid visible_photo\" src=\"https:\/\/observatori-igualtat.es\/wp-content\/uploads\/2021\/12\/icona-3A.png\" alt=\"icona-3A\" width=\"183\" height=\"166\"\/><img loading=\"lazy\" decoding=\"async\" class=\"scale-with-grid hidden_photo\" src=\"https:\/\/observatori-igualtat.es\/wp-content\/uploads\/2021\/12\/icona-3.png\" alt=\"icona-3\" width=\"183\" height=\"166\"\/><\/div><\/a><\/div>\n\t\t<\/div>\r\n\t\t\t\t<\/div>\r\n\t\t\t\t<div class=\"elementor-element elementor-element-1f8bd82 elementor-widget elementor-widget-heading\" data-id=\"1f8bd82\" data-element_type=\"widget\" data-widget_type=\"heading.default\">\r\n\t\t\t\t<div class=\"elementor-widget-container\">\r\n\t\t\t<h3 class=\"elementor-heading-title elementor-size-default\"><a href=\"https:\/\/observatori-igualtat.es\/es\/areas-de-intervencion\/imagen-publica-de-las-mujeres\/\">IMAGEN P\u00daBLICA DE LAS MUJERES<\/a><\/h3>\t\t<\/div>\r\n\t\t\t\t<\/div>\r\n\t\t\t\t\t<\/div>\r\n\t\t<\/div>\r\n\t\t\t\t<div class=\"elementor-column elementor-col-12 elementor-top-column elementor-element elementor-element-ee4bb29\" data-id=\"ee4bb29\" data-element_type=\"column\">\r\n\t\t\t<div class=\"elementor-widget-wrap elementor-element-populated\">\r\n\t\t\t\t\t\t<div class=\"elementor-element elementor-element-af516ab elementor-widget elementor-widget-mfn_hover_box\" data-id=\"af516ab\" data-element_type=\"widget\" data-widget_type=\"mfn_hover_box.default\">\r\n\t\t\t\t<div class=\"elementor-widget-container\">\r\n\t\t\t<div class=\"hover_box\"><a href=\"\/es\/areas-de-intervencion\/participacion-politica\/\"  title=\"\"><div class=\"hover_box_wrapper\"><img loading=\"lazy\" decoding=\"async\" class=\"scale-with-grid visible_photo\" src=\"https:\/\/observatori-igualtat.es\/wp-content\/uploads\/2021\/12\/icona-4.png\" alt=\"icona-4\" width=\"183\" height=\"166\"\/><img loading=\"lazy\" decoding=\"async\" class=\"scale-with-grid hidden_photo\" src=\"https:\/\/observatori-igualtat.es\/wp-content\/uploads\/2021\/12\/icona-4A.png\" alt=\"icona-4A\" width=\"183\" height=\"166\"\/><\/div><\/a><\/div>\n\t\t<\/div>\r\n\t\t\t\t<\/div>\r\n\t\t\t\t<div class=\"elementor-element elementor-element-ab61e9d elementor-widget elementor-widget-heading\" data-id=\"ab61e9d\" data-element_type=\"widget\" data-widget_type=\"heading.default\">\r\n\t\t\t\t<div class=\"elementor-widget-container\">\r\n\t\t\t<h3 class=\"elementor-heading-title elementor-size-default\"><a href=\"https:\/\/observatori-igualtat.es\/es\/areas-de-intervencion\/participacion-politica\/\">PARTICIPACI\u00d3N POL\u00cdTICA<\/a><\/h3>\t\t<\/div>\r\n\t\t\t\t<\/div>\r\n\t\t\t\t\t<\/div>\r\n\t\t<\/div>\r\n\t\t\t\t<div class=\"elementor-column elementor-col-12 elementor-top-column elementor-element elementor-element-989d033\" data-id=\"989d033\" data-element_type=\"column\">\r\n\t\t\t<div class=\"elementor-widget-wrap elementor-element-populated\">\r\n\t\t\t\t\t\t<div class=\"elementor-element elementor-element-b8110d1 elementor-widget elementor-widget-mfn_hover_box\" data-id=\"b8110d1\" data-element_type=\"widget\" data-widget_type=\"mfn_hover_box.default\">\r\n\t\t\t\t<div class=\"elementor-widget-container\">\r\n\t\t\t<div class=\"hover_box\"><a href=\"\/es\/areas-de-intervencion\/promocion-social\/\"  title=\"\"><div class=\"hover_box_wrapper\"><img loading=\"lazy\" decoding=\"async\" class=\"scale-with-grid visible_photo\" src=\"https:\/\/observatori-igualtat.es\/wp-content\/uploads\/2021\/12\/icona-5.png\" alt=\"icona-5\" width=\"183\" height=\"166\"\/><img loading=\"lazy\" decoding=\"async\" class=\"scale-with-grid hidden_photo\" src=\"https:\/\/observatori-igualtat.es\/wp-content\/uploads\/2021\/12\/icona-5A.png\" alt=\"icona-5A\" width=\"183\" height=\"166\"\/><\/div><\/a><\/div>\n\t\t<\/div>\r\n\t\t\t\t<\/div>\r\n\t\t\t\t<div class=\"elementor-element elementor-element-23d8d20 elementor-widget elementor-widget-heading\" data-id=\"23d8d20\" data-element_type=\"widget\" data-widget_type=\"heading.default\">\r\n\t\t\t\t<div class=\"elementor-widget-container\">\r\n\t\t\t<h3 class=\"elementor-heading-title elementor-size-default\"><a href=\"https:\/\/observatori-igualtat.es\/es\/areas-de-intervencion\/promocion-social\/\">PROMOCI\u00d3N SOCIAL<\/a><\/h3>\t\t<\/div>\r\n\t\t\t\t<\/div>\r\n\t\t\t\t\t<\/div>\r\n\t\t<\/div>\r\n\t\t\t\t<div class=\"elementor-column elementor-col-12 elementor-top-column elementor-element elementor-element-5da5458\" data-id=\"5da5458\" data-element_type=\"column\">\r\n\t\t\t<div class=\"elementor-widget-wrap elementor-element-populated\">\r\n\t\t\t\t\t\t<div class=\"elementor-element elementor-element-962b33d elementor-widget elementor-widget-mfn_hover_box\" data-id=\"962b33d\" data-element_type=\"widget\" data-widget_type=\"mfn_hover_box.default\">\r\n\t\t\t\t<div class=\"elementor-widget-container\">\r\n\t\t\t<div class=\"hover_box\"><a href=\"\/es\/areas-de-intervencion\/educacion\/\"  title=\"\"><div class=\"hover_box_wrapper\"><img loading=\"lazy\" decoding=\"async\" class=\"scale-with-grid visible_photo\" src=\"https:\/\/observatori-igualtat.es\/wp-content\/uploads\/2021\/12\/icona-6.png\" alt=\"icona-6\" width=\"164\" height=\"166\"\/><img loading=\"lazy\" decoding=\"async\" class=\"scale-with-grid hidden_photo\" src=\"https:\/\/observatori-igualtat.es\/wp-content\/uploads\/2021\/12\/icona-6A.png\" alt=\"icona-6A\" width=\"164\" height=\"166\"\/><\/div><\/a><\/div>\n\t\t<\/div>\r\n\t\t\t\t<\/div>\r\n\t\t\t\t<div class=\"elementor-element elementor-element-f674167 elementor-widget elementor-widget-heading\" data-id=\"f674167\" data-element_type=\"widget\" data-widget_type=\"heading.default\">\r\n\t\t\t\t<div class=\"elementor-widget-container\">\r\n\t\t\t<h3 class=\"elementor-heading-title elementor-size-default\"><a href=\"https:\/\/observatori-igualtat.es\/es\/areas-de-intervencion\/educacion\/\">EDUCACI\u00d3N<\/a><\/h3>\t\t<\/div>\r\n\t\t\t\t<\/div>\r\n\t\t\t\t\t<\/div>\r\n\t\t<\/div>\r\n\t\t\t\t<div class=\"elementor-column elementor-col-12 elementor-top-column elementor-element elementor-element-a9aa679\" data-id=\"a9aa679\" data-element_type=\"column\">\r\n\t\t\t<div class=\"elementor-widget-wrap elementor-element-populated\">\r\n\t\t\t\t\t\t<div class=\"elementor-element elementor-element-6cf2ae6 elementor-widget elementor-widget-mfn_hover_box\" data-id=\"6cf2ae6\" data-element_type=\"widget\" data-widget_type=\"mfn_hover_box.default\">\r\n\t\t\t\t<div class=\"elementor-widget-container\">\r\n\t\t\t<div class=\"hover_box\"><a href=\"\/es\/areas-de-intervencion\/salud\/\"  title=\"\"><div class=\"hover_box_wrapper\"><img loading=\"lazy\" decoding=\"async\" class=\"scale-with-grid visible_photo\" src=\"https:\/\/observatori-igualtat.es\/wp-content\/uploads\/2021\/12\/icona-7.png\" alt=\"icona-7\" width=\"164\" height=\"166\"\/><img loading=\"lazy\" decoding=\"async\" class=\"scale-with-grid hidden_photo\" src=\"https:\/\/observatori-igualtat.es\/wp-content\/uploads\/2021\/12\/icona-7A.png\" alt=\"icona-7A\" width=\"164\" height=\"166\"\/><\/div><\/a><\/div>\n\t\t<\/div>\r\n\t\t\t\t<\/div>\r\n\t\t\t\t<div class=\"elementor-element elementor-element-e9c2ac5 elementor-widget elementor-widget-heading\" data-id=\"e9c2ac5\" data-element_type=\"widget\" data-widget_type=\"heading.default\">\r\n\t\t\t\t<div class=\"elementor-widget-container\">\r\n\t\t\t<h3 class=\"elementor-heading-title elementor-size-default\"><a href=\"https:\/\/observatori-igualtat.es\/es\/areas-de-intervencion\/salud\/\">SALUD<\/a><\/h3>\t\t<\/div>\r\n\t\t\t\t<\/div>\r\n\t\t\t\t\t<\/div>\r\n\t\t<\/div>\r\n\t\t\t\t<div class=\"elementor-column elementor-col-12 elementor-top-column elementor-element elementor-element-01ea850\" data-id=\"01ea850\" data-element_type=\"column\">\r\n\t\t\t<div class=\"elementor-widget-wrap elementor-element-populated\">\r\n\t\t\t\t\t\t<div class=\"elementor-element elementor-element-c7da5e5 elementor-widget elementor-widget-mfn_hover_box\" data-id=\"c7da5e5\" data-element_type=\"widget\" data-widget_type=\"mfn_hover_box.default\">\r\n\t\t\t\t<div class=\"elementor-widget-container\">\r\n\t\t\t<div class=\"hover_box\"><a href=\"\/es\/areas-de-intervencion\/normativa\/\"  title=\"\"><div class=\"hover_box_wrapper\"><img loading=\"lazy\" decoding=\"async\" class=\"scale-with-grid visible_photo\" src=\"https:\/\/observatori-igualtat.es\/wp-content\/uploads\/2021\/12\/icona-8.png\" alt=\"icona-8\" width=\"164\" height=\"166\"\/><img loading=\"lazy\" decoding=\"async\" class=\"scale-with-grid hidden_photo\" src=\"https:\/\/observatori-igualtat.es\/wp-content\/uploads\/2021\/12\/icona-8A.png\" alt=\"icona-8A\" width=\"164\" height=\"166\"\/><\/div><\/a><\/div>\n\t\t<\/div>\r\n\t\t\t\t<\/div>\r\n\t\t\t\t<div class=\"elementor-element elementor-element-a48b6ac elementor-widget elementor-widget-heading\" data-id=\"a48b6ac\" data-element_type=\"widget\" data-widget_type=\"heading.default\">\r\n\t\t\t\t<div class=\"elementor-widget-container\">\r\n\t\t\t<h3 class=\"elementor-heading-title elementor-size-default\"><a href=\"https:\/\/observatori-igualtat.es\/es\/areas-de-intervencion\/normativa\/\">NORMATIVA<\/a><\/h3>\t\t<\/div>\r\n\t\t\t\t<\/div>\r\n\t\t\t\t\t<\/div>\r\n\t\t<\/div>\r\n\t\t\t\t\t<\/div>\r\n\t\t<\/section>\r\n\t\t\t\t<section class=\"elementor-section elementor-top-section elementor-element elementor-element-b036498 elementor-section-boxed elementor-section-height-default elementor-section-height-default\" data-id=\"b036498\" data-element_type=\"section\">\r\n\t\t\t\t\t\t<div class=\"elementor-container elementor-column-gap-default\">\r\n\t\t\t\t\t<div class=\"elementor-column elementor-col-100 elementor-top-column elementor-element elementor-element-4d23aa8\" data-id=\"4d23aa8\" data-element_type=\"column\">\r\n\t\t\t<div class=\"elementor-widget-wrap elementor-element-populated\">\r\n\t\t\t\t\t\t<div class=\"elementor-element elementor-element-7da5457 elementor-widget elementor-widget-spacer\" data-id=\"7da5457\" data-element_type=\"widget\" data-widget_type=\"spacer.default\">\r\n\t\t\t\t<div class=\"elementor-widget-container\">\r\n\t\t\t\t\t<div class=\"elementor-spacer\">\r\n\t\t\t<div class=\"elementor-spacer-inner\"><\/div>\r\n\t\t<\/div>\r\n\t\t\t\t<\/div>\r\n\t\t\t\t<\/div>\r\n\t\t\t\t\t<\/div>\r\n\t\t<\/div>\r\n\t\t\t\t\t<\/div>\r\n\t\t<\/section>\r\n\t\t\t\t<section class=\"elementor-section elementor-top-section elementor-element elementor-element-b328f18 elementor-section-boxed elementor-section-height-default elementor-section-height-default\" data-id=\"b328f18\" data-element_type=\"section\">\r\n\t\t\t\t\t\t<div class=\"elementor-container elementor-column-gap-default\">\r\n\t\t\t\t\t<div class=\"elementor-column elementor-col-100 elementor-top-column elementor-element elementor-element-25b9051\" data-id=\"25b9051\" data-element_type=\"column\">\r\n\t\t\t<div class=\"elementor-widget-wrap elementor-element-populated\">\r\n\t\t\t\t\t\t<div class=\"elementor-element elementor-element-fab0fdc elementor-widget elementor-widget-heading\" data-id=\"fab0fdc\" data-element_type=\"widget\" data-widget_type=\"heading.default\">\r\n\t\t\t\t<div class=\"elementor-widget-container\">\r\n\t\t\t<h2 class=\"elementor-heading-title elementor-size-default\">Imagen p\u00fablica de las mujeres<\/h2>\t\t<\/div>\r\n\t\t\t\t<\/div>\r\n\t\t\t\t<div class=\"elementor-element elementor-element-5350cc7 elementor-widget elementor-widget-text-editor\" data-id=\"5350cc7\" data-element_type=\"widget\" data-widget_type=\"text-editor.default\">\r\n\t\t\t\t<div class=\"elementor-widget-container\">\r\n\t\t\t\t\t\t\t<p>Visibilizar la transmisi\u00f3n de valores orientados hacia la igualdad, con una imagen plural y no estereotipada de mujeres y hombres, es un compromiso prioritario para avanzar hacia una sociedad m\u00e1s justa e igualitaria. Es necesario incidir en un uso no sexista del lenguaje, evitar reproducir sesgos de g\u00e9nero y mensajes androc\u00e9ntricos que invisibilicen el papel de la mujer.<\/p>\t\t\t\t\t\t<\/div>\r\n\t\t\t\t<\/div>\r\n\t\t\t\t<div class=\"elementor-element elementor-element-b42952d elementor-widget elementor-widget-heading\" data-id=\"b42952d\" data-element_type=\"widget\" data-widget_type=\"heading.default\">\r\n\t\t\t\t<div class=\"elementor-widget-container\">\r\n\t\t\t<h2 class=\"elementor-heading-title elementor-size-default\">Tratamiento il\u00edcito de la imagen de las mujeres<\/h2>\t\t<\/div>\r\n\t\t\t\t<\/div>\r\n\t\t\t\t<div class=\"elementor-element elementor-element-9d8574b elementor-widget elementor-widget-text-editor\" data-id=\"9d8574b\" data-element_type=\"widget\" data-widget_type=\"text-editor.default\">\r\n\t\t\t\t<div class=\"elementor-widget-container\">\r\n\t\t\t\t\t\t\t<div><p>\u00a0<\/p><p><strong>\u00bfHas visto un anuncio machista?<\/strong><\/p><p>\u00a0<\/p><p>De acuerdo con la Ley 34\/1988, de 11 de noviembre, General de Publicidad, puedes denunciarlo.<\/p><p>Un anuncio se considera <strong>vejatorio o discriminatorio hacia las mujeres<\/strong> si:<\/p><ul><li>Atenta contra la dignidad de las mujeres.<\/li><li>Presenta o utiliza a las mujeres como objetos sexuales.<\/li><li>Muestra estereotipos sexistas o conductas discriminatorias.<\/li><li>Normaliza, justifica o banaliza las violencias sexuales.<\/li><li>Promueve o banaliza la prostituci\u00f3n.<\/li><\/ul><p>\u00a0<\/p><p><strong>\u00bfC\u00f3mo denunciarlo?<\/strong><br \/>Accede al siguiente enlace y completa el cuestionario \ud83d\udc47\ud83c\udffe.<\/p><\/div>\t\t\t\t\t\t<\/div>\r\n\t\t\t\t<\/div>\r\n\t\t\t\t<div class=\"elementor-element elementor-element-c9aa4f2 elementor-widget elementor-widget-text-editor\" data-id=\"c9aa4f2\" data-element_type=\"widget\" data-widget_type=\"text-editor.default\">\r\n\t\t\t\t<div class=\"elementor-widget-container\">\r\n\t\t\t\t\t\t\t<p><a href=\"https:\/\/observatori-igualtat.es\/es\/estadisticas\/formulario-de-queja-por-el-tratamiento-ilicito-de-la-imagen-de-las-mujeres\/\"><strong>Formulario de queja<\/strong><\/a><\/p>\t\t\t\t\t\t<\/div>\r\n\t\t\t\t<\/div>\r\n\t\t\t\t<div class=\"elementor-element elementor-element-b3e00c5 elementor-widget elementor-widget-text-editor\" data-id=\"b3e00c5\" data-element_type=\"widget\" data-widget_type=\"text-editor.default\">\r\n\t\t\t\t<div class=\"elementor-widget-container\">\r\n\t\t\t\t\t\t\t<p class=\"western\" lang=\"ca-ES\"><strong><a href=\"https:\/\/observatori-igualtat.es\/wp-content\/uploads\/2025\/04\/Tratamiento-ilicito-de-la-imagen-de-las-mujeres-CAST.pdf\">Tratamiento il\u00edcito de la imagen de las mujeres. Fundamentos jur\u00eddicos.<\/a><\/strong><\/p><p lang=\"ca-ES\">\u00a0<\/p><div>Denunciar la publicidad sexista es defender el derecho de todas las mujeres a una imagen digna y libre de violencia.<\/div><div>\u00a0<\/div>\t\t\t\t\t\t<\/div>\r\n\t\t\t\t<\/div>\r\n\t\t\t\t\t<\/div>\r\n\t\t<\/div>\r\n\t\t\t\t\t<\/div>\r\n\t\t<\/section>\r\n\t\t\t\t<section class=\"elementor-section elementor-top-section elementor-element elementor-element-ba34e8e elementor-section-boxed elementor-section-height-default elementor-section-height-default\" data-id=\"ba34e8e\" data-element_type=\"section\">\r\n\t\t\t\t\t\t<div class=\"elementor-container elementor-column-gap-default\">\r\n\t\t\t\t\t<div class=\"elementor-column elementor-col-100 elementor-top-column elementor-element elementor-element-0c4b30f\" data-id=\"0c4b30f\" data-element_type=\"column\">\r\n\t\t\t<div class=\"elementor-widget-wrap elementor-element-populated\">\r\n\t\t\t\t\t\t<div class=\"elementor-element elementor-element-796d475 elementor-widget elementor-widget-text-editor\" data-id=\"796d475\" data-element_type=\"widget\" data-widget_type=\"text-editor.default\">\r\n\t\t\t\t<div class=\"elementor-widget-container\">\r\n\t\t\t\t\t\t\t<h4>Enlaces<\/h4><ul><li><a href=\"https:\/\/observatori-igualtat.es\/wp-content\/uploads\/2022\/11\/llenguatge-per-la-igualtat-guia-general.pdf\">Lenguaje para la igualdad. Gu\u00eda general. Institut Balear de la Dona.<\/a><\/li><li><a href=\"http:\/\/www.caib.es\/sacmicrofront\/archivopub.do?ctrl=MCRST205ZI54063&amp;id=54063\">Lenguaje para la igualdad en los medios de comunicaci\u00f3n. Institut Balear de la Dona.<\/a><\/li><li><a href=\"https:\/\/observatori-igualtat.es\/wp-content\/uploads\/2022\/06\/IC_2015-01-29_per_a_una_comunicacio_no_sexista.pdf\" target=\"_blank\" rel=\"noopener\">Instrucci\u00f3n conjunta de 29 de enero de 2015 de la Direcci\u00f3n General de Funci\u00f3n P\u00fablica, Administraciones P\u00fablicas y Calidad de los Servicios, del Gabinete de la Presidencia, de la Secretar\u00eda General de la Vicepresidencia y Conseller\u00eda de Presidencia y del Institut Balear de la Dona, por la cual se establecen las pautas y las recomendaciones para una comunicaci\u00f3n (imagen y lenguaje) no sexista en la Administraci\u00f3n de la Comunitat Aut\u00f2noma de les Illes Balears.<\/a><\/li><li><a href=\"https:\/\/observatori-igualtat.es\/wp-content\/uploads\/2022\/11\/llenguatge-per-la-igualtat-a-ladministracio.pdf\">Lenguaje para la igualdad en la administraci\u00f3n. Institut Balear de la Dona.<\/a><\/li><li><a href=\"https:\/\/intranet.caib.es\/sites\/igualtat\/ca\/material_per_a_una_comunicacia_llenguatge_i_imatge_no_sexista\/archivopub.do?ctrl=MCRST7546ZI213583&amp;id=213583\">Gu\u00eda para una comunicaci\u00f3n no sexista en lengua catalana en el \u00e1mbito de la Administraci\u00f3n de la Comunitat Aut\u00f2noma de les Illes Balears. Gobierno de las Illes Balears.<\/a><\/li><li><a href=\"https:\/\/web.conselldemallorca.cat\/documents\/774813\/882846\/20180608_guia_estil_llenguatge_no_sexista.pdf\/ec3fbb2d-1775-79de-ddce-dc296aea9667?t=1556528466285\">Gu\u00eda de estilo de lenguaje no sexista. Consell de Mallorca.<\/a><\/li><li><a href=\"https:\/\/observatori-igualtat.es\/wp-content\/uploads\/2022\/11\/llenguatge-per-la-igualtat-a-lempresa.pdf\">Lenguaje para la igualdad en la empresa. Institut Balear de la Dona.<\/a><\/li><\/ul>\t\t\t\t\t\t<\/div>\r\n\t\t\t\t<\/div>\r\n\t\t\t\t\t<\/div>\r\n\t\t<\/div>\r\n\t\t\t\t\t<\/div>\r\n\t\t<\/section>\r\n\t\t\t\t<\/div>\r\n\t\t","protected":false},"excerpt":{"rendered":"<p>VIOLENCIA MACHISTA SITUACI\u00d3N LABORAL IMAGEN P\u00daBLICA DE LAS MUJERES PARTICIPACI\u00d3N POL\u00cdTICA PROMOCI\u00d3N SOCIAL EDUCACI\u00d3N SALUD NORMATIVA Imagen p\u00fablica de las mujeres Visibilizar la transmisi\u00f3n de valores<span class=\"excerpt-hellip\"> [\u2026]<\/span><\/p>\n","protected":false},"author":2,"featured_media":1088,"parent":1308,"menu_order":0,"comment_status":"closed","ping_status":"closed","template":"","meta":{"inline_featured_image":false,"footnotes":""},"class_list":["post-1312","page","type-page","status-publish","has-post-thumbnail","hentry"],"yoast_head":"<!-- This site is optimized with the Yoast SEO plugin v26.9 - https:\/\/yoast.com\/product\/yoast-seo-wordpress\/ -->\n<title>Imagen p\u00fablica de las mujeres - Observatori per a la igualtat<\/title>\n<meta name=\"robots\" content=\"index, follow, max-snippet:-1, max-image-preview:large, max-video-preview:-1\" \/>\n<link rel=\"canonical\" href=\"https:\/\/observatori-igualtat.es\/arees-dintervencio\/imatge-publica-de-les-dones\/\" \/>\n<meta property=\"og:locale\" content=\"es_ES\" \/>\n<meta property=\"og:type\" content=\"article\" \/>\n<meta property=\"og:title\" content=\"Imagen p\u00fablica de las mujeres - Observatori per a la igualtat\" \/>\n<meta property=\"og:description\" content=\"VIOLENCIA MACHISTA SITUACI\u00d3N LABORAL IMAGEN P\u00daBLICA DE LAS MUJERES PARTICIPACI\u00d3N POL\u00cdTICA PROMOCI\u00d3N SOCIAL EDUCACI\u00d3N SALUD NORMATIVA Imagen p\u00fablica de las mujeres Visibilizar la transmisi\u00f3n de valores [\u2026]\" \/>\n<meta property=\"og:url\" content=\"https:\/\/observatori-igualtat.es\/arees-dintervencio\/imatge-publica-de-les-dones\/\" \/>\n<meta property=\"og:site_name\" content=\"Observatori per a la igualtat\" \/>\n<meta property=\"article:publisher\" content=\"https:\/\/www.facebook.com\/institutbaleardeladona\" \/>\n<meta property=\"article:modified_time\" content=\"2025-12-17T12:40:01+00:00\" \/>\n<meta property=\"og:image\" content=\"https:\/\/observatori-igualtat.es\/wp-content\/uploads\/2021\/12\/icona-1A.png\" \/>\n\t<meta property=\"og:image:width\" content=\"183\" \/>\n\t<meta property=\"og:image:height\" content=\"166\" \/>\n\t<meta property=\"og:image:type\" content=\"image\/png\" \/>\n<meta name=\"twitter:card\" content=\"summary_large_image\" \/>\n<meta name=\"twitter:site\" content=\"@IB_Dona\" \/>\n<meta name=\"twitter:label1\" content=\"Tiempo de lectura\" \/>\n\t<meta name=\"twitter:data1\" content=\"2 minutos\" \/>\n<script type=\"application\/ld+json\" class=\"yoast-schema-graph\">{\"@context\":\"https:\/\/schema.org\",\"@graph\":[{\"@type\":\"WebPage\",\"@id\":\"https:\/\/observatori-igualtat.es\/arees-dintervencio\/imatge-publica-de-les-dones\/\",\"url\":\"https:\/\/observatori-igualtat.es\/arees-dintervencio\/imatge-publica-de-les-dones\/\",\"name\":\"Imagen p\u00fablica de las mujeres - Observatori per a la igualtat\",\"isPartOf\":{\"@id\":\"https:\/\/observatori-igualtat.es\/#website\"},\"primaryImageOfPage\":{\"@id\":\"https:\/\/observatori-igualtat.es\/arees-dintervencio\/imatge-publica-de-les-dones\/#primaryimage\"},\"image\":{\"@id\":\"https:\/\/observatori-igualtat.es\/arees-dintervencio\/imatge-publica-de-les-dones\/#primaryimage\"},\"thumbnailUrl\":\"https:\/\/observatori-igualtat.es\/wp-content\/uploads\/2021\/12\/icona-1A.png\",\"datePublished\":\"2022-02-02T15:18:10+00:00\",\"dateModified\":\"2025-12-17T12:40:01+00:00\",\"breadcrumb\":{\"@id\":\"https:\/\/observatori-igualtat.es\/arees-dintervencio\/imatge-publica-de-les-dones\/#breadcrumb\"},\"inLanguage\":\"es\",\"potentialAction\":[{\"@type\":\"ReadAction\",\"target\":[\"https:\/\/observatori-igualtat.es\/arees-dintervencio\/imatge-publica-de-les-dones\/\"]}]},{\"@type\":\"ImageObject\",\"inLanguage\":\"es\",\"@id\":\"https:\/\/observatori-igualtat.es\/arees-dintervencio\/imatge-publica-de-les-dones\/#primaryimage\",\"url\":\"https:\/\/observatori-igualtat.es\/wp-content\/uploads\/2021\/12\/icona-1A.png\",\"contentUrl\":\"https:\/\/observatori-igualtat.es\/wp-content\/uploads\/2021\/12\/icona-1A.png\",\"width\":183,\"height\":166},{\"@type\":\"BreadcrumbList\",\"@id\":\"https:\/\/observatori-igualtat.es\/arees-dintervencio\/imatge-publica-de-les-dones\/#breadcrumb\",\"itemListElement\":[{\"@type\":\"ListItem\",\"position\":1,\"name\":\"Portada\",\"item\":\"https:\/\/observatori-igualtat.es\/es\/\"},{\"@type\":\"ListItem\",\"position\":2,\"name\":\"\u00c1reas de intervenci\u00f3n\",\"item\":\"https:\/\/observatori-igualtat.es\/arees-dintervencio\/\"},{\"@type\":\"ListItem\",\"position\":3,\"name\":\"Imagen p\u00fablica de las mujeres\"}]},{\"@type\":\"WebSite\",\"@id\":\"https:\/\/observatori-igualtat.es\/#website\",\"url\":\"https:\/\/observatori-igualtat.es\/\",\"name\":\"Observatori per a la igualtat\",\"description\":\"\",\"publisher\":{\"@id\":\"https:\/\/observatori-igualtat.es\/#organization\"},\"potentialAction\":[{\"@type\":\"SearchAction\",\"target\":{\"@type\":\"EntryPoint\",\"urlTemplate\":\"https:\/\/observatori-igualtat.es\/?s={search_term_string}\"},\"query-input\":{\"@type\":\"PropertyValueSpecification\",\"valueRequired\":true,\"valueName\":\"search_term_string\"}}],\"inLanguage\":\"es\"},{\"@type\":\"Organization\",\"@id\":\"https:\/\/observatori-igualtat.es\/#organization\",\"name\":\"Observatori per a la igualtat\",\"url\":\"https:\/\/observatori-igualtat.es\/\",\"logo\":{\"@type\":\"ImageObject\",\"inLanguage\":\"es\",\"@id\":\"https:\/\/observatori-igualtat.es\/#\/schema\/logo\/image\/\",\"url\":\"https:\/\/observatori-igualtat.es\/wp-content\/uploads\/2021\/11\/cropped-lupa-icon.png\",\"contentUrl\":\"https:\/\/observatori-igualtat.es\/wp-content\/uploads\/2021\/11\/cropped-lupa-icon.png\",\"width\":512,\"height\":512,\"caption\":\"Observatori per a la igualtat\"},\"image\":{\"@id\":\"https:\/\/observatori-igualtat.es\/#\/schema\/logo\/image\/\"},\"sameAs\":[\"https:\/\/www.facebook.com\/institutbaleardeladona\",\"https:\/\/x.com\/IB_Dona\",\"https:\/\/www.instagram.com\/ib_dona\",\"https:\/\/www.youtube.com\/channel\/UC8SGWsVp4ABV3Ljo3rb_EGw\"]}]}<\/script>\n<!-- \/ Yoast SEO plugin. -->","yoast_head_json":{"title":"Imagen p\u00fablica de las mujeres - Observatori per a la igualtat","robots":{"index":"index","follow":"follow","max-snippet":"max-snippet:-1","max-image-preview":"max-image-preview:large","max-video-preview":"max-video-preview:-1"},"canonical":"https:\/\/observatori-igualtat.es\/arees-dintervencio\/imatge-publica-de-les-dones\/","og_locale":"es_ES","og_type":"article","og_title":"Imagen p\u00fablica de las mujeres - Observatori per a la igualtat","og_description":"VIOLENCIA MACHISTA SITUACI\u00d3N LABORAL IMAGEN P\u00daBLICA DE LAS MUJERES PARTICIPACI\u00d3N POL\u00cdTICA PROMOCI\u00d3N SOCIAL EDUCACI\u00d3N SALUD NORMATIVA Imagen p\u00fablica de las mujeres Visibilizar la transmisi\u00f3n de valores [\u2026]","og_url":"https:\/\/observatori-igualtat.es\/arees-dintervencio\/imatge-publica-de-les-dones\/","og_site_name":"Observatori per a la igualtat","article_publisher":"https:\/\/www.facebook.com\/institutbaleardeladona","article_modified_time":"2025-12-17T12:40:01+00:00","og_image":[{"width":183,"height":166,"url":"https:\/\/observatori-igualtat.es\/wp-content\/uploads\/2021\/12\/icona-1A.png","type":"image\/png"}],"twitter_card":"summary_large_image","twitter_site":"@IB_Dona","twitter_misc":{"Tiempo de lectura":"2 minutos"},"schema":{"@context":"https:\/\/schema.org","@graph":[{"@type":"WebPage","@id":"https:\/\/observatori-igualtat.es\/arees-dintervencio\/imatge-publica-de-les-dones\/","url":"https:\/\/observatori-igualtat.es\/arees-dintervencio\/imatge-publica-de-les-dones\/","name":"Imagen p\u00fablica de las mujeres - Observatori per a la igualtat","isPartOf":{"@id":"https:\/\/observatori-igualtat.es\/#website"},"primaryImageOfPage":{"@id":"https:\/\/observatori-igualtat.es\/arees-dintervencio\/imatge-publica-de-les-dones\/#primaryimage"},"image":{"@id":"https:\/\/observatori-igualtat.es\/arees-dintervencio\/imatge-publica-de-les-dones\/#primaryimage"},"thumbnailUrl":"https:\/\/observatori-igualtat.es\/wp-content\/uploads\/2021\/12\/icona-1A.png","datePublished":"2022-02-02T15:18:10+00:00","dateModified":"2025-12-17T12:40:01+00:00","breadcrumb":{"@id":"https:\/\/observatori-igualtat.es\/arees-dintervencio\/imatge-publica-de-les-dones\/#breadcrumb"},"inLanguage":"es","potentialAction":[{"@type":"ReadAction","target":["https:\/\/observatori-igualtat.es\/arees-dintervencio\/imatge-publica-de-les-dones\/"]}]},{"@type":"ImageObject","inLanguage":"es","@id":"https:\/\/observatori-igualtat.es\/arees-dintervencio\/imatge-publica-de-les-dones\/#primaryimage","url":"https:\/\/observatori-igualtat.es\/wp-content\/uploads\/2021\/12\/icona-1A.png","contentUrl":"https:\/\/observatori-igualtat.es\/wp-content\/uploads\/2021\/12\/icona-1A.png","width":183,"height":166},{"@type":"BreadcrumbList","@id":"https:\/\/observatori-igualtat.es\/arees-dintervencio\/imatge-publica-de-les-dones\/#breadcrumb","itemListElement":[{"@type":"ListItem","position":1,"name":"Portada","item":"https:\/\/observatori-igualtat.es\/es\/"},{"@type":"ListItem","position":2,"name":"\u00c1reas de intervenci\u00f3n","item":"https:\/\/observatori-igualtat.es\/arees-dintervencio\/"},{"@type":"ListItem","position":3,"name":"Imagen p\u00fablica de las mujeres"}]},{"@type":"WebSite","@id":"https:\/\/observatori-igualtat.es\/#website","url":"https:\/\/observatori-igualtat.es\/","name":"Observatori per a la igualtat","description":"","publisher":{"@id":"https:\/\/observatori-igualtat.es\/#organization"},"potentialAction":[{"@type":"SearchAction","target":{"@type":"EntryPoint","urlTemplate":"https:\/\/observatori-igualtat.es\/?s={search_term_string}"},"query-input":{"@type":"PropertyValueSpecification","valueRequired":true,"valueName":"search_term_string"}}],"inLanguage":"es"},{"@type":"Organization","@id":"https:\/\/observatori-igualtat.es\/#organization","name":"Observatori per a la igualtat","url":"https:\/\/observatori-igualtat.es\/","logo":{"@type":"ImageObject","inLanguage":"es","@id":"https:\/\/observatori-igualtat.es\/#\/schema\/logo\/image\/","url":"https:\/\/observatori-igualtat.es\/wp-content\/uploads\/2021\/11\/cropped-lupa-icon.png","contentUrl":"https:\/\/observatori-igualtat.es\/wp-content\/uploads\/2021\/11\/cropped-lupa-icon.png","width":512,"height":512,"caption":"Observatori per a la igualtat"},"image":{"@id":"https:\/\/observatori-igualtat.es\/#\/schema\/logo\/image\/"},"sameAs":["https:\/\/www.facebook.com\/institutbaleardeladona","https:\/\/x.com\/IB_Dona","https:\/\/www.instagram.com\/ib_dona","https:\/\/www.youtube.com\/channel\/UC8SGWsVp4ABV3Ljo3rb_EGw"]}]}},"_links":{"self":[{"href":"https:\/\/observatori-igualtat.es\/es\/wp-json\/wp\/v2\/pages\/1312","targetHints":{"allow":["GET"]}}],"collection":[{"href":"https:\/\/observatori-igualtat.es\/es\/wp-json\/wp\/v2\/pages"}],"about":[{"href":"https:\/\/observatori-igualtat.es\/es\/wp-json\/wp\/v2\/types\/page"}],"author":[{"embeddable":true,"href":"https:\/\/observatori-igualtat.es\/es\/wp-json\/wp\/v2\/users\/2"}],"replies":[{"embeddable":true,"href":"https:\/\/observatori-igualtat.es\/es\/wp-json\/wp\/v2\/comments?post=1312"}],"version-history":[{"count":23,"href":"https:\/\/observatori-igualtat.es\/es\/wp-json\/wp\/v2\/pages\/1312\/revisions"}],"predecessor-version":[{"id":15622,"href":"https:\/\/observatori-igualtat.es\/es\/wp-json\/wp\/v2\/pages\/1312\/revisions\/15622"}],"up":[{"embeddable":true,"href":"https:\/\/observatori-igualtat.es\/es\/wp-json\/wp\/v2\/pages\/1308"}],"wp:featuredmedia":[{"embeddable":true,"href":"https:\/\/observatori-igualtat.es\/es\/wp-json\/wp\/v2\/media\/1088"}],"wp:attachment":[{"href":"https:\/\/observatori-igualtat.es\/es\/wp-json\/wp\/v2\/media?parent=1312"}],"curies":[{"name":"wp","href":"https:\/\/api.w.org\/{rel}","templated":true}]}}