{"id":1314,"date":"2022-02-02T15:18:22","date_gmt":"2022-02-02T15:18:22","guid":{"rendered":"http:\/\/observatori-igualtat.es\/areas-de-intervencion\/participacion-economica\/"},"modified":"2026-03-26T09:46:54","modified_gmt":"2026-03-26T08:46:54","slug":"normativa","status":"publish","type":"page","link":"https:\/\/observatori-igualtat.es\/es\/areas-de-intervencion\/normativa\/","title":{"rendered":"Normativa"},"content":{"rendered":"\t\t<div data-elementor-type=\"wp-page\" data-elementor-id=\"1314\" class=\"elementor elementor-1314 elementor-895\" data-elementor-post-type=\"page\">\r\n\t\t\t\t\t\t<section class=\"elementor-section elementor-top-section elementor-element elementor-element-917f2f0 elementor-section-boxed elementor-section-height-default elementor-section-height-default\" data-id=\"917f2f0\" data-element_type=\"section\">\r\n\t\t\t\t\t\t<div class=\"elementor-container elementor-column-gap-default\">\r\n\t\t\t\t\t<div class=\"elementor-column elementor-col-12 elementor-top-column elementor-element elementor-element-5cba245\" data-id=\"5cba245\" data-element_type=\"column\">\r\n\t\t\t<div class=\"elementor-widget-wrap elementor-element-populated\">\r\n\t\t\t\t\t\t<div class=\"elementor-element elementor-element-29b22dc elementor-widget elementor-widget-mfn_hover_box\" data-id=\"29b22dc\" data-element_type=\"widget\" data-widget_type=\"mfn_hover_box.default\">\r\n\t\t\t\t<div class=\"elementor-widget-container\">\r\n\t\t\t<div class=\"hover_box\"><a href=\"\/es\/areas-de-intervencion\/violencia-machista\/\"  title=\"\"><div class=\"hover_box_wrapper\"><img decoding=\"async\" class=\"scale-with-grid visible_photo\" src=\"https:\/\/observatori-igualtat.es\/wp-content\/uploads\/2021\/12\/icona-1.png\" alt=\"icona-1\" width=\"183\" height=\"166\"\/><img decoding=\"async\" class=\"scale-with-grid hidden_photo\" src=\"https:\/\/observatori-igualtat.es\/wp-content\/uploads\/2021\/12\/icona-1A.png\" alt=\"icona-1A\" width=\"183\" height=\"166\"\/><\/div><\/a><\/div>\n\t\t<\/div>\r\n\t\t\t\t<\/div>\r\n\t\t\t\t<div class=\"elementor-element elementor-element-281f36b elementor-widget elementor-widget-heading\" data-id=\"281f36b\" data-element_type=\"widget\" data-widget_type=\"heading.default\">\r\n\t\t\t\t<div class=\"elementor-widget-container\">\r\n\t\t\t<h3 class=\"elementor-heading-title elementor-size-default\"><a href=\"https:\/\/observatori-igualtat.es\/es\/areas-de-intervencion\/violencia-machista\/\">VIOLENCIA MACHISTA<\/a><\/h3>\t\t<\/div>\r\n\t\t\t\t<\/div>\r\n\t\t\t\t\t<\/div>\r\n\t\t<\/div>\r\n\t\t\t\t<div class=\"elementor-column elementor-col-12 elementor-top-column elementor-element elementor-element-9152132\" data-id=\"9152132\" data-element_type=\"column\">\r\n\t\t\t<div class=\"elementor-widget-wrap elementor-element-populated\">\r\n\t\t\t\t\t\t<div class=\"elementor-element elementor-element-b0cb301 elementor-widget elementor-widget-mfn_hover_box\" data-id=\"b0cb301\" data-element_type=\"widget\" data-widget_type=\"mfn_hover_box.default\">\r\n\t\t\t\t<div class=\"elementor-widget-container\">\r\n\t\t\t<div class=\"hover_box\"><a href=\"\/es\/areas-de-intervencion\/situacion-laboral\/\"  title=\"\"><div class=\"hover_box_wrapper\"><img decoding=\"async\" class=\"scale-with-grid visible_photo\" src=\"https:\/\/observatori-igualtat.es\/wp-content\/uploads\/2021\/12\/icona-2.png\" alt=\"icona-2\" width=\"183\" height=\"166\"\/><img loading=\"lazy\" decoding=\"async\" class=\"scale-with-grid hidden_photo\" src=\"https:\/\/observatori-igualtat.es\/wp-content\/uploads\/2021\/12\/icona-2A.png\" alt=\"icona-2A\" width=\"183\" height=\"166\"\/><\/div><\/a><\/div>\n\t\t<\/div>\r\n\t\t\t\t<\/div>\r\n\t\t\t\t<div class=\"elementor-element elementor-element-4071e0c elementor-widget elementor-widget-heading\" data-id=\"4071e0c\" data-element_type=\"widget\" data-widget_type=\"heading.default\">\r\n\t\t\t\t<div class=\"elementor-widget-container\">\r\n\t\t\t<h3 class=\"elementor-heading-title elementor-size-default\"><a href=\"https:\/\/observatori-igualtat.es\/es\/areas-de-intervencion\/situacion-laboral\/\">SITUACI\u00d3N LABORAL<\/a><\/h3>\t\t<\/div>\r\n\t\t\t\t<\/div>\r\n\t\t\t\t\t<\/div>\r\n\t\t<\/div>\r\n\t\t\t\t<div class=\"elementor-column elementor-col-12 elementor-top-column elementor-element elementor-element-0d3329f\" data-id=\"0d3329f\" data-element_type=\"column\">\r\n\t\t\t<div class=\"elementor-widget-wrap elementor-element-populated\">\r\n\t\t\t\t\t\t<div class=\"elementor-element elementor-element-7b3c7e6 elementor-widget elementor-widget-mfn_hover_box\" data-id=\"7b3c7e6\" data-element_type=\"widget\" data-widget_type=\"mfn_hover_box.default\">\r\n\t\t\t\t<div class=\"elementor-widget-container\">\r\n\t\t\t<div class=\"hover_box\"><a href=\"\/es\/areas-de-intervencion\/imagen-publica-de-las-mujeres\/\"  title=\"\"><div class=\"hover_box_wrapper\"><img loading=\"lazy\" decoding=\"async\" class=\"scale-with-grid visible_photo\" src=\"https:\/\/observatori-igualtat.es\/wp-content\/uploads\/2021\/12\/icona-3.png\" alt=\"icona-3\" width=\"183\" height=\"166\"\/><img loading=\"lazy\" decoding=\"async\" class=\"scale-with-grid hidden_photo\" src=\"https:\/\/observatori-igualtat.es\/wp-content\/uploads\/2021\/12\/icona-3A.png\" alt=\"icona-3A\" width=\"183\" height=\"166\"\/><\/div><\/a><\/div>\n\t\t<\/div>\r\n\t\t\t\t<\/div>\r\n\t\t\t\t<div class=\"elementor-element elementor-element-4d25507 elementor-widget elementor-widget-heading\" data-id=\"4d25507\" data-element_type=\"widget\" data-widget_type=\"heading.default\">\r\n\t\t\t\t<div class=\"elementor-widget-container\">\r\n\t\t\t<h3 class=\"elementor-heading-title elementor-size-default\"><a href=\"https:\/\/observatori-igualtat.es\/es\/areas-de-intervencion\/imagen-publica-de-las-mujeres\/\">IMAGEN P\u00daBLICA DE LAS MUJERES<\/a><\/h3>\t\t<\/div>\r\n\t\t\t\t<\/div>\r\n\t\t\t\t\t<\/div>\r\n\t\t<\/div>\r\n\t\t\t\t<div class=\"elementor-column elementor-col-12 elementor-top-column elementor-element elementor-element-9bf3735\" data-id=\"9bf3735\" data-element_type=\"column\">\r\n\t\t\t<div class=\"elementor-widget-wrap elementor-element-populated\">\r\n\t\t\t\t\t\t<div class=\"elementor-element elementor-element-8b7284b elementor-widget elementor-widget-mfn_hover_box\" data-id=\"8b7284b\" data-element_type=\"widget\" data-widget_type=\"mfn_hover_box.default\">\r\n\t\t\t\t<div class=\"elementor-widget-container\">\r\n\t\t\t<div class=\"hover_box\"><a href=\"\/es\/areas-de-intervencion\/participacion-politica\/\"  title=\"\"><div class=\"hover_box_wrapper\"><img loading=\"lazy\" decoding=\"async\" class=\"scale-with-grid visible_photo\" src=\"https:\/\/observatori-igualtat.es\/wp-content\/uploads\/2021\/12\/icona-4.png\" alt=\"icona-4\" width=\"183\" height=\"166\"\/><img loading=\"lazy\" decoding=\"async\" class=\"scale-with-grid hidden_photo\" src=\"https:\/\/observatori-igualtat.es\/wp-content\/uploads\/2021\/12\/icona-4A.png\" alt=\"icona-4A\" width=\"183\" height=\"166\"\/><\/div><\/a><\/div>\n\t\t<\/div>\r\n\t\t\t\t<\/div>\r\n\t\t\t\t<div class=\"elementor-element elementor-element-8f7b053 elementor-widget elementor-widget-heading\" data-id=\"8f7b053\" data-element_type=\"widget\" data-widget_type=\"heading.default\">\r\n\t\t\t\t<div class=\"elementor-widget-container\">\r\n\t\t\t<h3 class=\"elementor-heading-title elementor-size-default\"><a href=\"https:\/\/observatori-igualtat.es\/es\/areas-de-intervencion\/participacion-politica\/\">PARTICIPACI\u00d3N POL\u00cdTICA<\/a><\/h3>\t\t<\/div>\r\n\t\t\t\t<\/div>\r\n\t\t\t\t\t<\/div>\r\n\t\t<\/div>\r\n\t\t\t\t<div class=\"elementor-column elementor-col-12 elementor-top-column elementor-element elementor-element-c165fd8\" data-id=\"c165fd8\" data-element_type=\"column\">\r\n\t\t\t<div class=\"elementor-widget-wrap elementor-element-populated\">\r\n\t\t\t\t\t\t<div class=\"elementor-element elementor-element-5ad0c62 elementor-widget elementor-widget-mfn_hover_box\" data-id=\"5ad0c62\" data-element_type=\"widget\" data-widget_type=\"mfn_hover_box.default\">\r\n\t\t\t\t<div class=\"elementor-widget-container\">\r\n\t\t\t<div class=\"hover_box\"><a href=\"\/es\/areas-de-intervencion\/promocion-social\/\"  title=\"\"><div class=\"hover_box_wrapper\"><img loading=\"lazy\" decoding=\"async\" class=\"scale-with-grid visible_photo\" src=\"https:\/\/observatori-igualtat.es\/wp-content\/uploads\/2021\/12\/icona-5.png\" alt=\"icona-5\" width=\"183\" height=\"166\"\/><img loading=\"lazy\" decoding=\"async\" class=\"scale-with-grid hidden_photo\" src=\"https:\/\/observatori-igualtat.es\/wp-content\/uploads\/2021\/12\/icona-5A.png\" alt=\"icona-5A\" width=\"183\" height=\"166\"\/><\/div><\/a><\/div>\n\t\t<\/div>\r\n\t\t\t\t<\/div>\r\n\t\t\t\t<div class=\"elementor-element elementor-element-e28e52f elementor-widget elementor-widget-heading\" data-id=\"e28e52f\" data-element_type=\"widget\" data-widget_type=\"heading.default\">\r\n\t\t\t\t<div class=\"elementor-widget-container\">\r\n\t\t\t<h3 class=\"elementor-heading-title elementor-size-default\"><a href=\"https:\/\/observatori-igualtat.es\/es\/areas-de-intervencion\/promocion-social\/\">PROMOCI\u00d3N SOCIAL<\/a><\/h3>\t\t<\/div>\r\n\t\t\t\t<\/div>\r\n\t\t\t\t\t<\/div>\r\n\t\t<\/div>\r\n\t\t\t\t<div class=\"elementor-column elementor-col-12 elementor-top-column elementor-element elementor-element-eb834ca\" data-id=\"eb834ca\" data-element_type=\"column\">\r\n\t\t\t<div class=\"elementor-widget-wrap elementor-element-populated\">\r\n\t\t\t\t\t\t<div class=\"elementor-element elementor-element-f8efa9e elementor-widget elementor-widget-mfn_hover_box\" data-id=\"f8efa9e\" data-element_type=\"widget\" data-widget_type=\"mfn_hover_box.default\">\r\n\t\t\t\t<div class=\"elementor-widget-container\">\r\n\t\t\t<div class=\"hover_box\"><a href=\"\/es\/areas-de-intervencion\/educacion\/\"  title=\"\"><div class=\"hover_box_wrapper\"><img loading=\"lazy\" decoding=\"async\" class=\"scale-with-grid visible_photo\" src=\"https:\/\/observatori-igualtat.es\/wp-content\/uploads\/2021\/12\/icona-6.png\" alt=\"icona-6\" width=\"164\" height=\"166\"\/><img loading=\"lazy\" decoding=\"async\" class=\"scale-with-grid hidden_photo\" src=\"https:\/\/observatori-igualtat.es\/wp-content\/uploads\/2021\/12\/icona-6A.png\" alt=\"icona-6A\" width=\"164\" height=\"166\"\/><\/div><\/a><\/div>\n\t\t<\/div>\r\n\t\t\t\t<\/div>\r\n\t\t\t\t<div class=\"elementor-element elementor-element-ddcc9d9 elementor-widget elementor-widget-heading\" data-id=\"ddcc9d9\" data-element_type=\"widget\" data-widget_type=\"heading.default\">\r\n\t\t\t\t<div class=\"elementor-widget-container\">\r\n\t\t\t<h3 class=\"elementor-heading-title elementor-size-default\"><a href=\"https:\/\/observatori-igualtat.es\/es\/areas-de-intervencion\/educacion\/\">EDUCACI\u00d3N<\/a><\/h3>\t\t<\/div>\r\n\t\t\t\t<\/div>\r\n\t\t\t\t\t<\/div>\r\n\t\t<\/div>\r\n\t\t\t\t<div class=\"elementor-column elementor-col-12 elementor-top-column elementor-element elementor-element-b1f7412\" data-id=\"b1f7412\" data-element_type=\"column\">\r\n\t\t\t<div class=\"elementor-widget-wrap elementor-element-populated\">\r\n\t\t\t\t\t\t<div class=\"elementor-element elementor-element-c059f55 elementor-widget elementor-widget-mfn_hover_box\" data-id=\"c059f55\" data-element_type=\"widget\" data-widget_type=\"mfn_hover_box.default\">\r\n\t\t\t\t<div class=\"elementor-widget-container\">\r\n\t\t\t<div class=\"hover_box\"><a href=\"\/es\/areas-de-intervencion\/salud\/\"  title=\"\"><div class=\"hover_box_wrapper\"><img loading=\"lazy\" decoding=\"async\" class=\"scale-with-grid visible_photo\" src=\"https:\/\/observatori-igualtat.es\/wp-content\/uploads\/2021\/12\/icona-7.png\" alt=\"icona-7\" width=\"164\" height=\"166\"\/><img loading=\"lazy\" decoding=\"async\" class=\"scale-with-grid hidden_photo\" src=\"https:\/\/observatori-igualtat.es\/wp-content\/uploads\/2021\/12\/icona-7A.png\" alt=\"icona-7A\" width=\"164\" height=\"166\"\/><\/div><\/a><\/div>\n\t\t<\/div>\r\n\t\t\t\t<\/div>\r\n\t\t\t\t<div class=\"elementor-element elementor-element-be90af9 elementor-widget elementor-widget-heading\" data-id=\"be90af9\" data-element_type=\"widget\" data-widget_type=\"heading.default\">\r\n\t\t\t\t<div class=\"elementor-widget-container\">\r\n\t\t\t<h3 class=\"elementor-heading-title elementor-size-default\"><a href=\"https:\/\/observatori-igualtat.es\/es\/areas-de-intervencion\/salud\/\">SALUD<\/a><\/h3>\t\t<\/div>\r\n\t\t\t\t<\/div>\r\n\t\t\t\t\t<\/div>\r\n\t\t<\/div>\r\n\t\t\t\t<div class=\"elementor-column elementor-col-12 elementor-top-column elementor-element elementor-element-9ed96fc\" data-id=\"9ed96fc\" data-element_type=\"column\">\r\n\t\t\t<div class=\"elementor-widget-wrap elementor-element-populated\">\r\n\t\t\t\t\t\t<div class=\"elementor-element elementor-element-f06903a elementor-widget elementor-widget-mfn_hover_box\" data-id=\"f06903a\" data-element_type=\"widget\" data-widget_type=\"mfn_hover_box.default\">\r\n\t\t\t\t<div class=\"elementor-widget-container\">\r\n\t\t\t<div class=\"hover_box\"><a href=\"\/es\/areas-de-intervencion\/normativa\/\"  title=\"\"><div class=\"hover_box_wrapper\"><img loading=\"lazy\" decoding=\"async\" class=\"scale-with-grid visible_photo\" src=\"https:\/\/observatori-igualtat.es\/wp-content\/uploads\/2021\/12\/icona-8A.png\" alt=\"icona-8A\" width=\"164\" height=\"166\"\/><img loading=\"lazy\" decoding=\"async\" class=\"scale-with-grid hidden_photo\" src=\"https:\/\/observatori-igualtat.es\/wp-content\/uploads\/2021\/12\/icona-8.png\" alt=\"icona-8\" width=\"164\" height=\"166\"\/><\/div><\/a><\/div>\n\t\t<\/div>\r\n\t\t\t\t<\/div>\r\n\t\t\t\t<div class=\"elementor-element elementor-element-8437e3d elementor-widget elementor-widget-heading\" data-id=\"8437e3d\" data-element_type=\"widget\" data-widget_type=\"heading.default\">\r\n\t\t\t\t<div class=\"elementor-widget-container\">\r\n\t\t\t<h3 class=\"elementor-heading-title elementor-size-default\"><a href=\"https:\/\/observatori-igualtat.es\/es\/areas-de-intervencion\/normativa\/\">NORMATIVA<\/a><\/h3>\t\t<\/div>\r\n\t\t\t\t<\/div>\r\n\t\t\t\t\t<\/div>\r\n\t\t<\/div>\r\n\t\t\t\t\t<\/div>\r\n\t\t<\/section>\r\n\t\t\t\t<section class=\"elementor-section elementor-top-section elementor-element elementor-element-b328f18 elementor-section-boxed elementor-section-height-default elementor-section-height-default\" data-id=\"b328f18\" data-element_type=\"section\">\r\n\t\t\t\t\t\t<div class=\"elementor-container elementor-column-gap-default\">\r\n\t\t\t\t\t<div class=\"elementor-column elementor-col-100 elementor-top-column elementor-element elementor-element-25b9051\" data-id=\"25b9051\" data-element_type=\"column\">\r\n\t\t\t<div class=\"elementor-widget-wrap elementor-element-populated\">\r\n\t\t\t\t\t\t<div class=\"elementor-element elementor-element-fab0fdc elementor-widget elementor-widget-heading\" data-id=\"fab0fdc\" data-element_type=\"widget\" data-widget_type=\"heading.default\">\r\n\t\t\t\t<div class=\"elementor-widget-container\">\r\n\t\t\t<h2 class=\"elementor-heading-title elementor-size-default\">Legislaci\u00f3n sobre violencias machistas e igualdad efectiva entre mujeres y hombres<\/h2>\t\t<\/div>\r\n\t\t\t\t<\/div>\r\n\t\t\t\t<div class=\"elementor-element elementor-element-c511249 elementor-widget elementor-widget-text-editor\" data-id=\"c511249\" data-element_type=\"widget\" data-widget_type=\"text-editor.default\">\r\n\t\t\t\t<div class=\"elementor-widget-container\">\r\n\t\t\t\t\t\t\t<p><b>\u00a0<\/b><\/p><p style=\"margin-bottom: 0cm; line-height: 100%;\"><b>LEGISLACI\u00d3N AUTON\u00d3MICA:<br \/><\/b><\/p><p style=\"margin-bottom: 0cm; line-height: 100%;\"><b>\u00a0<\/b><\/p><p style=\"margin-bottom: 0cm; line-height: 100%;\"><b>\u00a0<\/b><\/p><ul><li><a href=\"https:\/\/www.boe.es\/buscar\/pdf\/2016\/BOE-A-2016-7994-consolidado.pdf\" target=\"_blank\" rel=\"noopener\">Ley 11\/2016, de 28 de julio, de igualdad de mujeres y hombres.<\/a><\/li><li><a href=\"https:\/\/www.boe.es\/buscar\/act.php?id=BOE-A-2016-6310\">Ley 8\/2016, de 30 de mayo, para garantizar los derechos de lesbianas, gays, trans, bisexuales e intersexuales y para <span class=\"hiddenSpellError\">erradicar<\/span> la LGTBI <span class=\"hiddenGrammarError\">fobia.<\/span><\/a><\/li><li><a href=\"https:\/\/www.caib.es\/eboibfront\/pdf\/es\/2025\/88\/1195362\">Ley 3\/2025, de 4 de julio, de medidas dirigidas a la conciliaci\u00f3n de la vida personal, familiar y laboral en las Illes Balears.<\/a><\/li><\/ul><div>\u00a0<\/div><p><strong>LEGISLACI\u00d3N NACIONAL:<\/strong><\/p><ul><li><a href=\"https:\/\/www.boe.es\/buscar\/act.php?id=BOE-A-2004-21760\">Ley Org\u00e1nica 1\/2004, de 28 de diciembre, de medidas de protecci\u00f3n integral contra la violencia de g\u00e9nero.<\/a><\/li><li><a href=\"https:\/\/www.boe.es\/buscar\/act.php?id=BOE-A-2007-6115\">Ley Org\u00e1nica 3\/2007, de 22 de marzo, para la igualdad efectiva de mujeres y hombres.<\/a><\/li><li><a href=\"https:\/\/www.boe.es\/eli\/es\/l\/2022\/07\/12\/15\/con\">Ley 15\/2022, de 13 de julio, integral para la igualdad de trato y no discriminaci\u00f3n.<\/a><\/li><li><a href=\"https:\/\/www.boe.es\/buscar\/act.php?id=BOE-A-2022-14630\">Ley Org\u00e1nica 10\/2022, de 6 de septiembre, de garant\u00eda integral de la libertad sexual.<\/a><\/li><li><a href=\"https:\/\/www.boe.es\/eli\/es\/l\/2023\/02\/28\/4\/con\">Ley 4\/2023, de 28 de febrero, para la igualdad real y efectiva de las personas trans y para la garant\u00eda de los derechos de las personas LGTBI.<\/a><\/li><\/ul><div>\u00a0<\/div><div><b>LEGISLACI\u00d3N INTERNACIONAL:<\/b><\/div><div>\u00a0<\/div><ul><li><a href=\"https:\/\/www.boe.es\/diario_boe\/txt.php?id=BOE-A-2014-5947\">Convenio de Estambul, sobre prevenci\u00f3n y lucha contra la violencia contra la mujer y la violencia dom\u00e9stica.<\/a><\/li><li><a href=\"https:\/\/www.boe.es\/buscar\/doc.php?id=BOE-A-1984-6749\">Convenci\u00f3n sobre la eliminaci\u00f3n de todas las formas de discriminaci\u00f3n contra la mujer (CEDAW).<\/a><\/li><li><a href=\"https:\/\/www.echr.coe.int\/documents\/d\/echr\/convention_spa\">Convenio europeo para la protecci\u00f3n de los derechos humanos.<\/a><\/li><\/ul><div><b>\u00a0<\/b><\/div>\t\t\t\t\t\t<\/div>\r\n\t\t\t\t<\/div>\r\n\t\t\t\t<div class=\"elementor-element elementor-element-513c305 elementor-widget elementor-widget-text-editor\" data-id=\"513c305\" data-element_type=\"widget\" data-widget_type=\"text-editor.default\">\r\n\t\t\t\t<div class=\"elementor-widget-container\">\r\n\t\t\t\t\t\t\t<h2 style=\"margin-bottom: 0cm; line-height: 100%;\"><b>\u00a0<\/b>Legislaci\u00f3n sobre prostituci\u00f3n, explotaci\u00f3n sexual y tr\u00e1fico<\/h2><p style=\"margin-bottom: 0cm; line-height: 100%;\"><b>\u00a0<\/b><\/p><p style=\"margin-bottom: 0cm; line-height: 100%;\"><b>\u00a0<\/b><\/p><p style=\"margin-bottom: 0cm; line-height: 100%;\"><b>\u00a0<\/b><\/p><p style=\"margin-bottom: 0cm; line-height: 100%;\"><b>LEGISLACI\u00d3N AUTON\u00d3MICA:<\/b><\/p><p style=\"margin-bottom: 0cm; line-height: 100%;\"><b>\u00a0<\/b><\/p><p style=\"margin-bottom: 0cm; line-height: 100%;\"><b>\u00a0<\/b><\/p><ul><li><a href=\"https:\/\/www.boe.es\/buscar\/pdf\/2016\/BOE-A-2016-7994-consolidado.pdf\">Art. 65.4.<span class=\"hiddenSpellError\">d<\/span>) de la Ley 11\/2016, de 28 de julio, de igualdad de mujeres y <span class=\"hiddenGrammarError\">hombres.<\/span><\/a><\/li><li><a href=\"https:\/\/www.google.com\/url?sa=t&amp;source=web&amp;rct=j&amp;opi=89978449&amp;url=https:\/\/www.caib.es\/pidip2front\/files\/annexes\/2019\/4\/30\/2347360.pdf&amp;ved=2ahUKEwjWztWYvuOLAxXhRKQEHRDQMGIQFnoECBsQAQ&amp;usg=AOvVaw39psOuOTzT04P7JCjjne_Y\">Plan Auton\u00f3mico sobre la Prostituci\u00f3n y la Lucha contra el Tr\u00e1fico de Mujeres y Ni\u00f1as con fines de Explotaci\u00f3n Sexual en las Islas Baleares 2019-<span class=\"hiddenGrammarError\">2020.<\/span><\/a><\/li><li><a href=\"https:\/\/observatori-igualtat.es\/wp-content\/uploads\/2026\/03\/IBD_Tracta_ESP_af.pdf\">II Plan Auton\u00f3mico para la lucha contra la trata de mujeres y ni\u00f1as con fines de explotaci\u00f3n sexual y el abordaje de la prostituci\u00f3n en las Islas Baleares (2026-2028).<\/a><\/li><\/ul><p><strong>\u00a0<\/strong><\/p><p><strong>LEGISLACI\u00d3N NACIONAL:<\/strong><\/p><ul><li><a href=\"https:\/\/www.boe.es\/buscar\/act.php?id=BOE-A-1995-25444\"><span class=\"hiddenGrammarError\">Art. 187 y 188 del C\u00f3digo penal (cap\u00edtulo V. De los delitos relativos a la prostituci\u00f3n y a la explotaci\u00f3n sexual y corrupci\u00f3n de menores).<\/span><\/a><\/li><li><a href=\"https:\/\/www.defensordelpueblo.es\/wp-content\/uploads\/2015\/05\/2012-09-Trata-de-seres-humanos-en-Espa\u00f1a-v\u00edctimas-invisibles-ESP.PDF\"><span class=\"hiddenGrammarError\">Informe del defensor del pueblo. El tr\u00e1fico de seres humanos en Espa\u00f1a: v\u00edctimas invisibles.<\/span><\/a><\/li><li><a href=\"https:\/\/www.boe.es\/buscar\/act.php?id=BOE-A-2000-544\">Art. 59 bis. V\u00edctimas del tr\u00e1fico de seres humanos en la Ley de extranjer\u00eda.<\/a><\/li><li><a href=\"https:\/\/www.boe.es\/buscar\/act.php?id=BOE-A-2011-7703\">Real Decreto 557\/2011, de 20 de abril, por el cual se aprueba el Reglamento de la Ley Org\u00e1nica 4\/2000, de 11 de enero, sobre derechos y libertades de los extranjeros en Espa\u00f1a y su integraci\u00f3n social, despu\u00e9s de la reforma mediante la Ley Org\u00e1nica 2\/<span class=\"hiddenGrammarError\">2009.<\/span><\/a><\/li><li><a href=\"https:\/\/www.policia.es\/miscelanea\/trata\/protocolo_marco_trata.pdf\">Protocolo marco de protecci\u00f3n de las v\u00edctimas de tr\u00e1fico de seres humanos.<\/a><\/li><\/ul><div>\u00a0<\/div><div><b>LEGISLACI\u00d3N INTERNACIONAL:<\/b><\/div><div>\u00a0<\/div><ul><li><a href=\"https:\/\/www.boe.es\/buscar\/doc.php?id=BOE-A-1984-6749\">Art. 6 de la Convenci\u00f3n sobre la eliminaci\u00f3n de todas las formas de discriminaci\u00f3n contra la mujer (<span class=\"hiddenSpellError\">CEDAW<\/span>).<\/a><\/li><li><a href=\"https:\/\/www.ohchr.org\/es\/instruments-mechanisms\/instruments\/convention-suppression-traffic-persons-and-exploitation\">Convenio para la represi\u00f3n del tr\u00e1fico de personas y de la explotaci\u00f3n de la prostituci\u00f3n ajena.<\/a><\/li><li><a href=\"https:\/\/www.boe.es\/diario_boe\/txt.php?id=BOE-A-2003-22719\">Protocolo de Palermo, para prevenir, reprimir y sancionar el tr\u00e1fico de personas, especialmente mujeres y ni\u00f1os.<\/a><\/li><li><a href=\"https:\/\/www.boe.es\/doue\/2011\/101\/L00001-00011.pdf\">Directiva 2011\/36\/UE, relativa a la prevenci\u00f3n y lucha contra el tr\u00e1fico de seres humanos y a la protecci\u00f3n de las<br \/><span class=\"hiddenGrammarError\">v\u00edctimas.<\/span><\/a><\/li><li><a href=\"https:\/\/www.boe.es\/buscar\/doc.php?id=BOE-A-2009-14405\">Instrumento de Ratificaci\u00f3n del Convenio del Consejo de Europa sobre la lucha contra el tr\u00e1fico de seres humanos (Convenio n.\u00ba 197 del Consejo de Europa), hecho en Varsovia el 16 de mayo de 2005.<\/a><\/li><\/ul><div>\u00a0<\/div><div>\u00a0<\/div><h2>Legislaci\u00f3n sobre derecho laboral<\/h2><p><strong>\u00a0<\/strong><\/p><p><strong>LEGISLACI\u00d3N NACIONAL:<\/strong><\/p><ul><li><a href=\"https:\/\/www.boe.es\/buscar\/act.php?id=BOE-A-2019-3244\">Real decreto ley 6\/2019, de 1 de marzo, de medidas urgentes para la garant\u00eda de la igualdad de trato y de oportunidades entre mujeres y hombres en el trabajo y la <span class=\"hiddenGrammarError\">ocupaci\u00f3n.<\/span><\/a><\/li><li><a href=\"https:\/\/www.boe.es\/diario_boe\/txt.php?id=BOE-A-2020-12215\">Real Decreto 902\/2020, de 13 de octubre, de igualdad retributiva entre mujeres y hombres.<\/a><\/li><li><a href=\"https:\/\/www.boe.es\/buscar\/act.php?id=BOE-A-2024-20402\">Real Decreto 1026\/2024, de 8 de octubre, por el que se desarrolla el conjunto planificado de las medidas para la igualdad y no discriminaci\u00f3n de las personas LGTBI en las empresas.<\/a><\/li><\/ul><p><b>\u00a0<\/b><\/p><p><b>LEGISLACI\u00d3N INTERNACIONAL:<\/b><\/p><p><b>Convenios ratificados por Espa\u00f1a.<\/b><\/p><ul><li><a href=\"https:\/\/www.google.com\/url?sa=t&amp;rct=j&amp;q=&amp;esrc=s&amp;source=web&amp;cd=&amp;cad=rja&amp;uact=8&amp;ved=2ahUKEwj7zaLW4-D2AhVL3aQKHcXaD5AQFnoECAYQAQ&amp;url=https%3A%2F%2Fwww.boe.es%2Fbuscar%2Fpdf%2F1968%2FBOE-A-1968-1409-consolidado.pdf&amp;usg=AOvVaw3HcIwWq8Q5CoGcH9DH6in2\">Convenio n\u00famero 100 del <span class=\"hiddenSpellError\">OIT<\/span>, relativo a la igualdad de remuneraci\u00f3n de la mano de obra masculina y la mano de obra femenina por un trabajo de igual <span class=\"hiddenGrammarError\">valor.<\/span><\/a><\/li><li><a href=\"https:\/\/www.google.com\/url?sa=t&amp;rct=j&amp;q=&amp;esrc=s&amp;source=web&amp;cd=&amp;cad=rja&amp;uact=8&amp;ved=2ahUKEwiAgMq55OD2AhUF16QKHa51DocQFnoECAUQAQ&amp;url=https%3A%2F%2Fboe.es%2Fbuscar%2Fpdf%2F1968%2FBOE-A-1968-1411-consolidado.pdf&amp;usg=AOvVaw3dGDMNktf0YRIFtIB3yNRW\">Convenio n\u00famero 111 de la <span class=\"hiddenSpellError\">OIT<\/span>, relativo a la discriminaci\u00f3n en materia de trabajo y ocupaci\u00f3n.<\/a><\/li><li><a href=\"https:\/\/www.boe.es\/diario_boe\/txt.php?id=BOE-A-2023-8304\">Convenio n\u00famero 189, sobre el trabajo decente para las trabajadoras y los trabajadores dom\u00e9sticos, hecho en Ginebra el 16 de junio de 2011.<\/a><\/li><\/ul><p><b>Convenios no ratificados por Espa\u00f1a.<\/b><\/p><ul><li><a href=\"https:\/\/www.google.com\/url?sa=t&amp;rct=j&amp;q=&amp;esrc=s&amp;source=web&amp;cd=&amp;cad=rja&amp;uact=8&amp;ved=2ahUKEwjYvay35eD2AhVRzaQKHcqRBpQQFnoECAYQAQ&amp;url=https%3A%2F%2Fwww.ilo.org%2Fdyn%2Fnormlex%2Fes%2Ff%3Fp%3DNORMLEXPUB%3A12100%3A0%3A%3ANO%3A%3AP12100_ILO_CODE%3AC183&amp;usg=AOvVaw3QxBjYKw_9cb6wDOqZZ171\">2000: Convenio n\u00famero 183, sobre la protecci\u00f3n de la maternidad.<\/a><\/li><\/ul><div>\u00a0<\/div><h2>Memorias IBDona<\/h2><ul><li data-pm-slice=\"1 1 []\"><a href=\"https:\/\/observatori-igualtat.es\/wp-content\/uploads\/2025\/03\/memoria_IBD__2005.pdf\">Memoria del Institut Balear de la Dona 2005<\/a><\/li><li data-pm-slice=\"1 1 []\"><a href=\"https:\/\/observatori-igualtat.es\/wp-content\/uploads\/2025\/03\/Memoria-IBD_2006.pdf\">Memoria del Institut Balear de la Dona 2006<\/a><\/li><li data-pm-slice=\"1 1 []\"><a href=\"https:\/\/observatori-igualtat.es\/wp-content\/uploads\/2025\/03\/MEMORIA-IBD_2007.pdf\">Memoria del Institut Balear de la Dona 2007<\/a><\/li><li data-pm-slice=\"1 1 []\"><a href=\"https:\/\/observatori-igualtat.es\/wp-content\/uploads\/2025\/03\/MEMORIA_IBDona_08.pdf\">Memoria del Institut Balear de la Dona 2008<\/a><\/li><li data-pm-slice=\"1 1 []\"><a href=\"https:\/\/observatori-igualtat.es\/wp-content\/uploads\/2025\/03\/IBD_MEMORIA_09.pdf\">Memoria del Institut Balear de la Dona 2009<\/a><\/li><li data-pm-slice=\"1 1 []\"><a href=\"https:\/\/observatori-igualtat.es\/wp-content\/uploads\/2025\/03\/Memoria-IBD_2010.pdf\">Memoria del Institut Balear de la Dona 2010<\/a><\/li><li><a href=\"https:\/\/observatori-igualtat.es\/wp-content\/uploads\/2025\/03\/MEMORIA-ANUAL-2011.pdf\">Memoria del Institut Balear de la Dona 2011<\/a><\/li><li><a href=\"https:\/\/observatori-igualtat.es\/wp-content\/uploads\/2025\/02\/MEMORIA-2012.pdf\">Memoria del Institut Balear de la Dona 2012<\/a><\/li><li><a href=\"https:\/\/observatori-igualtat.es\/wp-content\/uploads\/2025\/02\/IBDONA-MEMORIA-2013.pdf\">Memoria del Institut Balear de la Dona 2013<\/a><\/li><li><a href=\"https:\/\/observatori-igualtat.es\/wp-content\/uploads\/2025\/03\/ibdona_memoria_2014-1.pdf\">Memoria del Institut Balear de la Dona 2014<\/a><\/li><li><a href=\"https:\/\/observatori-igualtat.es\/wp-content\/uploads\/2025\/03\/memoria-ibdona2015-1.pdf\">Memoria del Institut Balear de la Dona 2015<\/a><\/li><li><a href=\"https:\/\/observatori-igualtat.es\/wp-content\/uploads\/2025\/03\/IBdona_memoria_2016.pdf\">Memoria del Institut Balear de la Dona 2016<\/a><\/li><li><a href=\"https:\/\/observatori-igualtat.es\/wp-content\/uploads\/2025\/02\/Memoria-Ibdona-2017.pdf\">Memoria del Institut Balear de la Dona 2017<\/a><\/li><li><a href=\"https:\/\/observatori-igualtat.es\/wp-content\/uploads\/2025\/02\/MEMORIA-INSTITUT-BALEAR-DONA-2018-INTERACTIVO1.pdf\">Memoria del Institut Balear de la Dona 2018<\/a><\/li><li><a href=\"https:\/\/observatori-igualtat.es\/wp-content\/uploads\/2025\/02\/IBD_Memoria2019.pdf\">Memoria del Institut Balear de la Dona 2019<\/a><\/li><li><a href=\"https:\/\/observatori-igualtat.es\/wp-content\/uploads\/2025\/02\/MEMORIA-INSTITUT-BALEAR-DONA-2020.pdf\">Memoria del Institut Balear de la Dona 2020<\/a><\/li><li><a href=\"https:\/\/observatori-igualtat.es\/wp-content\/uploads\/2024\/12\/IBD_Memoria2021.pdf\">Memoria del Institut Balear de la Dona 2021<\/a><\/li><li><a href=\"https:\/\/observatori-igualtat.es\/wp-content\/uploads\/2024\/12\/01.-MEMORIA-IBDONA-PER-CONSELL-RECTOR_MM_REV_jun23-1.pdf\">Memoria del Institut Balear de la Dona 2022<\/a><\/li><li><a href=\"https:\/\/observatori-igualtat.es\/wp-content\/uploads\/2024\/12\/00.-MEMORIA-IBDONA-2023-DEF.pdf\">Memoria del Institut Balear de la Dona 2023<\/a><\/li><li><a href=\"https:\/\/observatori-igualtat.es\/wp-content\/uploads\/2025\/04\/MEMORIA-IBDONA-2024.pdf\">Memoria del Institut Balear de la Dona 2024<\/a><\/li><li><a href=\"https:\/\/observatori-igualtat.es\/wp-content\/uploads\/2025\/08\/Memoria-resum-IBDONA-2024.pdf\">Memoria resumen del Instituto Balear de la Mujer 2024<\/a><\/li><\/ul><h2>Otros documentos de inter\u00e9s<\/h2><div>\u00a0<\/div><ul><li><a href=\"https:\/\/eur-lex.europa.eu\/legal-content\/ES\/TXT\/PDF\/?uri=CELEX:52020DC0152&amp;from=ES\">Estrategia UE para la igualdad de g\u00e9nero 2020-2025.<\/a><\/li><li><a href=\"https:\/\/www.boe.es\/diario_boe\/txt.php?id=BOE-A-2021-9347\">Ley Org\u00e1nica 8\/2021, de 4 de junio, de protecci\u00f3n integral a la infancia y la adolescencia ante la violencia.<\/a><\/li><li><a href=\"https:\/\/www.google.com\/url?sa=t&amp;rct=j&amp;q=&amp;esrc=s&amp;source=web&amp;cd=&amp;cad=rja&amp;uact=8&amp;ved=2ahUKEwjpt5TO5uD2AhWG_KQKHTD0CWoQFnoECAcQAQ&amp;url=https%3A%2F%2Fwww.boe.es%2Fbuscar%2Fdoc.php%3Fid%3DBOE-A-2020-12214&amp;usg=AOvVaw1AfyDflr47pO_p9J-bPbwc\">Real Decreto 901\/2020, de 13 de octubre, por el cual se regulan los planes de igualdad y su registro y se modifica el Real Decreto 713\/2010, de 28 de mayo, sobre registro y dep\u00f3sito de convenios y acuerdos colectivos de <span class=\"hiddenGrammarError\">trabajo.<\/span><\/a><\/li><li><a href=\"https:\/\/www.boe.es\/diario_boe\/txt.php?id=BOE-A-2018-16905\">Real Decreto 1401\/2018, de 23 de noviembre, por el cual se crea el Observatorio \u00abMujeres, Ciencia e Innovaci\u00f3n\u00bb, para la igualdad de g\u00e9nero en el Sistema Espa\u00f1ol de Ciencia, Tecnolog\u00eda e <span class=\"hiddenGrammarError\">Innovaci\u00f3n.<\/span><\/a><\/li><li><a href=\"https:\/\/www.boe.es\/buscar\/doc.php?id=BOE-A-2021-2\">Resoluci\u00f3n de 29 de diciembre de 2020, de la Secretar\u00eda General de Funci\u00f3n P\u00fablica, por la cual se publica el Acuerdo de Consejo de Ministros de 9 de diciembre de 2020, por el cual se aprueba el III Plan para la igualdad de g\u00e9nero en la Administraci\u00f3n General del <span class=\"hiddenGrammarError\">Estado.<\/span><\/a><\/li><li><a href=\"https:\/\/www.boe.es\/buscar\/act.php?id=BOE-A-2000-9098\">Ley 5\/2000, de 20 de abril, del Instituto Balear de la Mujer.<\/a><\/li><li><a href=\"https:\/\/intranet.caib.es\/eboibfront\/eli\/es-ib\/d\/2018\/02\/02\/2\/dof\/spa\/pdf\">Decreto 1\/2018, de 2 de febrero, por el cual se regulan las funciones, la composici\u00f3n, el funcionamiento y las \u00e1reas de intervenci\u00f3n del Observatorio para la <span class=\"hiddenGrammarError\">Igualdad.<\/span><\/a><\/li><li><a href=\"https:\/\/intranet.caib.es\/eboibfront\/eli\/es-ib\/d\/2018\/06\/29\/19\/dof\/spa\/pdf\">Decreto 19\/2018, de 29 de junio, por el cual se regulan las funciones, la composici\u00f3n, la organizaci\u00f3n y el r\u00e9gimen de funcionamiento de la Comisi\u00f3n para la Igualdad de G\u00e9nero, y la elaboraci\u00f3n del informe bienal relativo a la efectividad del principio de igualdad entre mujeres y <span class=\"hiddenGrammarError\">hombres.<\/span><\/a><\/li><li><a href=\"http:\/\/www.caib.es\/eboibfront\/pdf\/VisPdf?action=VisHistoric&amp;p_any=2008&amp;p_numero=056&amp;p_finpag=24&amp;p_inipag=22&amp;idDocument=556703&amp;lang=ca\">Decreto 49\/2008, de 18 de abril, de creaci\u00f3n del Consejo de Participaci\u00f3n de la Mujer de las Islas <span class=\"hiddenGrammarError\">Baleares.<\/span><\/a><\/li><li><a href=\"https:\/\/www.inmujeres.gob.es\/publicacioneselectronicas\/documentacion\/Documentos\/DE1824.pdf\">III Plan Estrat\u00e9gico para la Igualdad Efectiva de Mujeres y Hombres 2022-2025. <span class=\"hiddenSpellError\">Instituto<\/span> de <span class=\"hiddenGrammarError\">las<\/span> <span class=\"hiddenSpellError\">Mujeres<\/span>. <span class=\"hiddenSpellError\">Ministerio<\/span> de <span class=\"hiddenSpellError\">Igualdad.<\/span><\/a><\/li><li><a href=\"https:\/\/observatori-igualtat.es\/wp-content\/uploads\/2024\/09\/01.V-PLA-ESTRATEGIC-2021-2023.pdf\">V Plan Estrat\u00e9gico de Igualdad entre Mujeres y Hombres de las Islas Baleares (2019-2022).<\/a><\/li><\/ul>\t\t\t\t\t\t<\/div>\r\n\t\t\t\t<\/div>\r\n\t\t\t\t\t<\/div>\r\n\t\t<\/div>\r\n\t\t\t\t\t<\/div>\r\n\t\t<\/section>\r\n\t\t\t\t<\/div>\r\n\t\t","protected":false},"excerpt":{"rendered":"<p>VIOLENCIA MACHISTA SITUACI\u00d3N LABORAL IMAGEN P\u00daBLICA DE LAS MUJERES PARTICIPACI\u00d3N POL\u00cdTICA PROMOCI\u00d3N SOCIAL EDUCACI\u00d3N SALUD NORMATIVA Legislaci\u00f3n sobre violencias machistas e igualdad efectiva entre mujeres y<span class=\"excerpt-hellip\"> [\u2026]<\/span><\/p>\n","protected":false},"author":2,"featured_media":1095,"parent":1308,"menu_order":0,"comment_status":"closed","ping_status":"closed","template":"","meta":{"inline_featured_image":false,"footnotes":""},"class_list":["post-1314","page","type-page","status-publish","has-post-thumbnail","hentry"],"yoast_head":"<!-- This site is optimized with the Yoast SEO plugin v26.9 - https:\/\/yoast.com\/product\/yoast-seo-wordpress\/ -->\n<title>Normativa - Observatori per a la igualtat<\/title>\n<meta name=\"robots\" content=\"index, follow, max-snippet:-1, max-image-preview:large, max-video-preview:-1\" \/>\n<link rel=\"canonical\" href=\"https:\/\/observatori-igualtat.es\/arees-dintervencio\/normativa\/\" \/>\n<meta property=\"og:locale\" content=\"es_ES\" \/>\n<meta property=\"og:type\" content=\"article\" \/>\n<meta property=\"og:title\" content=\"Normativa - Observatori per a la igualtat\" \/>\n<meta property=\"og:description\" content=\"VIOLENCIA MACHISTA SITUACI\u00d3N LABORAL IMAGEN P\u00daBLICA DE LAS MUJERES PARTICIPACI\u00d3N POL\u00cdTICA PROMOCI\u00d3N SOCIAL EDUCACI\u00d3N SALUD NORMATIVA Legislaci\u00f3n sobre violencias machistas e igualdad efectiva entre mujeres y [\u2026]\" \/>\n<meta property=\"og:url\" content=\"https:\/\/observatori-igualtat.es\/arees-dintervencio\/normativa\/\" \/>\n<meta property=\"og:site_name\" content=\"Observatori per a la igualtat\" \/>\n<meta property=\"article:publisher\" content=\"https:\/\/www.facebook.com\/institutbaleardeladona\" \/>\n<meta property=\"article:modified_time\" content=\"2026-03-26T08:46:54+00:00\" \/>\n<meta property=\"og:image\" content=\"https:\/\/observatori-igualtat.es\/wp-content\/uploads\/2021\/12\/icona-8A.png\" \/>\n\t<meta property=\"og:image:width\" content=\"164\" \/>\n\t<meta property=\"og:image:height\" content=\"166\" \/>\n\t<meta property=\"og:image:type\" content=\"image\/png\" \/>\n<meta name=\"twitter:card\" content=\"summary_large_image\" \/>\n<meta name=\"twitter:site\" content=\"@IB_Dona\" \/>\n<meta name=\"twitter:label1\" content=\"Tiempo de lectura\" \/>\n\t<meta name=\"twitter:data1\" content=\"9 minutos\" \/>\n<script type=\"application\/ld+json\" class=\"yoast-schema-graph\">{\"@context\":\"https:\/\/schema.org\",\"@graph\":[{\"@type\":\"WebPage\",\"@id\":\"https:\/\/observatori-igualtat.es\/arees-dintervencio\/normativa\/\",\"url\":\"https:\/\/observatori-igualtat.es\/arees-dintervencio\/normativa\/\",\"name\":\"Normativa - Observatori per a la igualtat\",\"isPartOf\":{\"@id\":\"https:\/\/observatori-igualtat.es\/#website\"},\"primaryImageOfPage\":{\"@id\":\"https:\/\/observatori-igualtat.es\/arees-dintervencio\/normativa\/#primaryimage\"},\"image\":{\"@id\":\"https:\/\/observatori-igualtat.es\/arees-dintervencio\/normativa\/#primaryimage\"},\"thumbnailUrl\":\"https:\/\/observatori-igualtat.es\/wp-content\/uploads\/2021\/12\/icona-8A.png\",\"datePublished\":\"2022-02-02T15:18:22+00:00\",\"dateModified\":\"2026-03-26T08:46:54+00:00\",\"breadcrumb\":{\"@id\":\"https:\/\/observatori-igualtat.es\/arees-dintervencio\/normativa\/#breadcrumb\"},\"inLanguage\":\"es\",\"potentialAction\":[{\"@type\":\"ReadAction\",\"target\":[\"https:\/\/observatori-igualtat.es\/arees-dintervencio\/normativa\/\"]}]},{\"@type\":\"ImageObject\",\"inLanguage\":\"es\",\"@id\":\"https:\/\/observatori-igualtat.es\/arees-dintervencio\/normativa\/#primaryimage\",\"url\":\"https:\/\/observatori-igualtat.es\/wp-content\/uploads\/2021\/12\/icona-8A.png\",\"contentUrl\":\"https:\/\/observatori-igualtat.es\/wp-content\/uploads\/2021\/12\/icona-8A.png\",\"width\":164,\"height\":166},{\"@type\":\"BreadcrumbList\",\"@id\":\"https:\/\/observatori-igualtat.es\/arees-dintervencio\/normativa\/#breadcrumb\",\"itemListElement\":[{\"@type\":\"ListItem\",\"position\":1,\"name\":\"Portada\",\"item\":\"https:\/\/observatori-igualtat.es\/es\/\"},{\"@type\":\"ListItem\",\"position\":2,\"name\":\"\u00c1reas de intervenci\u00f3n\",\"item\":\"https:\/\/observatori-igualtat.es\/arees-dintervencio\/\"},{\"@type\":\"ListItem\",\"position\":3,\"name\":\"Normativa\"}]},{\"@type\":\"WebSite\",\"@id\":\"https:\/\/observatori-igualtat.es\/#website\",\"url\":\"https:\/\/observatori-igualtat.es\/\",\"name\":\"Observatori per a la igualtat\",\"description\":\"\",\"publisher\":{\"@id\":\"https:\/\/observatori-igualtat.es\/#organization\"},\"potentialAction\":[{\"@type\":\"SearchAction\",\"target\":{\"@type\":\"EntryPoint\",\"urlTemplate\":\"https:\/\/observatori-igualtat.es\/?s={search_term_string}\"},\"query-input\":{\"@type\":\"PropertyValueSpecification\",\"valueRequired\":true,\"valueName\":\"search_term_string\"}}],\"inLanguage\":\"es\"},{\"@type\":\"Organization\",\"@id\":\"https:\/\/observatori-igualtat.es\/#organization\",\"name\":\"Observatori per a la igualtat\",\"url\":\"https:\/\/observatori-igualtat.es\/\",\"logo\":{\"@type\":\"ImageObject\",\"inLanguage\":\"es\",\"@id\":\"https:\/\/observatori-igualtat.es\/#\/schema\/logo\/image\/\",\"url\":\"https:\/\/observatori-igualtat.es\/wp-content\/uploads\/2021\/11\/cropped-lupa-icon.png\",\"contentUrl\":\"https:\/\/observatori-igualtat.es\/wp-content\/uploads\/2021\/11\/cropped-lupa-icon.png\",\"width\":512,\"height\":512,\"caption\":\"Observatori per a la igualtat\"},\"image\":{\"@id\":\"https:\/\/observatori-igualtat.es\/#\/schema\/logo\/image\/\"},\"sameAs\":[\"https:\/\/www.facebook.com\/institutbaleardeladona\",\"https:\/\/x.com\/IB_Dona\",\"https:\/\/www.instagram.com\/ib_dona\",\"https:\/\/www.youtube.com\/channel\/UC8SGWsVp4ABV3Ljo3rb_EGw\"]}]}<\/script>\n<!-- \/ Yoast SEO plugin. -->","yoast_head_json":{"title":"Normativa - Observatori per a la igualtat","robots":{"index":"index","follow":"follow","max-snippet":"max-snippet:-1","max-image-preview":"max-image-preview:large","max-video-preview":"max-video-preview:-1"},"canonical":"https:\/\/observatori-igualtat.es\/arees-dintervencio\/normativa\/","og_locale":"es_ES","og_type":"article","og_title":"Normativa - Observatori per a la igualtat","og_description":"VIOLENCIA MACHISTA SITUACI\u00d3N LABORAL IMAGEN P\u00daBLICA DE LAS MUJERES PARTICIPACI\u00d3N POL\u00cdTICA PROMOCI\u00d3N SOCIAL EDUCACI\u00d3N SALUD NORMATIVA Legislaci\u00f3n sobre violencias machistas e igualdad efectiva entre mujeres y [\u2026]","og_url":"https:\/\/observatori-igualtat.es\/arees-dintervencio\/normativa\/","og_site_name":"Observatori per a la igualtat","article_publisher":"https:\/\/www.facebook.com\/institutbaleardeladona","article_modified_time":"2026-03-26T08:46:54+00:00","og_image":[{"width":164,"height":166,"url":"https:\/\/observatori-igualtat.es\/wp-content\/uploads\/2021\/12\/icona-8A.png","type":"image\/png"}],"twitter_card":"summary_large_image","twitter_site":"@IB_Dona","twitter_misc":{"Tiempo de lectura":"9 minutos"},"schema":{"@context":"https:\/\/schema.org","@graph":[{"@type":"WebPage","@id":"https:\/\/observatori-igualtat.es\/arees-dintervencio\/normativa\/","url":"https:\/\/observatori-igualtat.es\/arees-dintervencio\/normativa\/","name":"Normativa - Observatori per a la igualtat","isPartOf":{"@id":"https:\/\/observatori-igualtat.es\/#website"},"primaryImageOfPage":{"@id":"https:\/\/observatori-igualtat.es\/arees-dintervencio\/normativa\/#primaryimage"},"image":{"@id":"https:\/\/observatori-igualtat.es\/arees-dintervencio\/normativa\/#primaryimage"},"thumbnailUrl":"https:\/\/observatori-igualtat.es\/wp-content\/uploads\/2021\/12\/icona-8A.png","datePublished":"2022-02-02T15:18:22+00:00","dateModified":"2026-03-26T08:46:54+00:00","breadcrumb":{"@id":"https:\/\/observatori-igualtat.es\/arees-dintervencio\/normativa\/#breadcrumb"},"inLanguage":"es","potentialAction":[{"@type":"ReadAction","target":["https:\/\/observatori-igualtat.es\/arees-dintervencio\/normativa\/"]}]},{"@type":"ImageObject","inLanguage":"es","@id":"https:\/\/observatori-igualtat.es\/arees-dintervencio\/normativa\/#primaryimage","url":"https:\/\/observatori-igualtat.es\/wp-content\/uploads\/2021\/12\/icona-8A.png","contentUrl":"https:\/\/observatori-igualtat.es\/wp-content\/uploads\/2021\/12\/icona-8A.png","width":164,"height":166},{"@type":"BreadcrumbList","@id":"https:\/\/observatori-igualtat.es\/arees-dintervencio\/normativa\/#breadcrumb","itemListElement":[{"@type":"ListItem","position":1,"name":"Portada","item":"https:\/\/observatori-igualtat.es\/es\/"},{"@type":"ListItem","position":2,"name":"\u00c1reas de intervenci\u00f3n","item":"https:\/\/observatori-igualtat.es\/arees-dintervencio\/"},{"@type":"ListItem","position":3,"name":"Normativa"}]},{"@type":"WebSite","@id":"https:\/\/observatori-igualtat.es\/#website","url":"https:\/\/observatori-igualtat.es\/","name":"Observatori per a la igualtat","description":"","publisher":{"@id":"https:\/\/observatori-igualtat.es\/#organization"},"potentialAction":[{"@type":"SearchAction","target":{"@type":"EntryPoint","urlTemplate":"https:\/\/observatori-igualtat.es\/?s={search_term_string}"},"query-input":{"@type":"PropertyValueSpecification","valueRequired":true,"valueName":"search_term_string"}}],"inLanguage":"es"},{"@type":"Organization","@id":"https:\/\/observatori-igualtat.es\/#organization","name":"Observatori per a la igualtat","url":"https:\/\/observatori-igualtat.es\/","logo":{"@type":"ImageObject","inLanguage":"es","@id":"https:\/\/observatori-igualtat.es\/#\/schema\/logo\/image\/","url":"https:\/\/observatori-igualtat.es\/wp-content\/uploads\/2021\/11\/cropped-lupa-icon.png","contentUrl":"https:\/\/observatori-igualtat.es\/wp-content\/uploads\/2021\/11\/cropped-lupa-icon.png","width":512,"height":512,"caption":"Observatori per a la igualtat"},"image":{"@id":"https:\/\/observatori-igualtat.es\/#\/schema\/logo\/image\/"},"sameAs":["https:\/\/www.facebook.com\/institutbaleardeladona","https:\/\/x.com\/IB_Dona","https:\/\/www.instagram.com\/ib_dona","https:\/\/www.youtube.com\/channel\/UC8SGWsVp4ABV3Ljo3rb_EGw"]}]}},"_links":{"self":[{"href":"https:\/\/observatori-igualtat.es\/es\/wp-json\/wp\/v2\/pages\/1314","targetHints":{"allow":["GET"]}}],"collection":[{"href":"https:\/\/observatori-igualtat.es\/es\/wp-json\/wp\/v2\/pages"}],"about":[{"href":"https:\/\/observatori-igualtat.es\/es\/wp-json\/wp\/v2\/types\/page"}],"author":[{"embeddable":true,"href":"https:\/\/observatori-igualtat.es\/es\/wp-json\/wp\/v2\/users\/2"}],"replies":[{"embeddable":true,"href":"https:\/\/observatori-igualtat.es\/es\/wp-json\/wp\/v2\/comments?post=1314"}],"version-history":[{"count":8,"href":"https:\/\/observatori-igualtat.es\/es\/wp-json\/wp\/v2\/pages\/1314\/revisions"}],"predecessor-version":[{"id":16115,"href":"https:\/\/observatori-igualtat.es\/es\/wp-json\/wp\/v2\/pages\/1314\/revisions\/16115"}],"up":[{"embeddable":true,"href":"https:\/\/observatori-igualtat.es\/es\/wp-json\/wp\/v2\/pages\/1308"}],"wp:featuredmedia":[{"embeddable":true,"href":"https:\/\/observatori-igualtat.es\/es\/wp-json\/wp\/v2\/media\/1095"}],"wp:attachment":[{"href":"https:\/\/observatori-igualtat.es\/es\/wp-json\/wp\/v2\/media?parent=1314"}],"curies":[{"name":"wp","href":"https:\/\/api.w.org\/{rel}","templated":true}]}}