{"id":1316,"date":"2022-02-02T15:18:34","date_gmt":"2022-02-02T15:18:34","guid":{"rendered":"http:\/\/observatori-igualtat.es\/areas-de-intervencion\/participacion-politica\/"},"modified":"2025-11-05T10:25:35","modified_gmt":"2025-11-05T09:25:35","slug":"participacion-politica","status":"publish","type":"page","link":"https:\/\/observatori-igualtat.es\/es\/areas-de-intervencion\/participacion-politica\/","title":{"rendered":"Participaci\u00f3n pol\u00edtica"},"content":{"rendered":"\t\t<div data-elementor-type=\"wp-page\" data-elementor-id=\"1316\" class=\"elementor elementor-1316 elementor-891\" data-elementor-post-type=\"page\">\r\n\t\t\t\t\t\t<section class=\"elementor-section elementor-top-section elementor-element elementor-element-cfc327d elementor-section-boxed elementor-section-height-default elementor-section-height-default\" data-id=\"cfc327d\" data-element_type=\"section\">\r\n\t\t\t\t\t\t<div class=\"elementor-container elementor-column-gap-default\">\r\n\t\t\t\t\t<div class=\"elementor-column elementor-col-12 elementor-top-column elementor-element elementor-element-0e72002\" data-id=\"0e72002\" data-element_type=\"column\">\r\n\t\t\t<div class=\"elementor-widget-wrap elementor-element-populated\">\r\n\t\t\t\t\t\t<div class=\"elementor-element elementor-element-9f60e8b elementor-widget elementor-widget-mfn_hover_box\" data-id=\"9f60e8b\" data-element_type=\"widget\" data-widget_type=\"mfn_hover_box.default\">\r\n\t\t\t\t<div class=\"elementor-widget-container\">\r\n\t\t\t<div class=\"hover_box\"><a href=\"\/es\/areas-de-intervencion\/violencia-machista\/\"  title=\"\"><div class=\"hover_box_wrapper\"><img decoding=\"async\" class=\"scale-with-grid visible_photo\" src=\"https:\/\/observatori-igualtat.es\/wp-content\/uploads\/2021\/12\/icona-1.png\" alt=\"icona-1\" width=\"183\" height=\"166\"\/><img decoding=\"async\" class=\"scale-with-grid hidden_photo\" src=\"https:\/\/observatori-igualtat.es\/wp-content\/uploads\/2021\/12\/icona-1A.png\" alt=\"icona-1A\" width=\"183\" height=\"166\"\/><\/div><\/a><\/div>\n\t\t<\/div>\r\n\t\t\t\t<\/div>\r\n\t\t\t\t<div class=\"elementor-element elementor-element-b8b4ba5 elementor-widget elementor-widget-heading\" data-id=\"b8b4ba5\" data-element_type=\"widget\" data-widget_type=\"heading.default\">\r\n\t\t\t\t<div class=\"elementor-widget-container\">\r\n\t\t\t<h3 class=\"elementor-heading-title elementor-size-default\"><a href=\"https:\/\/observatori-igualtat.es\/es\/areas-de-intervencion\/violencia-machista\/\">VIOLENCIA MACHISTA<\/a><\/h3>\t\t<\/div>\r\n\t\t\t\t<\/div>\r\n\t\t\t\t\t<\/div>\r\n\t\t<\/div>\r\n\t\t\t\t<div class=\"elementor-column elementor-col-12 elementor-top-column elementor-element elementor-element-b56a692\" data-id=\"b56a692\" data-element_type=\"column\">\r\n\t\t\t<div class=\"elementor-widget-wrap elementor-element-populated\">\r\n\t\t\t\t\t\t<div class=\"elementor-element elementor-element-f24807f elementor-widget elementor-widget-mfn_hover_box\" data-id=\"f24807f\" data-element_type=\"widget\" data-widget_type=\"mfn_hover_box.default\">\r\n\t\t\t\t<div class=\"elementor-widget-container\">\r\n\t\t\t<div class=\"hover_box\"><a href=\"\/es\/areas-de-intervencion\/situacion-laboral\/\"  title=\"\"><div class=\"hover_box_wrapper\"><img decoding=\"async\" class=\"scale-with-grid visible_photo\" src=\"https:\/\/observatori-igualtat.es\/wp-content\/uploads\/2021\/12\/icona-2.png\" alt=\"icona-2\" width=\"183\" height=\"166\"\/><img loading=\"lazy\" decoding=\"async\" class=\"scale-with-grid hidden_photo\" src=\"https:\/\/observatori-igualtat.es\/wp-content\/uploads\/2021\/12\/icona-2A.png\" alt=\"icona-2A\" width=\"183\" height=\"166\"\/><\/div><\/a><\/div>\n\t\t<\/div>\r\n\t\t\t\t<\/div>\r\n\t\t\t\t<div class=\"elementor-element elementor-element-5dd26a3 elementor-widget elementor-widget-heading\" data-id=\"5dd26a3\" data-element_type=\"widget\" data-widget_type=\"heading.default\">\r\n\t\t\t\t<div class=\"elementor-widget-container\">\r\n\t\t\t<h3 class=\"elementor-heading-title elementor-size-default\"><a href=\"https:\/\/observatori-igualtat.es\/es\/areas-de-intervencion\/situacion-laboral\/\">SITUACI\u00d3N LABORAL<\/a><\/h3>\t\t<\/div>\r\n\t\t\t\t<\/div>\r\n\t\t\t\t\t<\/div>\r\n\t\t<\/div>\r\n\t\t\t\t<div class=\"elementor-column elementor-col-12 elementor-top-column elementor-element elementor-element-948d467\" data-id=\"948d467\" data-element_type=\"column\">\r\n\t\t\t<div class=\"elementor-widget-wrap elementor-element-populated\">\r\n\t\t\t\t\t\t<div class=\"elementor-element elementor-element-71eec97 elementor-widget elementor-widget-mfn_hover_box\" data-id=\"71eec97\" data-element_type=\"widget\" data-widget_type=\"mfn_hover_box.default\">\r\n\t\t\t\t<div class=\"elementor-widget-container\">\r\n\t\t\t<div class=\"hover_box\"><a href=\"\/es\/areas-de-intervencion\/imagen-publica-de-las-mujeres\/\"  title=\"\"><div class=\"hover_box_wrapper\"><img loading=\"lazy\" decoding=\"async\" class=\"scale-with-grid visible_photo\" src=\"https:\/\/observatori-igualtat.es\/wp-content\/uploads\/2021\/12\/icona-3.png\" alt=\"icona-3\" width=\"183\" height=\"166\"\/><img loading=\"lazy\" decoding=\"async\" class=\"scale-with-grid hidden_photo\" src=\"https:\/\/observatori-igualtat.es\/wp-content\/uploads\/2021\/12\/icona-3A.png\" alt=\"icona-3A\" width=\"183\" height=\"166\"\/><\/div><\/a><\/div>\n\t\t<\/div>\r\n\t\t\t\t<\/div>\r\n\t\t\t\t<div class=\"elementor-element elementor-element-115233e elementor-widget elementor-widget-heading\" data-id=\"115233e\" data-element_type=\"widget\" data-widget_type=\"heading.default\">\r\n\t\t\t\t<div class=\"elementor-widget-container\">\r\n\t\t\t<h3 class=\"elementor-heading-title elementor-size-default\"><a href=\"https:\/\/observatori-igualtat.es\/es\/areas-de-intervencion\/imagen-publica-de-las-mujeres\/\">IMAGEN P\u00daBLICA DE LAS MUJERES<\/a><\/h3>\t\t<\/div>\r\n\t\t\t\t<\/div>\r\n\t\t\t\t\t<\/div>\r\n\t\t<\/div>\r\n\t\t\t\t<div class=\"elementor-column elementor-col-12 elementor-top-column elementor-element elementor-element-a4ccf38\" data-id=\"a4ccf38\" data-element_type=\"column\">\r\n\t\t\t<div class=\"elementor-widget-wrap elementor-element-populated\">\r\n\t\t\t\t\t\t<div class=\"elementor-element elementor-element-9561524 elementor-widget elementor-widget-mfn_hover_box\" data-id=\"9561524\" data-element_type=\"widget\" data-widget_type=\"mfn_hover_box.default\">\r\n\t\t\t\t<div class=\"elementor-widget-container\">\r\n\t\t\t<div class=\"hover_box\"><a href=\"\/es\/areas-de-intervencion\/participacion-politica\/\"  title=\"\"><div class=\"hover_box_wrapper\"><img loading=\"lazy\" decoding=\"async\" class=\"scale-with-grid visible_photo\" src=\"https:\/\/observatori-igualtat.es\/wp-content\/uploads\/2021\/12\/icona-4A.png\" alt=\"icona-4A\" width=\"183\" height=\"166\"\/><img loading=\"lazy\" decoding=\"async\" class=\"scale-with-grid hidden_photo\" src=\"https:\/\/observatori-igualtat.es\/wp-content\/uploads\/2021\/12\/icona-4.png\" alt=\"icona-4\" width=\"183\" height=\"166\"\/><\/div><\/a><\/div>\n\t\t<\/div>\r\n\t\t\t\t<\/div>\r\n\t\t\t\t<div class=\"elementor-element elementor-element-1df32c5 elementor-widget elementor-widget-heading\" data-id=\"1df32c5\" data-element_type=\"widget\" data-widget_type=\"heading.default\">\r\n\t\t\t\t<div class=\"elementor-widget-container\">\r\n\t\t\t<h3 class=\"elementor-heading-title elementor-size-default\"><a href=\"https:\/\/observatori-igualtat.es\/es\/areas-de-intervencion\/participacion-politica\/\">PARTICIPACI\u00d3N POL\u00cdTICA<\/a><\/h3>\t\t<\/div>\r\n\t\t\t\t<\/div>\r\n\t\t\t\t\t<\/div>\r\n\t\t<\/div>\r\n\t\t\t\t<div class=\"elementor-column elementor-col-12 elementor-top-column elementor-element elementor-element-507117b\" data-id=\"507117b\" data-element_type=\"column\">\r\n\t\t\t<div class=\"elementor-widget-wrap elementor-element-populated\">\r\n\t\t\t\t\t\t<div class=\"elementor-element elementor-element-67fe485 elementor-widget elementor-widget-mfn_hover_box\" data-id=\"67fe485\" data-element_type=\"widget\" data-widget_type=\"mfn_hover_box.default\">\r\n\t\t\t\t<div class=\"elementor-widget-container\">\r\n\t\t\t<div class=\"hover_box\"><a href=\"\/es\/areas-de-intervencion\/promocion-social\/\"  title=\"\"><div class=\"hover_box_wrapper\"><img loading=\"lazy\" decoding=\"async\" class=\"scale-with-grid visible_photo\" src=\"https:\/\/observatori-igualtat.es\/wp-content\/uploads\/2021\/12\/icona-5.png\" alt=\"icona-5\" width=\"183\" height=\"166\"\/><img loading=\"lazy\" decoding=\"async\" class=\"scale-with-grid hidden_photo\" src=\"https:\/\/observatori-igualtat.es\/wp-content\/uploads\/2021\/12\/icona-5A.png\" alt=\"icona-5A\" width=\"183\" height=\"166\"\/><\/div><\/a><\/div>\n\t\t<\/div>\r\n\t\t\t\t<\/div>\r\n\t\t\t\t<div class=\"elementor-element elementor-element-8424bb6 elementor-widget elementor-widget-heading\" data-id=\"8424bb6\" data-element_type=\"widget\" data-widget_type=\"heading.default\">\r\n\t\t\t\t<div class=\"elementor-widget-container\">\r\n\t\t\t<h3 class=\"elementor-heading-title elementor-size-default\"><a href=\"https:\/\/observatori-igualtat.es\/es\/areas-de-intervencion\/promocion-social\/\">PROMOCI\u00d3N SOCIAL<\/a><\/h3>\t\t<\/div>\r\n\t\t\t\t<\/div>\r\n\t\t\t\t\t<\/div>\r\n\t\t<\/div>\r\n\t\t\t\t<div class=\"elementor-column elementor-col-12 elementor-top-column elementor-element elementor-element-ccee005\" data-id=\"ccee005\" data-element_type=\"column\">\r\n\t\t\t<div class=\"elementor-widget-wrap elementor-element-populated\">\r\n\t\t\t\t\t\t<div class=\"elementor-element elementor-element-ed0db94 elementor-widget elementor-widget-mfn_hover_box\" data-id=\"ed0db94\" data-element_type=\"widget\" data-widget_type=\"mfn_hover_box.default\">\r\n\t\t\t\t<div class=\"elementor-widget-container\">\r\n\t\t\t<div class=\"hover_box\"><a href=\"\/es\/areas-de-intervencion\/educacion\/\"  title=\"\"><div class=\"hover_box_wrapper\"><img loading=\"lazy\" decoding=\"async\" class=\"scale-with-grid visible_photo\" src=\"https:\/\/observatori-igualtat.es\/wp-content\/uploads\/2021\/12\/icona-6.png\" alt=\"icona-6\" width=\"164\" height=\"166\"\/><img loading=\"lazy\" decoding=\"async\" class=\"scale-with-grid hidden_photo\" src=\"https:\/\/observatori-igualtat.es\/wp-content\/uploads\/2021\/12\/icona-6A.png\" alt=\"icona-6A\" width=\"164\" height=\"166\"\/><\/div><\/a><\/div>\n\t\t<\/div>\r\n\t\t\t\t<\/div>\r\n\t\t\t\t<div class=\"elementor-element elementor-element-f65f4da elementor-widget elementor-widget-heading\" data-id=\"f65f4da\" data-element_type=\"widget\" data-widget_type=\"heading.default\">\r\n\t\t\t\t<div class=\"elementor-widget-container\">\r\n\t\t\t<h3 class=\"elementor-heading-title elementor-size-default\"><a href=\"https:\/\/observatori-igualtat.es\/es\/areas-de-intervencion\/educacion\/\">EDUCACI\u00d3N<\/a><\/h3>\t\t<\/div>\r\n\t\t\t\t<\/div>\r\n\t\t\t\t\t<\/div>\r\n\t\t<\/div>\r\n\t\t\t\t<div class=\"elementor-column elementor-col-12 elementor-top-column elementor-element elementor-element-50500e9\" data-id=\"50500e9\" data-element_type=\"column\">\r\n\t\t\t<div class=\"elementor-widget-wrap elementor-element-populated\">\r\n\t\t\t\t\t\t<div class=\"elementor-element elementor-element-cd1148d elementor-widget elementor-widget-mfn_hover_box\" data-id=\"cd1148d\" data-element_type=\"widget\" data-widget_type=\"mfn_hover_box.default\">\r\n\t\t\t\t<div class=\"elementor-widget-container\">\r\n\t\t\t<div class=\"hover_box\"><a href=\"\/es\/areas-de-intervencion\/salud\/\"  title=\"\"><div class=\"hover_box_wrapper\"><img loading=\"lazy\" decoding=\"async\" class=\"scale-with-grid visible_photo\" src=\"https:\/\/observatori-igualtat.es\/wp-content\/uploads\/2021\/12\/icona-7.png\" alt=\"icona-7\" width=\"164\" height=\"166\"\/><img loading=\"lazy\" decoding=\"async\" class=\"scale-with-grid hidden_photo\" src=\"https:\/\/observatori-igualtat.es\/wp-content\/uploads\/2021\/12\/icona-7A.png\" alt=\"icona-7A\" width=\"164\" height=\"166\"\/><\/div><\/a><\/div>\n\t\t<\/div>\r\n\t\t\t\t<\/div>\r\n\t\t\t\t<div class=\"elementor-element elementor-element-8b903a2 elementor-widget elementor-widget-heading\" data-id=\"8b903a2\" data-element_type=\"widget\" data-widget_type=\"heading.default\">\r\n\t\t\t\t<div class=\"elementor-widget-container\">\r\n\t\t\t<h3 class=\"elementor-heading-title elementor-size-default\"><a href=\"https:\/\/observatori-igualtat.es\/es\/areas-de-intervencion\/salud\/\">SALUD<\/a><\/h3>\t\t<\/div>\r\n\t\t\t\t<\/div>\r\n\t\t\t\t\t<\/div>\r\n\t\t<\/div>\r\n\t\t\t\t<div class=\"elementor-column elementor-col-12 elementor-top-column elementor-element elementor-element-13b35aa\" data-id=\"13b35aa\" data-element_type=\"column\">\r\n\t\t\t<div class=\"elementor-widget-wrap elementor-element-populated\">\r\n\t\t\t\t\t\t<div class=\"elementor-element elementor-element-f0c1404 elementor-widget elementor-widget-mfn_hover_box\" data-id=\"f0c1404\" data-element_type=\"widget\" data-widget_type=\"mfn_hover_box.default\">\r\n\t\t\t\t<div class=\"elementor-widget-container\">\r\n\t\t\t<div class=\"hover_box\"><a href=\"\/es\/areas-de-intervencion\/normativa\/\"  title=\"\"><div class=\"hover_box_wrapper\"><img loading=\"lazy\" decoding=\"async\" class=\"scale-with-grid visible_photo\" src=\"https:\/\/observatori-igualtat.es\/wp-content\/uploads\/2021\/12\/icona-8.png\" alt=\"icona-8\" width=\"164\" height=\"166\"\/><img loading=\"lazy\" decoding=\"async\" class=\"scale-with-grid hidden_photo\" src=\"https:\/\/observatori-igualtat.es\/wp-content\/uploads\/2021\/12\/icona-8A.png\" alt=\"icona-8A\" width=\"164\" height=\"166\"\/><\/div><\/a><\/div>\n\t\t<\/div>\r\n\t\t\t\t<\/div>\r\n\t\t\t\t<div class=\"elementor-element elementor-element-447c1d6 elementor-widget elementor-widget-heading\" data-id=\"447c1d6\" data-element_type=\"widget\" data-widget_type=\"heading.default\">\r\n\t\t\t\t<div class=\"elementor-widget-container\">\r\n\t\t\t<h3 class=\"elementor-heading-title elementor-size-default\"><a href=\"https:\/\/observatori-igualtat.es\/es\/areas-de-intervencion\/normativa\/\">NORMATIVA<\/a><\/h3>\t\t<\/div>\r\n\t\t\t\t<\/div>\r\n\t\t\t\t\t<\/div>\r\n\t\t<\/div>\r\n\t\t\t\t\t<\/div>\r\n\t\t<\/section>\r\n\t\t\t\t<section class=\"elementor-section elementor-top-section elementor-element elementor-element-b328f18 elementor-section-boxed elementor-section-height-default elementor-section-height-default\" data-id=\"b328f18\" data-element_type=\"section\">\r\n\t\t\t\t\t\t<div class=\"elementor-container elementor-column-gap-default\">\r\n\t\t\t\t\t<div class=\"elementor-column elementor-col-100 elementor-top-column elementor-element elementor-element-25b9051\" data-id=\"25b9051\" data-element_type=\"column\">\r\n\t\t\t<div class=\"elementor-widget-wrap elementor-element-populated\">\r\n\t\t\t\t\t\t<div class=\"elementor-element elementor-element-fab0fdc elementor-widget elementor-widget-heading\" data-id=\"fab0fdc\" data-element_type=\"widget\" data-widget_type=\"heading.default\">\r\n\t\t\t\t<div class=\"elementor-widget-container\">\r\n\t\t\t<h2 class=\"elementor-heading-title elementor-size-default\">Participaci\u00f3n pol\u00edtica<\/h2>\t\t<\/div>\r\n\t\t\t\t<\/div>\r\n\t\t\t\t<div class=\"elementor-element elementor-element-5350cc7 elementor-widget elementor-widget-text-editor\" data-id=\"5350cc7\" data-element_type=\"widget\" data-widget_type=\"text-editor.default\">\r\n\t\t\t\t<div class=\"elementor-widget-container\">\r\n\t\t\t\t\t\t\t<p>El acceso de las mujeres a los espacios de decisi\u00f3n pol\u00edtica, as\u00ed como a los espacios transformadores que genera la sociedad civil organizada, debe servir para revertir la distribuci\u00f3n desigual de poderes que ha otorgado privilegios a los hombres sobre las mujeres.<\/p>\t\t\t\t\t\t<\/div>\r\n\t\t\t\t<\/div>\r\n\t\t\t\t<div class=\"elementor-element elementor-element-27d0008 elementor-hidden-desktop elementor-hidden-tablet elementor-hidden-mobile elementor-widget elementor-widget-heading\" data-id=\"27d0008\" data-element_type=\"widget\" data-widget_type=\"heading.default\">\r\n\t\t\t\t<div class=\"elementor-widget-container\">\r\n\t\t\t<h2 class=\"elementor-heading-title elementor-size-default\">VI Plan estrat\u00e9gico<\/h2>\t\t<\/div>\r\n\t\t\t\t<\/div>\r\n\t\t\t\t<div class=\"elementor-element elementor-element-082fc91 elementor-hidden-desktop elementor-hidden-tablet elementor-hidden-mobile elementor-widget elementor-widget-text-editor\" data-id=\"082fc91\" data-element_type=\"widget\" data-widget_type=\"text-editor.default\">\r\n\t\t\t\t<div class=\"elementor-widget-container\">\r\n\t\t\t\t\t\t\t<p>El VI Plan Estrat\u00e9gico de Igualdad entre Mujeres y Hombres de les Illes Balears (PEIDHIB) para el periodo 2024-2027 es una iniciativa liderada por el Institut Balear de la Dona (IBDONA), con la colaboraci\u00f3n de diversas consejer\u00edas, consejos insulares, entidades locales y agentes sociales y econ\u00f3micos. Este plan tiene como objetivo avanzar hacia una sociedad m\u00e1s igualitaria y libre de violencias machistas, desplegando una estrategia transversal para promover la igualdad de g\u00e9nero.<\/p>\t\t\t\t\t\t<\/div>\r\n\t\t\t\t<\/div>\r\n\t\t\t\t<div class=\"elementor-element elementor-element-50593f0 elementor-hidden-desktop elementor-hidden-tablet elementor-hidden-mobile elementor-widget elementor-widget-button\" data-id=\"50593f0\" data-element_type=\"widget\" data-widget_type=\"button.default\">\r\n\t\t\t\t<div class=\"elementor-widget-container\">\r\n\t\t\t\t\t\t\t<div class=\"elementor-button-wrapper\">\r\n\t\t\t\t\t<a class=\"elementor-button elementor-button-link elementor-size-sm\" href=\"https:\/\/observatori-igualtat.es\/es\/vi-plan-estrategico-de-igualdad-entre-mujeres-y-hombres-de-las-islas-baleares-para-el-periodo-2024-2027\/\">\r\n\t\t\t\t\t\t<span class=\"elementor-button-content-wrapper\">\r\n\t\t\t\t\t\t\t\t\t<span class=\"elementor-button-text\">Ver m\u00e1s<\/span>\r\n\t\t\t\t\t<\/span>\r\n\t\t\t\t\t<\/a>\r\n\t\t\t\t<\/div>\r\n\t\t\t\t\t\t<\/div>\r\n\t\t\t\t<\/div>\r\n\t\t\t\t<div class=\"elementor-element elementor-element-784856b elementor-widget elementor-widget-text-editor\" data-id=\"784856b\" data-element_type=\"widget\" data-widget_type=\"text-editor.default\">\r\n\t\t\t\t<div class=\"elementor-widget-container\">\r\n\t\t\t\t\t\t\t<h4>Enlaces<\/h4><ul><li style=\"list-style-type: none;\"><ul><li><a href=\"https:\/\/www.boe.es\/buscar\/pdf\/2016\/BOE-A-2016-7994-consolidado.pdf\">Ley 11\/2016, de 28 de julio, de igualdad de mujeres y hombres. <span class=\"hiddenGrammarError\">Comunitat Aut\u00f2noma<\/span> de les Illes Balears.<\/a><\/li><li><a href=\"https:\/\/www.caib.es\/sites\/instruccionsicirculars\/es\/n\/decreto_352023_de_26_de_mayo_del_consejo_de_participacian_de_las_mujeres_de_las_illes_balears\/\">Decreto 35\/2023, de 26 de mayo, del Consejo de Participaci\u00f3n de las Mujeres de las Illes Balears.<\/a><\/li><li><a href=\"https:\/\/www.caib.es\/eboibfront\/eli\/es-ib\/d\/2018\/06\/29\/19\/dof\/spa\/html\">Decreto 19\/2018, de 29 de junio, por el cual se regulan las funciones, la composici\u00f3n, la organizaci\u00f3n y el r\u00e9gimen de funcionamiento de la Comisi\u00f3n para la Igualdad de g\u00e9nero, y la elaboraci\u00f3n del informe bienal relativo a la efectividad del principio de igualdad entre mujeres y hombres. <span class=\"hiddenGrammarError\">Comunitat Aut\u00f2noma<\/span> de les Islas Baleares.<\/a><\/li><li><a href=\"https:\/\/observatori-igualtat.es\/wp-content\/uploads\/2024\/09\/01.V-PLA-ESTRATEGIC-2021-2023.pdf\">V Plan Estrat\u00e9gico de Igualdad entre Mujeres y Hombres de las Illes Balears (2021-2023).<\/a><\/li><li><a href=\"https:\/\/observatori-igualtat.es\/wp-content\/uploads\/2024\/12\/INFORME_AVALUACIO_FINAL_V_PLA_ESTRATEGIC_2024-COR.pdf\">Informe de evaluaci\u00f3n final del V Plan Estrat\u00e9gico de Igualdad entre Mujeres y Hombres 2021-2023. Institut Balear de la Dona.<\/a><\/li><li><a href=\"https:\/\/observatori-igualtat.es\/wp-content\/uploads\/2025\/02\/PEPI-i-CRONOGRAMA-4-1.pdf\">I Plan Estrat\u00e9gico Participativo de Igualdad. Mancomunidad Pla de Mallorca 2024-2028.<\/a><\/li><\/ul><\/li><\/ul>\t\t\t\t\t\t<\/div>\r\n\t\t\t\t<\/div>\r\n\t\t\t\t\t<\/div>\r\n\t\t<\/div>\r\n\t\t\t\t\t<\/div>\r\n\t\t<\/section>\r\n\t\t\t\t<\/div>\r\n\t\t","protected":false},"excerpt":{"rendered":"<p>VIOLENCIA MACHISTA SITUACI\u00d3N LABORAL IMAGEN P\u00daBLICA DE LAS MUJERES PARTICIPACI\u00d3N POL\u00cdTICA PROMOCI\u00d3N SOCIAL EDUCACI\u00d3N SALUD NORMATIVA Participaci\u00f3n pol\u00edtica El acceso de las mujeres a los espacios<span class=\"excerpt-hellip\"> [\u2026]<\/span><\/p>\n","protected":false},"author":2,"featured_media":1088,"parent":1308,"menu_order":0,"comment_status":"closed","ping_status":"closed","template":"","meta":{"inline_featured_image":false,"footnotes":""},"class_list":["post-1316","page","type-page","status-publish","has-post-thumbnail","hentry"],"yoast_head":"<!-- This site is optimized with the Yoast SEO plugin v26.9 - https:\/\/yoast.com\/product\/yoast-seo-wordpress\/ -->\n<title>Participaci\u00f3n pol\u00edtica - Observatori per a la igualtat<\/title>\n<meta name=\"robots\" content=\"index, follow, max-snippet:-1, max-image-preview:large, max-video-preview:-1\" \/>\n<link rel=\"canonical\" href=\"https:\/\/observatori-igualtat.es\/arees-dintervencio\/participacio-politica\/\" \/>\n<meta property=\"og:locale\" content=\"es_ES\" \/>\n<meta property=\"og:type\" content=\"article\" \/>\n<meta property=\"og:title\" content=\"Participaci\u00f3n pol\u00edtica - Observatori per a la igualtat\" \/>\n<meta property=\"og:description\" content=\"VIOLENCIA MACHISTA SITUACI\u00d3N LABORAL IMAGEN P\u00daBLICA DE LAS MUJERES PARTICIPACI\u00d3N POL\u00cdTICA PROMOCI\u00d3N SOCIAL EDUCACI\u00d3N SALUD NORMATIVA Participaci\u00f3n pol\u00edtica El acceso de las mujeres a los espacios [\u2026]\" \/>\n<meta property=\"og:url\" content=\"https:\/\/observatori-igualtat.es\/arees-dintervencio\/participacio-politica\/\" \/>\n<meta property=\"og:site_name\" content=\"Observatori per a la igualtat\" \/>\n<meta property=\"article:publisher\" content=\"https:\/\/www.facebook.com\/institutbaleardeladona\" \/>\n<meta property=\"article:modified_time\" content=\"2025-11-05T09:25:35+00:00\" \/>\n<meta property=\"og:image\" content=\"https:\/\/observatori-igualtat.es\/wp-content\/uploads\/2021\/12\/icona-1A.png\" \/>\n\t<meta property=\"og:image:width\" content=\"183\" \/>\n\t<meta property=\"og:image:height\" content=\"166\" \/>\n\t<meta property=\"og:image:type\" content=\"image\/png\" \/>\n<meta name=\"twitter:card\" content=\"summary_large_image\" \/>\n<meta name=\"twitter:site\" content=\"@IB_Dona\" \/>\n<meta name=\"twitter:label1\" content=\"Tiempo de lectura\" \/>\n\t<meta name=\"twitter:data1\" content=\"1 minuto\" \/>\n<script type=\"application\/ld+json\" class=\"yoast-schema-graph\">{\"@context\":\"https:\/\/schema.org\",\"@graph\":[{\"@type\":\"WebPage\",\"@id\":\"https:\/\/observatori-igualtat.es\/arees-dintervencio\/participacio-politica\/\",\"url\":\"https:\/\/observatori-igualtat.es\/arees-dintervencio\/participacio-politica\/\",\"name\":\"Participaci\u00f3n pol\u00edtica - Observatori per a la igualtat\",\"isPartOf\":{\"@id\":\"https:\/\/observatori-igualtat.es\/#website\"},\"primaryImageOfPage\":{\"@id\":\"https:\/\/observatori-igualtat.es\/arees-dintervencio\/participacio-politica\/#primaryimage\"},\"image\":{\"@id\":\"https:\/\/observatori-igualtat.es\/arees-dintervencio\/participacio-politica\/#primaryimage\"},\"thumbnailUrl\":\"https:\/\/observatori-igualtat.es\/wp-content\/uploads\/2021\/12\/icona-1A.png\",\"datePublished\":\"2022-02-02T15:18:34+00:00\",\"dateModified\":\"2025-11-05T09:25:35+00:00\",\"breadcrumb\":{\"@id\":\"https:\/\/observatori-igualtat.es\/arees-dintervencio\/participacio-politica\/#breadcrumb\"},\"inLanguage\":\"es\",\"potentialAction\":[{\"@type\":\"ReadAction\",\"target\":[\"https:\/\/observatori-igualtat.es\/arees-dintervencio\/participacio-politica\/\"]}]},{\"@type\":\"ImageObject\",\"inLanguage\":\"es\",\"@id\":\"https:\/\/observatori-igualtat.es\/arees-dintervencio\/participacio-politica\/#primaryimage\",\"url\":\"https:\/\/observatori-igualtat.es\/wp-content\/uploads\/2021\/12\/icona-1A.png\",\"contentUrl\":\"https:\/\/observatori-igualtat.es\/wp-content\/uploads\/2021\/12\/icona-1A.png\",\"width\":183,\"height\":166},{\"@type\":\"BreadcrumbList\",\"@id\":\"https:\/\/observatori-igualtat.es\/arees-dintervencio\/participacio-politica\/#breadcrumb\",\"itemListElement\":[{\"@type\":\"ListItem\",\"position\":1,\"name\":\"Portada\",\"item\":\"https:\/\/observatori-igualtat.es\/es\/\"},{\"@type\":\"ListItem\",\"position\":2,\"name\":\"\u00c1reas de intervenci\u00f3n\",\"item\":\"https:\/\/observatori-igualtat.es\/arees-dintervencio\/\"},{\"@type\":\"ListItem\",\"position\":3,\"name\":\"Participaci\u00f3n pol\u00edtica\"}]},{\"@type\":\"WebSite\",\"@id\":\"https:\/\/observatori-igualtat.es\/#website\",\"url\":\"https:\/\/observatori-igualtat.es\/\",\"name\":\"Observatori per a la igualtat\",\"description\":\"\",\"publisher\":{\"@id\":\"https:\/\/observatori-igualtat.es\/#organization\"},\"potentialAction\":[{\"@type\":\"SearchAction\",\"target\":{\"@type\":\"EntryPoint\",\"urlTemplate\":\"https:\/\/observatori-igualtat.es\/?s={search_term_string}\"},\"query-input\":{\"@type\":\"PropertyValueSpecification\",\"valueRequired\":true,\"valueName\":\"search_term_string\"}}],\"inLanguage\":\"es\"},{\"@type\":\"Organization\",\"@id\":\"https:\/\/observatori-igualtat.es\/#organization\",\"name\":\"Observatori per a la igualtat\",\"url\":\"https:\/\/observatori-igualtat.es\/\",\"logo\":{\"@type\":\"ImageObject\",\"inLanguage\":\"es\",\"@id\":\"https:\/\/observatori-igualtat.es\/#\/schema\/logo\/image\/\",\"url\":\"https:\/\/observatori-igualtat.es\/wp-content\/uploads\/2021\/11\/cropped-lupa-icon.png\",\"contentUrl\":\"https:\/\/observatori-igualtat.es\/wp-content\/uploads\/2021\/11\/cropped-lupa-icon.png\",\"width\":512,\"height\":512,\"caption\":\"Observatori per a la igualtat\"},\"image\":{\"@id\":\"https:\/\/observatori-igualtat.es\/#\/schema\/logo\/image\/\"},\"sameAs\":[\"https:\/\/www.facebook.com\/institutbaleardeladona\",\"https:\/\/x.com\/IB_Dona\",\"https:\/\/www.instagram.com\/ib_dona\",\"https:\/\/www.youtube.com\/channel\/UC8SGWsVp4ABV3Ljo3rb_EGw\"]}]}<\/script>\n<!-- \/ Yoast SEO plugin. -->","yoast_head_json":{"title":"Participaci\u00f3n pol\u00edtica - Observatori per a la igualtat","robots":{"index":"index","follow":"follow","max-snippet":"max-snippet:-1","max-image-preview":"max-image-preview:large","max-video-preview":"max-video-preview:-1"},"canonical":"https:\/\/observatori-igualtat.es\/arees-dintervencio\/participacio-politica\/","og_locale":"es_ES","og_type":"article","og_title":"Participaci\u00f3n pol\u00edtica - Observatori per a la igualtat","og_description":"VIOLENCIA MACHISTA SITUACI\u00d3N LABORAL IMAGEN P\u00daBLICA DE LAS MUJERES PARTICIPACI\u00d3N POL\u00cdTICA PROMOCI\u00d3N SOCIAL EDUCACI\u00d3N SALUD NORMATIVA Participaci\u00f3n pol\u00edtica El acceso de las mujeres a los espacios [\u2026]","og_url":"https:\/\/observatori-igualtat.es\/arees-dintervencio\/participacio-politica\/","og_site_name":"Observatori per a la igualtat","article_publisher":"https:\/\/www.facebook.com\/institutbaleardeladona","article_modified_time":"2025-11-05T09:25:35+00:00","og_image":[{"width":183,"height":166,"url":"https:\/\/observatori-igualtat.es\/wp-content\/uploads\/2021\/12\/icona-1A.png","type":"image\/png"}],"twitter_card":"summary_large_image","twitter_site":"@IB_Dona","twitter_misc":{"Tiempo de lectura":"1 minuto"},"schema":{"@context":"https:\/\/schema.org","@graph":[{"@type":"WebPage","@id":"https:\/\/observatori-igualtat.es\/arees-dintervencio\/participacio-politica\/","url":"https:\/\/observatori-igualtat.es\/arees-dintervencio\/participacio-politica\/","name":"Participaci\u00f3n pol\u00edtica - Observatori per a la igualtat","isPartOf":{"@id":"https:\/\/observatori-igualtat.es\/#website"},"primaryImageOfPage":{"@id":"https:\/\/observatori-igualtat.es\/arees-dintervencio\/participacio-politica\/#primaryimage"},"image":{"@id":"https:\/\/observatori-igualtat.es\/arees-dintervencio\/participacio-politica\/#primaryimage"},"thumbnailUrl":"https:\/\/observatori-igualtat.es\/wp-content\/uploads\/2021\/12\/icona-1A.png","datePublished":"2022-02-02T15:18:34+00:00","dateModified":"2025-11-05T09:25:35+00:00","breadcrumb":{"@id":"https:\/\/observatori-igualtat.es\/arees-dintervencio\/participacio-politica\/#breadcrumb"},"inLanguage":"es","potentialAction":[{"@type":"ReadAction","target":["https:\/\/observatori-igualtat.es\/arees-dintervencio\/participacio-politica\/"]}]},{"@type":"ImageObject","inLanguage":"es","@id":"https:\/\/observatori-igualtat.es\/arees-dintervencio\/participacio-politica\/#primaryimage","url":"https:\/\/observatori-igualtat.es\/wp-content\/uploads\/2021\/12\/icona-1A.png","contentUrl":"https:\/\/observatori-igualtat.es\/wp-content\/uploads\/2021\/12\/icona-1A.png","width":183,"height":166},{"@type":"BreadcrumbList","@id":"https:\/\/observatori-igualtat.es\/arees-dintervencio\/participacio-politica\/#breadcrumb","itemListElement":[{"@type":"ListItem","position":1,"name":"Portada","item":"https:\/\/observatori-igualtat.es\/es\/"},{"@type":"ListItem","position":2,"name":"\u00c1reas de intervenci\u00f3n","item":"https:\/\/observatori-igualtat.es\/arees-dintervencio\/"},{"@type":"ListItem","position":3,"name":"Participaci\u00f3n pol\u00edtica"}]},{"@type":"WebSite","@id":"https:\/\/observatori-igualtat.es\/#website","url":"https:\/\/observatori-igualtat.es\/","name":"Observatori per a la igualtat","description":"","publisher":{"@id":"https:\/\/observatori-igualtat.es\/#organization"},"potentialAction":[{"@type":"SearchAction","target":{"@type":"EntryPoint","urlTemplate":"https:\/\/observatori-igualtat.es\/?s={search_term_string}"},"query-input":{"@type":"PropertyValueSpecification","valueRequired":true,"valueName":"search_term_string"}}],"inLanguage":"es"},{"@type":"Organization","@id":"https:\/\/observatori-igualtat.es\/#organization","name":"Observatori per a la igualtat","url":"https:\/\/observatori-igualtat.es\/","logo":{"@type":"ImageObject","inLanguage":"es","@id":"https:\/\/observatori-igualtat.es\/#\/schema\/logo\/image\/","url":"https:\/\/observatori-igualtat.es\/wp-content\/uploads\/2021\/11\/cropped-lupa-icon.png","contentUrl":"https:\/\/observatori-igualtat.es\/wp-content\/uploads\/2021\/11\/cropped-lupa-icon.png","width":512,"height":512,"caption":"Observatori per a la igualtat"},"image":{"@id":"https:\/\/observatori-igualtat.es\/#\/schema\/logo\/image\/"},"sameAs":["https:\/\/www.facebook.com\/institutbaleardeladona","https:\/\/x.com\/IB_Dona","https:\/\/www.instagram.com\/ib_dona","https:\/\/www.youtube.com\/channel\/UC8SGWsVp4ABV3Ljo3rb_EGw"]}]}},"_links":{"self":[{"href":"https:\/\/observatori-igualtat.es\/es\/wp-json\/wp\/v2\/pages\/1316","targetHints":{"allow":["GET"]}}],"collection":[{"href":"https:\/\/observatori-igualtat.es\/es\/wp-json\/wp\/v2\/pages"}],"about":[{"href":"https:\/\/observatori-igualtat.es\/es\/wp-json\/wp\/v2\/types\/page"}],"author":[{"embeddable":true,"href":"https:\/\/observatori-igualtat.es\/es\/wp-json\/wp\/v2\/users\/2"}],"replies":[{"embeddable":true,"href":"https:\/\/observatori-igualtat.es\/es\/wp-json\/wp\/v2\/comments?post=1316"}],"version-history":[{"count":5,"href":"https:\/\/observatori-igualtat.es\/es\/wp-json\/wp\/v2\/pages\/1316\/revisions"}],"predecessor-version":[{"id":14552,"href":"https:\/\/observatori-igualtat.es\/es\/wp-json\/wp\/v2\/pages\/1316\/revisions\/14552"}],"up":[{"embeddable":true,"href":"https:\/\/observatori-igualtat.es\/es\/wp-json\/wp\/v2\/pages\/1308"}],"wp:featuredmedia":[{"embeddable":true,"href":"https:\/\/observatori-igualtat.es\/es\/wp-json\/wp\/v2\/media\/1088"}],"wp:attachment":[{"href":"https:\/\/observatori-igualtat.es\/es\/wp-json\/wp\/v2\/media?parent=1316"}],"curies":[{"name":"wp","href":"https:\/\/api.w.org\/{rel}","templated":true}]}}