{"id":1318,"date":"2022-02-02T15:18:54","date_gmt":"2022-02-02T15:18:54","guid":{"rendered":"http:\/\/observatori-igualtat.es\/areas-de-intervencion\/promocion-social\/"},"modified":"2025-11-25T09:53:05","modified_gmt":"2025-11-25T08:53:05","slug":"promocion-social","status":"publish","type":"page","link":"https:\/\/observatori-igualtat.es\/es\/areas-de-intervencion\/promocion-social\/","title":{"rendered":"Promoci\u00f3n social"},"content":{"rendered":"\t\t<div data-elementor-type=\"wp-page\" data-elementor-id=\"1318\" class=\"elementor elementor-1318 elementor-892\" data-elementor-post-type=\"page\">\r\n\t\t\t\t\t\t<section class=\"elementor-section elementor-top-section elementor-element elementor-element-9494740 elementor-section-boxed elementor-section-height-default elementor-section-height-default\" data-id=\"9494740\" data-element_type=\"section\">\r\n\t\t\t\t\t\t<div class=\"elementor-container elementor-column-gap-default\">\r\n\t\t\t\t\t<div class=\"elementor-column elementor-col-12 elementor-top-column elementor-element elementor-element-0a096b0\" data-id=\"0a096b0\" data-element_type=\"column\">\r\n\t\t\t<div class=\"elementor-widget-wrap elementor-element-populated\">\r\n\t\t\t\t\t\t<div class=\"elementor-element elementor-element-6b30fbe elementor-widget elementor-widget-mfn_hover_box\" data-id=\"6b30fbe\" data-element_type=\"widget\" data-widget_type=\"mfn_hover_box.default\">\r\n\t\t\t\t<div class=\"elementor-widget-container\">\r\n\t\t\t<div class=\"hover_box\"><a href=\"\/es\/areas-de-intervencion\/violencia-machista\/\"  title=\"\"><div class=\"hover_box_wrapper\"><img decoding=\"async\" class=\"scale-with-grid visible_photo\" src=\"https:\/\/observatori-igualtat.es\/wp-content\/uploads\/2021\/12\/icona-1.png\" alt=\"icona-1\" width=\"183\" height=\"166\"\/><img decoding=\"async\" class=\"scale-with-grid hidden_photo\" src=\"https:\/\/observatori-igualtat.es\/wp-content\/uploads\/2021\/12\/icona-1A.png\" alt=\"icona-1A\" width=\"183\" height=\"166\"\/><\/div><\/a><\/div>\n\t\t<\/div>\r\n\t\t\t\t<\/div>\r\n\t\t\t\t<div class=\"elementor-element elementor-element-48f0845 elementor-widget elementor-widget-heading\" data-id=\"48f0845\" data-element_type=\"widget\" data-widget_type=\"heading.default\">\r\n\t\t\t\t<div class=\"elementor-widget-container\">\r\n\t\t\t<h3 class=\"elementor-heading-title elementor-size-default\"><a href=\"https:\/\/observatori-igualtat.es\/es\/areas-de-intervencion\/violencia-machista\/\">VIOLENCIA MACHISTA<\/a><\/h3>\t\t<\/div>\r\n\t\t\t\t<\/div>\r\n\t\t\t\t\t<\/div>\r\n\t\t<\/div>\r\n\t\t\t\t<div class=\"elementor-column elementor-col-12 elementor-top-column elementor-element elementor-element-d79e23e\" data-id=\"d79e23e\" data-element_type=\"column\">\r\n\t\t\t<div class=\"elementor-widget-wrap elementor-element-populated\">\r\n\t\t\t\t\t\t<div class=\"elementor-element elementor-element-47f14bb elementor-widget elementor-widget-mfn_hover_box\" data-id=\"47f14bb\" data-element_type=\"widget\" data-widget_type=\"mfn_hover_box.default\">\r\n\t\t\t\t<div class=\"elementor-widget-container\">\r\n\t\t\t<div class=\"hover_box\"><a href=\"\/es\/areas-de-intervencion\/situacion-laboral\/\"  title=\"\"><div class=\"hover_box_wrapper\"><img decoding=\"async\" class=\"scale-with-grid visible_photo\" src=\"https:\/\/observatori-igualtat.es\/wp-content\/uploads\/2021\/12\/icona-2.png\" alt=\"icona-2\" width=\"183\" height=\"166\"\/><img loading=\"lazy\" decoding=\"async\" class=\"scale-with-grid hidden_photo\" src=\"https:\/\/observatori-igualtat.es\/wp-content\/uploads\/2021\/12\/icona-2A.png\" alt=\"icona-2A\" width=\"183\" height=\"166\"\/><\/div><\/a><\/div>\n\t\t<\/div>\r\n\t\t\t\t<\/div>\r\n\t\t\t\t<div class=\"elementor-element elementor-element-fc0378d elementor-widget elementor-widget-heading\" data-id=\"fc0378d\" data-element_type=\"widget\" data-widget_type=\"heading.default\">\r\n\t\t\t\t<div class=\"elementor-widget-container\">\r\n\t\t\t<h3 class=\"elementor-heading-title elementor-size-default\"><a href=\"https:\/\/observatori-igualtat.es\/es\/areas-de-intervencion\/situacion-laboral\/\">SITUACI\u00d3N LABORAL<\/a><\/h3>\t\t<\/div>\r\n\t\t\t\t<\/div>\r\n\t\t\t\t\t<\/div>\r\n\t\t<\/div>\r\n\t\t\t\t<div class=\"elementor-column elementor-col-12 elementor-top-column elementor-element elementor-element-0c42916\" data-id=\"0c42916\" data-element_type=\"column\">\r\n\t\t\t<div class=\"elementor-widget-wrap elementor-element-populated\">\r\n\t\t\t\t\t\t<div class=\"elementor-element elementor-element-136041c elementor-widget elementor-widget-mfn_hover_box\" data-id=\"136041c\" data-element_type=\"widget\" data-widget_type=\"mfn_hover_box.default\">\r\n\t\t\t\t<div class=\"elementor-widget-container\">\r\n\t\t\t<div class=\"hover_box\"><a href=\"\/es\/areas-de-intervencion\/imagen-publica-de-las-mujeres\/\"  title=\"\"><div class=\"hover_box_wrapper\"><img loading=\"lazy\" decoding=\"async\" class=\"scale-with-grid visible_photo\" src=\"https:\/\/observatori-igualtat.es\/wp-content\/uploads\/2021\/12\/icona-3.png\" alt=\"icona-3\" width=\"183\" height=\"166\"\/><img loading=\"lazy\" decoding=\"async\" class=\"scale-with-grid hidden_photo\" src=\"https:\/\/observatori-igualtat.es\/wp-content\/uploads\/2021\/12\/icona-3A.png\" alt=\"icona-3A\" width=\"183\" height=\"166\"\/><\/div><\/a><\/div>\n\t\t<\/div>\r\n\t\t\t\t<\/div>\r\n\t\t\t\t<div class=\"elementor-element elementor-element-c6ffb7b elementor-widget elementor-widget-heading\" data-id=\"c6ffb7b\" data-element_type=\"widget\" data-widget_type=\"heading.default\">\r\n\t\t\t\t<div class=\"elementor-widget-container\">\r\n\t\t\t<h3 class=\"elementor-heading-title elementor-size-default\"><a href=\"https:\/\/observatori-igualtat.es\/es\/areas-de-intervencion\/imagen-publica-de-las-mujeres\/\">IMAGEN P\u00daBLICA DE LAS MUJERES<\/a><\/h3>\t\t<\/div>\r\n\t\t\t\t<\/div>\r\n\t\t\t\t\t<\/div>\r\n\t\t<\/div>\r\n\t\t\t\t<div class=\"elementor-column elementor-col-12 elementor-top-column elementor-element elementor-element-f4fdb04\" data-id=\"f4fdb04\" data-element_type=\"column\">\r\n\t\t\t<div class=\"elementor-widget-wrap elementor-element-populated\">\r\n\t\t\t\t\t\t<div class=\"elementor-element elementor-element-da689fd elementor-widget elementor-widget-mfn_hover_box\" data-id=\"da689fd\" data-element_type=\"widget\" data-widget_type=\"mfn_hover_box.default\">\r\n\t\t\t\t<div class=\"elementor-widget-container\">\r\n\t\t\t<div class=\"hover_box\"><a href=\"\/es\/areas-de-intervencion\/participacion-politica\/\"  title=\"\"><div class=\"hover_box_wrapper\"><img loading=\"lazy\" decoding=\"async\" class=\"scale-with-grid visible_photo\" src=\"https:\/\/observatori-igualtat.es\/wp-content\/uploads\/2021\/12\/icona-4.png\" alt=\"icona-4\" width=\"183\" height=\"166\"\/><img loading=\"lazy\" decoding=\"async\" class=\"scale-with-grid hidden_photo\" src=\"https:\/\/observatori-igualtat.es\/wp-content\/uploads\/2021\/12\/icona-4A.png\" alt=\"icona-4A\" width=\"183\" height=\"166\"\/><\/div><\/a><\/div>\n\t\t<\/div>\r\n\t\t\t\t<\/div>\r\n\t\t\t\t<div class=\"elementor-element elementor-element-8c193d4 elementor-widget elementor-widget-heading\" data-id=\"8c193d4\" data-element_type=\"widget\" data-widget_type=\"heading.default\">\r\n\t\t\t\t<div class=\"elementor-widget-container\">\r\n\t\t\t<h3 class=\"elementor-heading-title elementor-size-default\"><a href=\"https:\/\/observatori-igualtat.es\/es\/areas-de-intervencion\/participacion-politica\/\">PARTICIPACI\u00d3N POL\u00cdTICA<\/a><\/h3>\t\t<\/div>\r\n\t\t\t\t<\/div>\r\n\t\t\t\t\t<\/div>\r\n\t\t<\/div>\r\n\t\t\t\t<div class=\"elementor-column elementor-col-12 elementor-top-column elementor-element elementor-element-df9d891\" data-id=\"df9d891\" data-element_type=\"column\">\r\n\t\t\t<div class=\"elementor-widget-wrap elementor-element-populated\">\r\n\t\t\t\t\t\t<div class=\"elementor-element elementor-element-e556816 elementor-widget elementor-widget-mfn_hover_box\" data-id=\"e556816\" data-element_type=\"widget\" data-widget_type=\"mfn_hover_box.default\">\r\n\t\t\t\t<div class=\"elementor-widget-container\">\r\n\t\t\t<div class=\"hover_box\"><a href=\"\/es\/areas-de-intervencion\/promocion-social\/\"  title=\"\"><div class=\"hover_box_wrapper\"><img loading=\"lazy\" decoding=\"async\" class=\"scale-with-grid visible_photo\" src=\"https:\/\/observatori-igualtat.es\/wp-content\/uploads\/2021\/12\/icona-5A.png\" alt=\"icona-5A\" width=\"183\" height=\"166\"\/><img loading=\"lazy\" decoding=\"async\" class=\"scale-with-grid hidden_photo\" src=\"https:\/\/observatori-igualtat.es\/wp-content\/uploads\/2021\/12\/icona-5.png\" alt=\"icona-5\" width=\"183\" height=\"166\"\/><\/div><\/a><\/div>\n\t\t<\/div>\r\n\t\t\t\t<\/div>\r\n\t\t\t\t<div class=\"elementor-element elementor-element-c0acd1f elementor-widget elementor-widget-heading\" data-id=\"c0acd1f\" data-element_type=\"widget\" data-widget_type=\"heading.default\">\r\n\t\t\t\t<div class=\"elementor-widget-container\">\r\n\t\t\t<h3 class=\"elementor-heading-title elementor-size-default\"><a href=\"https:\/\/observatori-igualtat.es\/es\/areas-de-intervencion\/promocion-social\/\">PROMOCI\u00d3N SOCIAL<\/a><\/h3>\t\t<\/div>\r\n\t\t\t\t<\/div>\r\n\t\t\t\t\t<\/div>\r\n\t\t<\/div>\r\n\t\t\t\t<div class=\"elementor-column elementor-col-12 elementor-top-column elementor-element elementor-element-90e3156\" data-id=\"90e3156\" data-element_type=\"column\">\r\n\t\t\t<div class=\"elementor-widget-wrap elementor-element-populated\">\r\n\t\t\t\t\t\t<div class=\"elementor-element elementor-element-1a1f7a9 elementor-widget elementor-widget-mfn_hover_box\" data-id=\"1a1f7a9\" data-element_type=\"widget\" data-widget_type=\"mfn_hover_box.default\">\r\n\t\t\t\t<div class=\"elementor-widget-container\">\r\n\t\t\t<div class=\"hover_box\"><a href=\"\/es\/areas-de-intervencion\/educacion\/\"  title=\"\"><div class=\"hover_box_wrapper\"><img loading=\"lazy\" decoding=\"async\" class=\"scale-with-grid visible_photo\" src=\"https:\/\/observatori-igualtat.es\/wp-content\/uploads\/2021\/12\/icona-6.png\" alt=\"icona-6\" width=\"164\" height=\"166\"\/><img loading=\"lazy\" decoding=\"async\" class=\"scale-with-grid hidden_photo\" src=\"https:\/\/observatori-igualtat.es\/wp-content\/uploads\/2021\/12\/icona-6A.png\" alt=\"icona-6A\" width=\"164\" height=\"166\"\/><\/div><\/a><\/div>\n\t\t<\/div>\r\n\t\t\t\t<\/div>\r\n\t\t\t\t<div class=\"elementor-element elementor-element-3b75a56 elementor-widget elementor-widget-heading\" data-id=\"3b75a56\" data-element_type=\"widget\" data-widget_type=\"heading.default\">\r\n\t\t\t\t<div class=\"elementor-widget-container\">\r\n\t\t\t<h3 class=\"elementor-heading-title elementor-size-default\"><a href=\"https:\/\/observatori-igualtat.es\/es\/areas-de-intervencion\/educacion\/\">EDUCACI\u00d3N<\/a><\/h3>\t\t<\/div>\r\n\t\t\t\t<\/div>\r\n\t\t\t\t\t<\/div>\r\n\t\t<\/div>\r\n\t\t\t\t<div class=\"elementor-column elementor-col-12 elementor-top-column elementor-element elementor-element-a600710\" data-id=\"a600710\" data-element_type=\"column\">\r\n\t\t\t<div class=\"elementor-widget-wrap elementor-element-populated\">\r\n\t\t\t\t\t\t<div class=\"elementor-element elementor-element-f05a9ad elementor-widget elementor-widget-mfn_hover_box\" data-id=\"f05a9ad\" data-element_type=\"widget\" data-widget_type=\"mfn_hover_box.default\">\r\n\t\t\t\t<div class=\"elementor-widget-container\">\r\n\t\t\t<div class=\"hover_box\"><a href=\"\/es\/areas-de-intervencion\/salud\/\"  title=\"\"><div class=\"hover_box_wrapper\"><img loading=\"lazy\" decoding=\"async\" class=\"scale-with-grid visible_photo\" src=\"https:\/\/observatori-igualtat.es\/wp-content\/uploads\/2021\/12\/icona-7.png\" alt=\"icona-7\" width=\"164\" height=\"166\"\/><img loading=\"lazy\" decoding=\"async\" class=\"scale-with-grid hidden_photo\" src=\"https:\/\/observatori-igualtat.es\/wp-content\/uploads\/2021\/12\/icona-7A.png\" alt=\"icona-7A\" width=\"164\" height=\"166\"\/><\/div><\/a><\/div>\n\t\t<\/div>\r\n\t\t\t\t<\/div>\r\n\t\t\t\t<div class=\"elementor-element elementor-element-15b29c8 elementor-widget elementor-widget-heading\" data-id=\"15b29c8\" data-element_type=\"widget\" data-widget_type=\"heading.default\">\r\n\t\t\t\t<div class=\"elementor-widget-container\">\r\n\t\t\t<h3 class=\"elementor-heading-title elementor-size-default\"><a href=\"https:\/\/observatori-igualtat.es\/es\/areas-de-intervencion\/salud\/\">SALUD<\/a><\/h3>\t\t<\/div>\r\n\t\t\t\t<\/div>\r\n\t\t\t\t\t<\/div>\r\n\t\t<\/div>\r\n\t\t\t\t<div class=\"elementor-column elementor-col-12 elementor-top-column elementor-element elementor-element-d38c506\" data-id=\"d38c506\" data-element_type=\"column\">\r\n\t\t\t<div class=\"elementor-widget-wrap elementor-element-populated\">\r\n\t\t\t\t\t\t<div class=\"elementor-element elementor-element-743a2d6 elementor-widget elementor-widget-mfn_hover_box\" data-id=\"743a2d6\" data-element_type=\"widget\" data-widget_type=\"mfn_hover_box.default\">\r\n\t\t\t\t<div class=\"elementor-widget-container\">\r\n\t\t\t<div class=\"hover_box\"><a href=\"\/es\/areas-de-intervencion\/normativa\/\"  title=\"\"><div class=\"hover_box_wrapper\"><img loading=\"lazy\" decoding=\"async\" class=\"scale-with-grid visible_photo\" src=\"https:\/\/observatori-igualtat.es\/wp-content\/uploads\/2021\/12\/icona-8.png\" alt=\"icona-8\" width=\"164\" height=\"166\"\/><img loading=\"lazy\" decoding=\"async\" class=\"scale-with-grid hidden_photo\" src=\"https:\/\/observatori-igualtat.es\/wp-content\/uploads\/2021\/12\/icona-8A.png\" alt=\"icona-8A\" width=\"164\" height=\"166\"\/><\/div><\/a><\/div>\n\t\t<\/div>\r\n\t\t\t\t<\/div>\r\n\t\t\t\t<div class=\"elementor-element elementor-element-ffd47eb elementor-widget elementor-widget-heading\" data-id=\"ffd47eb\" data-element_type=\"widget\" data-widget_type=\"heading.default\">\r\n\t\t\t\t<div class=\"elementor-widget-container\">\r\n\t\t\t<h3 class=\"elementor-heading-title elementor-size-default\"><a href=\"https:\/\/observatori-igualtat.es\/es\/areas-de-intervencion\/normativa\/\">NORMATIVA<\/a><\/h3>\t\t<\/div>\r\n\t\t\t\t<\/div>\r\n\t\t\t\t\t<\/div>\r\n\t\t<\/div>\r\n\t\t\t\t\t<\/div>\r\n\t\t<\/section>\r\n\t\t\t\t<section class=\"elementor-section elementor-top-section elementor-element elementor-element-b328f18 elementor-section-boxed elementor-section-height-default elementor-section-height-default\" data-id=\"b328f18\" data-element_type=\"section\">\r\n\t\t\t\t\t\t<div class=\"elementor-container elementor-column-gap-default\">\r\n\t\t\t\t\t<div class=\"elementor-column elementor-col-100 elementor-top-column elementor-element elementor-element-25b9051\" data-id=\"25b9051\" data-element_type=\"column\">\r\n\t\t\t<div class=\"elementor-widget-wrap elementor-element-populated\">\r\n\t\t\t\t\t\t<div class=\"elementor-element elementor-element-fab0fdc elementor-widget elementor-widget-heading\" data-id=\"fab0fdc\" data-element_type=\"widget\" data-widget_type=\"heading.default\">\r\n\t\t\t\t<div class=\"elementor-widget-container\">\r\n\t\t\t<h2 class=\"elementor-heading-title elementor-size-default\">Promoci\u00f3n social<\/h2>\t\t<\/div>\r\n\t\t\t\t<\/div>\r\n\t\t\t\t<div class=\"elementor-element elementor-element-5350cc7 elementor-widget elementor-widget-text-editor\" data-id=\"5350cc7\" data-element_type=\"widget\" data-widget_type=\"text-editor.default\">\r\n\t\t\t\t<div class=\"elementor-widget-container\">\r\n\t\t\t\t\t\t\t<p>El acceso de las mujeres a los espacios de interrelaci\u00f3n social y a la plena ciudadan\u00eda, pasa por conquistar aquellos derechos y espacios que les han sido negados a lo largo de la historia. El empoderamiento de las mujeres, las luchas y conquistas sociales, el bienestar social, as\u00ed como la conciliaci\u00f3n y la corresponsabilidad en las unidades familiares, son objetivos que deben permitir que estas disfruten con plenitud de todos los derechos sociales y c\u00edvicos.<\/p>\n\t\t\t\t\t\t<\/div>\r\n\t\t\t\t<\/div>\r\n\t\t\t\t<div class=\"elementor-element elementor-element-333742d elementor-widget elementor-widget-text-editor\" data-id=\"333742d\" data-element_type=\"widget\" data-widget_type=\"text-editor.default\">\r\n\t\t\t\t<div class=\"elementor-widget-container\">\r\n\t\t\t\t\t\t\t<h4>Enlaces<\/h4><ul><li><a href=\"https:\/\/www.caib.es\/eboibfront\/pdf\/es\/2025\/88\/1195362\">Ley 3\/2025, de 4 de julio, de medidas dirigidas a la conciliaci\u00f3n de la vida personal, familiar y laboral en las Illes Balears.<\/a><\/li><li><a href=\"https:\/\/www.caib.es\/pidip2front\/files\/annexes\/2021\/9\/13\/2668200.pdf\">Plan de Conciliaci\u00f3n y Corresponsabilidad de las Illes Balears. Gobierno de les Illes Balears.<\/a><\/li><li><a href=\"https:\/\/intranet.caib.es\/sites\/igualtat\/conciliacia_de_la_vida_personalfamilirar_i_laboral_i_coresponsabilitat\/archivopub.do?ctrl=MCRST7546ZI272269&amp;id=272269\">Gu\u00eda\u00a0pr\u00e1ctica\u00a0de corresponsabilidad familiar. Comunidad Aut\u00f3noma de las\u00a0<span class=\"hiddenSpellError\">Illes<\/span>\u00a0<span class=\"hiddenSpellError\">Balears<\/span>.<\/a><\/li><li><a href=\"https:\/\/www.caib.es\/sites\/ces\/es\/l\/memoria_socioeconomica_i_laboral\/\">Memoria del Consejo Econ\u00f3mico y Social de les\u00a0<span class=\"hiddenSpellError\">Illes<\/span>\u00a0<span class=\"hiddenSpellError\">Balears<\/span>.<\/a><\/li><li><a href=\"https:\/\/catedradependencia.uib.cat\/anuaris\/\">Anuario del Envejecimiento. Illes Balears. Universitat de les Illes Balears.<\/a><\/li><li><a href=\"https:\/\/osib.uib.cat\/digitalAssets\/619\/619413_d-99576-uib---llibre-impactes-covid-int-digital.pdf\">Informe social: Primeros impactos de la COVID-19 en la\u00a0sociedad de les\u00a0<span class=\"hiddenSpellError\">Illes<\/span>\u00a0<span class=\"hiddenSpellError\">Balears. Observatorio Social de les Illes Balears (OSIB). <\/span><span class=\"hiddenSpellError\">Universitat de les Illes Balears.<\/span><\/a><\/li><li><a href=\"https:\/\/diari.uib.es\/digitalAssets\/657\/657379_657134_211118_impactes-desiguals-de-la-pandemia-en-la-vida-de-les-dones-a-balears.pdf\">Informe \u00abEsenciales, pero sobrecargadas: impactos desiguales de la pandemia en la vida de las mujeres en les\u00a0<span class=\"hiddenSpellError\">Illes<\/span>\u00a0<span class=\"hiddenSpellError\">Balears<\/span>\u00a0(2021)\u00bb. Observatorio Social de les\u00a0<span class=\"hiddenSpellError\">Illes<\/span>\u00a0<span class=\"hiddenSpellError\">Balears<\/span>\u00a0(<span class=\"hiddenSpellError\">OSIB<\/span>).\u00a0<span class=\"hiddenSpellError\">Universitat<\/span>\u00a0de les\u00a0<span class=\"hiddenSpellError\">Illes<\/span>\u00a0<span class=\"hiddenSpellError\">Balears<\/span>.<\/a><\/li><li><a href=\"https:\/\/osib.uib.cat\/digitalAssets\/658\/658950_211215_innovacio-social-transformadora-inclusio-social-illes-balears.pdf\">Pr\u00e1cticas de innovaci\u00f3n social transformadora para la inclusi\u00f3n en les Illes Balears. 2021. Observatorio Social de les\u00a0<span class=\"hiddenSpellError\">Illes<\/span>\u00a0<span class=\"hiddenSpellError\">Balears<\/span>\u00a0(<span class=\"hiddenSpellError\">OSIB<\/span>).\u00a0<span class=\"hiddenSpellError\">Universitat<\/span>\u00a0de les\u00a0<span class=\"hiddenSpellError\">Illes<\/span>\u00a0<span class=\"hiddenSpellError\">Balears<\/span>.<\/a><\/li><li><a href=\"https:\/\/www.caib.es\/pidip2front\/files\/annexes\/2022\/9\/13\/2789650.pdf\">Estudio sobre la situaci\u00f3n de la mujer en e<\/a><\/li><li><a href=\"https:\/\/www.caib.es\/pidip2front\/files\/annexes\/2022\/9\/13\/2789650.pdf\">l \u00e1mbito del deporte balear. Fase II. Asociaci\u00f3n para Mujeres en el Deporte Profesional (AMDP).<\/a><\/li><li><a href=\"https:\/\/www.caib.es\/pidip2front\/files\/annexes\/2023\/3\/10\/2879860.pdf\">Ciudades Cuidadoras. Gu\u00eda de Buenas Pr\u00e1cticas para la aplicaci\u00f3n de la perspectiva de g\u00e9nero en el dise\u00f1o urbano. Arquitectives.<\/a><\/li><\/ul>\t\t\t\t\t\t<\/div>\r\n\t\t\t\t<\/div>\r\n\t\t\t\t\t<\/div>\r\n\t\t<\/div>\r\n\t\t\t\t\t<\/div>\r\n\t\t<\/section>\r\n\t\t\t\t<\/div>\r\n\t\t","protected":false},"excerpt":{"rendered":"<p>VIOLENCIA MACHISTA SITUACI\u00d3N LABORAL IMAGEN P\u00daBLICA DE LAS MUJERES PARTICIPACI\u00d3N POL\u00cdTICA PROMOCI\u00d3N SOCIAL EDUCACI\u00d3N SALUD NORMATIVA Promoci\u00f3n social El acceso de las mujeres a los espacios<span class=\"excerpt-hellip\"> [\u2026]<\/span><\/p>\n","protected":false},"author":2,"featured_media":1092,"parent":1308,"menu_order":0,"comment_status":"closed","ping_status":"closed","template":"","meta":{"inline_featured_image":false,"footnotes":""},"class_list":["post-1318","page","type-page","status-publish","has-post-thumbnail","hentry"],"yoast_head":"<!-- This site is optimized with the Yoast SEO plugin v26.9 - https:\/\/yoast.com\/product\/yoast-seo-wordpress\/ -->\n<title>Promoci\u00f3n social - Observatori per a la igualtat<\/title>\n<meta name=\"robots\" content=\"index, follow, max-snippet:-1, max-image-preview:large, max-video-preview:-1\" \/>\n<link rel=\"canonical\" href=\"https:\/\/observatori-igualtat.es\/arees-dintervencio\/participacio-sociocomunitaria\/\" \/>\n<meta property=\"og:locale\" content=\"es_ES\" \/>\n<meta property=\"og:type\" content=\"article\" \/>\n<meta property=\"og:title\" content=\"Promoci\u00f3n social - Observatori per a la igualtat\" \/>\n<meta property=\"og:description\" content=\"VIOLENCIA MACHISTA SITUACI\u00d3N LABORAL IMAGEN P\u00daBLICA DE LAS MUJERES PARTICIPACI\u00d3N POL\u00cdTICA PROMOCI\u00d3N SOCIAL EDUCACI\u00d3N SALUD NORMATIVA Promoci\u00f3n social El acceso de las mujeres a los espacios [\u2026]\" \/>\n<meta property=\"og:url\" content=\"https:\/\/observatori-igualtat.es\/arees-dintervencio\/participacio-sociocomunitaria\/\" \/>\n<meta property=\"og:site_name\" content=\"Observatori per a la igualtat\" \/>\n<meta property=\"article:publisher\" content=\"https:\/\/www.facebook.com\/institutbaleardeladona\" \/>\n<meta property=\"article:modified_time\" content=\"2025-11-25T08:53:05+00:00\" \/>\n<meta property=\"og:image\" content=\"https:\/\/observatori-igualtat.es\/wp-content\/uploads\/2021\/12\/icona-5A.png\" \/>\n\t<meta property=\"og:image:width\" content=\"183\" \/>\n\t<meta property=\"og:image:height\" content=\"166\" \/>\n\t<meta property=\"og:image:type\" content=\"image\/png\" \/>\n<meta name=\"twitter:card\" content=\"summary_large_image\" \/>\n<meta name=\"twitter:site\" content=\"@IB_Dona\" \/>\n<meta name=\"twitter:label1\" content=\"Tiempo de lectura\" \/>\n\t<meta name=\"twitter:data1\" content=\"2 minutos\" \/>\n<script type=\"application\/ld+json\" class=\"yoast-schema-graph\">{\"@context\":\"https:\/\/schema.org\",\"@graph\":[{\"@type\":\"WebPage\",\"@id\":\"https:\/\/observatori-igualtat.es\/arees-dintervencio\/participacio-sociocomunitaria\/\",\"url\":\"https:\/\/observatori-igualtat.es\/arees-dintervencio\/participacio-sociocomunitaria\/\",\"name\":\"Promoci\u00f3n social - Observatori per a la igualtat\",\"isPartOf\":{\"@id\":\"https:\/\/observatori-igualtat.es\/#website\"},\"primaryImageOfPage\":{\"@id\":\"https:\/\/observatori-igualtat.es\/arees-dintervencio\/participacio-sociocomunitaria\/#primaryimage\"},\"image\":{\"@id\":\"https:\/\/observatori-igualtat.es\/arees-dintervencio\/participacio-sociocomunitaria\/#primaryimage\"},\"thumbnailUrl\":\"https:\/\/observatori-igualtat.es\/wp-content\/uploads\/2021\/12\/icona-5A.png\",\"datePublished\":\"2022-02-02T15:18:54+00:00\",\"dateModified\":\"2025-11-25T08:53:05+00:00\",\"breadcrumb\":{\"@id\":\"https:\/\/observatori-igualtat.es\/arees-dintervencio\/participacio-sociocomunitaria\/#breadcrumb\"},\"inLanguage\":\"es\",\"potentialAction\":[{\"@type\":\"ReadAction\",\"target\":[\"https:\/\/observatori-igualtat.es\/arees-dintervencio\/participacio-sociocomunitaria\/\"]}]},{\"@type\":\"ImageObject\",\"inLanguage\":\"es\",\"@id\":\"https:\/\/observatori-igualtat.es\/arees-dintervencio\/participacio-sociocomunitaria\/#primaryimage\",\"url\":\"https:\/\/observatori-igualtat.es\/wp-content\/uploads\/2021\/12\/icona-5A.png\",\"contentUrl\":\"https:\/\/observatori-igualtat.es\/wp-content\/uploads\/2021\/12\/icona-5A.png\",\"width\":183,\"height\":166},{\"@type\":\"BreadcrumbList\",\"@id\":\"https:\/\/observatori-igualtat.es\/arees-dintervencio\/participacio-sociocomunitaria\/#breadcrumb\",\"itemListElement\":[{\"@type\":\"ListItem\",\"position\":1,\"name\":\"Portada\",\"item\":\"https:\/\/observatori-igualtat.es\/es\/\"},{\"@type\":\"ListItem\",\"position\":2,\"name\":\"\u00c1reas de intervenci\u00f3n\",\"item\":\"https:\/\/observatori-igualtat.es\/arees-dintervencio\/\"},{\"@type\":\"ListItem\",\"position\":3,\"name\":\"Promoci\u00f3n social\"}]},{\"@type\":\"WebSite\",\"@id\":\"https:\/\/observatori-igualtat.es\/#website\",\"url\":\"https:\/\/observatori-igualtat.es\/\",\"name\":\"Observatori per a la igualtat\",\"description\":\"\",\"publisher\":{\"@id\":\"https:\/\/observatori-igualtat.es\/#organization\"},\"potentialAction\":[{\"@type\":\"SearchAction\",\"target\":{\"@type\":\"EntryPoint\",\"urlTemplate\":\"https:\/\/observatori-igualtat.es\/?s={search_term_string}\"},\"query-input\":{\"@type\":\"PropertyValueSpecification\",\"valueRequired\":true,\"valueName\":\"search_term_string\"}}],\"inLanguage\":\"es\"},{\"@type\":\"Organization\",\"@id\":\"https:\/\/observatori-igualtat.es\/#organization\",\"name\":\"Observatori per a la igualtat\",\"url\":\"https:\/\/observatori-igualtat.es\/\",\"logo\":{\"@type\":\"ImageObject\",\"inLanguage\":\"es\",\"@id\":\"https:\/\/observatori-igualtat.es\/#\/schema\/logo\/image\/\",\"url\":\"https:\/\/observatori-igualtat.es\/wp-content\/uploads\/2021\/11\/cropped-lupa-icon.png\",\"contentUrl\":\"https:\/\/observatori-igualtat.es\/wp-content\/uploads\/2021\/11\/cropped-lupa-icon.png\",\"width\":512,\"height\":512,\"caption\":\"Observatori per a la igualtat\"},\"image\":{\"@id\":\"https:\/\/observatori-igualtat.es\/#\/schema\/logo\/image\/\"},\"sameAs\":[\"https:\/\/www.facebook.com\/institutbaleardeladona\",\"https:\/\/x.com\/IB_Dona\",\"https:\/\/www.instagram.com\/ib_dona\",\"https:\/\/www.youtube.com\/channel\/UC8SGWsVp4ABV3Ljo3rb_EGw\"]}]}<\/script>\n<!-- \/ Yoast SEO plugin. -->","yoast_head_json":{"title":"Promoci\u00f3n social - Observatori per a la igualtat","robots":{"index":"index","follow":"follow","max-snippet":"max-snippet:-1","max-image-preview":"max-image-preview:large","max-video-preview":"max-video-preview:-1"},"canonical":"https:\/\/observatori-igualtat.es\/arees-dintervencio\/participacio-sociocomunitaria\/","og_locale":"es_ES","og_type":"article","og_title":"Promoci\u00f3n social - Observatori per a la igualtat","og_description":"VIOLENCIA MACHISTA SITUACI\u00d3N LABORAL IMAGEN P\u00daBLICA DE LAS MUJERES PARTICIPACI\u00d3N POL\u00cdTICA PROMOCI\u00d3N SOCIAL EDUCACI\u00d3N SALUD NORMATIVA Promoci\u00f3n social El acceso de las mujeres a los espacios [\u2026]","og_url":"https:\/\/observatori-igualtat.es\/arees-dintervencio\/participacio-sociocomunitaria\/","og_site_name":"Observatori per a la igualtat","article_publisher":"https:\/\/www.facebook.com\/institutbaleardeladona","article_modified_time":"2025-11-25T08:53:05+00:00","og_image":[{"width":183,"height":166,"url":"https:\/\/observatori-igualtat.es\/wp-content\/uploads\/2021\/12\/icona-5A.png","type":"image\/png"}],"twitter_card":"summary_large_image","twitter_site":"@IB_Dona","twitter_misc":{"Tiempo de lectura":"2 minutos"},"schema":{"@context":"https:\/\/schema.org","@graph":[{"@type":"WebPage","@id":"https:\/\/observatori-igualtat.es\/arees-dintervencio\/participacio-sociocomunitaria\/","url":"https:\/\/observatori-igualtat.es\/arees-dintervencio\/participacio-sociocomunitaria\/","name":"Promoci\u00f3n social - Observatori per a la igualtat","isPartOf":{"@id":"https:\/\/observatori-igualtat.es\/#website"},"primaryImageOfPage":{"@id":"https:\/\/observatori-igualtat.es\/arees-dintervencio\/participacio-sociocomunitaria\/#primaryimage"},"image":{"@id":"https:\/\/observatori-igualtat.es\/arees-dintervencio\/participacio-sociocomunitaria\/#primaryimage"},"thumbnailUrl":"https:\/\/observatori-igualtat.es\/wp-content\/uploads\/2021\/12\/icona-5A.png","datePublished":"2022-02-02T15:18:54+00:00","dateModified":"2025-11-25T08:53:05+00:00","breadcrumb":{"@id":"https:\/\/observatori-igualtat.es\/arees-dintervencio\/participacio-sociocomunitaria\/#breadcrumb"},"inLanguage":"es","potentialAction":[{"@type":"ReadAction","target":["https:\/\/observatori-igualtat.es\/arees-dintervencio\/participacio-sociocomunitaria\/"]}]},{"@type":"ImageObject","inLanguage":"es","@id":"https:\/\/observatori-igualtat.es\/arees-dintervencio\/participacio-sociocomunitaria\/#primaryimage","url":"https:\/\/observatori-igualtat.es\/wp-content\/uploads\/2021\/12\/icona-5A.png","contentUrl":"https:\/\/observatori-igualtat.es\/wp-content\/uploads\/2021\/12\/icona-5A.png","width":183,"height":166},{"@type":"BreadcrumbList","@id":"https:\/\/observatori-igualtat.es\/arees-dintervencio\/participacio-sociocomunitaria\/#breadcrumb","itemListElement":[{"@type":"ListItem","position":1,"name":"Portada","item":"https:\/\/observatori-igualtat.es\/es\/"},{"@type":"ListItem","position":2,"name":"\u00c1reas de intervenci\u00f3n","item":"https:\/\/observatori-igualtat.es\/arees-dintervencio\/"},{"@type":"ListItem","position":3,"name":"Promoci\u00f3n social"}]},{"@type":"WebSite","@id":"https:\/\/observatori-igualtat.es\/#website","url":"https:\/\/observatori-igualtat.es\/","name":"Observatori per a la igualtat","description":"","publisher":{"@id":"https:\/\/observatori-igualtat.es\/#organization"},"potentialAction":[{"@type":"SearchAction","target":{"@type":"EntryPoint","urlTemplate":"https:\/\/observatori-igualtat.es\/?s={search_term_string}"},"query-input":{"@type":"PropertyValueSpecification","valueRequired":true,"valueName":"search_term_string"}}],"inLanguage":"es"},{"@type":"Organization","@id":"https:\/\/observatori-igualtat.es\/#organization","name":"Observatori per a la igualtat","url":"https:\/\/observatori-igualtat.es\/","logo":{"@type":"ImageObject","inLanguage":"es","@id":"https:\/\/observatori-igualtat.es\/#\/schema\/logo\/image\/","url":"https:\/\/observatori-igualtat.es\/wp-content\/uploads\/2021\/11\/cropped-lupa-icon.png","contentUrl":"https:\/\/observatori-igualtat.es\/wp-content\/uploads\/2021\/11\/cropped-lupa-icon.png","width":512,"height":512,"caption":"Observatori per a la igualtat"},"image":{"@id":"https:\/\/observatori-igualtat.es\/#\/schema\/logo\/image\/"},"sameAs":["https:\/\/www.facebook.com\/institutbaleardeladona","https:\/\/x.com\/IB_Dona","https:\/\/www.instagram.com\/ib_dona","https:\/\/www.youtube.com\/channel\/UC8SGWsVp4ABV3Ljo3rb_EGw"]}]}},"_links":{"self":[{"href":"https:\/\/observatori-igualtat.es\/es\/wp-json\/wp\/v2\/pages\/1318","targetHints":{"allow":["GET"]}}],"collection":[{"href":"https:\/\/observatori-igualtat.es\/es\/wp-json\/wp\/v2\/pages"}],"about":[{"href":"https:\/\/observatori-igualtat.es\/es\/wp-json\/wp\/v2\/types\/page"}],"author":[{"embeddable":true,"href":"https:\/\/observatori-igualtat.es\/es\/wp-json\/wp\/v2\/users\/2"}],"replies":[{"embeddable":true,"href":"https:\/\/observatori-igualtat.es\/es\/wp-json\/wp\/v2\/comments?post=1318"}],"version-history":[{"count":5,"href":"https:\/\/observatori-igualtat.es\/es\/wp-json\/wp\/v2\/pages\/1318\/revisions"}],"predecessor-version":[{"id":14792,"href":"https:\/\/observatori-igualtat.es\/es\/wp-json\/wp\/v2\/pages\/1318\/revisions\/14792"}],"up":[{"embeddable":true,"href":"https:\/\/observatori-igualtat.es\/es\/wp-json\/wp\/v2\/pages\/1308"}],"wp:featuredmedia":[{"embeddable":true,"href":"https:\/\/observatori-igualtat.es\/es\/wp-json\/wp\/v2\/media\/1092"}],"wp:attachment":[{"href":"https:\/\/observatori-igualtat.es\/es\/wp-json\/wp\/v2\/media?parent=1318"}],"curies":[{"name":"wp","href":"https:\/\/api.w.org\/{rel}","templated":true}]}}