{"id":1321,"date":"2022-02-02T15:19:07","date_gmt":"2022-02-02T15:19:07","guid":{"rendered":"http:\/\/observatori-igualtat.es\/areas-de-intervencion\/salud\/"},"modified":"2026-01-12T10:03:34","modified_gmt":"2026-01-12T09:03:34","slug":"salud","status":"publish","type":"page","link":"https:\/\/observatori-igualtat.es\/es\/areas-de-intervencion\/salud\/","title":{"rendered":"Salud"},"content":{"rendered":"\t\t<div data-elementor-type=\"wp-page\" data-elementor-id=\"1321\" class=\"elementor elementor-1321 elementor-894\" data-elementor-post-type=\"page\">\r\n\t\t\t\t\t\t<section class=\"elementor-section elementor-top-section elementor-element elementor-element-9b1b255 elementor-section-boxed elementor-section-height-default elementor-section-height-default\" data-id=\"9b1b255\" data-element_type=\"section\">\r\n\t\t\t\t\t\t<div class=\"elementor-container elementor-column-gap-default\">\r\n\t\t\t\t\t<div class=\"elementor-column elementor-col-12 elementor-top-column elementor-element elementor-element-3baf525\" data-id=\"3baf525\" data-element_type=\"column\">\r\n\t\t\t<div class=\"elementor-widget-wrap elementor-element-populated\">\r\n\t\t\t\t\t\t<div class=\"elementor-element elementor-element-a6ab4c0 elementor-widget elementor-widget-mfn_hover_box\" data-id=\"a6ab4c0\" data-element_type=\"widget\" data-widget_type=\"mfn_hover_box.default\">\r\n\t\t\t\t<div class=\"elementor-widget-container\">\r\n\t\t\t<div class=\"hover_box\"><a href=\"\/es\/areas-de-intervencion\/violencia-machista\/\"  title=\"\"><div class=\"hover_box_wrapper\"><img decoding=\"async\" class=\"scale-with-grid visible_photo\" src=\"https:\/\/observatori-igualtat.es\/wp-content\/uploads\/2021\/12\/icona-1.png\" alt=\"icona-1\" width=\"183\" height=\"166\"\/><img decoding=\"async\" class=\"scale-with-grid hidden_photo\" src=\"https:\/\/observatori-igualtat.es\/wp-content\/uploads\/2021\/12\/icona-1A.png\" alt=\"icona-1A\" width=\"183\" height=\"166\"\/><\/div><\/a><\/div>\n\t\t<\/div>\r\n\t\t\t\t<\/div>\r\n\t\t\t\t<div class=\"elementor-element elementor-element-7305dbd elementor-widget elementor-widget-heading\" data-id=\"7305dbd\" data-element_type=\"widget\" data-widget_type=\"heading.default\">\r\n\t\t\t\t<div class=\"elementor-widget-container\">\r\n\t\t\t<h3 class=\"elementor-heading-title elementor-size-default\"><a href=\"https:\/\/observatori-igualtat.es\/es\/areas-de-intervencion\/violencia-machista\/\">VIOLENCIA MACHISTA<\/a><\/h3>\t\t<\/div>\r\n\t\t\t\t<\/div>\r\n\t\t\t\t\t<\/div>\r\n\t\t<\/div>\r\n\t\t\t\t<div class=\"elementor-column elementor-col-12 elementor-top-column elementor-element elementor-element-a82860f\" data-id=\"a82860f\" data-element_type=\"column\">\r\n\t\t\t<div class=\"elementor-widget-wrap elementor-element-populated\">\r\n\t\t\t\t\t\t<div class=\"elementor-element elementor-element-812f2ab elementor-widget elementor-widget-mfn_hover_box\" data-id=\"812f2ab\" data-element_type=\"widget\" data-widget_type=\"mfn_hover_box.default\">\r\n\t\t\t\t<div class=\"elementor-widget-container\">\r\n\t\t\t<div class=\"hover_box\"><a href=\"\/es\/areas-de-intervencion\/situacion-laboral\/\"  title=\"\"><div class=\"hover_box_wrapper\"><img decoding=\"async\" class=\"scale-with-grid visible_photo\" src=\"https:\/\/observatori-igualtat.es\/wp-content\/uploads\/2021\/12\/icona-2.png\" alt=\"icona-2\" width=\"183\" height=\"166\"\/><img loading=\"lazy\" decoding=\"async\" class=\"scale-with-grid hidden_photo\" src=\"https:\/\/observatori-igualtat.es\/wp-content\/uploads\/2021\/12\/icona-2A.png\" alt=\"icona-2A\" width=\"183\" height=\"166\"\/><\/div><\/a><\/div>\n\t\t<\/div>\r\n\t\t\t\t<\/div>\r\n\t\t\t\t<div class=\"elementor-element elementor-element-8e0c214 elementor-widget elementor-widget-heading\" data-id=\"8e0c214\" data-element_type=\"widget\" data-widget_type=\"heading.default\">\r\n\t\t\t\t<div class=\"elementor-widget-container\">\r\n\t\t\t<h3 class=\"elementor-heading-title elementor-size-default\"><a href=\"https:\/\/observatori-igualtat.es\/es\/areas-de-intervencion\/situacion-laboral\/\">SITUACI\u00d3N LABORAL<\/a><\/h3>\t\t<\/div>\r\n\t\t\t\t<\/div>\r\n\t\t\t\t\t<\/div>\r\n\t\t<\/div>\r\n\t\t\t\t<div class=\"elementor-column elementor-col-12 elementor-top-column elementor-element elementor-element-fb8419e\" data-id=\"fb8419e\" data-element_type=\"column\">\r\n\t\t\t<div class=\"elementor-widget-wrap elementor-element-populated\">\r\n\t\t\t\t\t\t<div class=\"elementor-element elementor-element-730e7c0 elementor-widget elementor-widget-mfn_hover_box\" data-id=\"730e7c0\" data-element_type=\"widget\" data-widget_type=\"mfn_hover_box.default\">\r\n\t\t\t\t<div class=\"elementor-widget-container\">\r\n\t\t\t<div class=\"hover_box\"><a href=\"\/es\/areas-de-intervencion\/imagen-publica-de-las-mujeres\/\"  title=\"\"><div class=\"hover_box_wrapper\"><img loading=\"lazy\" decoding=\"async\" class=\"scale-with-grid visible_photo\" src=\"https:\/\/observatori-igualtat.es\/wp-content\/uploads\/2021\/12\/icona-3.png\" alt=\"icona-3\" width=\"183\" height=\"166\"\/><img loading=\"lazy\" decoding=\"async\" class=\"scale-with-grid hidden_photo\" src=\"https:\/\/observatori-igualtat.es\/wp-content\/uploads\/2021\/12\/icona-3A.png\" alt=\"icona-3A\" width=\"183\" height=\"166\"\/><\/div><\/a><\/div>\n\t\t<\/div>\r\n\t\t\t\t<\/div>\r\n\t\t\t\t<div class=\"elementor-element elementor-element-dc56eaa elementor-widget elementor-widget-heading\" data-id=\"dc56eaa\" data-element_type=\"widget\" data-widget_type=\"heading.default\">\r\n\t\t\t\t<div class=\"elementor-widget-container\">\r\n\t\t\t<h3 class=\"elementor-heading-title elementor-size-default\"><a href=\"https:\/\/observatori-igualtat.es\/es\/areas-de-intervencion\/imagen-publica-de-las-mujeres\/\">IMAGEN P\u00daBLICA DE LAS MUJERES<\/a><\/h3>\t\t<\/div>\r\n\t\t\t\t<\/div>\r\n\t\t\t\t\t<\/div>\r\n\t\t<\/div>\r\n\t\t\t\t<div class=\"elementor-column elementor-col-12 elementor-top-column elementor-element elementor-element-c064a6d\" data-id=\"c064a6d\" data-element_type=\"column\">\r\n\t\t\t<div class=\"elementor-widget-wrap elementor-element-populated\">\r\n\t\t\t\t\t\t<div class=\"elementor-element elementor-element-fb4aedc elementor-widget elementor-widget-mfn_hover_box\" data-id=\"fb4aedc\" data-element_type=\"widget\" data-widget_type=\"mfn_hover_box.default\">\r\n\t\t\t\t<div class=\"elementor-widget-container\">\r\n\t\t\t<div class=\"hover_box\"><a href=\"\/es\/areas-de-intervencion\/participacion-politica\/\"  title=\"\"><div class=\"hover_box_wrapper\"><img loading=\"lazy\" decoding=\"async\" class=\"scale-with-grid visible_photo\" src=\"https:\/\/observatori-igualtat.es\/wp-content\/uploads\/2021\/12\/icona-4.png\" alt=\"icona-4\" width=\"183\" height=\"166\"\/><img loading=\"lazy\" decoding=\"async\" class=\"scale-with-grid hidden_photo\" src=\"https:\/\/observatori-igualtat.es\/wp-content\/uploads\/2021\/12\/icona-4A.png\" alt=\"icona-4A\" width=\"183\" height=\"166\"\/><\/div><\/a><\/div>\n\t\t<\/div>\r\n\t\t\t\t<\/div>\r\n\t\t\t\t<div class=\"elementor-element elementor-element-adafed2 elementor-widget elementor-widget-heading\" data-id=\"adafed2\" data-element_type=\"widget\" data-widget_type=\"heading.default\">\r\n\t\t\t\t<div class=\"elementor-widget-container\">\r\n\t\t\t<h3 class=\"elementor-heading-title elementor-size-default\"><a href=\"https:\/\/observatori-igualtat.es\/es\/areas-de-intervencion\/participacion-politica\/\">PARTICIPACI\u00d3N POL\u00cdTICA<\/a><\/h3>\t\t<\/div>\r\n\t\t\t\t<\/div>\r\n\t\t\t\t\t<\/div>\r\n\t\t<\/div>\r\n\t\t\t\t<div class=\"elementor-column elementor-col-12 elementor-top-column elementor-element elementor-element-1a8f6c9\" data-id=\"1a8f6c9\" data-element_type=\"column\">\r\n\t\t\t<div class=\"elementor-widget-wrap elementor-element-populated\">\r\n\t\t\t\t\t\t<div class=\"elementor-element elementor-element-575283c elementor-widget elementor-widget-mfn_hover_box\" data-id=\"575283c\" data-element_type=\"widget\" data-widget_type=\"mfn_hover_box.default\">\r\n\t\t\t\t<div class=\"elementor-widget-container\">\r\n\t\t\t<div class=\"hover_box\"><a href=\"\/es\/areas-de-intervencion\/promocion-social\/\"  title=\"\"><div class=\"hover_box_wrapper\"><img loading=\"lazy\" decoding=\"async\" class=\"scale-with-grid visible_photo\" src=\"https:\/\/observatori-igualtat.es\/wp-content\/uploads\/2021\/12\/icona-5.png\" alt=\"icona-5\" width=\"183\" height=\"166\"\/><img loading=\"lazy\" decoding=\"async\" class=\"scale-with-grid hidden_photo\" src=\"https:\/\/observatori-igualtat.es\/wp-content\/uploads\/2021\/12\/icona-5A.png\" alt=\"icona-5A\" width=\"183\" height=\"166\"\/><\/div><\/a><\/div>\n\t\t<\/div>\r\n\t\t\t\t<\/div>\r\n\t\t\t\t<div class=\"elementor-element elementor-element-a0c8afd elementor-widget elementor-widget-heading\" data-id=\"a0c8afd\" data-element_type=\"widget\" data-widget_type=\"heading.default\">\r\n\t\t\t\t<div class=\"elementor-widget-container\">\r\n\t\t\t<h3 class=\"elementor-heading-title elementor-size-default\"><a href=\"https:\/\/observatori-igualtat.es\/es\/areas-de-intervencion\/promocion-social\/\">PROMOCI\u00d3N SOCIAL<\/a><\/h3>\t\t<\/div>\r\n\t\t\t\t<\/div>\r\n\t\t\t\t\t<\/div>\r\n\t\t<\/div>\r\n\t\t\t\t<div class=\"elementor-column elementor-col-12 elementor-top-column elementor-element elementor-element-c24dc26\" data-id=\"c24dc26\" data-element_type=\"column\">\r\n\t\t\t<div class=\"elementor-widget-wrap elementor-element-populated\">\r\n\t\t\t\t\t\t<div class=\"elementor-element elementor-element-a454278 elementor-widget elementor-widget-mfn_hover_box\" data-id=\"a454278\" data-element_type=\"widget\" data-widget_type=\"mfn_hover_box.default\">\r\n\t\t\t\t<div class=\"elementor-widget-container\">\r\n\t\t\t<div class=\"hover_box\"><a href=\"\/es\/areas-de-intervencion\/educacion\/\"  title=\"\"><div class=\"hover_box_wrapper\"><img loading=\"lazy\" decoding=\"async\" class=\"scale-with-grid visible_photo\" src=\"https:\/\/observatori-igualtat.es\/wp-content\/uploads\/2021\/12\/icona-6.png\" alt=\"icona-6\" width=\"164\" height=\"166\"\/><img loading=\"lazy\" decoding=\"async\" class=\"scale-with-grid hidden_photo\" src=\"https:\/\/observatori-igualtat.es\/wp-content\/uploads\/2021\/12\/icona-6A.png\" alt=\"icona-6A\" width=\"164\" height=\"166\"\/><\/div><\/a><\/div>\n\t\t<\/div>\r\n\t\t\t\t<\/div>\r\n\t\t\t\t<div class=\"elementor-element elementor-element-6c7dcc1 elementor-widget elementor-widget-heading\" data-id=\"6c7dcc1\" data-element_type=\"widget\" data-widget_type=\"heading.default\">\r\n\t\t\t\t<div class=\"elementor-widget-container\">\r\n\t\t\t<h3 class=\"elementor-heading-title elementor-size-default\"><a href=\"https:\/\/observatori-igualtat.es\/es\/areas-de-intervencion\/educacion\/\">EDUCACI\u00d3N<\/a><\/h3>\t\t<\/div>\r\n\t\t\t\t<\/div>\r\n\t\t\t\t\t<\/div>\r\n\t\t<\/div>\r\n\t\t\t\t<div class=\"elementor-column elementor-col-12 elementor-top-column elementor-element elementor-element-d8e3b22\" data-id=\"d8e3b22\" data-element_type=\"column\">\r\n\t\t\t<div class=\"elementor-widget-wrap elementor-element-populated\">\r\n\t\t\t\t\t\t<div class=\"elementor-element elementor-element-8e62667 elementor-widget elementor-widget-mfn_hover_box\" data-id=\"8e62667\" data-element_type=\"widget\" data-widget_type=\"mfn_hover_box.default\">\r\n\t\t\t\t<div class=\"elementor-widget-container\">\r\n\t\t\t<div class=\"hover_box\"><a href=\"\/es\/areas-de-intervencion\/salud\/\"  title=\"\"><div class=\"hover_box_wrapper\"><img loading=\"lazy\" decoding=\"async\" class=\"scale-with-grid visible_photo\" src=\"https:\/\/observatori-igualtat.es\/wp-content\/uploads\/2021\/12\/icona-7A.png\" alt=\"icona-7A\" width=\"164\" height=\"166\"\/><img loading=\"lazy\" decoding=\"async\" class=\"scale-with-grid hidden_photo\" src=\"https:\/\/observatori-igualtat.es\/wp-content\/uploads\/2021\/12\/icona-7.png\" alt=\"icona-7\" width=\"164\" height=\"166\"\/><\/div><\/a><\/div>\n\t\t<\/div>\r\n\t\t\t\t<\/div>\r\n\t\t\t\t<div class=\"elementor-element elementor-element-8c7001b elementor-widget elementor-widget-heading\" data-id=\"8c7001b\" data-element_type=\"widget\" data-widget_type=\"heading.default\">\r\n\t\t\t\t<div class=\"elementor-widget-container\">\r\n\t\t\t<h3 class=\"elementor-heading-title elementor-size-default\"><a href=\"https:\/\/observatori-igualtat.es\/es\/areas-de-intervencion\/salud\/\">SALUD<\/a><\/h3>\t\t<\/div>\r\n\t\t\t\t<\/div>\r\n\t\t\t\t\t<\/div>\r\n\t\t<\/div>\r\n\t\t\t\t<div class=\"elementor-column elementor-col-12 elementor-top-column elementor-element elementor-element-7764e0e\" data-id=\"7764e0e\" data-element_type=\"column\">\r\n\t\t\t<div class=\"elementor-widget-wrap elementor-element-populated\">\r\n\t\t\t\t\t\t<div class=\"elementor-element elementor-element-8f6dd87 elementor-widget elementor-widget-mfn_hover_box\" data-id=\"8f6dd87\" data-element_type=\"widget\" data-widget_type=\"mfn_hover_box.default\">\r\n\t\t\t\t<div class=\"elementor-widget-container\">\r\n\t\t\t<div class=\"hover_box\"><a href=\"\/es\/areas-de-intervencion\/normativa\/\"  title=\"\"><div class=\"hover_box_wrapper\"><img loading=\"lazy\" decoding=\"async\" class=\"scale-with-grid visible_photo\" src=\"https:\/\/observatori-igualtat.es\/wp-content\/uploads\/2021\/12\/icona-8.png\" alt=\"icona-8\" width=\"164\" height=\"166\"\/><img loading=\"lazy\" decoding=\"async\" class=\"scale-with-grid hidden_photo\" src=\"https:\/\/observatori-igualtat.es\/wp-content\/uploads\/2021\/12\/icona-8A.png\" alt=\"icona-8A\" width=\"164\" height=\"166\"\/><\/div><\/a><\/div>\n\t\t<\/div>\r\n\t\t\t\t<\/div>\r\n\t\t\t\t<div class=\"elementor-element elementor-element-dcefa84 elementor-widget elementor-widget-heading\" data-id=\"dcefa84\" data-element_type=\"widget\" data-widget_type=\"heading.default\">\r\n\t\t\t\t<div class=\"elementor-widget-container\">\r\n\t\t\t<h3 class=\"elementor-heading-title elementor-size-default\"><a href=\"https:\/\/observatori-igualtat.es\/es\/areas-de-intervencion\/normativa\/\">NORMATIVA<\/a><\/h3>\t\t<\/div>\r\n\t\t\t\t<\/div>\r\n\t\t\t\t\t<\/div>\r\n\t\t<\/div>\r\n\t\t\t\t\t<\/div>\r\n\t\t<\/section>\r\n\t\t\t\t<section class=\"elementor-section elementor-top-section elementor-element elementor-element-b328f18 elementor-section-boxed elementor-section-height-default elementor-section-height-default\" data-id=\"b328f18\" data-element_type=\"section\">\r\n\t\t\t\t\t\t<div class=\"elementor-container elementor-column-gap-default\">\r\n\t\t\t\t\t<div class=\"elementor-column elementor-col-100 elementor-top-column elementor-element elementor-element-25b9051\" data-id=\"25b9051\" data-element_type=\"column\">\r\n\t\t\t<div class=\"elementor-widget-wrap elementor-element-populated\">\r\n\t\t\t\t\t\t<div class=\"elementor-element elementor-element-fab0fdc elementor-widget elementor-widget-heading\" data-id=\"fab0fdc\" data-element_type=\"widget\" data-widget_type=\"heading.default\">\r\n\t\t\t\t<div class=\"elementor-widget-container\">\r\n\t\t\t<h2 class=\"elementor-heading-title elementor-size-default\">Salud<\/h2>\t\t<\/div>\r\n\t\t\t\t<\/div>\r\n\t\t\t\t<div class=\"elementor-element elementor-element-5350cc7 elementor-widget elementor-widget-text-editor\" data-id=\"5350cc7\" data-element_type=\"widget\" data-widget_type=\"text-editor.default\">\r\n\t\t\t\t<div class=\"elementor-widget-container\">\r\n\t\t\t\t\t\t\t<p>Las administraciones p\u00fablicas de las Illes Balears deben promover la aplicaci\u00f3n de la transversalizaci\u00f3n de g\u00e9nero en las pol\u00edticas de salud e impulsar pol\u00edticas espec\u00edficas de salud de las mujeres. En el contexto de una sociedad patriarcal, las mujeres han tenido un acceso diferenciado a sus derechos en torno a la salud, por lo cual es necesario abordar los problemas de salud con m\u00e1s incidencia para las mujeres, incluyendo programas de prevenci\u00f3n y prestando una atenci\u00f3n especial en los colectivos m\u00e1s vulnerables.<\/p>\t\t\t\t\t\t<\/div>\r\n\t\t\t\t<\/div>\r\n\t\t\t\t<div class=\"elementor-element elementor-element-eeab241 elementor-widget elementor-widget-text-editor\" data-id=\"eeab241\" data-element_type=\"widget\" data-widget_type=\"text-editor.default\">\r\n\t\t\t\t<div class=\"elementor-widget-container\">\r\n\t\t\t\t\t\t\t<h4>Enlaces<\/h4><div class=\"traductor-textarea form-group\"><div class=\"textarea-desti col-xs-12 col-sm-6\"><ul><li class=\"form-control second-textarea\"><a href=\"https:\/\/www.caib.es\/sites\/salutigenere\/es\/salud_sexual_y_reproductiva-85546\/archivopub.do?ctrl=MCRST456ZI204191&amp;id=204191\">Estrategia Nacional de Salud Sexual y Reproductiva. Ministerio de Sanidad, Pol\u00edtica Social e Igualdad.<\/a><\/li><li><a href=\"https:\/\/www.caib.es\/sites\/salutigenere\/es\/protocolos_de_actuacian\/archivopub.do?ctrl=MCRST456ZI234057&amp;id=234057\">Protocolo de actuaci\u00f3n sanitaria ante la violencia machista en las Illes Balears. Direcci\u00f3n General de Salud P\u00fablica y Participaci\u00f3n, Consejer\u00eda de Salud.<\/a><\/li><li><a href=\"https:\/\/www.caib.es\/sites\/salutigenere\/es\/protocolos_de_actuacian\/archivopub.do?ctrl=MCRST456ZI234055&amp;id=234055\">Protocolo de actuaci\u00f3n sanitaria ante la violencia machista en las Islas Baleares. Gu\u00eda r\u00e1pida. Direcci\u00f3n General de Salud P\u00fablica y Participaci\u00f3n, Consejer\u00eda de Salud.<\/a><\/li><li><a href=\"https:\/\/www.caib.es\/sites\/salutigenere\/es\/violencia_machista_en_la_adolescencia\/archivopub.do?ctrl=MCRST456ZI339645&amp;id=339645\">Protocolo de actuaci\u00f3n ante la violencia machista en la adolescencia. Direcci\u00f3n General de Salud P\u00fablica y Participaci\u00f3n, Consejer\u00eda de Salud.<\/a><\/li><li><a href=\"https:\/\/www.caib.es\/sites\/salutigenere\/es\/mutilacion_genital_femenina-86044\/\">Protocolo de prevenci\u00f3n y atenci\u00f3n a las mujeres y ni\u00f1as sobre la mutilaci\u00f3n genital femenina en las Islas Baleares. Direcci\u00f3n General de Salud P\u00fablica y Participaci\u00f3n, Consejer\u00eda de Salud.<\/a><\/li><li><a href=\"https:\/\/www.ibsalut.es\/es\/servicio-de-salud\/que-es-ibsalut\/planes-y-estrategias\/2302-protocolo-integral-de-atencion-sanitaria-de-personas-trans\">Protocolo integral de atenci\u00f3n sanitaria de personas trans* de las Illes Balears. Consejer\u00eda de Salud.<\/a><\/li><li><a href=\"https:\/\/www.caib.es\/sites\/estrategiacancer\/ca\/programa_de_deteccio_de_cancer_de_mama\/\">Programa de Detecci\u00f3n Temprana del C\u00e1ncer de Mama. Consejer\u00eda de Salud.<\/a><\/li><li><a href=\"https:\/\/www.caib.es\/sites\/salutigenere\/es\/trata_de_mujeres-86042\/archivopub.do?ctrl=MCRST456ZI332931&amp;id=332931\">Actuaci\u00f3n sanitaria frente al tr\u00e1fico con fines de explotaci\u00f3n sexual. Anexo al protocolo com\u00fan para la actuaci\u00f3n sanitaria ante la violencia de g\u00e9nero en el Sistema Nacional de Salud (SNS). Delegaci\u00f3n del Gobierno para la Violencia de G\u00e9nero.<\/a><\/li><li><a href=\"https:\/\/apps.caib.es\/sites\/epidemiologia\/es\/protocol_de_notificacio-43937\/\">Interrupciones voluntarias del embarazo (IVE). Informe Global, 2024. Servicio de Vigilancia en Salud P\u00fablica. Illes Balears.<\/a><\/li><li><a href=\"https:\/\/www.caib.es\/sites\/epidemiologia\/es\/inici-9268\/archivopub.do?ctrl=MCRST337ZI487934&amp;id=487934\">Informe Sida en les Illes Balears. Noviembre 2025. Servicio de Vigilancia en Salud P\u00fablica.<\/a><\/li><li><a href=\"https:\/\/www.caib.es\/sites\/salutigenere\/es\/salud_sexual_y_reproductiva-85546\/archivopub.do?ctrl=MCRST335ZI228848&amp;id=228848\">Gu\u00eda de buenas pr\u00e1cticas en la atenci\u00f3n del embarazo, del puerperio y del periodo neonatal al \u00e1rea de salud maternoinfantil de las Illes Balears. Consejer\u00eda de Salud.<\/a><\/li><li><a href=\"https:\/\/www.caib.es\/sites\/salutigenere\/ca\/salut_sexual_i_reproductiva-85546\/archivopub.do?ctrl=MCRST456ZI204194&amp;id=204194\">Gu\u00eda de pr\u00e1ctica cl\u00ednica de atenci\u00f3n en el embarazo y puerperio. Ministerio de Sanidad.<\/a><\/li><li><a href=\"https:\/\/www.caib.es\/sites\/salutigenere\/ca\/salut_sexual_i_reproductiva-85546\/archivopub.do?ctrl=MCRST456ZI204195&amp;id=204195\">Gu\u00eda de Pr\u00e1ctica Cl\u00ednica sobre la Atenci\u00f3n al Parto Normal. Ministerio de Sanidad.<\/a><\/li><li><a href=\"https:\/\/www.caib.es\/sites\/salutigenere\/es\/portada-29955\/\">P\u00e1gina web de la Coordinaci\u00f3n de Salud y G\u00e9nero. Direcci\u00f3n General de Salud P\u00fablica.<\/a><\/li><\/ul><div class=\"traductor-textarea form-group\"><div class=\"textarea-desti col-xs-12 col-sm-6\">\u00a0<\/div><\/div><\/div><\/div>\t\t\t\t\t\t<\/div>\r\n\t\t\t\t<\/div>\r\n\t\t\t\t\t<\/div>\r\n\t\t<\/div>\r\n\t\t\t\t\t<\/div>\r\n\t\t<\/section>\r\n\t\t\t\t<\/div>\r\n\t\t","protected":false},"excerpt":{"rendered":"<p>VIOLENCIA MACHISTA SITUACI\u00d3N LABORAL IMAGEN P\u00daBLICA DE LAS MUJERES PARTICIPACI\u00d3N POL\u00cdTICA PROMOCI\u00d3N SOCIAL EDUCACI\u00d3N SALUD NORMATIVA Salud Las administraciones p\u00fablicas de las Illes Balears deben promover<span class=\"excerpt-hellip\"> [\u2026]<\/span><\/p>\n","protected":false},"author":2,"featured_media":1094,"parent":1308,"menu_order":0,"comment_status":"closed","ping_status":"closed","template":"","meta":{"inline_featured_image":false,"footnotes":""},"class_list":["post-1321","page","type-page","status-publish","has-post-thumbnail","hentry"],"yoast_head":"<!-- This site is optimized with the Yoast SEO plugin v26.9 - https:\/\/yoast.com\/product\/yoast-seo-wordpress\/ -->\n<title>Salud - Observatori per a la igualtat<\/title>\n<meta name=\"robots\" content=\"index, follow, max-snippet:-1, max-image-preview:large, max-video-preview:-1\" \/>\n<link rel=\"canonical\" href=\"https:\/\/observatori-igualtat.es\/arees-dintervencio\/salut\/\" \/>\n<meta property=\"og:locale\" content=\"es_ES\" \/>\n<meta property=\"og:type\" content=\"article\" \/>\n<meta property=\"og:title\" content=\"Salud - Observatori per a la igualtat\" \/>\n<meta property=\"og:description\" content=\"VIOLENCIA MACHISTA SITUACI\u00d3N LABORAL IMAGEN P\u00daBLICA DE LAS MUJERES PARTICIPACI\u00d3N POL\u00cdTICA PROMOCI\u00d3N SOCIAL EDUCACI\u00d3N SALUD NORMATIVA Salud Las administraciones p\u00fablicas de las Illes Balears deben promover [\u2026]\" \/>\n<meta property=\"og:url\" content=\"https:\/\/observatori-igualtat.es\/arees-dintervencio\/salut\/\" \/>\n<meta property=\"og:site_name\" content=\"Observatori per a la igualtat\" \/>\n<meta property=\"article:publisher\" content=\"https:\/\/www.facebook.com\/institutbaleardeladona\" \/>\n<meta property=\"article:modified_time\" content=\"2026-01-12T09:03:34+00:00\" \/>\n<meta property=\"og:image\" content=\"https:\/\/observatori-igualtat.es\/wp-content\/uploads\/2021\/12\/icona-7A.png\" \/>\n\t<meta property=\"og:image:width\" content=\"164\" \/>\n\t<meta property=\"og:image:height\" content=\"166\" \/>\n\t<meta property=\"og:image:type\" content=\"image\/png\" \/>\n<meta name=\"twitter:card\" content=\"summary_large_image\" \/>\n<meta name=\"twitter:site\" content=\"@IB_Dona\" \/>\n<meta name=\"twitter:label1\" content=\"Tiempo de lectura\" \/>\n\t<meta name=\"twitter:data1\" content=\"2 minutos\" \/>\n<script type=\"application\/ld+json\" class=\"yoast-schema-graph\">{\"@context\":\"https:\/\/schema.org\",\"@graph\":[{\"@type\":\"WebPage\",\"@id\":\"https:\/\/observatori-igualtat.es\/arees-dintervencio\/salut\/\",\"url\":\"https:\/\/observatori-igualtat.es\/arees-dintervencio\/salut\/\",\"name\":\"Salud - Observatori per a la igualtat\",\"isPartOf\":{\"@id\":\"https:\/\/observatori-igualtat.es\/#website\"},\"primaryImageOfPage\":{\"@id\":\"https:\/\/observatori-igualtat.es\/arees-dintervencio\/salut\/#primaryimage\"},\"image\":{\"@id\":\"https:\/\/observatori-igualtat.es\/arees-dintervencio\/salut\/#primaryimage\"},\"thumbnailUrl\":\"https:\/\/observatori-igualtat.es\/wp-content\/uploads\/2021\/12\/icona-7A.png\",\"datePublished\":\"2022-02-02T15:19:07+00:00\",\"dateModified\":\"2026-01-12T09:03:34+00:00\",\"breadcrumb\":{\"@id\":\"https:\/\/observatori-igualtat.es\/arees-dintervencio\/salut\/#breadcrumb\"},\"inLanguage\":\"es\",\"potentialAction\":[{\"@type\":\"ReadAction\",\"target\":[\"https:\/\/observatori-igualtat.es\/arees-dintervencio\/salut\/\"]}]},{\"@type\":\"ImageObject\",\"inLanguage\":\"es\",\"@id\":\"https:\/\/observatori-igualtat.es\/arees-dintervencio\/salut\/#primaryimage\",\"url\":\"https:\/\/observatori-igualtat.es\/wp-content\/uploads\/2021\/12\/icona-7A.png\",\"contentUrl\":\"https:\/\/observatori-igualtat.es\/wp-content\/uploads\/2021\/12\/icona-7A.png\",\"width\":164,\"height\":166},{\"@type\":\"BreadcrumbList\",\"@id\":\"https:\/\/observatori-igualtat.es\/arees-dintervencio\/salut\/#breadcrumb\",\"itemListElement\":[{\"@type\":\"ListItem\",\"position\":1,\"name\":\"Portada\",\"item\":\"https:\/\/observatori-igualtat.es\/es\/\"},{\"@type\":\"ListItem\",\"position\":2,\"name\":\"\u00c1reas de intervenci\u00f3n\",\"item\":\"https:\/\/observatori-igualtat.es\/arees-dintervencio\/\"},{\"@type\":\"ListItem\",\"position\":3,\"name\":\"Salud\"}]},{\"@type\":\"WebSite\",\"@id\":\"https:\/\/observatori-igualtat.es\/#website\",\"url\":\"https:\/\/observatori-igualtat.es\/\",\"name\":\"Observatori per a la igualtat\",\"description\":\"\",\"publisher\":{\"@id\":\"https:\/\/observatori-igualtat.es\/#organization\"},\"potentialAction\":[{\"@type\":\"SearchAction\",\"target\":{\"@type\":\"EntryPoint\",\"urlTemplate\":\"https:\/\/observatori-igualtat.es\/?s={search_term_string}\"},\"query-input\":{\"@type\":\"PropertyValueSpecification\",\"valueRequired\":true,\"valueName\":\"search_term_string\"}}],\"inLanguage\":\"es\"},{\"@type\":\"Organization\",\"@id\":\"https:\/\/observatori-igualtat.es\/#organization\",\"name\":\"Observatori per a la igualtat\",\"url\":\"https:\/\/observatori-igualtat.es\/\",\"logo\":{\"@type\":\"ImageObject\",\"inLanguage\":\"es\",\"@id\":\"https:\/\/observatori-igualtat.es\/#\/schema\/logo\/image\/\",\"url\":\"https:\/\/observatori-igualtat.es\/wp-content\/uploads\/2021\/11\/cropped-lupa-icon.png\",\"contentUrl\":\"https:\/\/observatori-igualtat.es\/wp-content\/uploads\/2021\/11\/cropped-lupa-icon.png\",\"width\":512,\"height\":512,\"caption\":\"Observatori per a la igualtat\"},\"image\":{\"@id\":\"https:\/\/observatori-igualtat.es\/#\/schema\/logo\/image\/\"},\"sameAs\":[\"https:\/\/www.facebook.com\/institutbaleardeladona\",\"https:\/\/x.com\/IB_Dona\",\"https:\/\/www.instagram.com\/ib_dona\",\"https:\/\/www.youtube.com\/channel\/UC8SGWsVp4ABV3Ljo3rb_EGw\"]}]}<\/script>\n<!-- \/ Yoast SEO plugin. -->","yoast_head_json":{"title":"Salud - Observatori per a la igualtat","robots":{"index":"index","follow":"follow","max-snippet":"max-snippet:-1","max-image-preview":"max-image-preview:large","max-video-preview":"max-video-preview:-1"},"canonical":"https:\/\/observatori-igualtat.es\/arees-dintervencio\/salut\/","og_locale":"es_ES","og_type":"article","og_title":"Salud - Observatori per a la igualtat","og_description":"VIOLENCIA MACHISTA SITUACI\u00d3N LABORAL IMAGEN P\u00daBLICA DE LAS MUJERES PARTICIPACI\u00d3N POL\u00cdTICA PROMOCI\u00d3N SOCIAL EDUCACI\u00d3N SALUD NORMATIVA Salud Las administraciones p\u00fablicas de las Illes Balears deben promover [\u2026]","og_url":"https:\/\/observatori-igualtat.es\/arees-dintervencio\/salut\/","og_site_name":"Observatori per a la igualtat","article_publisher":"https:\/\/www.facebook.com\/institutbaleardeladona","article_modified_time":"2026-01-12T09:03:34+00:00","og_image":[{"width":164,"height":166,"url":"https:\/\/observatori-igualtat.es\/wp-content\/uploads\/2021\/12\/icona-7A.png","type":"image\/png"}],"twitter_card":"summary_large_image","twitter_site":"@IB_Dona","twitter_misc":{"Tiempo de lectura":"2 minutos"},"schema":{"@context":"https:\/\/schema.org","@graph":[{"@type":"WebPage","@id":"https:\/\/observatori-igualtat.es\/arees-dintervencio\/salut\/","url":"https:\/\/observatori-igualtat.es\/arees-dintervencio\/salut\/","name":"Salud - Observatori per a la igualtat","isPartOf":{"@id":"https:\/\/observatori-igualtat.es\/#website"},"primaryImageOfPage":{"@id":"https:\/\/observatori-igualtat.es\/arees-dintervencio\/salut\/#primaryimage"},"image":{"@id":"https:\/\/observatori-igualtat.es\/arees-dintervencio\/salut\/#primaryimage"},"thumbnailUrl":"https:\/\/observatori-igualtat.es\/wp-content\/uploads\/2021\/12\/icona-7A.png","datePublished":"2022-02-02T15:19:07+00:00","dateModified":"2026-01-12T09:03:34+00:00","breadcrumb":{"@id":"https:\/\/observatori-igualtat.es\/arees-dintervencio\/salut\/#breadcrumb"},"inLanguage":"es","potentialAction":[{"@type":"ReadAction","target":["https:\/\/observatori-igualtat.es\/arees-dintervencio\/salut\/"]}]},{"@type":"ImageObject","inLanguage":"es","@id":"https:\/\/observatori-igualtat.es\/arees-dintervencio\/salut\/#primaryimage","url":"https:\/\/observatori-igualtat.es\/wp-content\/uploads\/2021\/12\/icona-7A.png","contentUrl":"https:\/\/observatori-igualtat.es\/wp-content\/uploads\/2021\/12\/icona-7A.png","width":164,"height":166},{"@type":"BreadcrumbList","@id":"https:\/\/observatori-igualtat.es\/arees-dintervencio\/salut\/#breadcrumb","itemListElement":[{"@type":"ListItem","position":1,"name":"Portada","item":"https:\/\/observatori-igualtat.es\/es\/"},{"@type":"ListItem","position":2,"name":"\u00c1reas de intervenci\u00f3n","item":"https:\/\/observatori-igualtat.es\/arees-dintervencio\/"},{"@type":"ListItem","position":3,"name":"Salud"}]},{"@type":"WebSite","@id":"https:\/\/observatori-igualtat.es\/#website","url":"https:\/\/observatori-igualtat.es\/","name":"Observatori per a la igualtat","description":"","publisher":{"@id":"https:\/\/observatori-igualtat.es\/#organization"},"potentialAction":[{"@type":"SearchAction","target":{"@type":"EntryPoint","urlTemplate":"https:\/\/observatori-igualtat.es\/?s={search_term_string}"},"query-input":{"@type":"PropertyValueSpecification","valueRequired":true,"valueName":"search_term_string"}}],"inLanguage":"es"},{"@type":"Organization","@id":"https:\/\/observatori-igualtat.es\/#organization","name":"Observatori per a la igualtat","url":"https:\/\/observatori-igualtat.es\/","logo":{"@type":"ImageObject","inLanguage":"es","@id":"https:\/\/observatori-igualtat.es\/#\/schema\/logo\/image\/","url":"https:\/\/observatori-igualtat.es\/wp-content\/uploads\/2021\/11\/cropped-lupa-icon.png","contentUrl":"https:\/\/observatori-igualtat.es\/wp-content\/uploads\/2021\/11\/cropped-lupa-icon.png","width":512,"height":512,"caption":"Observatori per a la igualtat"},"image":{"@id":"https:\/\/observatori-igualtat.es\/#\/schema\/logo\/image\/"},"sameAs":["https:\/\/www.facebook.com\/institutbaleardeladona","https:\/\/x.com\/IB_Dona","https:\/\/www.instagram.com\/ib_dona","https:\/\/www.youtube.com\/channel\/UC8SGWsVp4ABV3Ljo3rb_EGw"]}]}},"_links":{"self":[{"href":"https:\/\/observatori-igualtat.es\/es\/wp-json\/wp\/v2\/pages\/1321","targetHints":{"allow":["GET"]}}],"collection":[{"href":"https:\/\/observatori-igualtat.es\/es\/wp-json\/wp\/v2\/pages"}],"about":[{"href":"https:\/\/observatori-igualtat.es\/es\/wp-json\/wp\/v2\/types\/page"}],"author":[{"embeddable":true,"href":"https:\/\/observatori-igualtat.es\/es\/wp-json\/wp\/v2\/users\/2"}],"replies":[{"embeddable":true,"href":"https:\/\/observatori-igualtat.es\/es\/wp-json\/wp\/v2\/comments?post=1321"}],"version-history":[{"count":8,"href":"https:\/\/observatori-igualtat.es\/es\/wp-json\/wp\/v2\/pages\/1321\/revisions"}],"predecessor-version":[{"id":15710,"href":"https:\/\/observatori-igualtat.es\/es\/wp-json\/wp\/v2\/pages\/1321\/revisions\/15710"}],"up":[{"embeddable":true,"href":"https:\/\/observatori-igualtat.es\/es\/wp-json\/wp\/v2\/pages\/1308"}],"wp:featuredmedia":[{"embeddable":true,"href":"https:\/\/observatori-igualtat.es\/es\/wp-json\/wp\/v2\/media\/1094"}],"wp:attachment":[{"href":"https:\/\/observatori-igualtat.es\/es\/wp-json\/wp\/v2\/media?parent=1321"}],"curies":[{"name":"wp","href":"https:\/\/api.w.org\/{rel}","templated":true}]}}