{"id":1345,"date":"2022-02-02T15:21:14","date_gmt":"2022-02-02T15:21:14","guid":{"rendered":"http:\/\/observatori-igualtat.es\/estadisticas\/"},"modified":"2022-03-10T17:37:55","modified_gmt":"2022-03-10T16:37:55","slug":"estadisticas","status":"publish","type":"page","link":"https:\/\/observatori-igualtat.es\/es\/estadisticas\/","title":{"rendered":"Estad\u00edsticas"},"content":{"rendered":"\t\t<div data-elementor-type=\"wp-page\" data-elementor-id=\"1345\" class=\"elementor elementor-1345 elementor-27\" data-elementor-post-type=\"page\">\r\n\t\t\t\t\t\t<section class=\"elementor-section elementor-top-section elementor-element elementor-element-1ba1c86 elementor-section-boxed elementor-section-height-default elementor-section-height-default\" data-id=\"1ba1c86\" data-element_type=\"section\">\r\n\t\t\t\t\t\t<div class=\"elementor-container elementor-column-gap-default\">\r\n\t\t\t\t\t<div class=\"elementor-column elementor-col-100 elementor-top-column elementor-element elementor-element-033febb\" data-id=\"033febb\" data-element_type=\"column\">\r\n\t\t\t<div class=\"elementor-widget-wrap elementor-element-populated\">\r\n\t\t\t\t\t\t<div class=\"elementor-element elementor-element-eda8b9f elementor-widget elementor-widget-heading\" data-id=\"eda8b9f\" data-element_type=\"widget\" data-widget_type=\"heading.default\">\r\n\t\t\t\t<div class=\"elementor-widget-container\">\r\n\t\t\t<h2 class=\"elementor-heading-title elementor-size-default\">Estad\u00edsticas<\/h2>\t\t<\/div>\r\n\t\t\t\t<\/div>\r\n\t\t\t\t<div class=\"elementor-element elementor-element-b9eab1c elementor-nav-menu__align-center vertical-menu elementor-nav-menu--dropdown-tablet elementor-nav-menu__text-align-aside elementor-nav-menu--toggle elementor-nav-menu--burger elementor-widget elementor-widget-nav-menu\" data-id=\"b9eab1c\" data-element_type=\"widget\" data-settings=\"{&quot;submenu_icon&quot;:{&quot;value&quot;:&quot;&lt;i class=\\&quot;fas fa-chevron-down\\&quot;&gt;&lt;\\\/i&gt;&quot;,&quot;library&quot;:&quot;fa-solid&quot;},&quot;layout&quot;:&quot;horizontal&quot;,&quot;toggle&quot;:&quot;burger&quot;}\" data-widget_type=\"nav-menu.default\">\r\n\t\t\t\t<div class=\"elementor-widget-container\">\r\n\t\t\t\t\t\t<nav aria-label=\"Men\u00fa\" class=\"elementor-nav-menu--main elementor-nav-menu__container elementor-nav-menu--layout-horizontal e--pointer-none\">\r\n\t\t\t\t<ul id=\"menu-1-b9eab1c\" class=\"elementor-nav-menu\"><li class=\"menu-item menu-item-type-post_type menu-item-object-page menu-item-2074\"><a href=\"https:\/\/observatori-igualtat.es\/es\/estadisticas\/violencia-machista\/\" class=\"elementor-item\"><i class=\"_mi _before fa fa-mars\" aria-hidden=\"true\"><\/i><span>Violencia Machista<\/span><\/a><\/li>\n<li class=\"menu-item menu-item-type-post_type menu-item-object-page menu-item-2075\"><a href=\"https:\/\/observatori-igualtat.es\/es\/estadisticas\/situacion-laboral\/\" class=\"elementor-item\"><i class=\"_mi _before fa fa-suitcase\" aria-hidden=\"true\"><\/i><span>Situaci\u00f3n laboral<\/span><\/a><\/li>\n<li class=\"menu-item menu-item-type-post_type menu-item-object-page menu-item-2146\"><a href=\"https:\/\/observatori-igualtat.es\/es\/estadisticas\/imagen-publica-de-las-mujeres\/\" class=\"elementor-item\"><i class=\"_mi _before fa fa-bullhorn\" aria-hidden=\"true\"><\/i><span>Imagen p\u00fablica de las mujeres<\/span><\/a><\/li>\n<li class=\"menu-item menu-item-type-post_type menu-item-object-page menu-item-2147\"><a href=\"https:\/\/observatori-igualtat.es\/es\/estadisticas\/participacion-politica\/\" class=\"elementor-item\"><i class=\"_mi _before far fa-hand-paper\" aria-hidden=\"true\"><\/i><span>Participaci\u00f3n pol\u00edtica<\/span><\/a><\/li>\n<li class=\"menu-item menu-item-type-post_type menu-item-object-page menu-item-2148\"><a href=\"https:\/\/observatori-igualtat.es\/es\/estadisticas\/promocion-social\/\" class=\"elementor-item\"><i class=\"_mi _before far fa-newspaper\" aria-hidden=\"true\"><\/i><span>Promoci\u00f3n social<\/span><\/a><\/li>\n<li class=\"menu-item menu-item-type-post_type menu-item-object-page menu-item-2149\"><a href=\"https:\/\/observatori-igualtat.es\/es\/estadisticas\/salud\/\" class=\"elementor-item\"><i class=\"_mi _before fa fa-heartbeat\" aria-hidden=\"true\"><\/i><span>Salud<\/span><\/a><\/li>\n<li class=\"menu-item menu-item-type-post_type menu-item-object-page menu-item-2150\"><a href=\"https:\/\/observatori-igualtat.es\/es\/estadisticas\/educacion\/\" class=\"elementor-item\"><i class=\"_mi _before fa fa-graduation-cap\" aria-hidden=\"true\"><\/i><span>Educaci\u00f3n<\/span><\/a><\/li>\n<\/ul>\t\t\t<\/nav>\r\n\t\t\t\t\t<div class=\"elementor-menu-toggle\" role=\"button\" tabindex=\"0\" aria-label=\"Alternar men\u00fa\" aria-expanded=\"false\">\r\n\t\t\t<i aria-hidden=\"true\" role=\"presentation\" class=\"elementor-menu-toggle__icon--open eicon-menu-bar\"><\/i><i aria-hidden=\"true\" role=\"presentation\" class=\"elementor-menu-toggle__icon--close eicon-close\"><\/i>\t\t\t<span class=\"elementor-screen-only\">Men\u00fa<\/span>\r\n\t\t<\/div>\r\n\t\t\t\t\t<nav class=\"elementor-nav-menu--dropdown elementor-nav-menu__container\" aria-hidden=\"true\">\r\n\t\t\t\t<ul id=\"menu-2-b9eab1c\" class=\"elementor-nav-menu\"><li class=\"menu-item menu-item-type-post_type menu-item-object-page menu-item-2074\"><a href=\"https:\/\/observatori-igualtat.es\/es\/estadisticas\/violencia-machista\/\" class=\"elementor-item\" tabindex=\"-1\"><i class=\"_mi _before fa fa-mars\" aria-hidden=\"true\"><\/i><span>Violencia Machista<\/span><\/a><\/li>\n<li class=\"menu-item menu-item-type-post_type menu-item-object-page menu-item-2075\"><a href=\"https:\/\/observatori-igualtat.es\/es\/estadisticas\/situacion-laboral\/\" class=\"elementor-item\" tabindex=\"-1\"><i class=\"_mi _before fa fa-suitcase\" aria-hidden=\"true\"><\/i><span>Situaci\u00f3n laboral<\/span><\/a><\/li>\n<li class=\"menu-item menu-item-type-post_type menu-item-object-page menu-item-2146\"><a href=\"https:\/\/observatori-igualtat.es\/es\/estadisticas\/imagen-publica-de-las-mujeres\/\" class=\"elementor-item\" tabindex=\"-1\"><i class=\"_mi _before fa fa-bullhorn\" aria-hidden=\"true\"><\/i><span>Imagen p\u00fablica de las mujeres<\/span><\/a><\/li>\n<li class=\"menu-item menu-item-type-post_type menu-item-object-page menu-item-2147\"><a href=\"https:\/\/observatori-igualtat.es\/es\/estadisticas\/participacion-politica\/\" class=\"elementor-item\" tabindex=\"-1\"><i class=\"_mi _before far fa-hand-paper\" aria-hidden=\"true\"><\/i><span>Participaci\u00f3n pol\u00edtica<\/span><\/a><\/li>\n<li class=\"menu-item menu-item-type-post_type menu-item-object-page menu-item-2148\"><a href=\"https:\/\/observatori-igualtat.es\/es\/estadisticas\/promocion-social\/\" class=\"elementor-item\" tabindex=\"-1\"><i class=\"_mi _before far fa-newspaper\" aria-hidden=\"true\"><\/i><span>Promoci\u00f3n social<\/span><\/a><\/li>\n<li class=\"menu-item menu-item-type-post_type menu-item-object-page menu-item-2149\"><a href=\"https:\/\/observatori-igualtat.es\/es\/estadisticas\/salud\/\" class=\"elementor-item\" tabindex=\"-1\"><i class=\"_mi _before fa fa-heartbeat\" aria-hidden=\"true\"><\/i><span>Salud<\/span><\/a><\/li>\n<li class=\"menu-item menu-item-type-post_type menu-item-object-page menu-item-2150\"><a href=\"https:\/\/observatori-igualtat.es\/es\/estadisticas\/educacion\/\" class=\"elementor-item\" tabindex=\"-1\"><i class=\"_mi _before fa fa-graduation-cap\" aria-hidden=\"true\"><\/i><span>Educaci\u00f3n<\/span><\/a><\/li>\n<\/ul>\t\t\t<\/nav>\r\n\t\t\t\t<\/div>\r\n\t\t\t\t<\/div>\r\n\t\t\t\t<div class=\"elementor-element elementor-element-164ae13 elementor-widget elementor-widget-text-editor\" data-id=\"164ae13\" data-element_type=\"widget\" data-widget_type=\"text-editor.default\">\r\n\t\t\t\t<div class=\"elementor-widget-container\">\r\n\t\t\t\t\t\t\t<p id=\"tw-target-text\" class=\"tw-data-text tw-text-large tw-ta\" dir=\"ltr\" data-placeholder=\"Traducci\u00f3n\"><span class=\"Y2IQFc\" lang=\"es\">Pulse sobre el men\u00fa para ver las estad\u00edsticas<\/span><\/p>\t\t\t\t\t\t<\/div>\r\n\t\t\t\t<\/div>\r\n\t\t\t\t<div class=\"elementor-element elementor-element-e4ee061 elementor-widget elementor-widget-image\" data-id=\"e4ee061\" data-element_type=\"widget\" data-widget_type=\"image.default\">\r\n\t\t\t\t<div class=\"elementor-widget-container\">\r\n\t\t\t\t\t\t\t\t\t\t\t\t\t<img fetchpriority=\"high\" decoding=\"async\" width=\"1024\" height=\"448\" src=\"https:\/\/observatori-igualtat.es\/wp-content\/uploads\/2021\/12\/slider-01-1024x448.png\" class=\"attachment-large size-large wp-image-1121\" alt=\"\" srcset=\"https:\/\/observatori-igualtat.es\/wp-content\/uploads\/2021\/12\/slider-01-1024x448.png 1024w, https:\/\/observatori-igualtat.es\/wp-content\/uploads\/2021\/12\/slider-01-300x131.png 300w, https:\/\/observatori-igualtat.es\/wp-content\/uploads\/2021\/12\/slider-01-768x336.png 768w, https:\/\/observatori-igualtat.es\/wp-content\/uploads\/2021\/12\/slider-01-1536x672.png 1536w, https:\/\/observatori-igualtat.es\/wp-content\/uploads\/2021\/12\/slider-01-2048x896.png 2048w, https:\/\/observatori-igualtat.es\/wp-content\/uploads\/2021\/12\/slider-01-260x114.png 260w, https:\/\/observatori-igualtat.es\/wp-content\/uploads\/2021\/12\/slider-01-50x22.png 50w, https:\/\/observatori-igualtat.es\/wp-content\/uploads\/2021\/12\/slider-01-150x66.png 150w, https:\/\/observatori-igualtat.es\/wp-content\/uploads\/2021\/12\/slider-01-e1651835673725.png 1000w\" sizes=\"(max-width:767px) 480px, (max-width:1024px) 100vw, 1024px\" \/>\t\t\t\t\t\t\t\t\t\t\t\t\t<\/div>\r\n\t\t\t\t<\/div>\r\n\t\t\t\t\t<\/div>\r\n\t\t<\/div>\r\n\t\t\t\t\t<\/div>\r\n\t\t<\/section>\r\n\t\t\t\t<section class=\"elementor-section elementor-top-section elementor-element elementor-element-fd9421c elementor-section-boxed elementor-section-height-default elementor-section-height-default\" data-id=\"fd9421c\" data-element_type=\"section\">\r\n\t\t\t\t\t\t<div class=\"elementor-container elementor-column-gap-default\">\r\n\t\t\t\t\t<div class=\"elementor-column elementor-col-100 elementor-top-column elementor-element elementor-element-a474df7\" data-id=\"a474df7\" data-element_type=\"column\">\r\n\t\t\t<div class=\"elementor-widget-wrap\">\r\n\t\t\t\t\t\t\t<\/div>\r\n\t\t<\/div>\r\n\t\t\t\t\t<\/div>\r\n\t\t<\/section>\r\n\t\t\t\t<\/div>\r\n\t\t","protected":false},"excerpt":{"rendered":"<p>Estad\u00edsticas Pulse sobre el men\u00fa para ver las estad\u00edsticas<\/p>\n","protected":false},"author":2,"featured_media":0,"parent":0,"menu_order":0,"comment_status":"closed","ping_status":"closed","template":"","meta":{"inline_featured_image":false,"footnotes":""},"class_list":["post-1345","page","type-page","status-publish","hentry"],"yoast_head":"<!-- This site is optimized with the Yoast SEO plugin v26.9 - https:\/\/yoast.com\/product\/yoast-seo-wordpress\/ -->\n<title>Estad\u00edsticas - Observatori per a la igualtat<\/title>\n<meta name=\"robots\" content=\"index, follow, max-snippet:-1, max-image-preview:large, max-video-preview:-1\" \/>\n<link rel=\"canonical\" href=\"https:\/\/observatori-igualtat.es\/estadistiques\/\" \/>\n<meta property=\"og:locale\" content=\"es_ES\" \/>\n<meta property=\"og:type\" content=\"article\" \/>\n<meta property=\"og:title\" content=\"Estad\u00edsticas - Observatori per a la igualtat\" \/>\n<meta property=\"og:description\" content=\"Estad\u00edsticas Pulse sobre el men\u00fa para ver las estad\u00edsticas\" \/>\n<meta property=\"og:url\" content=\"https:\/\/observatori-igualtat.es\/estadistiques\/\" \/>\n<meta property=\"og:site_name\" content=\"Observatori per a la igualtat\" \/>\n<meta property=\"article:publisher\" content=\"https:\/\/www.facebook.com\/institutbaleardeladona\" \/>\n<meta property=\"article:modified_time\" content=\"2022-03-10T16:37:55+00:00\" \/>\n<meta property=\"og:image\" content=\"https:\/\/observatori-igualtat.es\/wp-content\/uploads\/2021\/12\/slider-01.png\" \/>\n\t<meta property=\"og:image:width\" content=\"2481\" \/>\n\t<meta property=\"og:image:height\" content=\"1086\" \/>\n\t<meta property=\"og:image:type\" content=\"image\/png\" \/>\n<meta name=\"twitter:card\" content=\"summary_large_image\" \/>\n<meta name=\"twitter:site\" content=\"@IB_Dona\" \/>\n<script type=\"application\/ld+json\" class=\"yoast-schema-graph\">{\"@context\":\"https:\/\/schema.org\",\"@graph\":[{\"@type\":\"WebPage\",\"@id\":\"https:\/\/observatori-igualtat.es\/estadistiques\/\",\"url\":\"https:\/\/observatori-igualtat.es\/estadistiques\/\",\"name\":\"Estad\u00edsticas - Observatori per a la igualtat\",\"isPartOf\":{\"@id\":\"https:\/\/observatori-igualtat.es\/#website\"},\"primaryImageOfPage\":{\"@id\":\"https:\/\/observatori-igualtat.es\/estadistiques\/#primaryimage\"},\"image\":{\"@id\":\"https:\/\/observatori-igualtat.es\/estadistiques\/#primaryimage\"},\"thumbnailUrl\":\"https:\/\/observatori-igualtat.es\/wp-content\/uploads\/2021\/12\/slider-01-1024x448.png\",\"datePublished\":\"2022-02-02T15:21:14+00:00\",\"dateModified\":\"2022-03-10T16:37:55+00:00\",\"breadcrumb\":{\"@id\":\"https:\/\/observatori-igualtat.es\/estadistiques\/#breadcrumb\"},\"inLanguage\":\"es\",\"potentialAction\":[{\"@type\":\"ReadAction\",\"target\":[\"https:\/\/observatori-igualtat.es\/estadistiques\/\"]}]},{\"@type\":\"ImageObject\",\"inLanguage\":\"es\",\"@id\":\"https:\/\/observatori-igualtat.es\/estadistiques\/#primaryimage\",\"url\":\"https:\/\/observatori-igualtat.es\/wp-content\/uploads\/2021\/12\/slider-01-1024x448.png\",\"contentUrl\":\"https:\/\/observatori-igualtat.es\/wp-content\/uploads\/2021\/12\/slider-01-1024x448.png\"},{\"@type\":\"BreadcrumbList\",\"@id\":\"https:\/\/observatori-igualtat.es\/estadistiques\/#breadcrumb\",\"itemListElement\":[{\"@type\":\"ListItem\",\"position\":1,\"name\":\"Portada\",\"item\":\"https:\/\/observatori-igualtat.es\/es\/\"},{\"@type\":\"ListItem\",\"position\":2,\"name\":\"Estad\u00edsticas\"}]},{\"@type\":\"WebSite\",\"@id\":\"https:\/\/observatori-igualtat.es\/#website\",\"url\":\"https:\/\/observatori-igualtat.es\/\",\"name\":\"Observatori per a la igualtat\",\"description\":\"\",\"publisher\":{\"@id\":\"https:\/\/observatori-igualtat.es\/#organization\"},\"potentialAction\":[{\"@type\":\"SearchAction\",\"target\":{\"@type\":\"EntryPoint\",\"urlTemplate\":\"https:\/\/observatori-igualtat.es\/?s={search_term_string}\"},\"query-input\":{\"@type\":\"PropertyValueSpecification\",\"valueRequired\":true,\"valueName\":\"search_term_string\"}}],\"inLanguage\":\"es\"},{\"@type\":\"Organization\",\"@id\":\"https:\/\/observatori-igualtat.es\/#organization\",\"name\":\"Observatori per a la igualtat\",\"url\":\"https:\/\/observatori-igualtat.es\/\",\"logo\":{\"@type\":\"ImageObject\",\"inLanguage\":\"es\",\"@id\":\"https:\/\/observatori-igualtat.es\/#\/schema\/logo\/image\/\",\"url\":\"https:\/\/observatori-igualtat.es\/wp-content\/uploads\/2021\/11\/cropped-lupa-icon.png\",\"contentUrl\":\"https:\/\/observatori-igualtat.es\/wp-content\/uploads\/2021\/11\/cropped-lupa-icon.png\",\"width\":512,\"height\":512,\"caption\":\"Observatori per a la igualtat\"},\"image\":{\"@id\":\"https:\/\/observatori-igualtat.es\/#\/schema\/logo\/image\/\"},\"sameAs\":[\"https:\/\/www.facebook.com\/institutbaleardeladona\",\"https:\/\/x.com\/IB_Dona\",\"https:\/\/www.instagram.com\/ib_dona\",\"https:\/\/www.youtube.com\/channel\/UC8SGWsVp4ABV3Ljo3rb_EGw\"]}]}<\/script>\n<!-- \/ Yoast SEO plugin. -->","yoast_head_json":{"title":"Estad\u00edsticas - Observatori per a la igualtat","robots":{"index":"index","follow":"follow","max-snippet":"max-snippet:-1","max-image-preview":"max-image-preview:large","max-video-preview":"max-video-preview:-1"},"canonical":"https:\/\/observatori-igualtat.es\/estadistiques\/","og_locale":"es_ES","og_type":"article","og_title":"Estad\u00edsticas - Observatori per a la igualtat","og_description":"Estad\u00edsticas Pulse sobre el men\u00fa para ver las estad\u00edsticas","og_url":"https:\/\/observatori-igualtat.es\/estadistiques\/","og_site_name":"Observatori per a la igualtat","article_publisher":"https:\/\/www.facebook.com\/institutbaleardeladona","article_modified_time":"2022-03-10T16:37:55+00:00","og_image":[{"width":2481,"height":1086,"url":"https:\/\/observatori-igualtat.es\/wp-content\/uploads\/2021\/12\/slider-01.png","type":"image\/png"}],"twitter_card":"summary_large_image","twitter_site":"@IB_Dona","schema":{"@context":"https:\/\/schema.org","@graph":[{"@type":"WebPage","@id":"https:\/\/observatori-igualtat.es\/estadistiques\/","url":"https:\/\/observatori-igualtat.es\/estadistiques\/","name":"Estad\u00edsticas - Observatori per a la igualtat","isPartOf":{"@id":"https:\/\/observatori-igualtat.es\/#website"},"primaryImageOfPage":{"@id":"https:\/\/observatori-igualtat.es\/estadistiques\/#primaryimage"},"image":{"@id":"https:\/\/observatori-igualtat.es\/estadistiques\/#primaryimage"},"thumbnailUrl":"https:\/\/observatori-igualtat.es\/wp-content\/uploads\/2021\/12\/slider-01-1024x448.png","datePublished":"2022-02-02T15:21:14+00:00","dateModified":"2022-03-10T16:37:55+00:00","breadcrumb":{"@id":"https:\/\/observatori-igualtat.es\/estadistiques\/#breadcrumb"},"inLanguage":"es","potentialAction":[{"@type":"ReadAction","target":["https:\/\/observatori-igualtat.es\/estadistiques\/"]}]},{"@type":"ImageObject","inLanguage":"es","@id":"https:\/\/observatori-igualtat.es\/estadistiques\/#primaryimage","url":"https:\/\/observatori-igualtat.es\/wp-content\/uploads\/2021\/12\/slider-01-1024x448.png","contentUrl":"https:\/\/observatori-igualtat.es\/wp-content\/uploads\/2021\/12\/slider-01-1024x448.png"},{"@type":"BreadcrumbList","@id":"https:\/\/observatori-igualtat.es\/estadistiques\/#breadcrumb","itemListElement":[{"@type":"ListItem","position":1,"name":"Portada","item":"https:\/\/observatori-igualtat.es\/es\/"},{"@type":"ListItem","position":2,"name":"Estad\u00edsticas"}]},{"@type":"WebSite","@id":"https:\/\/observatori-igualtat.es\/#website","url":"https:\/\/observatori-igualtat.es\/","name":"Observatori per a la igualtat","description":"","publisher":{"@id":"https:\/\/observatori-igualtat.es\/#organization"},"potentialAction":[{"@type":"SearchAction","target":{"@type":"EntryPoint","urlTemplate":"https:\/\/observatori-igualtat.es\/?s={search_term_string}"},"query-input":{"@type":"PropertyValueSpecification","valueRequired":true,"valueName":"search_term_string"}}],"inLanguage":"es"},{"@type":"Organization","@id":"https:\/\/observatori-igualtat.es\/#organization","name":"Observatori per a la igualtat","url":"https:\/\/observatori-igualtat.es\/","logo":{"@type":"ImageObject","inLanguage":"es","@id":"https:\/\/observatori-igualtat.es\/#\/schema\/logo\/image\/","url":"https:\/\/observatori-igualtat.es\/wp-content\/uploads\/2021\/11\/cropped-lupa-icon.png","contentUrl":"https:\/\/observatori-igualtat.es\/wp-content\/uploads\/2021\/11\/cropped-lupa-icon.png","width":512,"height":512,"caption":"Observatori per a la igualtat"},"image":{"@id":"https:\/\/observatori-igualtat.es\/#\/schema\/logo\/image\/"},"sameAs":["https:\/\/www.facebook.com\/institutbaleardeladona","https:\/\/x.com\/IB_Dona","https:\/\/www.instagram.com\/ib_dona","https:\/\/www.youtube.com\/channel\/UC8SGWsVp4ABV3Ljo3rb_EGw"]}]}},"_links":{"self":[{"href":"https:\/\/observatori-igualtat.es\/es\/wp-json\/wp\/v2\/pages\/1345","targetHints":{"allow":["GET"]}}],"collection":[{"href":"https:\/\/observatori-igualtat.es\/es\/wp-json\/wp\/v2\/pages"}],"about":[{"href":"https:\/\/observatori-igualtat.es\/es\/wp-json\/wp\/v2\/types\/page"}],"author":[{"embeddable":true,"href":"https:\/\/observatori-igualtat.es\/es\/wp-json\/wp\/v2\/users\/2"}],"replies":[{"embeddable":true,"href":"https:\/\/observatori-igualtat.es\/es\/wp-json\/wp\/v2\/comments?post=1345"}],"version-history":[{"count":5,"href":"https:\/\/observatori-igualtat.es\/es\/wp-json\/wp\/v2\/pages\/1345\/revisions"}],"predecessor-version":[{"id":2643,"href":"https:\/\/observatori-igualtat.es\/es\/wp-json\/wp\/v2\/pages\/1345\/revisions\/2643"}],"wp:attachment":[{"href":"https:\/\/observatori-igualtat.es\/es\/wp-json\/wp\/v2\/media?parent=1345"}],"curies":[{"name":"wp","href":"https:\/\/api.w.org\/{rel}","templated":true}]}}