{"id":1351,"date":"2022-02-02T15:22:03","date_gmt":"2022-02-02T15:22:03","guid":{"rendered":"http:\/\/observatori-igualtat.es\/el-observatorio\/"},"modified":"2024-12-13T09:44:35","modified_gmt":"2024-12-13T08:44:35","slug":"el-observatorio","status":"publish","type":"page","link":"https:\/\/observatori-igualtat.es\/es\/el-observatorio\/","title":{"rendered":"Observatorio"},"content":{"rendered":"\t\t<div data-elementor-type=\"wp-page\" data-elementor-id=\"1351\" class=\"elementor elementor-1351 elementor-14\" data-elementor-post-type=\"page\">\r\n\t\t\t\t\t\t<section class=\"elementor-section elementor-top-section elementor-element elementor-element-14d4956 elementor-section-boxed elementor-section-height-default elementor-section-height-default\" data-id=\"14d4956\" data-element_type=\"section\">\r\n\t\t\t\t\t\t<div class=\"elementor-container elementor-column-gap-default\">\r\n\t\t\t\t\t<div class=\"elementor-column elementor-col-100 elementor-top-column elementor-element elementor-element-cf1cb58\" data-id=\"cf1cb58\" data-element_type=\"column\">\r\n\t\t\t<div class=\"elementor-widget-wrap elementor-element-populated\">\r\n\t\t\t\t\t\t<div class=\"elementor-element elementor-element-heading_61b3ca621a8ac elementor-widget elementor-widget-observatori-heading\" data-id=\"heading_61b3ca621a8ac\" data-element_type=\"widget\" data-widget_type=\"observatori-heading.default\">\r\n\t\t\t\t<div class=\"elementor-widget-container\">\r\n\t\t\t<h2 class=\"elementor-heading-title elementor-heading-background elementor-size-default\" id=\"heading_61b3ca621a8ac\">Normativa<\/h2>\t\t<\/div>\r\n\t\t\t\t<\/div>\r\n\t\t\t\t<div class=\"elementor-element elementor-element-07fb5dc elementor-widget elementor-widget-text-editor\" data-id=\"07fb5dc\" data-element_type=\"widget\" data-widget_type=\"text-editor.default\">\r\n\t\t\t\t<div class=\"elementor-widget-container\">\r\n\t\t\t\t\t\t\t<p><a href=\"https:\/\/www.boe.es\/buscar\/pdf\/2016\/BOE-A-2016-7994-consolidado.pdf\">Ley 11\/2006, de 28 de julio, de igualdad de mujeres y hombres<\/a><\/p>\n<p><a href=\"https:\/\/intranet.caib.es\/eboibfront\/eli\/es-ib\/d\/2018\/02\/02\/2\/dof\/spa\/pdf\">Decreto 1\/2018, de 2 de febrero, por el cual se regulan las funciones, la composici\u00f3n, el funcionamiento y las \u00e1reas de intervenci\u00f3n del Observatorio para la Igualdad<\/a><\/p>\n<p><a href=\"https:\/\/observatori-igualtat.es\/wp-content\/uploads\/2022\/06\/Reglament-Observatori_Aprovat-pel-Ple.pdf\">Reglamento interno y normas de funcionamiento del Observatorio para la Igualdad. (Aprobado por el Pleno del Observatorio para la Igualdad el d\u00eda 8 de junio de 2022).<\/a><\/p>\n\t\t\t\t\t\t<\/div>\r\n\t\t\t\t<\/div>\r\n\t\t\t\t\t<\/div>\r\n\t\t<\/div>\r\n\t\t\t\t\t<\/div>\r\n\t\t<\/section>\r\n\t\t\t\t<section class=\"elementor-section elementor-top-section elementor-element elementor-element-6bcd508 elementor-section-boxed elementor-section-height-default elementor-section-height-default\" data-id=\"6bcd508\" data-element_type=\"section\">\r\n\t\t\t\t\t\t<div class=\"elementor-container elementor-column-gap-default\">\r\n\t\t\t\t\t<div class=\"elementor-column elementor-col-100 elementor-top-column elementor-element elementor-element-ecbe666\" data-id=\"ecbe666\" data-element_type=\"column\">\r\n\t\t\t<div class=\"elementor-widget-wrap elementor-element-populated\">\r\n\t\t\t\t\t\t<div class=\"elementor-element elementor-element-heading_61b3ca621b885 elementor-widget elementor-widget-observatori-heading\" data-id=\"heading_61b3ca621b885\" data-element_type=\"widget\" data-widget_type=\"observatori-heading.default\">\r\n\t\t\t\t<div class=\"elementor-widget-container\">\r\n\t\t\t<h2 class=\"elementor-heading-title elementor-heading-background elementor-size-default\" id=\"heading_61b3ca621b885\">\nNaturaleza y adscripci\u00f3n<\/h2>\t\t<\/div>\r\n\t\t\t\t<\/div>\r\n\t\t\t\t<div class=\"elementor-element elementor-element-131c849 elementor-widget elementor-widget-text-editor\" data-id=\"131c849\" data-element_type=\"widget\" data-widget_type=\"text-editor.default\">\r\n\t\t\t\t<div class=\"elementor-widget-container\">\r\n\t\t\t\t\t\t\t<p data-pm-slice=\"1 1 []\">El Observatorio, adscrito al Institut Balear de la Dona, es el \u00f3rgano colegiado asesor y consultivo del Gobierno de les Illes Balears garante del cumplimiento de la ley reguladora de igualdad entre mujeres y hombres en cuanto al trabajo en materia de datos y estad\u00edsticas y la investigaci\u00f3n sobre las desigualdades entre mujeres y hombres.<\/p>\n\t\t\t\t\t\t<\/div>\r\n\t\t\t\t<\/div>\r\n\t\t\t\t\t<\/div>\r\n\t\t<\/div>\r\n\t\t\t\t\t<\/div>\r\n\t\t<\/section>\r\n\t\t\t\t<section class=\"elementor-section elementor-top-section elementor-element elementor-element-8fc897f elementor-section-boxed elementor-section-height-default elementor-section-height-default\" data-id=\"8fc897f\" data-element_type=\"section\">\r\n\t\t\t\t\t\t<div class=\"elementor-container elementor-column-gap-default\">\r\n\t\t\t\t\t<div class=\"elementor-column elementor-col-100 elementor-top-column elementor-element elementor-element-1c5abb1\" data-id=\"1c5abb1\" data-element_type=\"column\">\r\n\t\t\t<div class=\"elementor-widget-wrap elementor-element-populated\">\r\n\t\t\t\t\t\t<div class=\"elementor-element elementor-element-heading_61b3ca621b97f elementor-widget elementor-widget-observatori-heading\" data-id=\"heading_61b3ca621b97f\" data-element_type=\"widget\" data-widget_type=\"observatori-heading.default\">\r\n\t\t\t\t<div class=\"elementor-widget-container\">\r\n\t\t\t<h2 class=\"elementor-heading-title elementor-heading-background elementor-size-default\" id=\"heading_61b3ca621b97f\">Finalidad<\/h2>\t\t<\/div>\r\n\t\t\t\t<\/div>\r\n\t\t\t\t<div class=\"elementor-element elementor-element-dd6b7fb elementor-widget elementor-widget-text-editor\" data-id=\"dd6b7fb\" data-element_type=\"widget\" data-widget_type=\"text-editor.default\">\r\n\t\t\t\t<div class=\"elementor-widget-container\">\r\n\t\t\t\t\t\t\t<p>El Observatorio tiene como finalidad buscar, analizar y difundir informaci\u00f3n peri\u00f3dica y sistem\u00e1tica sobre la evoluci\u00f3n de los indicadores, desglosados por islas, relativos a la igualdad entre ambos sexos, que sirvan para mejorar la toma de decisiones, la planificaci\u00f3n y la evaluaci\u00f3n de las pol\u00edticas p\u00fablicas desde la perspectiva de g\u00e9nero.<\/p>\n<p>Las \u00e1reas de intervenci\u00f3n del Observatorio son la violencia machista, la imagen p\u00fablica de las mujeres, la promoci\u00f3n social de las mujeres, sus procesos de acceso y de participaci\u00f3n social, los \u00e1mbitos de exclusi\u00f3n social de estas, su situaci\u00f3n laboral, los \u00e1mbitos educativos, la sexualidad y la salud de las mujeres.<\/p>\n\t\t\t\t\t\t<\/div>\r\n\t\t\t\t<\/div>\r\n\t\t\t\t\t<\/div>\r\n\t\t<\/div>\r\n\t\t\t\t\t<\/div>\r\n\t\t<\/section>\r\n\t\t\t\t<section class=\"elementor-section elementor-top-section elementor-element elementor-element-f2b5f5d elementor-section-boxed elementor-section-height-default elementor-section-height-default\" data-id=\"f2b5f5d\" data-element_type=\"section\">\r\n\t\t\t\t\t\t<div class=\"elementor-container elementor-column-gap-default\">\r\n\t\t\t\t\t<div class=\"elementor-column elementor-col-100 elementor-top-column elementor-element elementor-element-9b12470\" data-id=\"9b12470\" data-element_type=\"column\">\r\n\t\t\t<div class=\"elementor-widget-wrap elementor-element-populated\">\r\n\t\t\t\t\t\t<div class=\"elementor-element elementor-element-heading_61b3ca621ba66 elementor-widget elementor-widget-observatori-heading\" data-id=\"heading_61b3ca621ba66\" data-element_type=\"widget\" data-widget_type=\"observatori-heading.default\">\r\n\t\t\t\t<div class=\"elementor-widget-container\">\r\n\t\t\t<h2 class=\"elementor-heading-title elementor-heading-background elementor-size-default\" id=\"heading_61b3ca621ba66\">Funciones<\/h2>\t\t<\/div>\r\n\t\t\t\t<\/div>\r\n\t\t\t\t<div class=\"elementor-element elementor-element-966dfe0 elementor-widget elementor-widget-text-editor\" data-id=\"966dfe0\" data-element_type=\"widget\" data-widget_type=\"text-editor.default\">\r\n\t\t\t\t<div class=\"elementor-widget-container\">\r\n\t\t\t\t\t\t\t<p>El Observatorio tiene las funciones siguientes:<\/p>\n<ol>\n<li>Proponer un sistema de indicadores para tomar conocimiento de manera actualizada de la evoluci\u00f3n de las desigualdades entre hombres y mujeres y la violencia machista, y para hacer el seguimiento y la evaluaci\u00f3n.<\/li>\n<li>Analizar la evoluci\u00f3n y los motivos de la persistencia de las desigualdades entre sexos y sexualidades y la violencia machista, e identificar los obst\u00e1culos para la igualdad efectiva entre mujeres y hombres.<\/li>\n<li>Promover la elaboraci\u00f3n de estudios, informas t\u00e9cnicos y evaluaciones comparables, y recopilar y dar a conocer informes elaborados por las universidades, instituciones, organizaciones, corporaciones y entidades de la sociedad civil.<\/li>\n<li>Hacer el seguimiento de la imagen y de los estereotipos de las mujeres y de la banalizaci\u00f3n de la violencia machista en los medios de comunicaci\u00f3n, Internet y las redes sociales, en colaboraci\u00f3n con los organismos competentes en la materia.<\/li>\n<li>Analizar la informaci\u00f3n sobre las desigualdades entre mujeres y hombres tanto en el \u00e1mbito auton\u00f3mico y nacional como en el europeo o el internacional.<\/li>\n<li>Proponer la elaboraci\u00f3n y divulgaci\u00f3n de publicaciones monogr\u00e1ficas o peri\u00f3dicas y gu\u00edas de buenas pr\u00e1cticas sobre materias que son objeto de las actividades del Observatorio.<\/li>\n<li>Promover la transferencia del conocimiento y el di\u00e1logo con otros observatorios, instituciones u organismos competentes en la materia en el \u00e1mbito local e internacional, e incentivar encuentros presenciales o espacios de relaci\u00f3n digitales entre profesionales y personas expertas en materia de igualdad entre mujeres y hombres y violencia machista. En todo caso, se tiene que promover un trabajo no solo transversal, sino tambi\u00e9n interdisciplinario.<\/li>\n<li>Proponer al Gobierno las actuaciones que considere pertinentes para corregir situaciones de desigualdad de g\u00e9nero o de violencia machista en les Illes Balears.<\/li>\n<li>Analizar el impacto de las pol\u00edticas de las administraciones p\u00fablicas de les Illes Balears sobre la igualdad de g\u00e9nero y enviar las conclusiones de este an\u00e1lisis al Gobierno para que se tengan en cuenta en los procesos de transparencia y rendici\u00f3n de cuentas.<\/li>\n<\/ol>\n\t\t\t\t\t\t<\/div>\r\n\t\t\t\t<\/div>\r\n\t\t\t\t\t<\/div>\r\n\t\t<\/div>\r\n\t\t\t\t\t<\/div>\r\n\t\t<\/section>\r\n\t\t\t\t<section class=\"elementor-section elementor-top-section elementor-element elementor-element-ec817fd elementor-section-boxed elementor-section-height-default elementor-section-height-default\" data-id=\"ec817fd\" data-element_type=\"section\">\r\n\t\t\t\t\t\t<div class=\"elementor-container elementor-column-gap-default\">\r\n\t\t\t\t\t<div class=\"elementor-column elementor-col-100 elementor-top-column elementor-element elementor-element-7a7610a\" data-id=\"7a7610a\" data-element_type=\"column\">\r\n\t\t\t<div class=\"elementor-widget-wrap elementor-element-populated\">\r\n\t\t\t\t\t\t<div class=\"elementor-element elementor-element-heading_61b3ca621bb46 elementor-widget elementor-widget-observatori-heading\" data-id=\"heading_61b3ca621bb46\" data-element_type=\"widget\" data-widget_type=\"observatori-heading.default\">\r\n\t\t\t\t<div class=\"elementor-widget-container\">\r\n\t\t\t<h2 class=\"elementor-heading-title elementor-heading-background elementor-size-default\" id=\"heading_61b3ca621bb46\">Composici\u00f3n del Pleno del Observatorio<\/h2>\t\t<\/div>\r\n\t\t\t\t<\/div>\r\n\t\t\t\t<div class=\"elementor-element elementor-element-dd3c727 elementor-widget elementor-widget-text-editor\" data-id=\"dd3c727\" data-element_type=\"widget\" data-widget_type=\"text-editor.default\">\r\n\t\t\t\t<div class=\"elementor-widget-container\">\r\n\t\t\t\t\t\t\t<p>a) La presidenta, que tiene que ser la directora del Institut Balear de la Dona.<br \/>\nb) La vicepresidenta, que tiene que ser la directora general de Coordinaci\u00f3n.<br \/>\nc) Los vocales y las vocales:<\/p>\n<p>1. En representaci\u00f3n de las conseller\u00edas de la Administraci\u00f3 de la Comunitat Aut\u00f2noma de les Illes Balears:<\/p>\n<ul>\n<li>El director o directora general de Comunicaci\u00f3n<br \/>\n\u2014 El director o directora general de Planificaci\u00f3n y Servicios Sociales<br \/>\n\u2014 El director o directora general de Innovaci\u00f3n y Comunidad Educativa<\/li>\n<li>El director o directora general de Salud P\u00fablica y Participaci\u00f3n<\/li>\n<li>El director o directora general de Desarrollo Tecnol\u00f3gico<\/li>\n<li>El director o directora general de Trabajo, Econom\u00eda Social y Salud Laboral<\/li>\n<li>El director o directora general de Participaci\u00f3n y Memoria Democr\u00e1tica<\/li>\n<li>El director o directora general de Deportes y Juventud<\/li>\n<\/ul>\n<p>2. En representaci\u00f3n de las entidades que forman parte del sector p\u00fablico instrumental de la Comunidad Aut\u00f3noma:<\/p>\n<ul>\n<li>El director del Instituto de Estad\u00edstica de les Illes Balears<\/li>\n<\/ul>\n<p>3. Una persona en representaci\u00f3n de cada una de las instituciones y administraciones que se indican a continuaci\u00f3n:<\/p>\n<ul>\n<li>Consell Insular de Mallorca<\/li>\n<li>Consell Insular de Menorca<\/li>\n<li>Consell Insular d\u2019Eivissa<\/li>\n<li>Consell Insular de Formentera<\/li>\n<li>Ajuntament de Palma<\/li>\n<\/ul>\n<p>4. Una persona en representaci\u00f3n de las instituciones y entidades siguientes:<\/p>\n<ul>\n<li>Universitat de les Illes Balears<\/li>\n<li>Federaci\u00f3 d\u2019Entitats Locals de les Illes Balears<\/li>\n<\/ul>\n<p>5. Una persona en representaci\u00f3n de cada uno de los colegios profesionales siguientes:<\/p>\n<ul>\n<li>Col\u00b7legi Oficial d\u2019Advocats de les Illes Balears<\/li>\n<li>Col\u00b7legi Oficial de Doctors i Llicenciats en Ci\u00e8ncies Pol\u00edtiques i Sociologia de les Illes Balears<\/li>\n<li>Col\u00b7legi Oficial de Metges de les Illes Balears<\/li>\n<li>Col\u00b7legi Oficial de Psicologia de les Illes Balears<\/li>\n<li>Col\u00b7legi Oficial de Diplomats en Treball Social i Assistents Socials de Balears<\/li>\n<li>Col\u00b7legi Oficial d\u2019Educadores i Educadors Socials<\/li>\n<li>Col\u00b7legi Oficial d\u2019Infermeria de les Illes Balears<\/li>\n<li>Col\u00b7legi Oficial de Publicitaris i Relacions P\u00fabliques de les Illes Balears<\/li>\n<\/ul>\n<p>6. Una persona en representaci\u00f3n de cada una de las dos organizaciones empresariales m\u00e1s representativas.<\/p>\n<p>7. Una persona en representaci\u00f3n de cada una de las dos organizaciones sindicales m\u00e1s representativas.<\/p>\n<p>8. Tres personas en representaci\u00f3n del Consejo de Participaci\u00f3n de las Mujeres de les Illes Balears.<\/p>\n<p>9. Una persona en representaci\u00f3n del Consejo de Lesbianas, Gays, Trans, Bisexuales e intersexuales de les Illes Balears.<\/p>\n\t\t\t\t\t\t<\/div>\r\n\t\t\t\t<\/div>\r\n\t\t\t\t\t<\/div>\r\n\t\t<\/div>\r\n\t\t\t\t\t<\/div>\r\n\t\t<\/section>\r\n\t\t\t\t<section class=\"elementor-section elementor-top-section elementor-element elementor-element-f675c6c elementor-section-boxed elementor-section-height-default elementor-section-height-default\" data-id=\"f675c6c\" data-element_type=\"section\">\r\n\t\t\t\t\t\t<div class=\"elementor-container elementor-column-gap-default\">\r\n\t\t\t\t\t<div class=\"elementor-column elementor-col-100 elementor-top-column elementor-element elementor-element-2502c53\" data-id=\"2502c53\" data-element_type=\"column\">\r\n\t\t\t<div class=\"elementor-widget-wrap elementor-element-populated\">\r\n\t\t\t\t\t\t<div class=\"elementor-element elementor-element-0fde96c elementor-widget elementor-widget-observatori-heading\" data-id=\"0fde96c\" data-element_type=\"widget\" data-widget_type=\"observatori-heading.default\">\r\n\t\t\t\t<div class=\"elementor-widget-container\">\r\n\t\t\t<h2 class=\"elementor-heading-title elementor-heading-background elementor-size-default\" id=\"0fde96c\">Comisiones de trabajo del Observatorio<\/h2>\t\t<\/div>\r\n\t\t\t\t<\/div>\r\n\t\t\t\t<div class=\"elementor-element elementor-element-8748e86 elementor-widget elementor-widget-text-editor\" data-id=\"8748e86\" data-element_type=\"widget\" data-widget_type=\"text-editor.default\">\r\n\t\t\t\t<div class=\"elementor-widget-container\">\r\n\t\t\t\t\t\t\t<p>Las comisiones de trabajo son las unidades internas del Observatorio que se pueden crear, con car\u00e1cter permanente o para cuestiones puntuales.<\/p>\n<p>De manera general, las comisiones de trabajo son creadas por el Pleno, que establece la denominaci\u00f3n, la composici\u00f3n, los objetivos que le encomienda, los plazos para lograrlos y las directrices de actuaci\u00f3n.<\/p>\n<p>Siempre que sea posible, las comisiones de trabajo tienen que tener presente el criterio de insularidad para favorecer la participaci\u00f3n de todas las islas y tienen que respetar el principio de paridad entre g\u00e9neros.<\/p>\n<p>Las consultas, las conclusiones y las propuestas que formalicen las comisiones de trabajo se tienen que elevar a la consideraci\u00f3n del Pleno del Observatorio, con independencia del hecho que la presidencia pueda establecer otro sistema para informar cada miembro del \u00f3rgano colegiado en el periodo entre plenos.<\/p>\n<p>La presidencia de las comisiones corresponde siempre a la presidenta del Observatorio, que puede delegarla en la vicepresidenta, o en alg\u00fan vocal o alguna vocal del \u00f3rgano colegiado.<\/p>\n\t\t\t\t\t\t<\/div>\r\n\t\t\t\t<\/div>\r\n\t\t\t\t\t<\/div>\r\n\t\t<\/div>\r\n\t\t\t\t\t<\/div>\r\n\t\t<\/section>\r\n\t\t\t\t<\/div>\r\n\t\t","protected":false},"excerpt":{"rendered":"<p>Normativa Ley 11\/2006, de 28 de julio, de igualdad de mujeres y hombres Decreto 1\/2018, de 2 de febrero, por el cual se regulan las funciones,<span class=\"excerpt-hellip\"> [\u2026]<\/span><\/p>\n","protected":false},"author":2,"featured_media":0,"parent":0,"menu_order":0,"comment_status":"closed","ping_status":"closed","template":"","meta":{"inline_featured_image":false,"footnotes":""},"class_list":["post-1351","page","type-page","status-publish","hentry"],"yoast_head":"<!-- This site is optimized with the Yoast SEO plugin v26.9 - https:\/\/yoast.com\/product\/yoast-seo-wordpress\/ -->\n<title>Observatorio - Observatori per a la igualtat<\/title>\n<meta name=\"robots\" content=\"index, follow, max-snippet:-1, max-image-preview:large, max-video-preview:-1\" \/>\n<link rel=\"canonical\" href=\"https:\/\/observatori-igualtat.es\/lobservatori\/\" \/>\n<meta property=\"og:locale\" content=\"es_ES\" \/>\n<meta property=\"og:type\" content=\"article\" \/>\n<meta property=\"og:title\" content=\"Observatorio - Observatori per a la igualtat\" \/>\n<meta property=\"og:description\" content=\"Normativa Ley 11\/2006, de 28 de julio, de igualdad de mujeres y hombres Decreto 1\/2018, de 2 de febrero, por el cual se regulan las funciones, [\u2026]\" \/>\n<meta property=\"og:url\" content=\"https:\/\/observatori-igualtat.es\/lobservatori\/\" \/>\n<meta property=\"og:site_name\" content=\"Observatori per a la igualtat\" \/>\n<meta property=\"article:publisher\" content=\"https:\/\/www.facebook.com\/institutbaleardeladona\" \/>\n<meta property=\"article:modified_time\" content=\"2024-12-13T08:44:35+00:00\" \/>\n<meta name=\"twitter:card\" content=\"summary_large_image\" \/>\n<meta name=\"twitter:site\" content=\"@IB_Dona\" \/>\n<meta name=\"twitter:label1\" content=\"Tiempo de lectura\" \/>\n\t<meta name=\"twitter:data1\" content=\"6 minutos\" \/>\n<script type=\"application\/ld+json\" class=\"yoast-schema-graph\">{\"@context\":\"https:\/\/schema.org\",\"@graph\":[{\"@type\":\"WebPage\",\"@id\":\"https:\/\/observatori-igualtat.es\/lobservatori\/\",\"url\":\"https:\/\/observatori-igualtat.es\/lobservatori\/\",\"name\":\"Observatorio - Observatori per a la igualtat\",\"isPartOf\":{\"@id\":\"https:\/\/observatori-igualtat.es\/#website\"},\"datePublished\":\"2022-02-02T15:22:03+00:00\",\"dateModified\":\"2024-12-13T08:44:35+00:00\",\"breadcrumb\":{\"@id\":\"https:\/\/observatori-igualtat.es\/lobservatori\/#breadcrumb\"},\"inLanguage\":\"es\",\"potentialAction\":[{\"@type\":\"ReadAction\",\"target\":[\"https:\/\/observatori-igualtat.es\/lobservatori\/\"]}]},{\"@type\":\"BreadcrumbList\",\"@id\":\"https:\/\/observatori-igualtat.es\/lobservatori\/#breadcrumb\",\"itemListElement\":[{\"@type\":\"ListItem\",\"position\":1,\"name\":\"Portada\",\"item\":\"https:\/\/observatori-igualtat.es\/es\/\"},{\"@type\":\"ListItem\",\"position\":2,\"name\":\"Observatorio\"}]},{\"@type\":\"WebSite\",\"@id\":\"https:\/\/observatori-igualtat.es\/#website\",\"url\":\"https:\/\/observatori-igualtat.es\/\",\"name\":\"Observatori per a la igualtat\",\"description\":\"\",\"publisher\":{\"@id\":\"https:\/\/observatori-igualtat.es\/#organization\"},\"potentialAction\":[{\"@type\":\"SearchAction\",\"target\":{\"@type\":\"EntryPoint\",\"urlTemplate\":\"https:\/\/observatori-igualtat.es\/?s={search_term_string}\"},\"query-input\":{\"@type\":\"PropertyValueSpecification\",\"valueRequired\":true,\"valueName\":\"search_term_string\"}}],\"inLanguage\":\"es\"},{\"@type\":\"Organization\",\"@id\":\"https:\/\/observatori-igualtat.es\/#organization\",\"name\":\"Observatori per a la igualtat\",\"url\":\"https:\/\/observatori-igualtat.es\/\",\"logo\":{\"@type\":\"ImageObject\",\"inLanguage\":\"es\",\"@id\":\"https:\/\/observatori-igualtat.es\/#\/schema\/logo\/image\/\",\"url\":\"https:\/\/observatori-igualtat.es\/wp-content\/uploads\/2021\/11\/cropped-lupa-icon.png\",\"contentUrl\":\"https:\/\/observatori-igualtat.es\/wp-content\/uploads\/2021\/11\/cropped-lupa-icon.png\",\"width\":512,\"height\":512,\"caption\":\"Observatori per a la igualtat\"},\"image\":{\"@id\":\"https:\/\/observatori-igualtat.es\/#\/schema\/logo\/image\/\"},\"sameAs\":[\"https:\/\/www.facebook.com\/institutbaleardeladona\",\"https:\/\/x.com\/IB_Dona\",\"https:\/\/www.instagram.com\/ib_dona\",\"https:\/\/www.youtube.com\/channel\/UC8SGWsVp4ABV3Ljo3rb_EGw\"]}]}<\/script>\n<!-- \/ Yoast SEO plugin. -->","yoast_head_json":{"title":"Observatorio - Observatori per a la igualtat","robots":{"index":"index","follow":"follow","max-snippet":"max-snippet:-1","max-image-preview":"max-image-preview:large","max-video-preview":"max-video-preview:-1"},"canonical":"https:\/\/observatori-igualtat.es\/lobservatori\/","og_locale":"es_ES","og_type":"article","og_title":"Observatorio - Observatori per a la igualtat","og_description":"Normativa Ley 11\/2006, de 28 de julio, de igualdad de mujeres y hombres Decreto 1\/2018, de 2 de febrero, por el cual se regulan las funciones, [\u2026]","og_url":"https:\/\/observatori-igualtat.es\/lobservatori\/","og_site_name":"Observatori per a la igualtat","article_publisher":"https:\/\/www.facebook.com\/institutbaleardeladona","article_modified_time":"2024-12-13T08:44:35+00:00","twitter_card":"summary_large_image","twitter_site":"@IB_Dona","twitter_misc":{"Tiempo de lectura":"6 minutos"},"schema":{"@context":"https:\/\/schema.org","@graph":[{"@type":"WebPage","@id":"https:\/\/observatori-igualtat.es\/lobservatori\/","url":"https:\/\/observatori-igualtat.es\/lobservatori\/","name":"Observatorio - Observatori per a la igualtat","isPartOf":{"@id":"https:\/\/observatori-igualtat.es\/#website"},"datePublished":"2022-02-02T15:22:03+00:00","dateModified":"2024-12-13T08:44:35+00:00","breadcrumb":{"@id":"https:\/\/observatori-igualtat.es\/lobservatori\/#breadcrumb"},"inLanguage":"es","potentialAction":[{"@type":"ReadAction","target":["https:\/\/observatori-igualtat.es\/lobservatori\/"]}]},{"@type":"BreadcrumbList","@id":"https:\/\/observatori-igualtat.es\/lobservatori\/#breadcrumb","itemListElement":[{"@type":"ListItem","position":1,"name":"Portada","item":"https:\/\/observatori-igualtat.es\/es\/"},{"@type":"ListItem","position":2,"name":"Observatorio"}]},{"@type":"WebSite","@id":"https:\/\/observatori-igualtat.es\/#website","url":"https:\/\/observatori-igualtat.es\/","name":"Observatori per a la igualtat","description":"","publisher":{"@id":"https:\/\/observatori-igualtat.es\/#organization"},"potentialAction":[{"@type":"SearchAction","target":{"@type":"EntryPoint","urlTemplate":"https:\/\/observatori-igualtat.es\/?s={search_term_string}"},"query-input":{"@type":"PropertyValueSpecification","valueRequired":true,"valueName":"search_term_string"}}],"inLanguage":"es"},{"@type":"Organization","@id":"https:\/\/observatori-igualtat.es\/#organization","name":"Observatori per a la igualtat","url":"https:\/\/observatori-igualtat.es\/","logo":{"@type":"ImageObject","inLanguage":"es","@id":"https:\/\/observatori-igualtat.es\/#\/schema\/logo\/image\/","url":"https:\/\/observatori-igualtat.es\/wp-content\/uploads\/2021\/11\/cropped-lupa-icon.png","contentUrl":"https:\/\/observatori-igualtat.es\/wp-content\/uploads\/2021\/11\/cropped-lupa-icon.png","width":512,"height":512,"caption":"Observatori per a la igualtat"},"image":{"@id":"https:\/\/observatori-igualtat.es\/#\/schema\/logo\/image\/"},"sameAs":["https:\/\/www.facebook.com\/institutbaleardeladona","https:\/\/x.com\/IB_Dona","https:\/\/www.instagram.com\/ib_dona","https:\/\/www.youtube.com\/channel\/UC8SGWsVp4ABV3Ljo3rb_EGw"]}]}},"_links":{"self":[{"href":"https:\/\/observatori-igualtat.es\/es\/wp-json\/wp\/v2\/pages\/1351","targetHints":{"allow":["GET"]}}],"collection":[{"href":"https:\/\/observatori-igualtat.es\/es\/wp-json\/wp\/v2\/pages"}],"about":[{"href":"https:\/\/observatori-igualtat.es\/es\/wp-json\/wp\/v2\/types\/page"}],"author":[{"embeddable":true,"href":"https:\/\/observatori-igualtat.es\/es\/wp-json\/wp\/v2\/users\/2"}],"replies":[{"embeddable":true,"href":"https:\/\/observatori-igualtat.es\/es\/wp-json\/wp\/v2\/comments?post=1351"}],"version-history":[{"count":5,"href":"https:\/\/observatori-igualtat.es\/es\/wp-json\/wp\/v2\/pages\/1351\/revisions"}],"predecessor-version":[{"id":11808,"href":"https:\/\/observatori-igualtat.es\/es\/wp-json\/wp\/v2\/pages\/1351\/revisions\/11808"}],"wp:attachment":[{"href":"https:\/\/observatori-igualtat.es\/es\/wp-json\/wp\/v2\/media?parent=1351"}],"curies":[{"name":"wp","href":"https:\/\/api.w.org\/{rel}","templated":true}]}}