{"id":1353,"date":"2022-02-02T15:22:13","date_gmt":"2022-02-02T15:22:13","guid":{"rendered":"http:\/\/observatori-igualtat.es\/noticias\/"},"modified":"2022-11-18T12:57:43","modified_gmt":"2022-11-18T11:57:43","slug":"noticias","status":"publish","type":"page","link":"https:\/\/observatori-igualtat.es\/es\/noticias\/","title":{"rendered":"Noticias"},"content":{"rendered":"\t\t<div data-elementor-type=\"wp-page\" data-elementor-id=\"1353\" class=\"elementor elementor-1353 elementor-308\" data-elementor-post-type=\"page\">\r\n\t\t\t\t\t\t<section class=\"elementor-section elementor-top-section elementor-element elementor-element-5229a70 elementor-section-boxed elementor-section-height-default elementor-section-height-default\" data-id=\"5229a70\" data-element_type=\"section\">\r\n\t\t\t\t\t\t<div class=\"elementor-container elementor-column-gap-default\">\r\n\t\t\t\t\t<div class=\"elementor-column elementor-col-100 elementor-top-column elementor-element elementor-element-1d34ebf\" data-id=\"1d34ebf\" data-element_type=\"column\">\r\n\t\t\t<div class=\"elementor-widget-wrap elementor-element-populated\">\r\n\t\t\t\t\t\t<div class=\"elementor-element elementor-element-0ec75c8 elementor-widget__width-auto elementor-widget elementor-widget-observatori-heading\" data-id=\"0ec75c8\" data-element_type=\"widget\" data-widget_type=\"observatori-heading.default\">\r\n\t\t\t\t<div class=\"elementor-widget-container\">\r\n\t\t\t<h2 class=\"elementor-heading-title elementor-heading-background elementor-size-default\" id=\"0ec75c8\">Noticias<\/h2>\t\t<\/div>\r\n\t\t\t\t<\/div>\r\n\t\t\t\t<div class=\"elementor-element elementor-element-ff15f94 elementor-grid-eael-col-3 elementor-grid-tablet-eael-col-2 elementor-grid-mobile-eael-col-1 elementor-widget elementor-widget-eael-post-grid\" data-id=\"ff15f94\" data-element_type=\"widget\" data-settings=\"{&quot;eael_post_grid_columns&quot;:&quot;eael-col-3&quot;,&quot;eael_post_grid_columns_tablet&quot;:&quot;eael-col-2&quot;,&quot;eael_post_grid_columns_mobile&quot;:&quot;eael-col-1&quot;}\" data-widget_type=\"eael-post-grid.default\">\r\n\t\t\t\t<div class=\"elementor-widget-container\">\r\n\t\t\t<div id=\"eael-post-grid-ff15f94\" class=\"eael-post-grid-container\">\r\n            <div class=\"eael-post-grid eael-post-appender eael-post-appender-ff15f94 eael-post-grid-style-one\" data-layout-mode=\"masonry\"><article class=\"eael-grid-post eael-post-grid-column\" data-id=\"15645\">\r\n        <div class=\"eael-grid-post-holder\">\r\n            <div class=\"eael-grid-post-holder-inner\"><div class=\"eael-entry-media\"><div class=\"eael-entry-overlay fade-in\"><i class=\"fas fa-plus\" aria-hidden=\"true\"><\/i><a href=\"https:\/\/observatori-igualtat.es\/es\/has-visto-un-anuncio-machista-lo-puedes-denunciar\/\"><\/a><\/div><div class=\"eael-entry-thumbnail \">\r\n                <img decoding=\"async\" width=\"183\" height=\"166\" src=\"https:\/\/observatori-igualtat.es\/wp-content\/uploads\/2021\/12\/icona-3A.png\" class=\"attachment-full size-full wp-image-1090\" alt=\"\" srcset=\"https:\/\/observatori-igualtat.es\/wp-content\/uploads\/2021\/12\/icona-3A.png 183w, https:\/\/observatori-igualtat.es\/wp-content\/uploads\/2021\/12\/icona-3A-161x146.png 161w, https:\/\/observatori-igualtat.es\/wp-content\/uploads\/2021\/12\/icona-3A-50x45.png 50w, https:\/\/observatori-igualtat.es\/wp-content\/uploads\/2021\/12\/icona-3A-83x75.png 83w\" sizes=\"(max-width:767px) 183px, 183px\" \/>\r\n            <\/div>\r\n        <\/div><div class=\"eael-entry-wrapper\"><header class=\"eael-entry-header\"><h4 class=\"eael-entry-title\"><a class=\"eael-grid-post-link\" href=\"https:\/\/observatori-igualtat.es\/es\/has-visto-un-anuncio-machista-lo-puedes-denunciar\/\" title=\"Has visto un anuncio machista? Lo puedes denunciar.\">Has visto un anuncio machista? Lo puedes denunciar.<\/a><\/h4><\/header><div class=\"eael-entry-content\">\r\n                        <div class=\"eael-grid-post-excerpt\"><p>El anuncio es machista si: \ud83d\udfe3Atenta contra la dignidad de...<\/p><a href=\"https:\/\/observatori-igualtat.es\/es\/has-visto-un-anuncio-machista-lo-puedes-denunciar\/\" class=\"eael-post-elements-readmore-btn\">[M\u00e1s info]<\/a><\/div>\r\n                    <\/div><div class=\"eael-entry-footer\"><div class=\"eael-entry-meta\"><\/div><\/div><\/div><\/div>\r\n        <\/div>\r\n    <\/article><article class=\"eael-grid-post eael-post-grid-column\" data-id=\"15031\">\r\n        <div class=\"eael-grid-post-holder\">\r\n            <div class=\"eael-grid-post-holder-inner\"><div class=\"eael-entry-media\"><div class=\"eael-entry-overlay fade-in\"><i class=\"fas fa-plus\" aria-hidden=\"true\"><\/i><a href=\"https:\/\/observatori-igualtat.es\/es\/nueva-sesion-del-pleno-del-observatorio-para-la-igualdad\/\"><\/a><\/div><div class=\"eael-entry-thumbnail \">\r\n                <img fetchpriority=\"high\" decoding=\"async\" width=\"1784\" height=\"452\" src=\"https:\/\/observatori-igualtat.es\/wp-content\/uploads\/2025\/12\/Observatori-M4.jpg\" class=\"attachment-full size-full wp-image-15033\" alt=\"\" srcset=\"https:\/\/observatori-igualtat.es\/wp-content\/uploads\/2025\/12\/Observatori-M4.jpg 1784w, https:\/\/observatori-igualtat.es\/wp-content\/uploads\/2025\/12\/Observatori-M4-300x76.jpg 300w, https:\/\/observatori-igualtat.es\/wp-content\/uploads\/2025\/12\/Observatori-M4-1024x259.jpg 1024w, https:\/\/observatori-igualtat.es\/wp-content\/uploads\/2025\/12\/Observatori-M4-768x195.jpg 768w, https:\/\/observatori-igualtat.es\/wp-content\/uploads\/2025\/12\/Observatori-M4-1536x389.jpg 1536w, https:\/\/observatori-igualtat.es\/wp-content\/uploads\/2025\/12\/Observatori-M4-150x38.jpg 150w, https:\/\/observatori-igualtat.es\/wp-content\/uploads\/2025\/12\/Observatori-M4-480x122.jpg 480w\" sizes=\"(max-width:767px) 480px, (max-width:1784px) 100vw, 1784px\" \/>\r\n            <\/div>\r\n        <\/div><div class=\"eael-entry-wrapper\"><header class=\"eael-entry-header\"><h4 class=\"eael-entry-title\"><a class=\"eael-grid-post-link\" href=\"https:\/\/observatori-igualtat.es\/es\/nueva-sesion-del-pleno-del-observatorio-para-la-igualdad\/\" title=\"Nueva sesi\u00f3n del pleno del Observatorio para la Igualdad.\">Nueva sesi\u00f3n del pleno del Observatorio para la<\/a><\/h4><\/header><div class=\"eael-entry-content\">\r\n                        <div class=\"eael-grid-post-excerpt\"><p>D\u00eda 1 de diciembre se ha celebrado una nueva sesi\u00f3n...<\/p><a href=\"https:\/\/observatori-igualtat.es\/es\/nueva-sesion-del-pleno-del-observatorio-para-la-igualdad\/\" class=\"eael-post-elements-readmore-btn\">[M\u00e1s info]<\/a><\/div>\r\n                    <\/div><div class=\"eael-entry-footer\"><div class=\"eael-entry-meta\"><\/div><\/div><\/div><\/div>\r\n        <\/div>\r\n    <\/article><article class=\"eael-grid-post eael-post-grid-column\" data-id=\"14711\">\r\n        <div class=\"eael-grid-post-holder\">\r\n            <div class=\"eael-grid-post-holder-inner\"><div class=\"eael-entry-media\"><div class=\"eael-entry-overlay fade-in\"><i class=\"fas fa-plus\" aria-hidden=\"true\"><\/i><a href=\"https:\/\/observatori-igualtat.es\/es\/programa-25n-dia-internacional-de-la-eliminacion-de-la-violencia-contra-las-mujeres\/\"><\/a><\/div><div class=\"eael-entry-thumbnail \">\r\n                <img decoding=\"async\" width=\"1280\" height=\"1600\" src=\"https:\/\/observatori-igualtat.es\/wp-content\/uploads\/2025\/11\/25n-ibd-e1764928078176.jpg\" class=\"attachment-full size-full wp-image-14724\" alt=\"\" \/>\r\n            <\/div>\r\n        <\/div><div class=\"eael-entry-wrapper\"><header class=\"eael-entry-header\"><h4 class=\"eael-entry-title\"><a class=\"eael-grid-post-link\" href=\"https:\/\/observatori-igualtat.es\/es\/programa-25n-dia-internacional-de-la-eliminacion-de-la-violencia-contra-las-mujeres\/\" title=\"PROGRAMA 25N. D\u00eda Internacional de la Eliminaci\u00f3n de la Violencia contra las Mujeres\">PROGRAMA 25N. D\u00eda Internacional de la Eliminaci\u00f3n de<\/a><\/h4><\/header><div class=\"eael-entry-content\">\r\n                        <div class=\"eael-grid-post-excerpt\"><p>PROGRAMA 25N D\u00eda Internacional de la Eliminaci\u00f3n de la Violencia...<\/p><a href=\"https:\/\/observatori-igualtat.es\/es\/programa-25n-dia-internacional-de-la-eliminacion-de-la-violencia-contra-las-mujeres\/\" class=\"eael-post-elements-readmore-btn\">[M\u00e1s info]<\/a><\/div>\r\n                    <\/div><div class=\"eael-entry-footer\"><div class=\"eael-entry-meta\"><\/div><\/div><\/div><\/div>\r\n        <\/div>\r\n    <\/article><article class=\"eael-grid-post eael-post-grid-column\" data-id=\"14203\">\r\n        <div class=\"eael-grid-post-holder\">\r\n            <div class=\"eael-grid-post-holder-inner\"><div class=\"eael-entry-media\"><div class=\"eael-entry-overlay fade-in\"><i class=\"fas fa-plus\" aria-hidden=\"true\"><\/i><a href=\"https:\/\/observatori-igualtat.es\/es\/nuevas-operaciones-estadisticas-disponibles-al-observatorio-para-la-igualdad-2\/\"><\/a><\/div><div class=\"eael-entry-thumbnail \">\r\n                <img loading=\"lazy\" decoding=\"async\" width=\"512\" height=\"512\" src=\"https:\/\/observatori-igualtat.es\/wp-content\/uploads\/2025\/10\/3294318.png\" class=\"attachment-full size-full wp-image-14175\" alt=\"\" srcset=\"https:\/\/observatori-igualtat.es\/wp-content\/uploads\/2025\/10\/3294318.png 512w, https:\/\/observatori-igualtat.es\/wp-content\/uploads\/2025\/10\/3294318-300x300.png 300w, https:\/\/observatori-igualtat.es\/wp-content\/uploads\/2025\/10\/3294318-150x150.png 150w, https:\/\/observatori-igualtat.es\/wp-content\/uploads\/2025\/10\/3294318-75x75.png 75w, https:\/\/observatori-igualtat.es\/wp-content\/uploads\/2025\/10\/3294318-480x480.png 480w\" sizes=\"(max-width:767px) 480px, 512px\" \/>\r\n            <\/div>\r\n        <\/div><div class=\"eael-entry-wrapper\"><header class=\"eael-entry-header\"><h4 class=\"eael-entry-title\"><a class=\"eael-grid-post-link\" href=\"https:\/\/observatori-igualtat.es\/es\/nuevas-operaciones-estadisticas-disponibles-al-observatorio-para-la-igualdad-2\/\" title=\"Nuevas operaciones estad\u00edsticas disponibles al Observatorio para la Igualdad\">Nuevas operaciones estad\u00edsticas disponibles al Observatorio para la<\/a><\/h4><\/header><div class=\"eael-entry-content\">\r\n                        <div class=\"eael-grid-post-excerpt\"><p>&nbsp; El Observatorio para la Igualdad ha publicado nuevas operaciones...<\/p><a href=\"https:\/\/observatori-igualtat.es\/es\/nuevas-operaciones-estadisticas-disponibles-al-observatorio-para-la-igualdad-2\/\" class=\"eael-post-elements-readmore-btn\">[M\u00e1s info]<\/a><\/div>\r\n                    <\/div><div class=\"eael-entry-footer\"><div class=\"eael-entry-meta\"><\/div><\/div><\/div><\/div>\r\n        <\/div>\r\n    <\/article><article class=\"eael-grid-post eael-post-grid-column\" data-id=\"13706\">\r\n        <div class=\"eael-grid-post-holder\">\r\n            <div class=\"eael-grid-post-holder-inner\"><div class=\"eael-entry-media\"><div class=\"eael-entry-overlay fade-in\"><i class=\"fas fa-plus\" aria-hidden=\"true\"><\/i><a href=\"https:\/\/observatori-igualtat.es\/es\/la-fueib-presenta-tres-noves-microcredencials-en-genere-i-igualtat\/\"><\/a><\/div><div class=\"eael-entry-thumbnail \">\r\n                <img loading=\"lazy\" decoding=\"async\" width=\"200\" height=\"150\" src=\"https:\/\/observatori-igualtat.es\/wp-content\/uploads\/2025\/09\/identificacio__i_abordatg___acio__i_bones_pra_ctiques.jpg\" class=\"attachment-full size-full wp-image-13700\" alt=\"\" srcset=\"https:\/\/observatori-igualtat.es\/wp-content\/uploads\/2025\/09\/identificacio__i_abordatg___acio__i_bones_pra_ctiques.jpg 200w, https:\/\/observatori-igualtat.es\/wp-content\/uploads\/2025\/09\/identificacio__i_abordatg___acio__i_bones_pra_ctiques-100x75.jpg 100w\" sizes=\"(max-width:767px) 200px, 200px\" \/>\r\n            <\/div>\r\n        <\/div><div class=\"eael-entry-wrapper\"><header class=\"eael-entry-header\"><h4 class=\"eael-entry-title\"><a class=\"eael-grid-post-link\" href=\"https:\/\/observatori-igualtat.es\/es\/la-fueib-presenta-tres-noves-microcredencials-en-genere-i-igualtat\/\" title=\"La FUEIB presenta tres nuevas microcredenciales en g\u00e9nero e igualdad\">La FUEIB presenta tres nuevas microcredenciales en g\u00e9nero<\/a><\/h4><\/header><div class=\"eael-entry-content\">\r\n                        <div class=\"eael-grid-post-excerpt\"><p>La Fundaci\u00f3n Universidad-Empresa de les Illes Balears (FUEIB) presenta tres...<\/p><a href=\"https:\/\/observatori-igualtat.es\/es\/la-fueib-presenta-tres-noves-microcredencials-en-genere-i-igualtat\/\" class=\"eael-post-elements-readmore-btn\">[M\u00e1s info]<\/a><\/div>\r\n                    <\/div><div class=\"eael-entry-footer\"><div class=\"eael-entry-meta\"><\/div><\/div><\/div><\/div>\r\n        <\/div>\r\n    <\/article><article class=\"eael-grid-post eael-post-grid-column\" data-id=\"12791\">\r\n        <div class=\"eael-grid-post-holder\">\r\n            <div class=\"eael-grid-post-holder-inner\"><div class=\"eael-entry-media\"><div class=\"eael-entry-overlay fade-in\"><i class=\"fas fa-plus\" aria-hidden=\"true\"><\/i><a href=\"https:\/\/observatori-igualtat.es\/es\/subvenciones-para-proyectos-dentro-del-ambito-de-la-discapacidad-y-o-salud-mental\/\"><\/a><\/div><div class=\"eael-entry-thumbnail \">\r\n                <img loading=\"lazy\" decoding=\"async\" width=\"1080\" height=\"1350\" src=\"https:\/\/observatori-igualtat.es\/wp-content\/uploads\/2025\/04\/subvencions-salut-mental.jpg\" class=\"attachment-full size-full wp-image-12788\" alt=\"\" srcset=\"https:\/\/observatori-igualtat.es\/wp-content\/uploads\/2025\/04\/subvencions-salut-mental.jpg 1080w, https:\/\/observatori-igualtat.es\/wp-content\/uploads\/2025\/04\/subvencions-salut-mental-240x300.jpg 240w, https:\/\/observatori-igualtat.es\/wp-content\/uploads\/2025\/04\/subvencions-salut-mental-819x1024.jpg 819w, https:\/\/observatori-igualtat.es\/wp-content\/uploads\/2025\/04\/subvencions-salut-mental-768x960.jpg 768w, https:\/\/observatori-igualtat.es\/wp-content\/uploads\/2025\/04\/subvencions-salut-mental-60x75.jpg 60w, https:\/\/observatori-igualtat.es\/wp-content\/uploads\/2025\/04\/subvencions-salut-mental-480x600.jpg 480w\" sizes=\"(max-width:767px) 480px, (max-width:1080px) 100vw, 1080px\" \/>\r\n            <\/div>\r\n        <\/div><div class=\"eael-entry-wrapper\"><header class=\"eael-entry-header\"><h4 class=\"eael-entry-title\"><a class=\"eael-grid-post-link\" href=\"https:\/\/observatori-igualtat.es\/es\/subvenciones-para-proyectos-dentro-del-ambito-de-la-discapacidad-y-o-salud-mental\/\" title=\"Subvenciones para proyectos dentro del \u00e1mbito de la discapacidad y\/o salud mental\">Subvenciones para proyectos dentro del \u00e1mbito de la<\/a><\/h4><\/header><div class=\"eael-entry-content\">\r\n                        <div class=\"eael-grid-post-excerpt\"><p>&nbsp; El IBDONA destina 300.000 euros para el fomento y...<\/p><a href=\"https:\/\/observatori-igualtat.es\/es\/subvenciones-para-proyectos-dentro-del-ambito-de-la-discapacidad-y-o-salud-mental\/\" class=\"eael-post-elements-readmore-btn\">[M\u00e1s info]<\/a><\/div>\r\n                    <\/div><div class=\"eael-entry-footer\"><div class=\"eael-entry-meta\"><\/div><\/div><\/div><\/div>\r\n        <\/div>\r\n    <\/article><\/div>\r\n            <div class=\"clearfix\"><\/div>\r\n        <\/div>            <div class=\"eael-load-more-button-wrap\">\r\n                <button class=\"eael-load-more-button\" id=\"eael-load-more-btn-ff15f94\" data-widget-id=\"ff15f94\" data-widget=\"ff15f94\" data-page-id=\"1353\" data-template=\"{&quot;dir&quot;:&quot;lite&quot;,&quot;file_name&quot;:&quot;one.php&quot;,&quot;name&quot;:&quot;Post-Grid&quot;}\" data-class=\"Essential_Addons_Elementor\\Elements\\Post_Grid\" data-layout=\"masonry\" data-page=\"1\" data-args=\"orderby=date&amp;order=desc&amp;ignore_sticky_posts=1&amp;post_status=publish&amp;posts_per_page=6&amp;offset=0&amp;post_type=post\" data-max-page=\"5\">\r\n                    <span class=\"eael-btn-loader button__loader\"><\/span>\r\n                    <span class=\"eael_load_more_text\">Ver M\u00e1s<\/span>\r\n                <\/button>\r\n            <\/div>\r\n            \t\t<\/div>\r\n\t\t\t\t<\/div>\r\n\t\t\t\t\t<\/div>\r\n\t\t<\/div>\r\n\t\t\t\t\t<\/div>\r\n\t\t<\/section>\r\n\t\t\t\t<\/div>\r\n\t\t","protected":false},"excerpt":{"rendered":"<p>Noticias L&#8217;ACC\u00c9S DE LES DONES ALS GRAUS D&#8217;ENGINYERIA I [M\u00e1s info] Qui era Aurora Picornell\u00a0Femen\u00edas Aurora Picornell Femen\u00edas va n\u00e9ixer a Palma el primer d&#8217;octubre&#8230; [M\u00e1s<span class=\"excerpt-hellip\"> [\u2026]<\/span><\/p>\n","protected":false},"author":2,"featured_media":0,"parent":0,"menu_order":0,"comment_status":"closed","ping_status":"closed","template":"","meta":{"inline_featured_image":false,"footnotes":""},"class_list":["post-1353","page","type-page","status-publish","hentry"],"yoast_head":"<!-- This site is optimized with the Yoast SEO plugin v26.9 - https:\/\/yoast.com\/product\/yoast-seo-wordpress\/ -->\n<title>Noticias - Observatori per a la igualtat<\/title>\n<meta name=\"robots\" content=\"index, follow, max-snippet:-1, max-image-preview:large, max-video-preview:-1\" \/>\n<link rel=\"canonical\" href=\"https:\/\/observatori-igualtat.es\/noticies\/\" \/>\n<meta property=\"og:locale\" content=\"es_ES\" \/>\n<meta property=\"og:type\" content=\"article\" \/>\n<meta property=\"og:title\" content=\"Noticias - Observatori per a la igualtat\" \/>\n<meta property=\"og:description\" content=\"Noticias L&#8217;ACC\u00c9S DE LES DONES ALS GRAUS D&#8217;ENGINYERIA I [M\u00e1s info] Qui era Aurora Picornell\u00a0Femen\u00edas Aurora Picornell Femen\u00edas va n\u00e9ixer a Palma el primer d&#8217;octubre&#8230; [M\u00e1s [\u2026]\" \/>\n<meta property=\"og:url\" content=\"https:\/\/observatori-igualtat.es\/noticies\/\" \/>\n<meta property=\"og:site_name\" content=\"Observatori per a la igualtat\" \/>\n<meta property=\"article:publisher\" content=\"https:\/\/www.facebook.com\/institutbaleardeladona\" \/>\n<meta property=\"article:modified_time\" content=\"2022-11-18T11:57:43+00:00\" \/>\n<meta property=\"og:image\" content=\"https:\/\/observatori-igualtat.es\/wp-content\/uploads\/2022\/11\/acces-dones-estudis.jpg\" \/>\n<meta name=\"twitter:card\" content=\"summary_large_image\" \/>\n<meta name=\"twitter:site\" content=\"@IB_Dona\" \/>\n<meta name=\"twitter:label1\" content=\"Tiempo de lectura\" \/>\n\t<meta name=\"twitter:data1\" content=\"1 minuto\" \/>\n<script type=\"application\/ld+json\" class=\"yoast-schema-graph\">{\"@context\":\"https:\/\/schema.org\",\"@graph\":[{\"@type\":\"WebPage\",\"@id\":\"https:\/\/observatori-igualtat.es\/noticies\/\",\"url\":\"https:\/\/observatori-igualtat.es\/noticies\/\",\"name\":\"Noticias - Observatori per a la igualtat\",\"isPartOf\":{\"@id\":\"https:\/\/observatori-igualtat.es\/#website\"},\"primaryImageOfPage\":{\"@id\":\"https:\/\/observatori-igualtat.es\/noticies\/#primaryimage\"},\"image\":{\"@id\":\"https:\/\/observatori-igualtat.es\/noticies\/#primaryimage\"},\"thumbnailUrl\":\"https:\/\/observatori-igualtat.es\/wp-content\/uploads\/2022\/11\/acces-dones-estudis.jpg\",\"datePublished\":\"2022-02-02T15:22:13+00:00\",\"dateModified\":\"2022-11-18T11:57:43+00:00\",\"breadcrumb\":{\"@id\":\"https:\/\/observatori-igualtat.es\/noticies\/#breadcrumb\"},\"inLanguage\":\"es\",\"potentialAction\":[{\"@type\":\"ReadAction\",\"target\":[\"https:\/\/observatori-igualtat.es\/noticies\/\"]}]},{\"@type\":\"ImageObject\",\"inLanguage\":\"es\",\"@id\":\"https:\/\/observatori-igualtat.es\/noticies\/#primaryimage\",\"url\":\"https:\/\/observatori-igualtat.es\/wp-content\/uploads\/2022\/11\/acces-dones-estudis.jpg\",\"contentUrl\":\"https:\/\/observatori-igualtat.es\/wp-content\/uploads\/2022\/11\/acces-dones-estudis.jpg\"},{\"@type\":\"BreadcrumbList\",\"@id\":\"https:\/\/observatori-igualtat.es\/noticies\/#breadcrumb\",\"itemListElement\":[{\"@type\":\"ListItem\",\"position\":1,\"name\":\"Portada\",\"item\":\"https:\/\/observatori-igualtat.es\/es\/\"},{\"@type\":\"ListItem\",\"position\":2,\"name\":\"Noticias\"}]},{\"@type\":\"WebSite\",\"@id\":\"https:\/\/observatori-igualtat.es\/#website\",\"url\":\"https:\/\/observatori-igualtat.es\/\",\"name\":\"Observatori per a la igualtat\",\"description\":\"\",\"publisher\":{\"@id\":\"https:\/\/observatori-igualtat.es\/#organization\"},\"potentialAction\":[{\"@type\":\"SearchAction\",\"target\":{\"@type\":\"EntryPoint\",\"urlTemplate\":\"https:\/\/observatori-igualtat.es\/?s={search_term_string}\"},\"query-input\":{\"@type\":\"PropertyValueSpecification\",\"valueRequired\":true,\"valueName\":\"search_term_string\"}}],\"inLanguage\":\"es\"},{\"@type\":\"Organization\",\"@id\":\"https:\/\/observatori-igualtat.es\/#organization\",\"name\":\"Observatori per a la igualtat\",\"url\":\"https:\/\/observatori-igualtat.es\/\",\"logo\":{\"@type\":\"ImageObject\",\"inLanguage\":\"es\",\"@id\":\"https:\/\/observatori-igualtat.es\/#\/schema\/logo\/image\/\",\"url\":\"https:\/\/observatori-igualtat.es\/wp-content\/uploads\/2021\/11\/cropped-lupa-icon.png\",\"contentUrl\":\"https:\/\/observatori-igualtat.es\/wp-content\/uploads\/2021\/11\/cropped-lupa-icon.png\",\"width\":512,\"height\":512,\"caption\":\"Observatori per a la igualtat\"},\"image\":{\"@id\":\"https:\/\/observatori-igualtat.es\/#\/schema\/logo\/image\/\"},\"sameAs\":[\"https:\/\/www.facebook.com\/institutbaleardeladona\",\"https:\/\/x.com\/IB_Dona\",\"https:\/\/www.instagram.com\/ib_dona\",\"https:\/\/www.youtube.com\/channel\/UC8SGWsVp4ABV3Ljo3rb_EGw\"]}]}<\/script>\n<!-- \/ Yoast SEO plugin. -->","yoast_head_json":{"title":"Noticias - Observatori per a la igualtat","robots":{"index":"index","follow":"follow","max-snippet":"max-snippet:-1","max-image-preview":"max-image-preview:large","max-video-preview":"max-video-preview:-1"},"canonical":"https:\/\/observatori-igualtat.es\/noticies\/","og_locale":"es_ES","og_type":"article","og_title":"Noticias - Observatori per a la igualtat","og_description":"Noticias L&#8217;ACC\u00c9S DE LES DONES ALS GRAUS D&#8217;ENGINYERIA I [M\u00e1s info] Qui era Aurora Picornell\u00a0Femen\u00edas Aurora Picornell Femen\u00edas va n\u00e9ixer a Palma el primer d&#8217;octubre&#8230; [M\u00e1s [\u2026]","og_url":"https:\/\/observatori-igualtat.es\/noticies\/","og_site_name":"Observatori per a la igualtat","article_publisher":"https:\/\/www.facebook.com\/institutbaleardeladona","article_modified_time":"2022-11-18T11:57:43+00:00","og_image":[{"url":"https:\/\/observatori-igualtat.es\/wp-content\/uploads\/2022\/11\/acces-dones-estudis.jpg","type":"","width":"","height":""}],"twitter_card":"summary_large_image","twitter_site":"@IB_Dona","twitter_misc":{"Tiempo de lectura":"1 minuto"},"schema":{"@context":"https:\/\/schema.org","@graph":[{"@type":"WebPage","@id":"https:\/\/observatori-igualtat.es\/noticies\/","url":"https:\/\/observatori-igualtat.es\/noticies\/","name":"Noticias - Observatori per a la igualtat","isPartOf":{"@id":"https:\/\/observatori-igualtat.es\/#website"},"primaryImageOfPage":{"@id":"https:\/\/observatori-igualtat.es\/noticies\/#primaryimage"},"image":{"@id":"https:\/\/observatori-igualtat.es\/noticies\/#primaryimage"},"thumbnailUrl":"https:\/\/observatori-igualtat.es\/wp-content\/uploads\/2022\/11\/acces-dones-estudis.jpg","datePublished":"2022-02-02T15:22:13+00:00","dateModified":"2022-11-18T11:57:43+00:00","breadcrumb":{"@id":"https:\/\/observatori-igualtat.es\/noticies\/#breadcrumb"},"inLanguage":"es","potentialAction":[{"@type":"ReadAction","target":["https:\/\/observatori-igualtat.es\/noticies\/"]}]},{"@type":"ImageObject","inLanguage":"es","@id":"https:\/\/observatori-igualtat.es\/noticies\/#primaryimage","url":"https:\/\/observatori-igualtat.es\/wp-content\/uploads\/2022\/11\/acces-dones-estudis.jpg","contentUrl":"https:\/\/observatori-igualtat.es\/wp-content\/uploads\/2022\/11\/acces-dones-estudis.jpg"},{"@type":"BreadcrumbList","@id":"https:\/\/observatori-igualtat.es\/noticies\/#breadcrumb","itemListElement":[{"@type":"ListItem","position":1,"name":"Portada","item":"https:\/\/observatori-igualtat.es\/es\/"},{"@type":"ListItem","position":2,"name":"Noticias"}]},{"@type":"WebSite","@id":"https:\/\/observatori-igualtat.es\/#website","url":"https:\/\/observatori-igualtat.es\/","name":"Observatori per a la igualtat","description":"","publisher":{"@id":"https:\/\/observatori-igualtat.es\/#organization"},"potentialAction":[{"@type":"SearchAction","target":{"@type":"EntryPoint","urlTemplate":"https:\/\/observatori-igualtat.es\/?s={search_term_string}"},"query-input":{"@type":"PropertyValueSpecification","valueRequired":true,"valueName":"search_term_string"}}],"inLanguage":"es"},{"@type":"Organization","@id":"https:\/\/observatori-igualtat.es\/#organization","name":"Observatori per a la igualtat","url":"https:\/\/observatori-igualtat.es\/","logo":{"@type":"ImageObject","inLanguage":"es","@id":"https:\/\/observatori-igualtat.es\/#\/schema\/logo\/image\/","url":"https:\/\/observatori-igualtat.es\/wp-content\/uploads\/2021\/11\/cropped-lupa-icon.png","contentUrl":"https:\/\/observatori-igualtat.es\/wp-content\/uploads\/2021\/11\/cropped-lupa-icon.png","width":512,"height":512,"caption":"Observatori per a la igualtat"},"image":{"@id":"https:\/\/observatori-igualtat.es\/#\/schema\/logo\/image\/"},"sameAs":["https:\/\/www.facebook.com\/institutbaleardeladona","https:\/\/x.com\/IB_Dona","https:\/\/www.instagram.com\/ib_dona","https:\/\/www.youtube.com\/channel\/UC8SGWsVp4ABV3Ljo3rb_EGw"]}]}},"_links":{"self":[{"href":"https:\/\/observatori-igualtat.es\/es\/wp-json\/wp\/v2\/pages\/1353","targetHints":{"allow":["GET"]}}],"collection":[{"href":"https:\/\/observatori-igualtat.es\/es\/wp-json\/wp\/v2\/pages"}],"about":[{"href":"https:\/\/observatori-igualtat.es\/es\/wp-json\/wp\/v2\/types\/page"}],"author":[{"embeddable":true,"href":"https:\/\/observatori-igualtat.es\/es\/wp-json\/wp\/v2\/users\/2"}],"replies":[{"embeddable":true,"href":"https:\/\/observatori-igualtat.es\/es\/wp-json\/wp\/v2\/comments?post=1353"}],"version-history":[{"count":5,"href":"https:\/\/observatori-igualtat.es\/es\/wp-json\/wp\/v2\/pages\/1353\/revisions"}],"predecessor-version":[{"id":8221,"href":"https:\/\/observatori-igualtat.es\/es\/wp-json\/wp\/v2\/pages\/1353\/revisions\/8221"}],"wp:attachment":[{"href":"https:\/\/observatori-igualtat.es\/es\/wp-json\/wp\/v2\/media?parent=1353"}],"curies":[{"name":"wp","href":"https:\/\/api.w.org\/{rel}","templated":true}]}}