{"id":1361,"date":"2022-02-02T15:22:51","date_gmt":"2022-02-02T15:22:51","guid":{"rendered":"http:\/\/observatori-igualtat.es\/recursos\/"},"modified":"2025-03-28T13:59:39","modified_gmt":"2025-03-28T12:59:39","slug":"recursos","status":"publish","type":"page","link":"https:\/\/observatori-igualtat.es\/es\/recursos\/","title":{"rendered":"Recursos"},"content":{"rendered":"\t\t<div data-elementor-type=\"wp-page\" data-elementor-id=\"1361\" class=\"elementor elementor-1361 elementor-29\" data-elementor-post-type=\"page\">\r\n\t\t\t\t\t\t<section class=\"elementor-section elementor-top-section elementor-element elementor-element-4fb49db elementor-section-boxed elementor-section-height-default elementor-section-height-default\" data-id=\"4fb49db\" data-element_type=\"section\">\r\n\t\t\t\t\t\t<div class=\"elementor-container elementor-column-gap-default\">\r\n\t\t\t\t\t<div class=\"elementor-column elementor-col-100 elementor-top-column elementor-element elementor-element-7eace6d\" data-id=\"7eace6d\" data-element_type=\"column\">\r\n\t\t\t<div class=\"elementor-widget-wrap elementor-element-populated\">\r\n\t\t\t\t\t\t<div class=\"elementor-element elementor-element-b33f2a1 elementor-widget elementor-widget-heading\" data-id=\"b33f2a1\" data-element_type=\"widget\" data-widget_type=\"heading.default\">\r\n\t\t\t\t<div class=\"elementor-widget-container\">\r\n\t\t\t<h2 class=\"elementor-heading-title elementor-size-default\">Servicio <span style=\"font-family:Montserrat\">24<\/span> horas Illes Balears<\/h2>\t\t<\/div>\r\n\t\t\t\t<\/div>\r\n\t\t\t\t<div class=\"elementor-element elementor-element-025e2e6 elementor-widget elementor-widget-text-editor\" data-id=\"025e2e6\" data-element_type=\"widget\" data-widget_type=\"text-editor.default\">\r\n\t\t\t\t<div class=\"elementor-widget-container\">\r\n\t\t\t\t\t\t\t<p>El\u00a0<span class=\"hiddenSpellError\">Servicio<\/span>\u00a0<span class=\"hiddenGrammarError\">de Atenci\u00f3n<\/span>\u00a0Social\u00a0<span class=\"hiddenSpellError\">Telef\u00f3nica<\/span>\u00a0<strong>24\u00a0<span class=\"hiddenSpellError\">horas<\/span><\/strong>\u00a0<span class=\"hiddenGrammarError\">y<\/span>\u00a0<span class=\"hiddenSpellError\">Acompa\u00f1amiento<\/span>\u00a0presencial (<span class=\"hiddenSpellError\">Servicio<\/span>\u00a024\u00a0<span class=\"hiddenSpellError\">horas<\/span>)\u00a0<span class=\"hiddenGrammarError\">es<\/span>\u00a0un\u00a0<span class=\"hiddenSpellError\">servicio<\/span>\u00a0<span class=\"hiddenSpellError\">especializado<\/span>\u00a0en\u00a0<span class=\"hiddenGrammarError\">la <strong>atenci\u00f3n<\/strong><\/span><strong>\u00a0integral a\u00a0<span class=\"hiddenSpellError\">v\u00edctimas<\/span>\u00a0de\u00a0<span class=\"hiddenSpellError\">violencias<\/span>\u00a0<span class=\"hiddenSpellError\">machistas<\/span><\/strong>:\u00a0<span class=\"hiddenSpellError\">violencia<\/span>\u00a0f\u00edsica,\u00a0<span class=\"hiddenSpellError\">psicol\u00f3gica<\/span>,\u00a0<span class=\"hiddenSpellError\">econ\u00f3mica<\/span>, sexual (abusos, <span class=\"hiddenSpellError\">agresiones<\/span>\u00a0<span class=\"hiddenGrammarError\">y<\/span>\u00a0<span class=\"hiddenSpellError\">tr\u00e1fico<\/span>).\u00a0<span class=\"hiddenGrammarError\">Se presta<\/span>\u00a0<span class=\"hiddenGrammarError\" style=\"padding-bottom: 2px; background-image: url('..\/..\/..\/..\/..\/images\/squiggle.png'); background-repeat: repeat-x; background-position: left bottom; cursor: default; color: #000000; font-family: 'Open Sans', Helvetica, Arial, sans-serif; font-size: 16px; font-style: normal; font-variant-ligatures: normal; font-variant-caps: normal; font-weight: 300; letter-spacing: normal; orphans: 2; text-align: start; text-indent: 0px; text-transform: none; white-space: normal; widows: 2; word-spacing: 0px; -webkit-text-stroke-width: 0px; text-decoration-thickness: initial; text-decoration-style: initial; text-decoration-color: initial;\">las<\/span>\u00a0<strong>24\u00a0<span class=\"hiddenSpellError\">horas<\/span><\/strong>\u00a0del\u00a0<span class=\"hiddenGrammarError\">d\u00eda<\/span>,\u00a0<span class=\"hiddenSpellError\">durante<\/span>\u00a0<span class=\"hiddenGrammarError\">los<\/span>\u00a0<strong>365\u00a0<span class=\"hiddenGrammarError\">d\u00edas<\/span>\u00a0de<span class=\"hiddenGrammarError\">l a\u00f1o<\/span><\/strong>, en toda la <span class=\"hiddenSpellError\">comunidad<\/span>\u00a0<span class=\"hiddenSpellError\">aut\u00f3noma<\/span>\u00a0de\u00a0<span class=\"hiddenGrammarError\" style=\"padding-bottom: 2px; background-image: url('..\/..\/..\/..\/..\/images\/squiggle.png'); background-repeat: repeat-x; background-position: left bottom; cursor: default; color: #000000; font-family: 'Open Sans', Helvetica, Arial, sans-serif; font-size: 16px; font-style: normal; font-variant-ligatures: normal; font-variant-caps: normal; font-weight: 300; letter-spacing: normal; orphans: 2; text-align: start; text-indent: 0px; text-transform: none; white-space: normal; widows: 2; word-spacing: 0px; -webkit-text-stroke-width: 0px; text-decoration-thickness: initial; text-decoration-style: initial; text-decoration-color: initial;\">las<\/span><strong>\u00a0Illes Balears<\/strong>.<\/p><h4>\u00bfQu\u00e9 servicio presta?<\/h4><ul><li><p><span class=\"hiddenSpellError\">Atenci\u00f3n<\/span>\u00a0<span class=\"hiddenGrammarError\">y<\/span>\u00a0<span class=\"hiddenSpellError\">acompa\u00f1amiento<\/span>\u00a0<span class=\"hiddenSpellError\">telef\u00f3nico<\/span>\u00a0<span class=\"hiddenSpellError\">frente<\/span>\u00a0a\u00a0<span class=\"hiddenSpellError\">situaciones<\/span>\u00a0<span class=\"hiddenGrammarError\">de emergencia<\/span>\u00a0por\u00a0<span class=\"hiddenSpellError\">violencia<\/span>\u00a0<span class=\"hiddenGrammarError\">machista<\/span>.<\/p><\/li><li><p><span class=\"hiddenSpellError\">Informaci\u00f3n<\/span>,\u00a0<span class=\"hiddenSpellError\">orientaci\u00f3n<\/span>\u00a0<span class=\"hiddenGrammarError\">y<\/span>\u00a0<span class=\"hiddenSpellError\">asesoramiento<\/span>\u00a0social.<\/p><\/li><li>Derivaci\u00f3n a los recursos especializados adecuados.<\/li><li>Acompa\u00f1amientos presenciales, previa valoraci\u00f3n profesional y dentro del horario establecido.<\/li><\/ul><h4>\u00bfA qui\u00e9n va dirigido?<\/h4><ul><li>Mujeres v\u00edctimas de violencias machistas y su entorno.\u00a0<\/li><li>Hijas e hijos v\u00edctimas de violencias machistas.\u00a0\u00a0<\/li><li>Profesionales que intervienen en la atenci\u00f3n a las v\u00edctimas de violencia machista.\u00a0<\/li><li>A la poblaci\u00f3n en general.<\/li><\/ul><h4>\u00bfC\u00f3mo acceder al servicio?\u00a0<\/h4>\t\t\t\t\t\t<\/div>\r\n\t\t\t\t<\/div>\r\n\t\t\t\t<div class=\"elementor-element elementor-element-1e17b5f elementor-widget elementor-widget-observatori-contact_box\" data-id=\"1e17b5f\" data-element_type=\"widget\" data-widget_type=\"observatori-contact_box.default\">\r\n\t\t\t\t<div class=\"elementor-widget-container\">\r\n\t\t\t<div class=\"get_in_touch\" ><h3>Contacto<\/h3><div class=\"get_in_touch_wrapper\"><ul><li class=\"phone phone-1\"><span class=\"icon\"><i class=\"icon-phone\"><\/i><\/span><p><a href=\"tel:\u00a0971178989112\">\u00a0971 17 89 89 112<\/a><\/p><\/li><li class=\"phone phone-2\"><span class=\"icon\"><i class=\"icon-phone\"><\/i><\/span><p><a href=\"tel:112Serviciodeurgencias\">112 Servicio de urgencias<\/a><\/p><\/li><li class=\"phone whatsapp\"><span class=\"icon\"><i class=\"icon-whatsapp\"><\/i><\/span><p><a href=\"https:\/\/api.whatsapp.com\/send?phone=639837476\">639 837 476<\/a><\/p><\/li><li class=\"mail\"><span class=\"icon\"><i class=\"icon-mail\"><\/i><\/span><p><a href=\"mailto:atencionS24h.ibdona@atenzia.com\">atencionS24h.ibdona@atenzia.com<\/a><\/p><\/li><\/ul><\/div><\/div>\n\t\t<\/div>\r\n\t\t\t\t<\/div>\r\n\t\t\t\t\t<\/div>\r\n\t\t<\/div>\r\n\t\t\t\t\t<\/div>\r\n\t\t<\/section>\r\n\t\t\t\t<section class=\"elementor-section elementor-top-section elementor-element elementor-element-930884b elementor-section-boxed elementor-section-height-default elementor-section-height-default\" data-id=\"930884b\" data-element_type=\"section\">\r\n\t\t\t\t\t\t<div class=\"elementor-container elementor-column-gap-default\">\r\n\t\t\t\t\t<div class=\"elementor-column elementor-col-100 elementor-top-column elementor-element elementor-element-3382649\" data-id=\"3382649\" data-element_type=\"column\">\r\n\t\t\t<div class=\"elementor-widget-wrap elementor-element-populated\">\r\n\t\t\t\t\t\t<div class=\"elementor-element elementor-element-e8a8132 elementor-widget elementor-widget-heading\" data-id=\"e8a8132\" data-element_type=\"widget\" data-widget_type=\"heading.default\">\r\n\t\t\t\t<div class=\"elementor-widget-container\">\r\n\t\t\t<h2 class=\"elementor-heading-title elementor-size-default\">Servicios de atenci\u00f3n a las v\u00edctimas de violencia machista de los Consells Insulars\n<\/h2>\t\t<\/div>\r\n\t\t\t\t<\/div>\r\n\t\t\t\t<div class=\"elementor-element elementor-element-c124be5 elementor-widget elementor-widget-text-editor\" data-id=\"c124be5\" data-element_type=\"widget\" data-widget_type=\"text-editor.default\">\r\n\t\t\t\t<div class=\"elementor-widget-container\">\r\n\t\t\t\t\t\t\t<p>Son <strong>servicios gratuitos<\/strong>, prestados por los consells insulars de cada una de las <strong>Illes Balears<\/strong>, que ofrecen informaci\u00f3n, orientaci\u00f3n y asesoramiento sobre aspectos sociales y jur\u00eddicos a las mujeres y, de forma prioritaria, la atenci\u00f3n integral en los casos de <strong>violencia machista<\/strong>.<\/p>\t\t\t\t\t\t<\/div>\r\n\t\t\t\t<\/div>\r\n\t\t\t\t<section class=\"elementor-section elementor-inner-section elementor-element elementor-element-1ecb025 elementor-section-boxed elementor-section-height-default elementor-section-height-default\" data-id=\"1ecb025\" data-element_type=\"section\">\r\n\t\t\t\t\t\t<div class=\"elementor-container elementor-column-gap-default\">\r\n\t\t\t\t\t<div class=\"elementor-column elementor-col-33 elementor-inner-column elementor-element elementor-element-69d5c58\" data-id=\"69d5c58\" data-element_type=\"column\">\r\n\t\t\t<div class=\"elementor-widget-wrap elementor-element-populated\">\r\n\t\t\t\t\t\t<div class=\"elementor-element elementor-element-8211d0e elementor-widget elementor-widget-observatori-contact_box\" data-id=\"8211d0e\" data-element_type=\"widget\" data-widget_type=\"observatori-contact_box.default\">\r\n\t\t\t\t<div class=\"elementor-widget-container\">\r\n\t\t\t<div class=\"get_in_touch\" ><h3>Mallorca<\/h3><div class=\"get_in_touch_wrapper\"><ul><li class=\"address\"><span class=\"icon\"><i class=\"icon-location\"><\/i><\/span><span class=\"address_wrapper\"><b>Centre d\u2019Informaci\u00f3 de la Dona<\/b><br \/>\nC\/ dels Foners, 38- 07006 Palma<\/span><\/li><li class=\"address\"><span class=\"icon\"><i class=\"icon-clock\"><\/i><\/span><span class=\"address_wrapper\">De lunes a viernes, de 8:30 a 15 horas<\/span><\/li><li class=\"phone phone-1\"><span class=\"icon\"><i class=\"icon-phone\"><\/i><\/span><p><a href=\"tel:971598205\">971 59 82 05<\/a><\/p><\/li><li class=\"mail\"><span class=\"icon\"><i class=\"icon-mail\"><\/i><\/span><p><a href=\"mailto:cid@conselldemallorca.net \">cid@conselldemallorca.net <\/a><\/p><\/li><\/ul><\/div><\/div>\n\t\t<\/div>\r\n\t\t\t\t<\/div>\r\n\t\t\t\t\t<\/div>\r\n\t\t<\/div>\r\n\t\t\t\t<div class=\"elementor-column elementor-col-33 elementor-inner-column elementor-element elementor-element-f32f54b\" data-id=\"f32f54b\" data-element_type=\"column\">\r\n\t\t\t<div class=\"elementor-widget-wrap elementor-element-populated\">\r\n\t\t\t\t\t\t<div class=\"elementor-element elementor-element-e50b87d elementor-widget elementor-widget-observatori-contact_box\" data-id=\"e50b87d\" data-element_type=\"widget\" data-widget_type=\"observatori-contact_box.default\">\r\n\t\t\t\t<div class=\"elementor-widget-container\">\r\n\t\t\t<div class=\"get_in_touch\" ><h3>Menorca- Ciutadella<\/h3><div class=\"get_in_touch_wrapper\"><ul><li class=\"address\"><span class=\"icon\"><i class=\"icon-location\"><\/i><\/span><span class=\"address_wrapper\"><b>Centre Assessor de la Dona<\/b><br \/>\n<br \/>\nC. de la Rep\u00fablica Argentina, 96- 07760 Ciutadella<br \/>\n<\/span><\/li><li class=\"address\"><span class=\"icon\"><i class=\"icon-clock\"><\/i><\/span><span class=\"address_wrapper\">De lunes a viernes, de 7:30 a 14:30 horas<\/span><\/li><li class=\"phone phone-1\"><span class=\"icon\"><i class=\"icon-phone\"><\/i><\/span><p><a href=\"tel:971480201\">971 48 02 01<\/a><\/p><\/li><li class=\"mail\"><span class=\"icon\"><i class=\"icon-mail\"><\/i><\/span><p><a href=\"mailto:dona@cime.es\">dona@cime.es<\/a><\/p><\/li><\/ul><\/div><\/div>\n\t\t<\/div>\r\n\t\t\t\t<\/div>\r\n\t\t\t\t\t<\/div>\r\n\t\t<\/div>\r\n\t\t\t\t<div class=\"elementor-column elementor-col-33 elementor-inner-column elementor-element elementor-element-7bb7b61\" data-id=\"7bb7b61\" data-element_type=\"column\">\r\n\t\t\t<div class=\"elementor-widget-wrap elementor-element-populated\">\r\n\t\t\t\t\t\t<div class=\"elementor-element elementor-element-da058fb elementor-widget elementor-widget-observatori-contact_box\" data-id=\"da058fb\" data-element_type=\"widget\" data-widget_type=\"observatori-contact_box.default\">\r\n\t\t\t\t<div class=\"elementor-widget-container\">\r\n\t\t\t<div class=\"get_in_touch\" ><h3>Menorca- Ma\u00f3<\/h3><div class=\"get_in_touch_wrapper\"><ul><li class=\"address\"><span class=\"icon\"><i class=\"icon-location\"><\/i><\/span><span class=\"address_wrapper\"><b>Centre Assessor de la Dona<\/b><br \/>\n<br \/>\nC. de Artrutx, 23- 07714 Ma\u00f3<br \/>\n<br \/>\n<\/span><\/li><li class=\"address\"><span class=\"icon\"><i class=\"icon-clock\"><\/i><\/span><span class=\"address_wrapper\">De lunes a viernes, de 7:30 a 14:30 horas<\/span><\/li><li class=\"phone phone-1\"><span class=\"icon\"><i class=\"icon-phone\"><\/i><\/span><p><a href=\"tel:971357024\">971 35 70 24<\/a><\/p><\/li><li class=\"mail\"><span class=\"icon\"><i class=\"icon-mail\"><\/i><\/span><p><a href=\"mailto:dona@cime.es\">dona@cime.es<\/a><\/p><\/li><\/ul><\/div><\/div>\n\t\t<\/div>\r\n\t\t\t\t<\/div>\r\n\t\t\t\t\t<\/div>\r\n\t\t<\/div>\r\n\t\t\t\t\t<\/div>\r\n\t\t<\/section>\r\n\t\t\t\t<section class=\"elementor-section elementor-inner-section elementor-element elementor-element-74d33d6 elementor-section-boxed elementor-section-height-default elementor-section-height-default\" data-id=\"74d33d6\" data-element_type=\"section\">\r\n\t\t\t\t\t\t<div class=\"elementor-container elementor-column-gap-default\">\r\n\t\t\t\t\t<div class=\"elementor-column elementor-col-50 elementor-inner-column elementor-element elementor-element-c20ef01\" data-id=\"c20ef01\" data-element_type=\"column\">\r\n\t\t\t<div class=\"elementor-widget-wrap elementor-element-populated\">\r\n\t\t\t\t\t\t<div class=\"elementor-element elementor-element-145b4f4 elementor-widget elementor-widget-observatori-contact_box\" data-id=\"145b4f4\" data-element_type=\"widget\" data-widget_type=\"observatori-contact_box.default\">\r\n\t\t\t\t<div class=\"elementor-widget-container\">\r\n\t\t\t<div class=\"get_in_touch\" ><h3>Eivissa<\/h3><div class=\"get_in_touch_wrapper\"><ul><li class=\"address\"><span class=\"icon\"><i class=\"icon-location\"><\/i><\/span><span class=\"address_wrapper\"><b>Oficina de la Dona<\/b><br \/>\nC\/ de Cosme Vidal Ll\u00e0ser, 30- 07800 Eivissa<br \/>\n<\/span><\/li><li class=\"address\"><span class=\"icon\"><i class=\"icon-clock\"><\/i><\/span><span class=\"address_wrapper\">De lunes a viernes, de 8 a 15 horas<\/span><\/li><li class=\"phone phone-1\"><span class=\"icon\"><i class=\"icon-phone\"><\/i><\/span><p><a href=\"tel:971195607\">971 19 56 07<\/a><\/p><\/li><li class=\"mail\"><span class=\"icon\"><i class=\"icon-mail\"><\/i><\/span><p><a href=\"mailto:dona@conselldeeivissa.es\">dona@conselldeeivissa.es<\/a><\/p><\/li><\/ul><\/div><\/div>\n\t\t<\/div>\r\n\t\t\t\t<\/div>\r\n\t\t\t\t\t<\/div>\r\n\t\t<\/div>\r\n\t\t\t\t<div class=\"elementor-column elementor-col-50 elementor-inner-column elementor-element elementor-element-daf95e1\" data-id=\"daf95e1\" data-element_type=\"column\">\r\n\t\t\t<div class=\"elementor-widget-wrap elementor-element-populated\">\r\n\t\t\t\t\t\t<div class=\"elementor-element elementor-element-c950400 elementor-widget elementor-widget-observatori-contact_box\" data-id=\"c950400\" data-element_type=\"widget\" data-widget_type=\"observatori-contact_box.default\">\r\n\t\t\t\t<div class=\"elementor-widget-container\">\r\n\t\t\t<div class=\"get_in_touch\" ><h3>Formentera<\/h3><div class=\"get_in_touch_wrapper\"><ul><li class=\"address\"><span class=\"icon\"><i class=\"icon-location\"><\/i><\/span><span class=\"address_wrapper\"><b>Punt d\u2019Informaci\u00f3 i Atenci\u00f3 a les Dones<\/b><br \/>\nVenda des Brolls, 53- 07860 Sant Francesc Xavier<\/span><\/li><li class=\"address\"><span class=\"icon\"><i class=\"icon-clock\"><\/i><\/span><span class=\"address_wrapper\">De lunes a viernes, de 9 a 14 horas<\/span><\/li><li class=\"phone phone-1\"><span class=\"icon\"><i class=\"icon-phone\"><\/i><\/span><p><a href=\"tel:971321271\">971 32 12 71<\/a><\/p><\/li><li class=\"mail\"><span class=\"icon\"><i class=\"icon-mail\"><\/i><\/span><p><a href=\"mailto:violenciagenere@conselldeformentera.cat\">violenciagenere@conselldeformentera.cat<\/a><\/p><\/li><\/ul><\/div><\/div>\n\t\t<\/div>\r\n\t\t\t\t<\/div>\r\n\t\t\t\t\t<\/div>\r\n\t\t<\/div>\r\n\t\t\t\t\t<\/div>\r\n\t\t<\/section>\r\n\t\t\t\t\t<\/div>\r\n\t\t<\/div>\r\n\t\t\t\t\t<\/div>\r\n\t\t<\/section>\r\n\t\t\t\t<section class=\"elementor-section elementor-top-section elementor-element elementor-element-4cde88e elementor-section-boxed elementor-section-height-default elementor-section-height-default\" data-id=\"4cde88e\" data-element_type=\"section\">\r\n\t\t\t\t\t\t<div class=\"elementor-container elementor-column-gap-default\">\r\n\t\t\t\t\t<div class=\"elementor-column elementor-col-100 elementor-top-column elementor-element elementor-element-343bc8f\" data-id=\"343bc8f\" data-element_type=\"column\">\r\n\t\t\t<div class=\"elementor-widget-wrap elementor-element-populated\">\r\n\t\t\t\t\t\t<div class=\"elementor-element elementor-element-7662924 elementor-widget elementor-widget-heading\" data-id=\"7662924\" data-element_type=\"widget\" data-widget_type=\"heading.default\">\r\n\t\t\t\t<div class=\"elementor-widget-container\">\r\n\t\t\t<h2 class=\"elementor-heading-title elementor-size-default\">Wrap<\/h2>\t\t<\/div>\r\n\t\t\t\t<\/div>\r\n\t\t\t\t<div class=\"elementor-element elementor-element-bc4fee0 elementor-widget elementor-widget-text-editor\" data-id=\"bc4fee0\" data-element_type=\"widget\" data-widget_type=\"text-editor.default\">\r\n\t\t\t\t<div class=\"elementor-widget-container\">\r\n\t\t\t\t\t\t\t<p>En <a href=\"https:\/\/wrap.igualdad.gob.es\/recursos-vdg\/search\/SearchLocation.action\">este enlace del Ministerio de Igualdad <\/a> se pueden localizar y visualizar, de forma interactiva, recursos disponibles para casos de violencia de g\u00e9nero. Se incluyen los servicios de apoyo que las administraciones p\u00fablicas y las entidades sociales ponen a disposici\u00f3n de la ciudadan\u00eda (recursos policiales, judiciales, de informaci\u00f3n, atenci\u00f3n y asesoramiento). Para cada recurso se proporcionan: descripci\u00f3n del servicio, direcci\u00f3n postal y tel\u00e9fonos de contacto.<\/p><div class=\"KFFQ0c xKf9F\">\u00a0<\/div>\t\t\t\t\t\t<\/div>\r\n\t\t\t\t<\/div>\r\n\t\t\t\t\t<\/div>\r\n\t\t<\/div>\r\n\t\t\t\t\t<\/div>\r\n\t\t<\/section>\r\n\t\t\t\t<section class=\"elementor-section elementor-top-section elementor-element elementor-element-094f543 elementor-section-boxed elementor-section-height-default elementor-section-height-default\" data-id=\"094f543\" data-element_type=\"section\">\r\n\t\t\t\t\t\t<div class=\"elementor-container elementor-column-gap-default\">\r\n\t\t\t\t\t<div class=\"elementor-column elementor-col-100 elementor-top-column elementor-element elementor-element-6ff0f43\" data-id=\"6ff0f43\" data-element_type=\"column\">\r\n\t\t\t<div class=\"elementor-widget-wrap elementor-element-populated\">\r\n\t\t\t\t\t\t<div class=\"elementor-element elementor-element-0cdfa9e elementor-widget elementor-widget-heading\" data-id=\"0cdfa9e\" data-element_type=\"widget\" data-widget_type=\"heading.default\">\r\n\t\t\t\t<div class=\"elementor-widget-container\">\r\n\t\t\t<h2 class=\"elementor-heading-title elementor-size-default\">Tel\u00e9fono <span style=\"font-family:Montserrat\">016<\/span><\/h2>\t\t<\/div>\r\n\t\t\t\t<\/div>\r\n\t\t\t\t<div class=\"elementor-element elementor-element-c00a106 elementor-widget elementor-widget-text-editor\" data-id=\"c00a106\" data-element_type=\"widget\" data-widget_type=\"text-editor.default\">\r\n\t\t\t\t<div class=\"elementor-widget-container\">\r\n\t\t\t\t\t\t\t<p>El <strong>Ministerio de Igualdad<\/strong>, mediante la <strong>Delegaci\u00f3n del Gobierno<\/strong> contra la <strong>Violencia de G\u00e9nero<\/strong>, presta el Servicio telef\u00f3nico de informaci\u00f3n, de asesoramiento jur\u00eddico y de atenci\u00f3n psicosocial inmediata.<\/p><p>Caracter\u00edsticas del servicio:<\/p><ul><li>Gratuito.<\/li><li>Confidencial.<\/li><li>Accesible\u00a0para las personas con discapacidad auditiva y\/o del habla y baja visi\u00f3n.\u00a0<\/li><\/ul>\t\t\t\t\t\t<\/div>\r\n\t\t\t\t<\/div>\r\n\t\t\t\t<div class=\"elementor-element elementor-element-1351442 elementor-widget elementor-widget-observatori-contact_box\" data-id=\"1351442\" data-element_type=\"widget\" data-widget_type=\"observatori-contact_box.default\">\r\n\t\t\t\t<div class=\"elementor-widget-container\">\r\n\t\t\t<div class=\"get_in_touch\" ><div class=\"get_in_touch_wrapper\"><ul><li class=\"phone phone-1\"><span class=\"icon\"><i class=\"icon-phone\"><\/i><\/span><p><a href=\"tel:016\">016<\/a><\/p><\/li><li class=\"phone whatsapp\"><span class=\"icon\"><i class=\"icon-whatsapp\"><\/i><\/span><p><a href=\"https:\/\/api.whatsapp.com\/send?phone=600000016\">600 000 016<\/a><\/p><\/li><li class=\"mail\"><span class=\"icon\"><i class=\"icon-mail\"><\/i><\/span><p><a href=\"mailto:016-online@igualdad.gob.es\">016-online@igualdad.gob.es<\/a><\/p><\/li><\/ul><\/div><\/div>\n\t\t<\/div>\r\n\t\t\t\t<\/div>\r\n\t\t\t\t\t<\/div>\r\n\t\t<\/div>\r\n\t\t\t\t\t<\/div>\r\n\t\t<\/section>\r\n\t\t\t\t<section class=\"elementor-section elementor-top-section elementor-element elementor-element-7a4e2fd elementor-section-boxed elementor-section-height-default elementor-section-height-default\" data-id=\"7a4e2fd\" data-element_type=\"section\">\r\n\t\t\t\t\t\t<div class=\"elementor-container elementor-column-gap-default\">\r\n\t\t\t\t\t<div class=\"elementor-column elementor-col-100 elementor-top-column elementor-element elementor-element-7d82221\" data-id=\"7d82221\" data-element_type=\"column\">\r\n\t\t\t<div class=\"elementor-widget-wrap elementor-element-populated\">\r\n\t\t\t\t\t\t<div class=\"elementor-element elementor-element-87e4507 elementor-widget elementor-widget-heading\" data-id=\"87e4507\" data-element_type=\"widget\" data-widget_type=\"heading.default\">\r\n\t\t\t\t<div class=\"elementor-widget-container\">\r\n\t\t\t<h2 class=\"elementor-heading-title elementor-size-default\">Aula Virtual del Instituto Balear de la Mujer\n<\/h2>\t\t<\/div>\r\n\t\t\t\t<\/div>\r\n\t\t\t\t<div class=\"elementor-element elementor-element-518574d elementor-widget elementor-widget-text-editor\" data-id=\"518574d\" data-element_type=\"widget\" data-widget_type=\"text-editor.default\">\r\n\t\t\t\t<div class=\"elementor-widget-container\">\r\n\t\t\t\t\t\t\t<p>Se trata de una plataforma a trav\u00e9s de la que se pueden seguir las acciones formativas del IBDONA. Puede acceder mediante <a href=\"https:\/\/www.aulaibdona.es\/login\/index.php\">el enlace siguiente<\/a><\/p>\t\t\t\t\t\t<\/div>\r\n\t\t\t\t<\/div>\r\n\t\t\t\t\t<\/div>\r\n\t\t<\/div>\r\n\t\t\t\t\t<\/div>\r\n\t\t<\/section>\r\n\t\t\t\t<section class=\"elementor-section elementor-top-section elementor-element elementor-element-3d65c2b elementor-section-height-min-height elementor-section-boxed elementor-section-height-default elementor-section-items-middle\" data-id=\"3d65c2b\" data-element_type=\"section\" data-settings=\"{&quot;background_background&quot;:&quot;classic&quot;}\">\r\n\t\t\t\t\t\t<div class=\"elementor-container elementor-column-gap-default\">\r\n\t\t\t\t\t<div class=\"elementor-column elementor-col-100 elementor-top-column elementor-element elementor-element-3dbdcc6\" data-id=\"3dbdcc6\" data-element_type=\"column\">\r\n\t\t\t<div class=\"elementor-widget-wrap\">\r\n\t\t\t\t\t\t\t<\/div>\r\n\t\t<\/div>\r\n\t\t\t\t\t<\/div>\r\n\t\t<\/section>\r\n\t\t\t\t<\/div>\r\n\t\t","protected":false},"excerpt":{"rendered":"<p>Servicio 24 horas Illes Balears El\u00a0Servicio\u00a0de Atenci\u00f3n\u00a0Social\u00a0Telef\u00f3nica\u00a024\u00a0horas\u00a0y\u00a0Acompa\u00f1amiento\u00a0presencial (Servicio\u00a024\u00a0horas)\u00a0es\u00a0un\u00a0servicio\u00a0especializado\u00a0en\u00a0la atenci\u00f3n\u00a0integral a\u00a0v\u00edctimas\u00a0de\u00a0violencias\u00a0machistas:\u00a0violencia\u00a0f\u00edsica,\u00a0psicol\u00f3gica,\u00a0econ\u00f3mica, sexual (abusos, agresiones\u00a0y\u00a0tr\u00e1fico).\u00a0Se presta\u00a0las\u00a024\u00a0horas\u00a0del\u00a0d\u00eda,\u00a0durante\u00a0los\u00a0365\u00a0d\u00edas\u00a0del a\u00f1o, en toda la comunidad\u00a0aut\u00f3noma\u00a0de\u00a0las\u00a0Illes Balears. \u00bfQu\u00e9 servicio presta? Atenci\u00f3n\u00a0y\u00a0acompa\u00f1amiento\u00a0telef\u00f3nico\u00a0frente\u00a0a\u00a0situaciones\u00a0de emergencia\u00a0por\u00a0violencia\u00a0machista. Informaci\u00f3n,\u00a0orientaci\u00f3n\u00a0y\u00a0asesoramiento\u00a0social.<span class=\"excerpt-hellip\"> [\u2026]<\/span><\/p>\n","protected":false},"author":2,"featured_media":0,"parent":0,"menu_order":0,"comment_status":"closed","ping_status":"closed","template":"","meta":{"inline_featured_image":false,"footnotes":""},"class_list":["post-1361","page","type-page","status-publish","hentry"],"yoast_head":"<!-- This site is optimized with the Yoast SEO plugin v26.9 - https:\/\/yoast.com\/product\/yoast-seo-wordpress\/ -->\n<title>Recursos - Observatori per a la igualtat<\/title>\n<meta name=\"robots\" content=\"index, follow, max-snippet:-1, max-image-preview:large, max-video-preview:-1\" \/>\n<link rel=\"canonical\" href=\"https:\/\/observatori-igualtat.es\/recursos\/\" \/>\n<meta property=\"og:locale\" content=\"es_ES\" \/>\n<meta property=\"og:type\" content=\"article\" \/>\n<meta property=\"og:title\" content=\"Recursos - Observatori per a la igualtat\" \/>\n<meta property=\"og:description\" content=\"Servicio 24 horas Illes Balears El\u00a0Servicio\u00a0de Atenci\u00f3n\u00a0Social\u00a0Telef\u00f3nica\u00a024\u00a0horas\u00a0y\u00a0Acompa\u00f1amiento\u00a0presencial (Servicio\u00a024\u00a0horas)\u00a0es\u00a0un\u00a0servicio\u00a0especializado\u00a0en\u00a0la atenci\u00f3n\u00a0integral a\u00a0v\u00edctimas\u00a0de\u00a0violencias\u00a0machistas:\u00a0violencia\u00a0f\u00edsica,\u00a0psicol\u00f3gica,\u00a0econ\u00f3mica, sexual (abusos, agresiones\u00a0y\u00a0tr\u00e1fico).\u00a0Se presta\u00a0las\u00a024\u00a0horas\u00a0del\u00a0d\u00eda,\u00a0durante\u00a0los\u00a0365\u00a0d\u00edas\u00a0del a\u00f1o, en toda la comunidad\u00a0aut\u00f3noma\u00a0de\u00a0las\u00a0Illes Balears. \u00bfQu\u00e9 servicio presta? Atenci\u00f3n\u00a0y\u00a0acompa\u00f1amiento\u00a0telef\u00f3nico\u00a0frente\u00a0a\u00a0situaciones\u00a0de emergencia\u00a0por\u00a0violencia\u00a0machista. Informaci\u00f3n,\u00a0orientaci\u00f3n\u00a0y\u00a0asesoramiento\u00a0social. [\u2026]\" \/>\n<meta property=\"og:url\" content=\"https:\/\/observatori-igualtat.es\/recursos\/\" \/>\n<meta property=\"og:site_name\" content=\"Observatori per a la igualtat\" \/>\n<meta property=\"article:publisher\" content=\"https:\/\/www.facebook.com\/institutbaleardeladona\" \/>\n<meta property=\"article:modified_time\" content=\"2025-03-28T12:59:39+00:00\" \/>\n<meta name=\"twitter:card\" content=\"summary_large_image\" \/>\n<meta name=\"twitter:site\" content=\"@IB_Dona\" \/>\n<meta name=\"twitter:label1\" content=\"Tiempo de lectura\" \/>\n\t<meta name=\"twitter:data1\" content=\"3 minutos\" \/>\n<script type=\"application\/ld+json\" class=\"yoast-schema-graph\">{\"@context\":\"https:\/\/schema.org\",\"@graph\":[{\"@type\":\"WebPage\",\"@id\":\"https:\/\/observatori-igualtat.es\/recursos\/\",\"url\":\"https:\/\/observatori-igualtat.es\/recursos\/\",\"name\":\"Recursos - Observatori per a la igualtat\",\"isPartOf\":{\"@id\":\"https:\/\/observatori-igualtat.es\/#website\"},\"datePublished\":\"2022-02-02T15:22:51+00:00\",\"dateModified\":\"2025-03-28T12:59:39+00:00\",\"breadcrumb\":{\"@id\":\"https:\/\/observatori-igualtat.es\/recursos\/#breadcrumb\"},\"inLanguage\":\"es\",\"potentialAction\":[{\"@type\":\"ReadAction\",\"target\":[\"https:\/\/observatori-igualtat.es\/recursos\/\"]}]},{\"@type\":\"BreadcrumbList\",\"@id\":\"https:\/\/observatori-igualtat.es\/recursos\/#breadcrumb\",\"itemListElement\":[{\"@type\":\"ListItem\",\"position\":1,\"name\":\"Portada\",\"item\":\"https:\/\/observatori-igualtat.es\/es\/\"},{\"@type\":\"ListItem\",\"position\":2,\"name\":\"Recursos\"}]},{\"@type\":\"WebSite\",\"@id\":\"https:\/\/observatori-igualtat.es\/#website\",\"url\":\"https:\/\/observatori-igualtat.es\/\",\"name\":\"Observatori per a la igualtat\",\"description\":\"\",\"publisher\":{\"@id\":\"https:\/\/observatori-igualtat.es\/#organization\"},\"potentialAction\":[{\"@type\":\"SearchAction\",\"target\":{\"@type\":\"EntryPoint\",\"urlTemplate\":\"https:\/\/observatori-igualtat.es\/?s={search_term_string}\"},\"query-input\":{\"@type\":\"PropertyValueSpecification\",\"valueRequired\":true,\"valueName\":\"search_term_string\"}}],\"inLanguage\":\"es\"},{\"@type\":\"Organization\",\"@id\":\"https:\/\/observatori-igualtat.es\/#organization\",\"name\":\"Observatori per a la igualtat\",\"url\":\"https:\/\/observatori-igualtat.es\/\",\"logo\":{\"@type\":\"ImageObject\",\"inLanguage\":\"es\",\"@id\":\"https:\/\/observatori-igualtat.es\/#\/schema\/logo\/image\/\",\"url\":\"https:\/\/observatori-igualtat.es\/wp-content\/uploads\/2021\/11\/cropped-lupa-icon.png\",\"contentUrl\":\"https:\/\/observatori-igualtat.es\/wp-content\/uploads\/2021\/11\/cropped-lupa-icon.png\",\"width\":512,\"height\":512,\"caption\":\"Observatori per a la igualtat\"},\"image\":{\"@id\":\"https:\/\/observatori-igualtat.es\/#\/schema\/logo\/image\/\"},\"sameAs\":[\"https:\/\/www.facebook.com\/institutbaleardeladona\",\"https:\/\/x.com\/IB_Dona\",\"https:\/\/www.instagram.com\/ib_dona\",\"https:\/\/www.youtube.com\/channel\/UC8SGWsVp4ABV3Ljo3rb_EGw\"]}]}<\/script>\n<!-- \/ Yoast SEO plugin. -->","yoast_head_json":{"title":"Recursos - Observatori per a la igualtat","robots":{"index":"index","follow":"follow","max-snippet":"max-snippet:-1","max-image-preview":"max-image-preview:large","max-video-preview":"max-video-preview:-1"},"canonical":"https:\/\/observatori-igualtat.es\/recursos\/","og_locale":"es_ES","og_type":"article","og_title":"Recursos - Observatori per a la igualtat","og_description":"Servicio 24 horas Illes Balears El\u00a0Servicio\u00a0de Atenci\u00f3n\u00a0Social\u00a0Telef\u00f3nica\u00a024\u00a0horas\u00a0y\u00a0Acompa\u00f1amiento\u00a0presencial (Servicio\u00a024\u00a0horas)\u00a0es\u00a0un\u00a0servicio\u00a0especializado\u00a0en\u00a0la atenci\u00f3n\u00a0integral a\u00a0v\u00edctimas\u00a0de\u00a0violencias\u00a0machistas:\u00a0violencia\u00a0f\u00edsica,\u00a0psicol\u00f3gica,\u00a0econ\u00f3mica, sexual (abusos, agresiones\u00a0y\u00a0tr\u00e1fico).\u00a0Se presta\u00a0las\u00a024\u00a0horas\u00a0del\u00a0d\u00eda,\u00a0durante\u00a0los\u00a0365\u00a0d\u00edas\u00a0del a\u00f1o, en toda la comunidad\u00a0aut\u00f3noma\u00a0de\u00a0las\u00a0Illes Balears. \u00bfQu\u00e9 servicio presta? Atenci\u00f3n\u00a0y\u00a0acompa\u00f1amiento\u00a0telef\u00f3nico\u00a0frente\u00a0a\u00a0situaciones\u00a0de emergencia\u00a0por\u00a0violencia\u00a0machista. Informaci\u00f3n,\u00a0orientaci\u00f3n\u00a0y\u00a0asesoramiento\u00a0social. [\u2026]","og_url":"https:\/\/observatori-igualtat.es\/recursos\/","og_site_name":"Observatori per a la igualtat","article_publisher":"https:\/\/www.facebook.com\/institutbaleardeladona","article_modified_time":"2025-03-28T12:59:39+00:00","twitter_card":"summary_large_image","twitter_site":"@IB_Dona","twitter_misc":{"Tiempo de lectura":"3 minutos"},"schema":{"@context":"https:\/\/schema.org","@graph":[{"@type":"WebPage","@id":"https:\/\/observatori-igualtat.es\/recursos\/","url":"https:\/\/observatori-igualtat.es\/recursos\/","name":"Recursos - Observatori per a la igualtat","isPartOf":{"@id":"https:\/\/observatori-igualtat.es\/#website"},"datePublished":"2022-02-02T15:22:51+00:00","dateModified":"2025-03-28T12:59:39+00:00","breadcrumb":{"@id":"https:\/\/observatori-igualtat.es\/recursos\/#breadcrumb"},"inLanguage":"es","potentialAction":[{"@type":"ReadAction","target":["https:\/\/observatori-igualtat.es\/recursos\/"]}]},{"@type":"BreadcrumbList","@id":"https:\/\/observatori-igualtat.es\/recursos\/#breadcrumb","itemListElement":[{"@type":"ListItem","position":1,"name":"Portada","item":"https:\/\/observatori-igualtat.es\/es\/"},{"@type":"ListItem","position":2,"name":"Recursos"}]},{"@type":"WebSite","@id":"https:\/\/observatori-igualtat.es\/#website","url":"https:\/\/observatori-igualtat.es\/","name":"Observatori per a la igualtat","description":"","publisher":{"@id":"https:\/\/observatori-igualtat.es\/#organization"},"potentialAction":[{"@type":"SearchAction","target":{"@type":"EntryPoint","urlTemplate":"https:\/\/observatori-igualtat.es\/?s={search_term_string}"},"query-input":{"@type":"PropertyValueSpecification","valueRequired":true,"valueName":"search_term_string"}}],"inLanguage":"es"},{"@type":"Organization","@id":"https:\/\/observatori-igualtat.es\/#organization","name":"Observatori per a la igualtat","url":"https:\/\/observatori-igualtat.es\/","logo":{"@type":"ImageObject","inLanguage":"es","@id":"https:\/\/observatori-igualtat.es\/#\/schema\/logo\/image\/","url":"https:\/\/observatori-igualtat.es\/wp-content\/uploads\/2021\/11\/cropped-lupa-icon.png","contentUrl":"https:\/\/observatori-igualtat.es\/wp-content\/uploads\/2021\/11\/cropped-lupa-icon.png","width":512,"height":512,"caption":"Observatori per a la igualtat"},"image":{"@id":"https:\/\/observatori-igualtat.es\/#\/schema\/logo\/image\/"},"sameAs":["https:\/\/www.facebook.com\/institutbaleardeladona","https:\/\/x.com\/IB_Dona","https:\/\/www.instagram.com\/ib_dona","https:\/\/www.youtube.com\/channel\/UC8SGWsVp4ABV3Ljo3rb_EGw"]}]}},"_links":{"self":[{"href":"https:\/\/observatori-igualtat.es\/es\/wp-json\/wp\/v2\/pages\/1361","targetHints":{"allow":["GET"]}}],"collection":[{"href":"https:\/\/observatori-igualtat.es\/es\/wp-json\/wp\/v2\/pages"}],"about":[{"href":"https:\/\/observatori-igualtat.es\/es\/wp-json\/wp\/v2\/types\/page"}],"author":[{"embeddable":true,"href":"https:\/\/observatori-igualtat.es\/es\/wp-json\/wp\/v2\/users\/2"}],"replies":[{"embeddable":true,"href":"https:\/\/observatori-igualtat.es\/es\/wp-json\/wp\/v2\/comments?post=1361"}],"version-history":[{"count":5,"href":"https:\/\/observatori-igualtat.es\/es\/wp-json\/wp\/v2\/pages\/1361\/revisions"}],"predecessor-version":[{"id":12573,"href":"https:\/\/observatori-igualtat.es\/es\/wp-json\/wp\/v2\/pages\/1361\/revisions\/12573"}],"wp:attachment":[{"href":"https:\/\/observatori-igualtat.es\/es\/wp-json\/wp\/v2\/media?parent=1361"}],"curies":[{"name":"wp","href":"https:\/\/api.w.org\/{rel}","templated":true}]}}