{"id":15084,"date":"2025-12-09T13:55:40","date_gmt":"2025-12-09T12:55:40","guid":{"rendered":"https:\/\/observatori-igualtat.es\/?page_id=15084"},"modified":"2025-12-12T10:24:01","modified_gmt":"2025-12-12T09:24:01","slug":"proteccion-de-datos-personales","status":"publish","type":"page","link":"https:\/\/observatori-igualtat.es\/es\/proteccion-de-datos-personales\/","title":{"rendered":"Protecci\u00f3n de datos personales"},"content":{"rendered":"\t\t<div data-elementor-type=\"wp-page\" data-elementor-id=\"15084\" class=\"elementor elementor-15084\" data-elementor-post-type=\"page\">\r\n\t\t\t\t\t\t<section class=\"elementor-section elementor-top-section elementor-element elementor-element-e60a840 elementor-section-boxed elementor-section-height-default elementor-section-height-default\" data-id=\"e60a840\" data-element_type=\"section\">\r\n\t\t\t\t\t\t<div class=\"elementor-container elementor-column-gap-default\">\r\n\t\t\t\t\t<div class=\"elementor-column elementor-col-100 elementor-top-column elementor-element elementor-element-977a772\" data-id=\"977a772\" data-element_type=\"column\">\r\n\t\t\t<div class=\"elementor-widget-wrap elementor-element-populated\">\r\n\t\t\t\t\t\t<div class=\"elementor-element elementor-element-f7e4c30 elementor-widget elementor-widget-observatori-heading\" data-id=\"f7e4c30\" data-element_type=\"widget\" data-widget_type=\"observatori-heading.default\">\r\n\t\t\t\t<div class=\"elementor-widget-container\">\r\n\t\t\t<h2 class=\"elementor-heading-title elementor-heading-background elementor-size-default\" id=\"f7e4c30\">Informaci\u00f3n sobre protecc\u00f3n de datos personales<\/h2>\t\t<\/div>\r\n\t\t\t\t<\/div>\r\n\t\t\t\t\t<\/div>\r\n\t\t<\/div>\r\n\t\t\t\t\t<\/div>\r\n\t\t<\/section>\r\n\t\t\t\t<section class=\"elementor-section elementor-top-section elementor-element elementor-element-1867d0d elementor-section-boxed elementor-section-height-default elementor-section-height-default\" data-id=\"1867d0d\" data-element_type=\"section\">\r\n\t\t\t\t\t\t<div class=\"elementor-container elementor-column-gap-default\">\r\n\t\t\t\t\t<div class=\"elementor-column elementor-col-100 elementor-top-column elementor-element elementor-element-c5eb5ab\" data-id=\"c5eb5ab\" data-element_type=\"column\">\r\n\t\t\t<div class=\"elementor-widget-wrap elementor-element-populated\">\r\n\t\t\t\t\t\t<div class=\"elementor-element elementor-element-77dac55 elementor-widget elementor-widget-spacer\" data-id=\"77dac55\" data-element_type=\"widget\" data-widget_type=\"spacer.default\">\r\n\t\t\t\t<div class=\"elementor-widget-container\">\r\n\t\t\t\t\t<div class=\"elementor-spacer\">\r\n\t\t\t<div class=\"elementor-spacer-inner\"><\/div>\r\n\t\t<\/div>\r\n\t\t\t\t<\/div>\r\n\t\t\t\t<\/div>\r\n\t\t\t\t<div class=\"elementor-element elementor-element-ed8d10b elementor-widget elementor-widget-text-editor\" data-id=\"ed8d10b\" data-element_type=\"widget\" data-widget_type=\"text-editor.default\">\r\n\t\t\t\t<div class=\"elementor-widget-container\">\r\n\t\t\t\t\t\t\t<p>De conformidad con el Reglamento (UE) 2016\/679 (RGPD), la Ley Org\u00e1nica 3\/2018, de 5 de diciembre, de protecci\u00f3n de datos personales y garant\u00eda de los derechos digitales y la legislaci\u00f3n vigente en materia de protecci\u00f3n de datos, se informa del tratamiento de los datos personales.<\/p><p><strong>Responsable del tratamiento: <\/strong>Institut Balear de la Dona, con NIF S0711001H, C\/ Arag\u00f3 26, 1.\u00ba, 07006, Palma. Islas Baleares.\u00a0<\/p><p><strong>Finalidad del tratamiento:<\/strong> gestionar las quejas y las sugerencias en relaci\u00f3n al tratamiento discriminatorio hacia las mujeres a trav\u00e9s de los medios de comunicaci\u00f3n, redes sociales y la publicidad.<\/p><p><strong>Legitimaci\u00f3n:<\/strong> <br \/>Art\u00edculo 6.1.c) RGPD el tratamiento es necesario para el cumplimiento de una obligaci\u00f3n legal aplicable al responsable del tratamiento y el art\u00edculo 6.1.e) RGPD el tratamiento es necesario para el cumplimiento de una misi\u00f3n realizada en inter\u00e9s p\u00fablico o en el ejercicio de poderes p\u00fablicos conferidos al responsable del tratamiento <br \/>En cumplimiento del art\u00edculo 62.3 de la Ley 11\/2016, de 28 de julio, de igualdad de mujeres y hombres, el Institut Balear de la Dona, en caso de que tenga conocimiento de un tratamiento il\u00edcito de la imagen de la mujer, tiene que solicitar a la empresa anunciando la cesaci\u00f3n y la rectificaci\u00f3n de la publicidad, de conformidad con la legislaci\u00f3n aplicable.<\/p><p><strong>Destinatarios de los datos personales:<\/strong> otras administraciones p\u00fablicas, cuando corresponda.<\/p><p><strong>Plazo de conservaci\u00f3n de los datos personales:<\/strong> los datos se conservar\u00e1n el tiempo necesario para poder llevar a cabo la finalidad del tratamiento.<\/p><p><strong>Existencia de decisiones automatizadas:<\/strong> no se realizar\u00e1 toma de decisiones automatizadas basadas en la informaci\u00f3n que usted nos proporciona.<\/p><p><strong>Transferencias de datos en terceros pa\u00edses:<\/strong> los datos no se transferir\u00e1n a terceros.<\/p><p><strong>Ejercicio de derechos y reclamaciones:<\/strong> la persona afectada por el tratamiento de datos personales puede ejercer sus derechos de acceso, de rectificaci\u00f3n, de supresi\u00f3n, de limitaci\u00f3n, de portabilidad, de oposici\u00f3n y de no inclusi\u00f3n en tratamientos automatizados ante el responsable del tratamiento mencionado antes, mediante el procedimiento \u00abSolicitud de ejercicio de derechos en materia de protecci\u00f3n de datos personales\u00bb, previsto en la sede electr\u00f3nica de la CAIB.<\/p><p><strong>Delegaci\u00f3n de Protecci\u00f3n de Datos:<\/strong> la Delegaci\u00f3n de Protecci\u00f3n de Datos de <br \/>la Administraci\u00f3n de la CAIB tiene la sede a la Conseller\u00eda de Presidencia y Administraciones P\u00fablicas (paseo de Sagrera, 2, 07012 Palma). Direcci\u00f3n electr\u00f3nica de contacto: protecciodades@dpd.caib.es<\/p>\t\t\t\t\t\t<\/div>\r\n\t\t\t\t<\/div>\r\n\t\t\t\t<div class=\"elementor-element elementor-element-483fb3a elementor-widget elementor-widget-spacer\" data-id=\"483fb3a\" data-element_type=\"widget\" data-widget_type=\"spacer.default\">\r\n\t\t\t\t<div class=\"elementor-widget-container\">\r\n\t\t\t\t\t<div class=\"elementor-spacer\">\r\n\t\t\t<div class=\"elementor-spacer-inner\"><\/div>\r\n\t\t<\/div>\r\n\t\t\t\t<\/div>\r\n\t\t\t\t<\/div>\r\n\t\t\t\t\t<\/div>\r\n\t\t<\/div>\r\n\t\t\t\t\t<\/div>\r\n\t\t<\/section>\r\n\t\t\t\t<\/div>\r\n\t\t","protected":false},"excerpt":{"rendered":"<p>Informaci\u00f3n sobre protecc\u00f3n de datos personales De conformidad con el Reglamento (UE) 2016\/679 (RGPD), la Ley Org\u00e1nica 3\/2018, de 5 de diciembre, de protecci\u00f3n de datos<span class=\"excerpt-hellip\"> [\u2026]<\/span><\/p>\n","protected":false},"author":5,"featured_media":0,"parent":0,"menu_order":0,"comment_status":"closed","ping_status":"closed","template":"","meta":{"inline_featured_image":false,"footnotes":""},"class_list":["post-15084","page","type-page","status-publish","hentry"],"yoast_head":"<!-- This site is optimized with the Yoast SEO plugin v26.9 - https:\/\/yoast.com\/product\/yoast-seo-wordpress\/ -->\n<title>Protecci\u00f3n de datos personales - Observatori per a la igualtat<\/title>\n<meta name=\"robots\" content=\"index, follow, max-snippet:-1, max-image-preview:large, max-video-preview:-1\" \/>\n<link rel=\"canonical\" href=\"https:\/\/observatori-igualtat.es\/proteccio-de-dades-personals\/\" \/>\n<meta property=\"og:locale\" content=\"es_ES\" \/>\n<meta property=\"og:type\" content=\"article\" \/>\n<meta property=\"og:title\" content=\"Protecci\u00f3n de datos personales - Observatori per a la igualtat\" \/>\n<meta property=\"og:description\" content=\"Informaci\u00f3n sobre protecc\u00f3n de datos personales De conformidad con el Reglamento (UE) 2016\/679 (RGPD), la Ley Org\u00e1nica 3\/2018, de 5 de diciembre, de protecci\u00f3n de datos [\u2026]\" \/>\n<meta property=\"og:url\" content=\"https:\/\/observatori-igualtat.es\/proteccio-de-dades-personals\/\" \/>\n<meta property=\"og:site_name\" content=\"Observatori per a la igualtat\" \/>\n<meta property=\"article:publisher\" content=\"https:\/\/www.facebook.com\/institutbaleardeladona\" \/>\n<meta property=\"article:modified_time\" content=\"2025-12-12T09:24:01+00:00\" \/>\n<meta name=\"twitter:card\" content=\"summary_large_image\" \/>\n<meta name=\"twitter:site\" content=\"@IB_Dona\" \/>\n<meta name=\"twitter:label1\" content=\"Tiempo de lectura\" \/>\n\t<meta name=\"twitter:data1\" content=\"2 minutos\" \/>\n<script type=\"application\/ld+json\" class=\"yoast-schema-graph\">{\"@context\":\"https:\/\/schema.org\",\"@graph\":[{\"@type\":\"WebPage\",\"@id\":\"https:\/\/observatori-igualtat.es\/proteccio-de-dades-personals\/\",\"url\":\"https:\/\/observatori-igualtat.es\/proteccio-de-dades-personals\/\",\"name\":\"Protecci\u00f3n de datos personales - Observatori per a la igualtat\",\"isPartOf\":{\"@id\":\"https:\/\/observatori-igualtat.es\/#website\"},\"datePublished\":\"2025-12-09T12:55:40+00:00\",\"dateModified\":\"2025-12-12T09:24:01+00:00\",\"breadcrumb\":{\"@id\":\"https:\/\/observatori-igualtat.es\/proteccio-de-dades-personals\/#breadcrumb\"},\"inLanguage\":\"es\",\"potentialAction\":[{\"@type\":\"ReadAction\",\"target\":[\"https:\/\/observatori-igualtat.es\/proteccio-de-dades-personals\/\"]}]},{\"@type\":\"BreadcrumbList\",\"@id\":\"https:\/\/observatori-igualtat.es\/proteccio-de-dades-personals\/#breadcrumb\",\"itemListElement\":[{\"@type\":\"ListItem\",\"position\":1,\"name\":\"Portada\",\"item\":\"https:\/\/observatori-igualtat.es\/es\/\"},{\"@type\":\"ListItem\",\"position\":2,\"name\":\"Protecci\u00f3n de datos personales\"}]},{\"@type\":\"WebSite\",\"@id\":\"https:\/\/observatori-igualtat.es\/#website\",\"url\":\"https:\/\/observatori-igualtat.es\/\",\"name\":\"Observatori per a la igualtat\",\"description\":\"\",\"publisher\":{\"@id\":\"https:\/\/observatori-igualtat.es\/#organization\"},\"potentialAction\":[{\"@type\":\"SearchAction\",\"target\":{\"@type\":\"EntryPoint\",\"urlTemplate\":\"https:\/\/observatori-igualtat.es\/?s={search_term_string}\"},\"query-input\":{\"@type\":\"PropertyValueSpecification\",\"valueRequired\":true,\"valueName\":\"search_term_string\"}}],\"inLanguage\":\"es\"},{\"@type\":\"Organization\",\"@id\":\"https:\/\/observatori-igualtat.es\/#organization\",\"name\":\"Observatori per a la igualtat\",\"url\":\"https:\/\/observatori-igualtat.es\/\",\"logo\":{\"@type\":\"ImageObject\",\"inLanguage\":\"es\",\"@id\":\"https:\/\/observatori-igualtat.es\/#\/schema\/logo\/image\/\",\"url\":\"https:\/\/observatori-igualtat.es\/wp-content\/uploads\/2021\/11\/cropped-lupa-icon.png\",\"contentUrl\":\"https:\/\/observatori-igualtat.es\/wp-content\/uploads\/2021\/11\/cropped-lupa-icon.png\",\"width\":512,\"height\":512,\"caption\":\"Observatori per a la igualtat\"},\"image\":{\"@id\":\"https:\/\/observatori-igualtat.es\/#\/schema\/logo\/image\/\"},\"sameAs\":[\"https:\/\/www.facebook.com\/institutbaleardeladona\",\"https:\/\/x.com\/IB_Dona\",\"https:\/\/www.instagram.com\/ib_dona\",\"https:\/\/www.youtube.com\/channel\/UC8SGWsVp4ABV3Ljo3rb_EGw\"]}]}<\/script>\n<!-- \/ Yoast SEO plugin. -->","yoast_head_json":{"title":"Protecci\u00f3n de datos personales - Observatori per a la igualtat","robots":{"index":"index","follow":"follow","max-snippet":"max-snippet:-1","max-image-preview":"max-image-preview:large","max-video-preview":"max-video-preview:-1"},"canonical":"https:\/\/observatori-igualtat.es\/proteccio-de-dades-personals\/","og_locale":"es_ES","og_type":"article","og_title":"Protecci\u00f3n de datos personales - Observatori per a la igualtat","og_description":"Informaci\u00f3n sobre protecc\u00f3n de datos personales De conformidad con el Reglamento (UE) 2016\/679 (RGPD), la Ley Org\u00e1nica 3\/2018, de 5 de diciembre, de protecci\u00f3n de datos [\u2026]","og_url":"https:\/\/observatori-igualtat.es\/proteccio-de-dades-personals\/","og_site_name":"Observatori per a la igualtat","article_publisher":"https:\/\/www.facebook.com\/institutbaleardeladona","article_modified_time":"2025-12-12T09:24:01+00:00","twitter_card":"summary_large_image","twitter_site":"@IB_Dona","twitter_misc":{"Tiempo de lectura":"2 minutos"},"schema":{"@context":"https:\/\/schema.org","@graph":[{"@type":"WebPage","@id":"https:\/\/observatori-igualtat.es\/proteccio-de-dades-personals\/","url":"https:\/\/observatori-igualtat.es\/proteccio-de-dades-personals\/","name":"Protecci\u00f3n de datos personales - Observatori per a la igualtat","isPartOf":{"@id":"https:\/\/observatori-igualtat.es\/#website"},"datePublished":"2025-12-09T12:55:40+00:00","dateModified":"2025-12-12T09:24:01+00:00","breadcrumb":{"@id":"https:\/\/observatori-igualtat.es\/proteccio-de-dades-personals\/#breadcrumb"},"inLanguage":"es","potentialAction":[{"@type":"ReadAction","target":["https:\/\/observatori-igualtat.es\/proteccio-de-dades-personals\/"]}]},{"@type":"BreadcrumbList","@id":"https:\/\/observatori-igualtat.es\/proteccio-de-dades-personals\/#breadcrumb","itemListElement":[{"@type":"ListItem","position":1,"name":"Portada","item":"https:\/\/observatori-igualtat.es\/es\/"},{"@type":"ListItem","position":2,"name":"Protecci\u00f3n de datos personales"}]},{"@type":"WebSite","@id":"https:\/\/observatori-igualtat.es\/#website","url":"https:\/\/observatori-igualtat.es\/","name":"Observatori per a la igualtat","description":"","publisher":{"@id":"https:\/\/observatori-igualtat.es\/#organization"},"potentialAction":[{"@type":"SearchAction","target":{"@type":"EntryPoint","urlTemplate":"https:\/\/observatori-igualtat.es\/?s={search_term_string}"},"query-input":{"@type":"PropertyValueSpecification","valueRequired":true,"valueName":"search_term_string"}}],"inLanguage":"es"},{"@type":"Organization","@id":"https:\/\/observatori-igualtat.es\/#organization","name":"Observatori per a la igualtat","url":"https:\/\/observatori-igualtat.es\/","logo":{"@type":"ImageObject","inLanguage":"es","@id":"https:\/\/observatori-igualtat.es\/#\/schema\/logo\/image\/","url":"https:\/\/observatori-igualtat.es\/wp-content\/uploads\/2021\/11\/cropped-lupa-icon.png","contentUrl":"https:\/\/observatori-igualtat.es\/wp-content\/uploads\/2021\/11\/cropped-lupa-icon.png","width":512,"height":512,"caption":"Observatori per a la igualtat"},"image":{"@id":"https:\/\/observatori-igualtat.es\/#\/schema\/logo\/image\/"},"sameAs":["https:\/\/www.facebook.com\/institutbaleardeladona","https:\/\/x.com\/IB_Dona","https:\/\/www.instagram.com\/ib_dona","https:\/\/www.youtube.com\/channel\/UC8SGWsVp4ABV3Ljo3rb_EGw"]}]}},"_links":{"self":[{"href":"https:\/\/observatori-igualtat.es\/es\/wp-json\/wp\/v2\/pages\/15084","targetHints":{"allow":["GET"]}}],"collection":[{"href":"https:\/\/observatori-igualtat.es\/es\/wp-json\/wp\/v2\/pages"}],"about":[{"href":"https:\/\/observatori-igualtat.es\/es\/wp-json\/wp\/v2\/types\/page"}],"author":[{"embeddable":true,"href":"https:\/\/observatori-igualtat.es\/es\/wp-json\/wp\/v2\/users\/5"}],"replies":[{"embeddable":true,"href":"https:\/\/observatori-igualtat.es\/es\/wp-json\/wp\/v2\/comments?post=15084"}],"version-history":[{"count":32,"href":"https:\/\/observatori-igualtat.es\/es\/wp-json\/wp\/v2\/pages\/15084\/revisions"}],"predecessor-version":[{"id":15279,"href":"https:\/\/observatori-igualtat.es\/es\/wp-json\/wp\/v2\/pages\/15084\/revisions\/15279"}],"wp:attachment":[{"href":"https:\/\/observatori-igualtat.es\/es\/wp-json\/wp\/v2\/media?parent=15084"}],"curies":[{"name":"wp","href":"https:\/\/api.w.org\/{rel}","templated":true}]}}