{"id":15121,"date":"2025-12-09T14:53:51","date_gmt":"2025-12-09T13:53:51","guid":{"rendered":"https:\/\/observatori-igualtat.es\/?page_id=15121"},"modified":"2026-02-16T09:24:17","modified_gmt":"2026-02-16T08:24:17","slug":"mujeres-referentes","status":"publish","type":"page","link":"https:\/\/observatori-igualtat.es\/es\/areas-de-intervencion\/mujeres-referentes\/","title":{"rendered":"Mujeres referentes"},"content":{"rendered":"\t\t<div data-elementor-type=\"wp-page\" data-elementor-id=\"15121\" class=\"elementor elementor-15121\" data-elementor-post-type=\"page\">\r\n\t\t\t\t\t\t<section class=\"elementor-section elementor-top-section elementor-element elementor-element-7a4e2fd elementor-section-boxed elementor-section-height-default elementor-section-height-default\" data-id=\"7a4e2fd\" data-element_type=\"section\">\r\n\t\t\t\t\t\t<div class=\"elementor-container elementor-column-gap-default\">\r\n\t\t\t\t\t<div class=\"elementor-column elementor-col-100 elementor-top-column elementor-element elementor-element-7d82221\" data-id=\"7d82221\" data-element_type=\"column\">\r\n\t\t\t<div class=\"elementor-widget-wrap elementor-element-populated\">\r\n\t\t\t\t\t\t<div class=\"elementor-element elementor-element-87e4507 elementor-widget elementor-widget-heading\" data-id=\"87e4507\" data-element_type=\"widget\" data-widget_type=\"heading.default\">\r\n\t\t\t\t<div class=\"elementor-widget-container\">\r\n\t\t\t<h2 class=\"elementor-heading-title elementor-size-default\">Mujeres referentes<\/h2>\t\t<\/div>\r\n\t\t\t\t<\/div>\r\n\t\t\t\t\t<\/div>\r\n\t\t<\/div>\r\n\t\t\t\t\t<\/div>\r\n\t\t<\/section>\r\n\t\t\t\t<section class=\"elementor-section elementor-top-section elementor-element elementor-element-043ab66 elementor-section-boxed elementor-section-height-default elementor-section-height-default\" data-id=\"043ab66\" data-element_type=\"section\">\r\n\t\t\t\t\t\t<div class=\"elementor-container elementor-column-gap-default\">\r\n\t\t\t\t\t<div class=\"elementor-column elementor-col-100 elementor-top-column elementor-element elementor-element-50ada88\" data-id=\"50ada88\" data-element_type=\"column\">\r\n\t\t\t<div class=\"elementor-widget-wrap elementor-element-populated\">\r\n\t\t\t\t\t\t<div class=\"elementor-element elementor-element-ed5634e elementor-widget elementor-widget-heading\" data-id=\"ed5634e\" data-element_type=\"widget\" data-widget_type=\"heading.default\">\r\n\t\t\t\t<div class=\"elementor-widget-container\">\r\n\t\t\t<h4 class=\"elementor-heading-title elementor-size-default\">\u00bfConoces alguna mujer o colectivo de mujeres de las Islas Baleares que haya dejado \u2014o contin\u00fae dejando\u2014 huella en tu entorno?<br \/>\nComparte tu propuesta y contribuye a reconocer su legado, visibilizando su aportaci\u00f3n a nuestra sociedad.<\/h4>\t\t<\/div>\r\n\t\t\t\t<\/div>\r\n\t\t\t\t<div class=\"elementor-element elementor-element-6a08781 elementor-widget elementor-widget-button\" data-id=\"6a08781\" data-element_type=\"widget\" data-widget_type=\"button.default\">\r\n\t\t\t\t<div class=\"elementor-widget-container\">\r\n\t\t\t\t\t\t\t<div class=\"elementor-button-wrapper\">\r\n\t\t\t\t\t<a class=\"elementor-button elementor-button-link elementor-size-sm\" href=\"#elementor-action%3Aaction%3Dpopup%3Aopen%26settings%3DeyJpZCI6MTU1NzUsInRvZ2dsZSI6ZmFsc2V9\">\r\n\t\t\t\t\t\t<span class=\"elementor-button-content-wrapper\">\r\n\t\t\t\t\t\t\t\t\t<span class=\"elementor-button-text\">Propuesta<\/span>\r\n\t\t\t\t\t<\/span>\r\n\t\t\t\t\t<\/a>\r\n\t\t\t\t<\/div>\r\n\t\t\t\t\t\t<\/div>\r\n\t\t\t\t<\/div>\r\n\t\t\t\t<div class=\"elementor-element elementor-element-49f6786 elementor-widget elementor-widget-html\" data-id=\"49f6786\" data-element_type=\"widget\" data-widget_type=\"html.default\">\r\n\t\t\t\t<div class=\"elementor-widget-container\">\r\n\t\t\t<script>\ndocument.addEventListener('DOMContentLoaded', function () {\n  var popupId = 15575;\n  var delayMs = 1000;\n\n  var tries = 0;\n  var timer = setInterval(function () {\n    tries++;\n    if (window.elementorProFrontend && elementorProFrontend.modules && elementorProFrontend.modules.popup) {\n      clearInterval(timer);\n      setTimeout(function () {\n        elementorProFrontend.modules.popup.showPopup({ id: popupId });\n      }, delayMs);\n    }\n    if (tries > 50) clearInterval(timer);\n  }, 100);\n});\n<\/script>\n\t\t<\/div>\r\n\t\t\t\t<\/div>\r\n\t\t\t\t\t<\/div>\r\n\t\t<\/div>\r\n\t\t\t\t\t<\/div>\r\n\t\t<\/section>\r\n\t\t\t\t<section class=\"elementor-section elementor-top-section elementor-element elementor-element-6643fe3 elementor-section-boxed elementor-section-height-default elementor-section-height-default\" data-id=\"6643fe3\" data-element_type=\"section\">\r\n\t\t\t\t\t\t<div class=\"elementor-container elementor-column-gap-default\">\r\n\t\t\t\t\t<div class=\"elementor-column elementor-col-100 elementor-top-column elementor-element elementor-element-20f4ab6\" data-id=\"20f4ab6\" data-element_type=\"column\">\r\n\t\t\t<div class=\"elementor-widget-wrap elementor-element-populated\">\r\n\t\t\t\t\t\t<div class=\"elementor-element elementor-element-a88407d elementor-widget elementor-widget-shortcode\" data-id=\"a88407d\" data-element_type=\"widget\" data-widget_type=\"shortcode.default\">\r\n\t\t\t\t<div class=\"elementor-widget-container\">\r\n\t\t\t\t\t<div class=\"elementor-shortcode\">\t\t<div class=\"rp-mr-wrapper\" data-default-letter=\"all\">\r\n\r\n\t\t\t<div class=\"rp-mr-filter\">\r\n\r\n\t\t\t\t<!-- ===================== -->\r\n\t\t\t\t<!-- FILA 1: Filtro por INICIAL -->\r\n\t\t\t\t<!-- ===================== -->\r\n\t\t\t\t<div class=\"rp-mr-letters-row\">\r\n\r\n\t\t\t\t\t<button type=\"button\" class=\"rp-mr-letter active\" data-letter=\"all\">\r\n\t\t\t\t\t\tTodas\t\t\t\t\t<\/button>\r\n\r\n\t\t\t\t\t\t\t\t\t\t\t<button type=\"button\" \r\n\t\t\t\t\t\t\tclass=\"rp-mr-letter\" \r\n\t\t\t\t\t\t\tdata-letter=\"A\">\r\n\t\t\t\t\t\t\tA\t\t\t\t\t\t<\/button>\r\n\t\t\t\t\t\t\t\t\t\t\t<button type=\"button\" \r\n\t\t\t\t\t\t\tclass=\"rp-mr-letter\" \r\n\t\t\t\t\t\t\tdata-letter=\"C\">\r\n\t\t\t\t\t\t\tC\t\t\t\t\t\t<\/button>\r\n\t\t\t\t\t\t\t\t\t\t\t<button type=\"button\" \r\n\t\t\t\t\t\t\tclass=\"rp-mr-letter\" \r\n\t\t\t\t\t\t\tdata-letter=\"F\">\r\n\t\t\t\t\t\t\tF\t\t\t\t\t\t<\/button>\r\n\t\t\t\t\t\t\t\t\t\t\t<button type=\"button\" \r\n\t\t\t\t\t\t\tclass=\"rp-mr-letter\" \r\n\t\t\t\t\t\t\tdata-letter=\"M\">\r\n\t\t\t\t\t\t\tM\t\t\t\t\t\t<\/button>\r\n\t\t\t\t\t\t\t\t\t\t\t<button type=\"button\" \r\n\t\t\t\t\t\t\tclass=\"rp-mr-letter\" \r\n\t\t\t\t\t\t\tdata-letter=\"V\">\r\n\t\t\t\t\t\t\tV\t\t\t\t\t\t<\/button>\r\n\t\t\t\t\t\r\n\t\t\t\t<\/div>\r\n\r\n\r\n\t\t\t\t<!-- SELECT DE INICIALES (solo m\u00f3vil) -->\r\n\t\t\t\t<div class=\"rp-mr-select-wrapper-mobile\">\r\n\t\t\t\t\t<select class=\"rp-mr-filter-select\" id=\"rp-mr-select-letter\">\r\n\t\t\t\t\t\t<option value=\"all\">Ver todas<\/option>\r\n\t\t\t\t\t\t\t\t\t\t\t\t\t<option value=\"A\">\r\n\t\t\t\t\t\t\t\tA\t\t\t\t\t\t\t<\/option>\r\n\t\t\t\t\t\t\t\t\t\t\t\t\t<option value=\"C\">\r\n\t\t\t\t\t\t\t\tC\t\t\t\t\t\t\t<\/option>\r\n\t\t\t\t\t\t\t\t\t\t\t\t\t<option value=\"F\">\r\n\t\t\t\t\t\t\t\tF\t\t\t\t\t\t\t<\/option>\r\n\t\t\t\t\t\t\t\t\t\t\t\t\t<option value=\"M\">\r\n\t\t\t\t\t\t\t\tM\t\t\t\t\t\t\t<\/option>\r\n\t\t\t\t\t\t\t\t\t\t\t\t\t<option value=\"V\">\r\n\t\t\t\t\t\t\t\tV\t\t\t\t\t\t\t<\/option>\r\n\t\t\t\t\t\t\t\t\t\t\t<\/select>\r\n\t\t\t\t<\/div>\r\n\r\n\r\n\t\t\t\t<!-- ===================== -->\r\n\t\t\t\t<!-- FILA 2: Filtro por \u00c1MBITO -->\r\n\t\t\t\t<!-- ===================== -->\r\n\t\t\t\t\r\n\t\t\t\t\t<!-- Botones de \u00e1mbitos (pero se ocultan siempre por CSS ) -->\r\n\t\t\t\t\t<div class=\"rp-mr-ambitos-row\">\r\n\t\t\t\t\t\t<button type=\"button\" class=\"rp-mr-ambito active\" data-ambito=\"\">\r\n\t\t\t\t\t\t\tTodos los \u00e1mbitos\t\t\t\t\t\t<\/button>\r\n\r\n\t\t\t\t\t\t\t\t\t\t\t\t\t<button \r\n\t\t\t\t\t\t\t\ttype=\"button\"\r\n\t\t\t\t\t\t\t\tclass=\"rp-mr-ambito\"\r\n\t\t\t\t\t\t\t\tdata-ambito=\"art-arts-plastiques\">\r\n\t\t\t\t\t\t\t\tArt (arts pl\u00e0stiques)\t\t\t\t\t\t\t<\/button>\r\n\t\t\t\t\t\t\t\t\t\t\t\t\t<button \r\n\t\t\t\t\t\t\t\ttype=\"button\"\r\n\t\t\t\t\t\t\t\tclass=\"rp-mr-ambito\"\r\n\t\t\t\t\t\t\t\tdata-ambito=\"ciencia-y-tecnologia\">\r\n\t\t\t\t\t\t\t\tCiencia y tecnolog\u00eda\t\t\t\t\t\t\t<\/button>\r\n\t\t\t\t\t\t\t\t\t\t\t\t\t<button \r\n\t\t\t\t\t\t\t\ttype=\"button\"\r\n\t\t\t\t\t\t\t\tclass=\"rp-mr-ambito\"\r\n\t\t\t\t\t\t\t\tdata-ambito=\"literatura\">\r\n\t\t\t\t\t\t\t\tLiteratura\t\t\t\t\t\t\t<\/button>\r\n\t\t\t\t\t\t\t\t\t\t\t\t\t<button \r\n\t\t\t\t\t\t\t\ttype=\"button\"\r\n\t\t\t\t\t\t\t\tclass=\"rp-mr-ambito\"\r\n\t\t\t\t\t\t\t\tdata-ambito=\"medios-de-comunicacion-y-periodismo\">\r\n\t\t\t\t\t\t\t\tMedios de comunicaci\u00f3n y periodismo\t\t\t\t\t\t\t<\/button>\r\n\t\t\t\t\t\t\t\t\t\t\t<\/div>\r\n\r\n\t\t\t\t\t<!-- SELECT DE \u00c1MBITOS (visible SIEMPRE, con flecha personalizada) -->\r\n\t\t\t\t\t<div class=\"rp-mr-select-wrapper\">\r\n\t\t\t\t\t\t<select class=\"rp-mr-filter-select\" id=\"rp-mr-select-ambito\">\r\n\t\t\t\t\t\t\t<option value=\"\">\r\n\t\t\t\t\t\t\t\tTodos los \u00e1mbitos\t\t\t\t\t\t\t<\/option>\r\n\r\n\t\t\t\t\t\t\t\t\t\t\t\t\t\t\t<option value=\"art-arts-plastiques\">\r\n\t\t\t\t\t\t\t\t\tArt (arts pl\u00e0stiques)\t\t\t\t\t\t\t\t<\/option>\r\n\t\t\t\t\t\t\t\t\t\t\t\t\t\t\t<option value=\"ciencia-y-tecnologia\">\r\n\t\t\t\t\t\t\t\t\tCiencia y tecnolog\u00eda\t\t\t\t\t\t\t\t<\/option>\r\n\t\t\t\t\t\t\t\t\t\t\t\t\t\t\t<option value=\"literatura\">\r\n\t\t\t\t\t\t\t\t\tLiteratura\t\t\t\t\t\t\t\t<\/option>\r\n\t\t\t\t\t\t\t\t\t\t\t\t\t\t\t<option value=\"medios-de-comunicacion-y-periodismo\">\r\n\t\t\t\t\t\t\t\t\tMedios de comunicaci\u00f3n y periodismo\t\t\t\t\t\t\t\t<\/option>\r\n\t\t\t\t\t\t\t\t\t\t\t\t\t<\/select>\r\n\t\t\t\t\t<\/div>\r\n\r\n\t\t\t\t\r\n\t\t\t<\/div>\r\n\r\n\r\n\t\t\t<!-- ===================== -->\r\n\t\t\t<!-- RESULTADOS AJAX -->\r\n\t\t\t<!-- ===================== -->\r\n\t\t\t<div class=\"rp-mr-results\" id=\"rp-mr-results\">\r\n\t\t\t\t\t\t<div data-elementor-type=\"loop-item\" data-elementor-id=\"15207\" class=\"elementor elementor-15207 e-loop-item e-loop-item-15241 post-15241 women-impact type-women-impact status-publish has-post-thumbnail hentry ambito-literatura\" data-elementor-post-type=\"elementor_library\" data-custom-edit-handle=\"1\">\r\n\t\t\t\t\t<section class=\"elementor-section elementor-top-section elementor-element elementor-element-4cb1205 elementor-section-full_width elementor-section-height-default elementor-section-height-default\" data-id=\"4cb1205\" data-element_type=\"section\">\r\n\t\t\t\t\t\t<div class=\"elementor-container elementor-column-gap-default\">\r\n\t\t\t\t\t<div class=\"elementor-column elementor-col-50 elementor-top-column elementor-element elementor-element-7f7dceb\" data-id=\"7f7dceb\" data-element_type=\"column\">\r\n\t\t\t<div class=\"elementor-widget-wrap elementor-element-populated\">\r\n\t\t\t\t\t\t<div class=\"elementor-element elementor-element-9ad7c75 elementor-widget elementor-widget-image\" data-id=\"9ad7c75\" data-element_type=\"widget\" data-widget_type=\"image.default\">\r\n\t\t\t\t<div class=\"elementor-widget-container\">\r\n\t\t\t\t\t\t\t\t\t\t\t\t\t<img fetchpriority=\"high\" decoding=\"async\" width=\"791\" height=\"1024\" src=\"https:\/\/observatori-igualtat.es\/wp-content\/uploads\/2025\/12\/audre-lorde-791x1024.jpg\" class=\"attachment-large size-large wp-image-15213\" alt=\"\" srcset=\"https:\/\/observatori-igualtat.es\/wp-content\/uploads\/2025\/12\/audre-lorde-791x1024.jpg 791w, https:\/\/observatori-igualtat.es\/wp-content\/uploads\/2025\/12\/audre-lorde-232x300.jpg 232w, https:\/\/observatori-igualtat.es\/wp-content\/uploads\/2025\/12\/audre-lorde-768x995.jpg 768w, https:\/\/observatori-igualtat.es\/wp-content\/uploads\/2025\/12\/audre-lorde-58x75.jpg 58w, https:\/\/observatori-igualtat.es\/wp-content\/uploads\/2025\/12\/audre-lorde-480x622.jpg 480w, https:\/\/observatori-igualtat.es\/wp-content\/uploads\/2025\/12\/audre-lorde.jpg 942w\" sizes=\"(max-width:767px) 480px, (max-width:791px) 100vw, 791px\" \/>\t\t\t\t\t\t\t\t\t\t\t\t\t<\/div>\r\n\t\t\t\t<\/div>\r\n\t\t\t\t\t<\/div>\r\n\t\t<\/div>\r\n\t\t\t\t<div class=\"elementor-column elementor-col-50 elementor-top-column elementor-element elementor-element-e7a0760\" data-id=\"e7a0760\" data-element_type=\"column\">\r\n\t\t\t<div class=\"elementor-widget-wrap elementor-element-populated\">\r\n\t\t\t\t\t\t<div class=\"elementor-element elementor-element-da9c494 elementor-widget elementor-widget-heading\" data-id=\"da9c494\" data-element_type=\"widget\" data-widget_type=\"heading.default\">\r\n\t\t\t\t<div class=\"elementor-widget-container\">\r\n\t\t\t<h4 class=\"elementor-heading-title elementor-size-default\">Audre Lorde (1934-1992)<\/h4>\t\t<\/div>\r\n\t\t\t\t<\/div>\r\n\t\t\t\t<div class=\"elementor-element elementor-element-6be7d3c elementor-widget elementor-widget-heading\" data-id=\"6be7d3c\" data-element_type=\"widget\" data-widget_type=\"heading.default\">\r\n\t\t\t\t<div class=\"elementor-widget-container\">\r\n\t\t\t<h5 class=\"elementor-heading-title elementor-size-default\">Escritora<\/h5>\t\t<\/div>\r\n\t\t\t\t<\/div>\r\n\t\t\t\t<div class=\"elementor-element elementor-element-f6f25b9 elementor-widget elementor-widget-theme-post-content\" data-id=\"f6f25b9\" data-element_type=\"widget\" data-widget_type=\"theme-post-content.default\">\r\n\t\t\t\t<div class=\"elementor-widget-container\">\r\n\t\t\t<p><strong>La escritora afroamericana destac\u00f3 al hablar sin tapujos de las injusticias raciales<\/strong>. Sus cr\u00edticas, no exentas de pol\u00e9mica, llevaron a la sociedad a reflexionar sobre las diferencias vigentes y situaron su nombre como uno de los destacados en acabar con las desigualdades.<\/p>\n<p>Entre sus obras m\u00e1s destacadas, todas ellas enfocadas en mandar un mensaje contra la discriminaci\u00f3n, es La hermana, la extranjera la que logr\u00f3 un \u00e9xito mayor.<\/p>\n\t\t<\/div>\r\n\t\t\t\t<\/div>\r\n\t\t\t\t\t<\/div>\r\n\t\t<\/div>\r\n\t\t\t\t\t<\/div>\r\n\t\t<\/section>\r\n\t\t\t\t<\/div>\r\n\t\t\t\t<div data-elementor-type=\"loop-item\" data-elementor-id=\"15207\" class=\"elementor elementor-15207 e-loop-item e-loop-item-15243 post-15243 women-impact type-women-impact status-publish has-post-thumbnail hentry ambito-medios-de-comunicacion-y-periodismo\" data-elementor-post-type=\"elementor_library\" data-custom-edit-handle=\"1\">\r\n\t\t\t\t\t<section class=\"elementor-section elementor-top-section elementor-element elementor-element-4cb1205 elementor-section-full_width elementor-section-height-default elementor-section-height-default\" data-id=\"4cb1205\" data-element_type=\"section\">\r\n\t\t\t\t\t\t<div class=\"elementor-container elementor-column-gap-default\">\r\n\t\t\t\t\t<div class=\"elementor-column elementor-col-50 elementor-top-column elementor-element elementor-element-7f7dceb\" data-id=\"7f7dceb\" data-element_type=\"column\">\r\n\t\t\t<div class=\"elementor-widget-wrap elementor-element-populated\">\r\n\t\t\t\t\t\t<div class=\"elementor-element elementor-element-9ad7c75 elementor-widget elementor-widget-image\" data-id=\"9ad7c75\" data-element_type=\"widget\" data-widget_type=\"image.default\">\r\n\t\t\t\t<div class=\"elementor-widget-container\">\r\n\t\t\t\t\t\t\t\t\t\t\t\t\t<img decoding=\"async\" width=\"815\" height=\"1024\" src=\"https:\/\/observatori-igualtat.es\/wp-content\/uploads\/2025\/12\/clara-zetkin-815x1024.jpg\" class=\"attachment-large size-large wp-image-15215\" alt=\"\" srcset=\"https:\/\/observatori-igualtat.es\/wp-content\/uploads\/2025\/12\/clara-zetkin-815x1024.jpg 815w, https:\/\/observatori-igualtat.es\/wp-content\/uploads\/2025\/12\/clara-zetkin-239x300.jpg 239w, https:\/\/observatori-igualtat.es\/wp-content\/uploads\/2025\/12\/clara-zetkin-768x965.jpg 768w, https:\/\/observatori-igualtat.es\/wp-content\/uploads\/2025\/12\/clara-zetkin-60x75.jpg 60w, https:\/\/observatori-igualtat.es\/wp-content\/uploads\/2025\/12\/clara-zetkin-480x603.jpg 480w, https:\/\/observatori-igualtat.es\/wp-content\/uploads\/2025\/12\/clara-zetkin.jpg 953w\" sizes=\"(max-width:767px) 480px, (max-width:815px) 100vw, 815px\" \/>\t\t\t\t\t\t\t\t\t\t\t\t\t<\/div>\r\n\t\t\t\t<\/div>\r\n\t\t\t\t\t<\/div>\r\n\t\t<\/div>\r\n\t\t\t\t<div class=\"elementor-column elementor-col-50 elementor-top-column elementor-element elementor-element-e7a0760\" data-id=\"e7a0760\" data-element_type=\"column\">\r\n\t\t\t<div class=\"elementor-widget-wrap elementor-element-populated\">\r\n\t\t\t\t\t\t<div class=\"elementor-element elementor-element-da9c494 elementor-widget elementor-widget-heading\" data-id=\"da9c494\" data-element_type=\"widget\" data-widget_type=\"heading.default\">\r\n\t\t\t\t<div class=\"elementor-widget-container\">\r\n\t\t\t<h4 class=\"elementor-heading-title elementor-size-default\">Clara Zetkin (1857-1933)<\/h4>\t\t<\/div>\r\n\t\t\t\t<\/div>\r\n\t\t\t\t<div class=\"elementor-element elementor-element-6be7d3c elementor-widget elementor-widget-heading\" data-id=\"6be7d3c\" data-element_type=\"widget\" data-widget_type=\"heading.default\">\r\n\t\t\t\t<div class=\"elementor-widget-container\">\r\n\t\t\t<h5 class=\"elementor-heading-title elementor-size-default\">Periodista<\/h5>\t\t<\/div>\r\n\t\t\t\t<\/div>\r\n\t\t\t\t<div class=\"elementor-element elementor-element-f6f25b9 elementor-widget elementor-widget-theme-post-content\" data-id=\"f6f25b9\" data-element_type=\"widget\" data-widget_type=\"theme-post-content.default\">\r\n\t\t\t\t<div class=\"elementor-widget-container\">\r\n\t\t\t<p><strong>La periodista y oradora alemana batall\u00f3 sin descanso en busca de la igualdad de derechos de la mujer.<\/strong> Sobre todo dentro de la pol\u00edtica alemana, form\u00f3 parte militar del Partido Socialista Obrero de Alemania e impuls\u00f3 el movimiento femenino y el derecho al voto. Asimismo, fue la impulsora de la celebraci\u00f3n del 8 de marzo como D\u00eda de la Mujer Trabajadora, reconocido por las Naciones Unidas en 1975.<\/p>\n\t\t<\/div>\r\n\t\t\t\t<\/div>\r\n\t\t\t\t\t<\/div>\r\n\t\t<\/div>\r\n\t\t\t\t\t<\/div>\r\n\t\t<\/section>\r\n\t\t\t\t<\/div>\r\n\t\t\t\t<div data-elementor-type=\"loop-item\" data-elementor-id=\"15207\" class=\"elementor elementor-15207 e-loop-item e-loop-item-15242 post-15242 women-impact type-women-impact status-publish has-post-thumbnail hentry ambito-art-arts-plastiques\" data-elementor-post-type=\"elementor_library\" data-custom-edit-handle=\"1\">\r\n\t\t\t\t\t<section class=\"elementor-section elementor-top-section elementor-element elementor-element-4cb1205 elementor-section-full_width elementor-section-height-default elementor-section-height-default\" data-id=\"4cb1205\" data-element_type=\"section\">\r\n\t\t\t\t\t\t<div class=\"elementor-container elementor-column-gap-default\">\r\n\t\t\t\t\t<div class=\"elementor-column elementor-col-50 elementor-top-column elementor-element elementor-element-7f7dceb\" data-id=\"7f7dceb\" data-element_type=\"column\">\r\n\t\t\t<div class=\"elementor-widget-wrap elementor-element-populated\">\r\n\t\t\t\t\t\t<div class=\"elementor-element elementor-element-9ad7c75 elementor-widget elementor-widget-image\" data-id=\"9ad7c75\" data-element_type=\"widget\" data-widget_type=\"image.default\">\r\n\t\t\t\t<div class=\"elementor-widget-container\">\r\n\t\t\t\t\t\t\t\t\t\t\t\t\t<img decoding=\"async\" width=\"820\" height=\"1024\" src=\"https:\/\/observatori-igualtat.es\/wp-content\/uploads\/2025\/12\/frida-kahlo-820x1024.jpg\" class=\"attachment-large size-large wp-image-15217\" alt=\"\" srcset=\"https:\/\/observatori-igualtat.es\/wp-content\/uploads\/2025\/12\/frida-kahlo-820x1024.jpg 820w, https:\/\/observatori-igualtat.es\/wp-content\/uploads\/2025\/12\/frida-kahlo-240x300.jpg 240w, https:\/\/observatori-igualtat.es\/wp-content\/uploads\/2025\/12\/frida-kahlo-768x960.jpg 768w, https:\/\/observatori-igualtat.es\/wp-content\/uploads\/2025\/12\/frida-kahlo-60x75.jpg 60w, https:\/\/observatori-igualtat.es\/wp-content\/uploads\/2025\/12\/frida-kahlo-480x600.jpg 480w, https:\/\/observatori-igualtat.es\/wp-content\/uploads\/2025\/12\/frida-kahlo.jpg 954w\" sizes=\"(max-width:767px) 480px, (max-width:820px) 100vw, 820px\" \/>\t\t\t\t\t\t\t\t\t\t\t\t\t<\/div>\r\n\t\t\t\t<\/div>\r\n\t\t\t\t\t<\/div>\r\n\t\t<\/div>\r\n\t\t\t\t<div class=\"elementor-column elementor-col-50 elementor-top-column elementor-element elementor-element-e7a0760\" data-id=\"e7a0760\" data-element_type=\"column\">\r\n\t\t\t<div class=\"elementor-widget-wrap elementor-element-populated\">\r\n\t\t\t\t\t\t<div class=\"elementor-element elementor-element-da9c494 elementor-widget elementor-widget-heading\" data-id=\"da9c494\" data-element_type=\"widget\" data-widget_type=\"heading.default\">\r\n\t\t\t\t<div class=\"elementor-widget-container\">\r\n\t\t\t<h4 class=\"elementor-heading-title elementor-size-default\">Frida Kahlo (1907-1958)<\/h4>\t\t<\/div>\r\n\t\t\t\t<\/div>\r\n\t\t\t\t<div class=\"elementor-element elementor-element-6be7d3c elementor-widget elementor-widget-heading\" data-id=\"6be7d3c\" data-element_type=\"widget\" data-widget_type=\"heading.default\">\r\n\t\t\t\t<div class=\"elementor-widget-container\">\r\n\t\t\t<h5 class=\"elementor-heading-title elementor-size-default\">Pintora<\/h5>\t\t<\/div>\r\n\t\t\t\t<\/div>\r\n\t\t\t\t<div class=\"elementor-element elementor-element-f6f25b9 elementor-widget elementor-widget-theme-post-content\" data-id=\"f6f25b9\" data-element_type=\"widget\" data-widget_type=\"theme-post-content.default\">\r\n\t\t\t\t<div class=\"elementor-widget-container\">\r\n\t\t\t<p><strong>Hablar de Frida Kahlo es hablar de feminismo.<\/strong> La pintora mexicana es un s\u00edmbolo de la lucha. A principios del siglo XX consigui\u00f3 hacerse un hueco en el mundo del arte al mostrar la identidad femenina desde su propia perspectiva, sin estereotipos, rechazando la visi\u00f3n tradicional masculina que reinaba en la \u00e9poca.<\/p>\n<p>Tras su fallecimiento, su obra se populariz\u00f3. Y tambi\u00e9n sus continuas reivindicaciones, no solo en el mundo del arte, tambi\u00e9n en pol\u00edticas sociales. Kahlo no tuvo miedo en defender el aborto, la lactancia de la mujer o los derechos de las mujeres.<\/p>\n\t\t<\/div>\r\n\t\t\t\t<\/div>\r\n\t\t\t\t\t<\/div>\r\n\t\t<\/div>\r\n\t\t\t\t\t<\/div>\r\n\t\t<\/section>\r\n\t\t\t\t<\/div>\r\n\t\t\t\t<div data-elementor-type=\"loop-item\" data-elementor-id=\"15207\" class=\"elementor elementor-15207 e-loop-item e-loop-item-15210 post-15210 women-impact type-women-impact status-publish has-post-thumbnail hentry ambito-ciencia-y-tecnologia\" data-elementor-post-type=\"elementor_library\" data-custom-edit-handle=\"1\">\r\n\t\t\t\t\t<section class=\"elementor-section elementor-top-section elementor-element elementor-element-4cb1205 elementor-section-full_width elementor-section-height-default elementor-section-height-default\" data-id=\"4cb1205\" data-element_type=\"section\">\r\n\t\t\t\t\t\t<div class=\"elementor-container elementor-column-gap-default\">\r\n\t\t\t\t\t<div class=\"elementor-column elementor-col-50 elementor-top-column elementor-element elementor-element-7f7dceb\" data-id=\"7f7dceb\" data-element_type=\"column\">\r\n\t\t\t<div class=\"elementor-widget-wrap elementor-element-populated\">\r\n\t\t\t\t\t\t<div class=\"elementor-element elementor-element-9ad7c75 elementor-widget elementor-widget-image\" data-id=\"9ad7c75\" data-element_type=\"widget\" data-widget_type=\"image.default\">\r\n\t\t\t\t<div class=\"elementor-widget-container\">\r\n\t\t\t\t\t\t\t\t\t\t\t\t\t<img loading=\"lazy\" decoding=\"async\" width=\"746\" height=\"934\" src=\"https:\/\/observatori-igualtat.es\/wp-content\/uploads\/2025\/12\/marie-curie.avif\" class=\"attachment-large size-large wp-image-15127\" alt=\"\" srcset=\"https:\/\/observatori-igualtat.es\/wp-content\/uploads\/2025\/12\/marie-curie.avif 746w, https:\/\/observatori-igualtat.es\/wp-content\/uploads\/2025\/12\/marie-curie-240x300.avif 240w, https:\/\/observatori-igualtat.es\/wp-content\/uploads\/2025\/12\/marie-curie-60x75.avif 60w, https:\/\/observatori-igualtat.es\/wp-content\/uploads\/2025\/12\/marie-curie-480x601.avif 480w\" sizes=\"(max-width:767px) 480px, 746px\" \/>\t\t\t\t\t\t\t\t\t\t\t\t\t<\/div>\r\n\t\t\t\t<\/div>\r\n\t\t\t\t\t<\/div>\r\n\t\t<\/div>\r\n\t\t\t\t<div class=\"elementor-column elementor-col-50 elementor-top-column elementor-element elementor-element-e7a0760\" data-id=\"e7a0760\" data-element_type=\"column\">\r\n\t\t\t<div class=\"elementor-widget-wrap elementor-element-populated\">\r\n\t\t\t\t\t\t<div class=\"elementor-element elementor-element-da9c494 elementor-widget elementor-widget-heading\" data-id=\"da9c494\" data-element_type=\"widget\" data-widget_type=\"heading.default\">\r\n\t\t\t\t<div class=\"elementor-widget-container\">\r\n\t\t\t<h4 class=\"elementor-heading-title elementor-size-default\">Marie Curie (1867-1934)<\/h4>\t\t<\/div>\r\n\t\t\t\t<\/div>\r\n\t\t\t\t<div class=\"elementor-element elementor-element-6be7d3c elementor-widget elementor-widget-heading\" data-id=\"6be7d3c\" data-element_type=\"widget\" data-widget_type=\"heading.default\">\r\n\t\t\t\t<div class=\"elementor-widget-container\">\r\n\t\t\t<h5 class=\"elementor-heading-title elementor-size-default\">Cient\u00edfica<\/h5>\t\t<\/div>\r\n\t\t\t\t<\/div>\r\n\t\t\t\t<div class=\"elementor-element elementor-element-f6f25b9 elementor-widget elementor-widget-theme-post-content\" data-id=\"f6f25b9\" data-element_type=\"widget\" data-widget_type=\"theme-post-content.default\">\r\n\t\t\t\t<div class=\"elementor-widget-container\">\r\n\t\t\t<p><strong>Fue una de las pioneras en la ciencia<\/strong>, concretamente en el campo de la radioactividad. Una mujer en un mundo de hombres que logr\u00f3 algo in\u00e9dito en aquel siglo XIX, ocupar una c\u00e1tedra en la Universidad La Sorbona de Par\u00eds, no sin luchar por ello.<\/p>\n<p>Logr\u00f3 dos premios Nobel y consigui\u00f3 dejar huella no solo en la comunidad cient\u00edficas sino en lo que en ese momento era una sociedad machista y clasista. Hizo ver que una mujer, en aquel momento relegada a un segundo plano, tambi\u00e9n pod\u00eda llegar lejos en este apasionante campo.<\/p>\n\t\t<\/div>\r\n\t\t\t\t<\/div>\r\n\t\t\t\t\t<\/div>\r\n\t\t<\/div>\r\n\t\t\t\t\t<\/div>\r\n\t\t<\/section>\r\n\t\t\t\t<\/div>\r\n\t\t\t\t<div data-elementor-type=\"loop-item\" data-elementor-id=\"15207\" class=\"elementor elementor-15207 e-loop-item e-loop-item-15245 post-15245 women-impact type-women-impact status-publish has-post-thumbnail hentry ambito-literatura\" data-elementor-post-type=\"elementor_library\" data-custom-edit-handle=\"1\">\r\n\t\t\t\t\t<section class=\"elementor-section elementor-top-section elementor-element elementor-element-4cb1205 elementor-section-full_width elementor-section-height-default elementor-section-height-default\" data-id=\"4cb1205\" data-element_type=\"section\">\r\n\t\t\t\t\t\t<div class=\"elementor-container elementor-column-gap-default\">\r\n\t\t\t\t\t<div class=\"elementor-column elementor-col-50 elementor-top-column elementor-element elementor-element-7f7dceb\" data-id=\"7f7dceb\" data-element_type=\"column\">\r\n\t\t\t<div class=\"elementor-widget-wrap elementor-element-populated\">\r\n\t\t\t\t\t\t<div class=\"elementor-element elementor-element-9ad7c75 elementor-widget elementor-widget-image\" data-id=\"9ad7c75\" data-element_type=\"widget\" data-widget_type=\"image.default\">\r\n\t\t\t\t<div class=\"elementor-widget-container\">\r\n\t\t\t\t\t\t\t\t\t\t\t\t\t<img loading=\"lazy\" decoding=\"async\" width=\"816\" height=\"1024\" src=\"https:\/\/observatori-igualtat.es\/wp-content\/uploads\/2025\/12\/virginia-woolf-816x1024.jpg\" class=\"attachment-large size-large wp-image-15219\" alt=\"\" srcset=\"https:\/\/observatori-igualtat.es\/wp-content\/uploads\/2025\/12\/virginia-woolf-816x1024.jpg 816w, https:\/\/observatori-igualtat.es\/wp-content\/uploads\/2025\/12\/virginia-woolf-239x300.jpg 239w, https:\/\/observatori-igualtat.es\/wp-content\/uploads\/2025\/12\/virginia-woolf-768x964.jpg 768w, https:\/\/observatori-igualtat.es\/wp-content\/uploads\/2025\/12\/virginia-woolf-60x75.jpg 60w, https:\/\/observatori-igualtat.es\/wp-content\/uploads\/2025\/12\/virginia-woolf-480x603.jpg 480w, https:\/\/observatori-igualtat.es\/wp-content\/uploads\/2025\/12\/virginia-woolf.jpg 956w\" sizes=\"(max-width:767px) 480px, (max-width:816px) 100vw, 816px\" \/>\t\t\t\t\t\t\t\t\t\t\t\t\t<\/div>\r\n\t\t\t\t<\/div>\r\n\t\t\t\t\t<\/div>\r\n\t\t<\/div>\r\n\t\t\t\t<div class=\"elementor-column elementor-col-50 elementor-top-column elementor-element elementor-element-e7a0760\" data-id=\"e7a0760\" data-element_type=\"column\">\r\n\t\t\t<div class=\"elementor-widget-wrap elementor-element-populated\">\r\n\t\t\t\t\t\t<div class=\"elementor-element elementor-element-da9c494 elementor-widget elementor-widget-heading\" data-id=\"da9c494\" data-element_type=\"widget\" data-widget_type=\"heading.default\">\r\n\t\t\t\t<div class=\"elementor-widget-container\">\r\n\t\t\t<h4 class=\"elementor-heading-title elementor-size-default\">Virginia Woolf (1882-1941)<\/h4>\t\t<\/div>\r\n\t\t\t\t<\/div>\r\n\t\t\t\t<div class=\"elementor-element elementor-element-6be7d3c elementor-widget elementor-widget-heading\" data-id=\"6be7d3c\" data-element_type=\"widget\" data-widget_type=\"heading.default\">\r\n\t\t\t\t<div class=\"elementor-widget-container\">\r\n\t\t\t<h5 class=\"elementor-heading-title elementor-size-default\">Escritora<\/h5>\t\t<\/div>\r\n\t\t\t\t<\/div>\r\n\t\t\t\t<div class=\"elementor-element elementor-element-f6f25b9 elementor-widget elementor-widget-theme-post-content\" data-id=\"f6f25b9\" data-element_type=\"widget\" data-widget_type=\"theme-post-content.default\">\r\n\t\t\t\t<div class=\"elementor-widget-container\">\r\n\t\t\t<p><strong>Woolf fue capaz de plasmar a trav\u00e9s de sus dotes con la pluma las grandes injusticias que exist\u00edan en la sociedad<\/strong>. Escribi\u00f3 sobre la necesidad de la independencia econ\u00f3mica, de esa \u00abhabitaci\u00f3n propia\u00bb de la mujer para pensar y reflexionar. Habl\u00f3 sobre la salud mental o la sexualidad, campos olvidados en aquellos a\u00f1os.<\/p>\n<p>No tuvo miedo de plasmar a trav\u00e9s de mon\u00f3logos internos y grandes reflexiones todo aquello de lo que era testigo y supon\u00eda una injusticia. Situ\u00f3 a la mujer en el punto de mira y d\u00e9cadas despu\u00e9s de su muerte, su legado literario es posiblemente uno de los m\u00e1s importantes.<\/p>\n\t\t<\/div>\r\n\t\t\t\t<\/div>\r\n\t\t\t\t\t<\/div>\r\n\t\t<\/div>\r\n\t\t\t\t\t<\/div>\r\n\t\t<\/section>\r\n\t\t\t\t<\/div>\r\n\t\t\t\t\t<\/div>\r\n\r\n\t\t<\/div>\r\n\t\t<\/div>\r\n\t\t\t\t<\/div>\r\n\t\t\t\t<\/div>\r\n\t\t\t\t\t<\/div>\r\n\t\t<\/div>\r\n\t\t\t\t\t<\/div>\r\n\t\t<\/section>\r\n\t\t\t\t<section class=\"elementor-section elementor-top-section elementor-element elementor-element-c611245 elementor-section-boxed elementor-section-height-default elementor-section-height-default\" data-id=\"c611245\" data-element_type=\"section\">\r\n\t\t\t\t\t\t<div class=\"elementor-container elementor-column-gap-default\">\r\n\t\t\t\t\t<div class=\"elementor-column elementor-col-100 elementor-top-column elementor-element elementor-element-b68bc35\" data-id=\"b68bc35\" data-element_type=\"column\">\r\n\t\t\t<div class=\"elementor-widget-wrap elementor-element-populated\">\r\n\t\t\t\t\t\t<div class=\"elementor-element elementor-element-f36e758 elementor-widget elementor-widget-spacer\" data-id=\"f36e758\" data-element_type=\"widget\" data-widget_type=\"spacer.default\">\r\n\t\t\t\t<div class=\"elementor-widget-container\">\r\n\t\t\t\t\t<div class=\"elementor-spacer\">\r\n\t\t\t<div class=\"elementor-spacer-inner\"><\/div>\r\n\t\t<\/div>\r\n\t\t\t\t<\/div>\r\n\t\t\t\t<\/div>\r\n\t\t\t\t\t<\/div>\r\n\t\t<\/div>\r\n\t\t\t\t\t<\/div>\r\n\t\t<\/section>\r\n\t\t\t\t<\/div>\r\n\t\t","protected":false},"excerpt":{"rendered":"<p>Mujeres referentes \u00bfConoces alguna mujer o colectivo de mujeres de las Islas Baleares que haya dejado \u2014o contin\u00fae dejando\u2014 huella en tu entorno? Comparte tu propuesta<span class=\"excerpt-hellip\"> [\u2026]<\/span><\/p>\n","protected":false},"author":5,"featured_media":0,"parent":1308,"menu_order":0,"comment_status":"closed","ping_status":"closed","template":"","meta":{"inline_featured_image":false,"footnotes":""},"class_list":["post-15121","page","type-page","status-publish","hentry"],"yoast_head":"<!-- This site is optimized with the Yoast SEO plugin v26.9 - https:\/\/yoast.com\/product\/yoast-seo-wordpress\/ -->\n<title>Mujeres referentes - Observatori per a la igualtat<\/title>\n<meta name=\"robots\" content=\"noindex, nofollow\" \/>\n<meta property=\"og:locale\" content=\"es_ES\" \/>\n<meta property=\"og:type\" content=\"article\" \/>\n<meta property=\"og:title\" content=\"Mujeres referentes - Observatori per a la igualtat\" \/>\n<meta property=\"og:description\" content=\"Mujeres referentes \u00bfConoces alguna mujer o colectivo de mujeres de las Islas Baleares que haya dejado \u2014o contin\u00fae dejando\u2014 huella en tu entorno? Comparte tu propuesta [\u2026]\" \/>\n<meta property=\"og:url\" content=\"https:\/\/observatori-igualtat.es\/es\/areas-de-intervencion\/mujeres-referentes\/\" \/>\n<meta property=\"og:site_name\" content=\"Observatori per a la igualtat\" \/>\n<meta property=\"article:publisher\" content=\"https:\/\/www.facebook.com\/institutbaleardeladona\" \/>\n<meta property=\"article:modified_time\" content=\"2026-02-16T08:24:17+00:00\" \/>\n<meta name=\"twitter:card\" content=\"summary_large_image\" \/>\n<meta name=\"twitter:site\" content=\"@IB_Dona\" \/>\n<meta name=\"twitter:label1\" content=\"Tiempo de lectura\" \/>\n\t<meta name=\"twitter:data1\" content=\"4 minutos\" \/>\n<script type=\"application\/ld+json\" class=\"yoast-schema-graph\">{\"@context\":\"https:\/\/schema.org\",\"@graph\":[{\"@type\":\"WebPage\",\"@id\":\"https:\/\/observatori-igualtat.es\/es\/areas-de-intervencion\/mujeres-referentes\/\",\"url\":\"https:\/\/observatori-igualtat.es\/es\/areas-de-intervencion\/mujeres-referentes\/\",\"name\":\"Mujeres referentes - Observatori per a la igualtat\",\"isPartOf\":{\"@id\":\"https:\/\/observatori-igualtat.es\/#website\"},\"datePublished\":\"2025-12-09T13:53:51+00:00\",\"dateModified\":\"2026-02-16T08:24:17+00:00\",\"breadcrumb\":{\"@id\":\"https:\/\/observatori-igualtat.es\/es\/areas-de-intervencion\/mujeres-referentes\/#breadcrumb\"},\"inLanguage\":\"es\",\"potentialAction\":[{\"@type\":\"ReadAction\",\"target\":[\"https:\/\/observatori-igualtat.es\/es\/areas-de-intervencion\/mujeres-referentes\/\"]}]},{\"@type\":\"BreadcrumbList\",\"@id\":\"https:\/\/observatori-igualtat.es\/es\/areas-de-intervencion\/mujeres-referentes\/#breadcrumb\",\"itemListElement\":[{\"@type\":\"ListItem\",\"position\":1,\"name\":\"Portada\",\"item\":\"https:\/\/observatori-igualtat.es\/es\/\"},{\"@type\":\"ListItem\",\"position\":2,\"name\":\"\u00c1reas de intervenci\u00f3n\",\"item\":\"https:\/\/observatori-igualtat.es\/arees-dintervencio\/\"},{\"@type\":\"ListItem\",\"position\":3,\"name\":\"Mujeres referentes\"}]},{\"@type\":\"WebSite\",\"@id\":\"https:\/\/observatori-igualtat.es\/#website\",\"url\":\"https:\/\/observatori-igualtat.es\/\",\"name\":\"Observatori per a la igualtat\",\"description\":\"\",\"publisher\":{\"@id\":\"https:\/\/observatori-igualtat.es\/#organization\"},\"potentialAction\":[{\"@type\":\"SearchAction\",\"target\":{\"@type\":\"EntryPoint\",\"urlTemplate\":\"https:\/\/observatori-igualtat.es\/?s={search_term_string}\"},\"query-input\":{\"@type\":\"PropertyValueSpecification\",\"valueRequired\":true,\"valueName\":\"search_term_string\"}}],\"inLanguage\":\"es\"},{\"@type\":\"Organization\",\"@id\":\"https:\/\/observatori-igualtat.es\/#organization\",\"name\":\"Observatori per a la igualtat\",\"url\":\"https:\/\/observatori-igualtat.es\/\",\"logo\":{\"@type\":\"ImageObject\",\"inLanguage\":\"es\",\"@id\":\"https:\/\/observatori-igualtat.es\/#\/schema\/logo\/image\/\",\"url\":\"https:\/\/observatori-igualtat.es\/wp-content\/uploads\/2021\/11\/cropped-lupa-icon.png\",\"contentUrl\":\"https:\/\/observatori-igualtat.es\/wp-content\/uploads\/2021\/11\/cropped-lupa-icon.png\",\"width\":512,\"height\":512,\"caption\":\"Observatori per a la igualtat\"},\"image\":{\"@id\":\"https:\/\/observatori-igualtat.es\/#\/schema\/logo\/image\/\"},\"sameAs\":[\"https:\/\/www.facebook.com\/institutbaleardeladona\",\"https:\/\/x.com\/IB_Dona\",\"https:\/\/www.instagram.com\/ib_dona\",\"https:\/\/www.youtube.com\/channel\/UC8SGWsVp4ABV3Ljo3rb_EGw\"]}]}<\/script>\n<!-- \/ Yoast SEO plugin. -->","yoast_head_json":{"title":"Mujeres referentes - Observatori per a la igualtat","robots":{"index":"noindex","follow":"nofollow"},"og_locale":"es_ES","og_type":"article","og_title":"Mujeres referentes - Observatori per a la igualtat","og_description":"Mujeres referentes \u00bfConoces alguna mujer o colectivo de mujeres de las Islas Baleares que haya dejado \u2014o contin\u00fae dejando\u2014 huella en tu entorno? Comparte tu propuesta [\u2026]","og_url":"https:\/\/observatori-igualtat.es\/es\/areas-de-intervencion\/mujeres-referentes\/","og_site_name":"Observatori per a la igualtat","article_publisher":"https:\/\/www.facebook.com\/institutbaleardeladona","article_modified_time":"2026-02-16T08:24:17+00:00","twitter_card":"summary_large_image","twitter_site":"@IB_Dona","twitter_misc":{"Tiempo de lectura":"4 minutos"},"schema":{"@context":"https:\/\/schema.org","@graph":[{"@type":"WebPage","@id":"https:\/\/observatori-igualtat.es\/es\/areas-de-intervencion\/mujeres-referentes\/","url":"https:\/\/observatori-igualtat.es\/es\/areas-de-intervencion\/mujeres-referentes\/","name":"Mujeres referentes - Observatori per a la igualtat","isPartOf":{"@id":"https:\/\/observatori-igualtat.es\/#website"},"datePublished":"2025-12-09T13:53:51+00:00","dateModified":"2026-02-16T08:24:17+00:00","breadcrumb":{"@id":"https:\/\/observatori-igualtat.es\/es\/areas-de-intervencion\/mujeres-referentes\/#breadcrumb"},"inLanguage":"es","potentialAction":[{"@type":"ReadAction","target":["https:\/\/observatori-igualtat.es\/es\/areas-de-intervencion\/mujeres-referentes\/"]}]},{"@type":"BreadcrumbList","@id":"https:\/\/observatori-igualtat.es\/es\/areas-de-intervencion\/mujeres-referentes\/#breadcrumb","itemListElement":[{"@type":"ListItem","position":1,"name":"Portada","item":"https:\/\/observatori-igualtat.es\/es\/"},{"@type":"ListItem","position":2,"name":"\u00c1reas de intervenci\u00f3n","item":"https:\/\/observatori-igualtat.es\/arees-dintervencio\/"},{"@type":"ListItem","position":3,"name":"Mujeres referentes"}]},{"@type":"WebSite","@id":"https:\/\/observatori-igualtat.es\/#website","url":"https:\/\/observatori-igualtat.es\/","name":"Observatori per a la igualtat","description":"","publisher":{"@id":"https:\/\/observatori-igualtat.es\/#organization"},"potentialAction":[{"@type":"SearchAction","target":{"@type":"EntryPoint","urlTemplate":"https:\/\/observatori-igualtat.es\/?s={search_term_string}"},"query-input":{"@type":"PropertyValueSpecification","valueRequired":true,"valueName":"search_term_string"}}],"inLanguage":"es"},{"@type":"Organization","@id":"https:\/\/observatori-igualtat.es\/#organization","name":"Observatori per a la igualtat","url":"https:\/\/observatori-igualtat.es\/","logo":{"@type":"ImageObject","inLanguage":"es","@id":"https:\/\/observatori-igualtat.es\/#\/schema\/logo\/image\/","url":"https:\/\/observatori-igualtat.es\/wp-content\/uploads\/2021\/11\/cropped-lupa-icon.png","contentUrl":"https:\/\/observatori-igualtat.es\/wp-content\/uploads\/2021\/11\/cropped-lupa-icon.png","width":512,"height":512,"caption":"Observatori per a la igualtat"},"image":{"@id":"https:\/\/observatori-igualtat.es\/#\/schema\/logo\/image\/"},"sameAs":["https:\/\/www.facebook.com\/institutbaleardeladona","https:\/\/x.com\/IB_Dona","https:\/\/www.instagram.com\/ib_dona","https:\/\/www.youtube.com\/channel\/UC8SGWsVp4ABV3Ljo3rb_EGw"]}]}},"_links":{"self":[{"href":"https:\/\/observatori-igualtat.es\/es\/wp-json\/wp\/v2\/pages\/15121","targetHints":{"allow":["GET"]}}],"collection":[{"href":"https:\/\/observatori-igualtat.es\/es\/wp-json\/wp\/v2\/pages"}],"about":[{"href":"https:\/\/observatori-igualtat.es\/es\/wp-json\/wp\/v2\/types\/page"}],"author":[{"embeddable":true,"href":"https:\/\/observatori-igualtat.es\/es\/wp-json\/wp\/v2\/users\/5"}],"replies":[{"embeddable":true,"href":"https:\/\/observatori-igualtat.es\/es\/wp-json\/wp\/v2\/comments?post=15121"}],"version-history":[{"count":103,"href":"https:\/\/observatori-igualtat.es\/es\/wp-json\/wp\/v2\/pages\/15121\/revisions"}],"predecessor-version":[{"id":15870,"href":"https:\/\/observatori-igualtat.es\/es\/wp-json\/wp\/v2\/pages\/15121\/revisions\/15870"}],"up":[{"embeddable":true,"href":"https:\/\/observatori-igualtat.es\/es\/wp-json\/wp\/v2\/pages\/1308"}],"wp:attachment":[{"href":"https:\/\/observatori-igualtat.es\/es\/wp-json\/wp\/v2\/media?parent=15121"}],"curies":[{"name":"wp","href":"https:\/\/api.w.org\/{rel}","templated":true}]}}